{"id":39746,"date":"2025-10-29T11:41:18","date_gmt":"2025-10-29T08:41:18","guid":{"rendered":"https:\/\/kilosorunum.com\/habercim\/wp-content\/uploads\/2025\/10\/1-15-768x201-40.jpg"},"modified":"2025-10-29T11:42:02","modified_gmt":"2025-10-29T08:42:02","slug":"1-15-768x201-1340","status":"inherit","type":"attachment","link":"https:\/\/kilosorunum.com\/habercim\/foto-galeri\/turkiye-icin-uyari\/attachment\/1-15-768x201-1340\/","title":{"rendered":"T\u00fcrkiye i\u00e7in uyar\u0131"},"author":2,"comment_status":"open","ping_status":"closed","template":"","meta":[],"description":{"rendered":"<p class=\"attachment\"><a href='https:\/\/kilosorunum.com\/habercim\/wp-content\/uploads\/2025\/10\/1-15-768x201-40.jpg'><img width=\"300\" height=\"79\" src=\"https:\/\/kilosorunum.com\/habercim\/wp-content\/uploads\/2025\/10\/1-15-768x201-40-300x79.jpg\" class=\"attachment-medium size-medium\" alt=\"\" loading=\"lazy\" srcset=\"https:\/\/kilosorunum.com\/habercim\/wp-content\/uploads\/2025\/10\/1-15-768x201-40-300x79.jpg 300w, https:\/\/kilosorunum.com\/habercim\/wp-content\/uploads\/2025\/10\/1-15-768x201-40.jpg 768w\" sizes=\"(max-width: 300px) 100vw, 300px\" \/><\/a><\/p>\n"},"caption":{"rendered":"<p>Bal\u0131kesir\u2019in S\u0131nd\u0131rg\u0131 il\u00e7esinde meydana gelen ve 4 binan\u0131n y\u0131k\u0131lmas\u0131na, 19 ki\u015finin yaralanmas\u0131na neden olan 6.1\u2019lik depremin ard\u0131ndan Prof. Dr. \u00d6vg\u00fcn Ahmet Ercan yapt\u0131\u011f\u0131 a\u00e7\u0131klamalarda \u0130zmir\u2019de y\u0131k\u0131c\u0131 olmas\u0131 beklenen deprem b\u00f6lgesine dikkat \u00e7ekti. Ercan, i\u015faret etti\u011fi alanda deprem olmas\u0131 halinde hangi il\u00e7elerin en \u00e7ok tehlikede olaca\u011f\u0131n\u0131 a\u00e7\u0131klad\u0131.<br \/>\n\u0130ZM\u0130R\u2019DE O \u0130L\u00c7ELERE D\u0130KKAT \u00c7EKT\u0130; \u2018FELAKET OLUR\u2019<\/p>\n<p>Ercan \u015fu ifadeleri kulland\u0131;<\/p>\n<p>\u201c\u0130zmir\u2019deki y\u0131k\u0131c\u0131 deprem i\u00e7in bekledi\u011fimiz yer \u0130zmir \u00e7ukurun kuzey k\u0131y\u0131s\u0131ndan ge\u00e7en \u0130zmir k\u0131r\u0131\u011f\u0131d\u0131r. E\u011fer burada bir deprem olursa Bornova Ovas\u0131\u2019nda bir felaket olur ayn\u0131 zamanda bayrakl\u0131\u2018da kar\u015f\u0131yaka\u2019da alaybeyde \u00c7i\u011fli\u2018de \u00e7ok fazla etkileri g\u00f6r\u00fcl\u00fcr.<\/p>\n<p>O nedenle bu b\u00f6lgelerde ivedi olarak yer yap\u0131 g\u00fcvenlik belgesi Jeofizik ve in\u015faat m\u00fchendisleri taraf\u0131ndan \u00e7\u0131kar\u0131l\u0131p tapuya i\u015fletilmesi gerekir. E\u011fer bu ad\u0131m at\u0131l\u0131rsa olumsuz bir \u0130zmir \u00f6l\u00fcms\u00fcz bir T\u00fcrkiye\u2019yi ancak yaratabiliriz.\u201d<\/p>\n<p>Kaynak : egepostasi.com<\/p>\n"},"alt_text":"","media_type":"image","mime_type":"image\/jpeg","media_details":{"width":768,"height":201,"file":"2025\/10\/1-15-768x201-40.jpg","sizes":{"medium":{"file":"1-15-768x201-40-300x79.jpg","width":300,"height":79,"mime_type":"image\/jpeg","source_url":"https:\/\/kilosorunum.com\/habercim\/wp-content\/uploads\/2025\/10\/1-15-768x201-40-300x79.jpg"},"thumbnail":{"file":"1-15-768x201-40-150x150.jpg","width":150,"height":150,"mime_type":"image\/jpeg","source_url":"https:\/\/kilosorunum.com\/habercim\/wp-content\/uploads\/2025\/10\/1-15-768x201-40-150x150.jpg"},"kucukResim":{"file":"1-15-768x201-40-80x50.jpg","width":80,"height":50,"mime_type":"image\/jpeg","source_url":"https:\/\/kilosorunum.com\/habercim\/wp-content\/uploads\/2025\/10\/1-15-768x201-40-80x50.jpg"},"sliderResim":{"file":"1-15-768x201-40-670x201.jpg","width":670,"height":201,"mime_type":"image\/jpeg","source_url":"https:\/\/kilosorunum.com\/habercim\/wp-content\/uploads\/2025\/10\/1-15-768x201-40-670x201.jpg"},"resim1":{"file":"1-15-768x201-40-184x140.jpg","width":184,"height":140,"mime_type":"image\/jpeg","source_url":"https:\/\/kilosorunum.com\/habercim\/wp-content\/uploads\/2025\/10\/1-15-768x201-40-184x140.jpg"},"resim2":{"file":"1-15-768x201-40-216x103.jpg","width":216,"height":103,"mime_type":"image\/jpeg","source_url":"https:\/\/kilosorunum.com\/habercim\/wp-content\/uploads\/2025\/10\/1-15-768x201-40-216x103.jpg"},"resim3":{"file":"1-15-768x201-40-145x70.jpg","width":145,"height":70,"mime_type":"image\/jpeg","source_url":"https:\/\/kilosorunum.com\/habercim\/wp-content\/uploads\/2025\/10\/1-15-768x201-40-145x70.jpg"},"sagSlider":{"file":"1-15-768x201-40-300x150.jpg","width":300,"height":150,"mime_type":"image\/jpeg","source_url":"https:\/\/kilosorunum.com\/habercim\/wp-content\/uploads\/2025\/10\/1-15-768x201-40-300x150.jpg"},"yeniSlider":{"file":"1-15-768x201-40-500x201.jpg","width":500,"height":201,"mime_type":"image\/jpeg","source_url":"https:\/\/kilosorunum.com\/habercim\/wp-content\/uploads\/2025\/10\/1-15-768x201-40-500x201.jpg"},"full":{"file":"1-15-768x201-40.jpg","width":768,"height":201,"mime_type":"image\/jpeg","source_url":"https:\/\/kilosorunum.com\/habercim\/wp-content\/uploads\/2025\/10\/1-15-768x201-40.jpg"}},"image_meta":{"aperture":"0","credit":"","camera":"","caption":"","created_timestamp":"0","copyright":"","focal_length":"0","iso":"0","shutter_speed":"0","title":"","orientation":"0","keywords":[]}},"post":39744,"source_url":"https:\/\/kilosorunum.com\/habercim\/wp-content\/uploads\/2025\/10\/1-15-768x201-40.jpg","_links":{"self":[{"href":"https:\/\/kilosorunum.com\/habercim\/wp-json\/wp\/v2\/media\/39746"}],"collection":[{"href":"https:\/\/kilosorunum.com\/habercim\/wp-json\/wp\/v2\/media"}],"about":[{"href":"https:\/\/kilosorunum.com\/habercim\/wp-json\/wp\/v2\/types\/attachment"}],"author":[{"embeddable":true,"href":"https:\/\/kilosorunum.com\/habercim\/wp-json\/wp\/v2\/users\/2"}],"replies":[{"embeddable":true,"href":"https:\/\/kilosorunum.com\/habercim\/wp-json\/wp\/v2\/comments?post=39746"}]}}