{"id":39778,"date":"2025-10-30T19:17:05","date_gmt":"2025-10-30T16:17:05","guid":{"rendered":"https:\/\/kilosorunum.com\/habercim\/wp-content\/uploads\/2025\/10\/1-15-768x201-52.jpg"},"modified":"2025-10-30T19:17:43","modified_gmt":"2025-10-30T16:17:43","slug":"1-15-768x201-1352","status":"inherit","type":"attachment","link":"https:\/\/kilosorunum.com\/habercim\/foto-galeri\/5-katli-binanin\/attachment\/1-15-768x201-1352\/","title":{"rendered":"5 katl\u0131 binan\u0131n"},"author":2,"comment_status":"open","ping_status":"closed","template":"","meta":[],"description":{"rendered":"<p class=\"attachment\"><a href='https:\/\/kilosorunum.com\/habercim\/wp-content\/uploads\/2025\/10\/1-15-768x201-52.jpg'><img width=\"300\" height=\"79\" src=\"https:\/\/kilosorunum.com\/habercim\/wp-content\/uploads\/2025\/10\/1-15-768x201-52-300x79.jpg\" class=\"attachment-medium size-medium\" alt=\"\" loading=\"lazy\" srcset=\"https:\/\/kilosorunum.com\/habercim\/wp-content\/uploads\/2025\/10\/1-15-768x201-52-300x79.jpg 300w, https:\/\/kilosorunum.com\/habercim\/wp-content\/uploads\/2025\/10\/1-15-768x201-52.jpg 768w\" sizes=\"(max-width: 300px) 100vw, 300px\" \/><\/a><\/p>\n"},"caption":{"rendered":"<p>Kocaeli\u2019nin Gebze il\u00e7esinde sabah saatlerinde \u00e7\u00f6ken 5 katl\u0131 binan\u0131n eski hali foto\u011frafta ortaya \u00e7\u0131kt\u0131. Alt kat\u0131nda eczanenin faaliyet g\u00f6sterdi\u011fi binan\u0131n enkaz\u0131nda 5 ki\u015finin oldu\u011fu tahmin ediliyor. Iss\u0131kg\u00f6l Caddesi\u2019nde sabah saatlerinde 5 katl\u0131 bir bina \u00e7\u00f6kt\u00fc. Olay yerine \u00e7ok say\u0131da arama kurtarma ekibi sevk edilirken, ilk belirlemelere g\u00f6re enkaz alt\u0131nda 5 ki\u015finin oldu\u011fu tahmin ediliyor. Kocaeli Valili\u011fi\u2019nden yap\u0131lan a\u00e7\u0131klamada, \u201cGebze il\u00e7emizde bir binada \u00e7\u00f6kme meydana gelmi\u015ftir. Ekiplerimiz olay yerine y\u00f6nlendirilmi\u015f olup, arama kurtarma \u00e7al\u0131\u015fmalar\u0131na ba\u015flanm\u0131\u015ft\u0131r. Vatanda\u015flar\u0131m\u0131za ge\u00e7mi\u015f olsun dileklerimizi sunuyoruz\u201d denildi.<br \/>\nBir haber kanal\u0131na telefonla ba\u011flanan Gebze Belediye Ba\u015fkan\u0131 Zinnur B\u00fcy\u00fckg\u00f6z ise \u00e7\u00f6ken binan\u0131n 5 katl\u0131 oldu\u011funu, alt kat\u0131nda bir eczanenin bulundu\u011funu bildirdi. B\u00fcy\u00fckg\u00f6z, binadaki ikamet durumuna ili\u015fkin \u015funlar\u0131 kaydetti: \u201cToplamda iki aileden olu\u015fan 7 ki\u015filik bir ya\u015fam vard\u0131 ancak ula\u015ft\u0131\u011f\u0131m\u0131z bilgiler, mal sahibinin memlekette oldu\u011fuydu. \u015eu an enkaz alt\u0131nda olma ihtimali olan 5 ki\u015fi. Ya\u015fayanlardan 2\u2019si yok. Di\u011fer katlar\u0131 bo\u015fmu\u015f. Bir kat\u0131 zaten eczaneymi\u015f. O da saat erken oldu\u011fu i\u00e7in kapal\u0131.\u201d<br \/>\nBinan\u0131n 1999 depreminden sonra yap\u0131lm\u0131\u015f olabilece\u011fini tahmin etti\u011fini ifade eden B\u00fcy\u00fckg\u00f6z, \u201cAlanda metro \u00e7al\u0131\u015fmas\u0131 var. Ondan kaynakl\u0131 olup olmayaca\u011f\u0131 y\u00f6n\u00fcndeki ara\u015ft\u0131rmam\u0131z var. \u00d6nce can konusuyla ilgileniyoruz\u201d diye konu\u015ftu. \u00d6te yandan, \u00e7\u00f6ken binan\u0131n eski foto\u011fraf\u0131 da ortaya \u00e7\u0131kt\u0131. Binan\u0131n alt kat\u0131nda \u201cEczane Nehir\u201din faaliyet g\u00f6sterdi\u011fi g\u00f6r\u00fcld\u00fc.<\/p>\n<p>Kaynak : siyahgazete.com<\/p>\n"},"alt_text":"","media_type":"image","mime_type":"image\/jpeg","media_details":{"width":768,"height":201,"file":"2025\/10\/1-15-768x201-52.jpg","sizes":{"medium":{"file":"1-15-768x201-52-300x79.jpg","width":300,"height":79,"mime_type":"image\/jpeg","source_url":"https:\/\/kilosorunum.com\/habercim\/wp-content\/uploads\/2025\/10\/1-15-768x201-52-300x79.jpg"},"thumbnail":{"file":"1-15-768x201-52-150x150.jpg","width":150,"height":150,"mime_type":"image\/jpeg","source_url":"https:\/\/kilosorunum.com\/habercim\/wp-content\/uploads\/2025\/10\/1-15-768x201-52-150x150.jpg"},"kucukResim":{"file":"1-15-768x201-52-80x50.jpg","width":80,"height":50,"mime_type":"image\/jpeg","source_url":"https:\/\/kilosorunum.com\/habercim\/wp-content\/uploads\/2025\/10\/1-15-768x201-52-80x50.jpg"},"sliderResim":{"file":"1-15-768x201-52-670x201.jpg","width":670,"height":201,"mime_type":"image\/jpeg","source_url":"https:\/\/kilosorunum.com\/habercim\/wp-content\/uploads\/2025\/10\/1-15-768x201-52-670x201.jpg"},"resim1":{"file":"1-15-768x201-52-184x140.jpg","width":184,"height":140,"mime_type":"image\/jpeg","source_url":"https:\/\/kilosorunum.com\/habercim\/wp-content\/uploads\/2025\/10\/1-15-768x201-52-184x140.jpg"},"resim2":{"file":"1-15-768x201-52-216x103.jpg","width":216,"height":103,"mime_type":"image\/jpeg","source_url":"https:\/\/kilosorunum.com\/habercim\/wp-content\/uploads\/2025\/10\/1-15-768x201-52-216x103.jpg"},"resim3":{"file":"1-15-768x201-52-145x70.jpg","width":145,"height":70,"mime_type":"image\/jpeg","source_url":"https:\/\/kilosorunum.com\/habercim\/wp-content\/uploads\/2025\/10\/1-15-768x201-52-145x70.jpg"},"sagSlider":{"file":"1-15-768x201-52-300x150.jpg","width":300,"height":150,"mime_type":"image\/jpeg","source_url":"https:\/\/kilosorunum.com\/habercim\/wp-content\/uploads\/2025\/10\/1-15-768x201-52-300x150.jpg"},"yeniSlider":{"file":"1-15-768x201-52-500x201.jpg","width":500,"height":201,"mime_type":"image\/jpeg","source_url":"https:\/\/kilosorunum.com\/habercim\/wp-content\/uploads\/2025\/10\/1-15-768x201-52-500x201.jpg"},"full":{"file":"1-15-768x201-52.jpg","width":768,"height":201,"mime_type":"image\/jpeg","source_url":"https:\/\/kilosorunum.com\/habercim\/wp-content\/uploads\/2025\/10\/1-15-768x201-52.jpg"}},"image_meta":{"aperture":"0","credit":"","camera":"","caption":"","created_timestamp":"0","copyright":"","focal_length":"0","iso":"0","shutter_speed":"0","title":"","orientation":"0","keywords":[]}},"post":39776,"source_url":"https:\/\/kilosorunum.com\/habercim\/wp-content\/uploads\/2025\/10\/1-15-768x201-52.jpg","_links":{"self":[{"href":"https:\/\/kilosorunum.com\/habercim\/wp-json\/wp\/v2\/media\/39778"}],"collection":[{"href":"https:\/\/kilosorunum.com\/habercim\/wp-json\/wp\/v2\/media"}],"about":[{"href":"https:\/\/kilosorunum.com\/habercim\/wp-json\/wp\/v2\/types\/attachment"}],"author":[{"embeddable":true,"href":"https:\/\/kilosorunum.com\/habercim\/wp-json\/wp\/v2\/users\/2"}],"replies":[{"embeddable":true,"href":"https:\/\/kilosorunum.com\/habercim\/wp-json\/wp\/v2\/comments?post=39778"}]}}