{"id":39815,"date":"2025-10-31T22:03:57","date_gmt":"2025-10-31T19:03:57","guid":{"rendered":"https:\/\/kilosorunum.com\/habercim\/wp-content\/uploads\/2025\/10\/1-15-768x201-64.jpg"},"modified":"2025-10-31T22:04:48","modified_gmt":"2025-10-31T19:04:48","slug":"1-15-768x201-1364","status":"inherit","type":"attachment","link":"https:\/\/kilosorunum.com\/habercim\/foto-galeri\/sac-tellerini-isaret-etti\/attachment\/1-15-768x201-1364\/","title":{"rendered":"Sa\u00e7 tellerini i\u015faret etti"},"author":2,"comment_status":"open","ping_status":"closed","template":"","meta":[],"description":{"rendered":"<p class=\"attachment\"><a href='https:\/\/kilosorunum.com\/habercim\/wp-content\/uploads\/2025\/10\/1-15-768x201-64.jpg'><img width=\"300\" height=\"79\" src=\"https:\/\/kilosorunum.com\/habercim\/wp-content\/uploads\/2025\/10\/1-15-768x201-64-300x79.jpg\" class=\"attachment-medium size-medium\" alt=\"\" loading=\"lazy\" srcset=\"https:\/\/kilosorunum.com\/habercim\/wp-content\/uploads\/2025\/10\/1-15-768x201-64-300x79.jpg 300w, https:\/\/kilosorunum.com\/habercim\/wp-content\/uploads\/2025\/10\/1-15-768x201-64.jpg 768w\" sizes=\"(max-width: 300px) 100vw, 300px\" \/><\/a><\/p>\n"},"caption":{"rendered":"<p>8 ya\u015f\u0131ndaki Narin G\u00fcran\u2019\u0131n \u00f6ld\u00fcr\u00fclmesiyle ilgili y\u00fcr\u00fct\u00fclen soru\u015fturmada tutuklu san\u0131k Nevzat Bahtiyar\u2019\u0131n avukat\u0131 olan ve ge\u00e7ti\u011fimiz g\u00fcnlerde Bahtiyar\u2019\u0131n avukatl\u0131\u011f\u0131ndan \u00e7ekildi\u011fini a\u00e7\u0131klayan Ali Ery\u0131lmaz, Kanal D canl\u0131 yay\u0131n\u0131nda \u2018Neler Oluyor Hayatta?\u2019 program\u0131na konuk oldu. DNA incelemesine dikkat \u00e7eken avukat Ery\u0131lmaz, \u2018Sa\u00e7lar\u0131n Narin\u2019in annesine ya da anne soyundan birine ait oldu\u011fu kesin. Ama kime ait oldu\u011fu belli de\u011fil.\u2019 dedi.<br \/>\n8 ya\u015f\u0131ndaki Narin G\u00fcran, 21 A\u011fustos 2024\u2019te kaybolmu\u015f, 19 g\u00fcn sonra Ba\u011flar il\u00e7esi Tav\u015fantepe Mahallesi\u2019nde dere yata\u011f\u0131nda \u00e7uval i\u00e7inde, ta\u015flarla \u00f6rt\u00fclm\u00fc\u015f halde \u00f6l\u00fc bulunmu\u015ftu. Olayla ilgili 4 ki\u015fi hakk\u0131nda dava a\u00e7\u0131lm\u0131\u015ft\u0131.<\/p>\n<p>Narin G\u00fcran\u2019\u0131n vah\u015fi cinayetine ili\u015fkin davada Nevzat Bahtiyar\u2019\u0131n avukat\u0131 Ali Ery\u0131lmaz, sosyal medya hesab\u0131ndan yapt\u0131\u011f\u0131 a\u00e7\u0131klamayla m\u00fcvekkilini art\u0131k savunmayaca\u011f\u0131n\u0131 duyurmu\u015ftu. Ery\u0131lmaz, \u2018Art\u0131k bu y\u00fck\u00fc vicdan\u0131m ta\u015f\u0131m\u0131yor\u2019 derken, \u2018Narin\u2019i Nevzat \u00f6ld\u00fcrd\u00fc\u2019 dedi\u011fi iddia edilen bir ses kayd\u0131n\u0131n varl\u0131\u011f\u0131na dikkat \u00e7ekmi\u015fti.<\/p>\n<p>Tutuklu san\u0131k Nevzat Bahtiyar ve ailenin hala avukatl\u0131\u011f\u0131n\u0131 yapt\u0131\u011f\u0131n\u0131 s\u00f6yleyen s\u00f6yleyen Ali Ery\u0131lmaz, Kanal D ekranlar\u0131nda \u2018Neler Oluyor Hayatta\u2019 program\u0131na kat\u0131larak dikkat \u00e7eken a\u00e7\u0131klamalarda bulundu.<br \/>\n\u201cNAR\u0130N\u2019\u0130N AVUCUNDAN \u00c7IKAN SA\u00c7 TEL\u0130\u201d<\/p>\n<p>Avukat Ali Ery\u0131lmaz\u2019\u0131n a\u00e7\u0131klamalar\u0131 \u015f\u00f6yle;<\/p>\n<p>Bu dava ba\u015flad\u0131\u011f\u0131ndan bu yana konuyu s\u00fcrekli g\u00fcndeme getirdim. Zaten bir isim vard\u0131, hepinizin malumudur: Hediye G\u00fcran\u2019dan bahsetmi\u015ftim. En \u00e7ok \u00fczerinde durdu\u011fum \u015f\u00fcphelilerden biri Hediye G\u00fcran\u2019d\u0131. Sonras\u0131nda Ma\u015fallah G\u00fcran da bu davan\u0131n i\u00e7erisine dahil oldu; zaman i\u00e7erisinde dahil oldu.<\/p>\n<p>Hat\u0131rlarsan\u0131z, Diyarbak\u0131r 17. A\u011f\u0131r Ceza Mahkemesi\u2019nde Ma\u015fallah G\u00fcran ve Hediye G\u00fcran, delilleri karartmak ve yok etmek su\u00e7undan ceza ald\u0131lar. 3 y\u0131l 6 ay hapis cezas\u0131na \u00e7arpt\u0131r\u0131ld\u0131lar. Cinayet su\u00e7undan kurtuldular ama delilleri karartmak ve yok etmekten ceza ald\u0131lar.<br \/>\n\u201cB\u0130R ERKE\u011eE A\u0130T OLMA \u0130HT\u0130MAL\u0130 \u00c7OK D\u00dc\u015e\u00dcKT\u00dc\u201d<\/p>\n<p>Benim bu olay\u0131n i\u00e7erisinde bir kad\u0131n\u0131n da bulunma ihtimalinin y\u00fcksek oldu\u011funu d\u00fc\u015f\u00fcnmemin sebebi, narin k\u0131z\u0131m\u0131z\u0131n avu\u00e7 i\u00e7inden \u00e7\u0131kan sa\u00e7 telleriydi; ayn\u0131 zamanda da v\u00fccudundan \u00e7\u0131kan sa\u00e7 telleri. \u00c7\u00fcnk\u00fc bu sa\u00e7 tellerinden biri 29 santimetre, biri 16 santimetre, di\u011feri ise 11 santimetre uzunlu\u011fundayd\u0131. Dolay\u0131s\u0131yla bunlar\u0131n bir erke\u011fe ait olma ihtimali \u00e7ok d\u00fc\u015f\u00fckt\u00fc. B\u00fcy\u00fck bir olas\u0131l\u0131kla, ba\u015fka bir kad\u0131na ait sa\u00e7 telleriydi bunlar. Olay\u0131n oldu\u011fu d\u00f6nemde yarg\u0131lanan san\u0131klardan Y\u00fccel G\u00fcran\u2019\u0131n o zamanki sa\u00e7 rengi kahverengi de\u011fildi; k\u0131na yak\u0131lm\u0131\u015f, k\u0131na renginde bir sa\u00e7\u0131 vard\u0131. Dolay\u0131s\u0131yla di\u011fer i\u015ftirak\u00e7inin kahverengi sa\u00e7lara sahip ba\u015fka bir kad\u0131n oldu\u011funu iddia etmi\u015ftim. Bunun muhtemelen Hediye G\u00fcran olabilece\u011fini s\u00f6ylemi\u015ftim.<\/p>\n<p>\u00c7\u00fcnk\u00fc Hediye G\u00fcran\u2019\u0131n dava s\u0131ras\u0131nda vermi\u015f oldu\u011fu ifadelerde, olay\u0131n ger\u00e7ekle\u015fti\u011fi saatlerde yani 15.00 ile 15.30 aras\u0131nda Arif G\u00fcran\u2019\u0131n evinin orada ve \u00e7evresinde bulundu\u011funa ili\u015fkin beyanlar\u0131 vard\u0131. En b\u00fcy\u00fck \u015f\u00fcphelilerden birisi benim kafamda her zaman Hediye G\u00fcran olmu\u015ftu. \u201cADL\u0130 TIP KURUMU\u2019NUN YAPTI\u011eI B\u0130R HATA VARDI\u201d<\/p>\n<p>Mahkeme a\u015famas\u0131ndayken biz bu talepte bulunduk. Narin\u2019in avu\u00e7 \u00fcst\u00fcnde \u00e7\u0131kan sa\u00e7 tellerinin adli t\u0131pta biyolojik incelemesi yap\u0131lm\u0131\u015ft\u0131; yani DNA ara\u015ft\u0131rmas\u0131 yap\u0131lm\u0131\u015ft\u0131. Ancak k\u00f6klerde ara\u015ft\u0131rmaya yetecek miktarda DNA bulunamad\u0131\u011f\u0131 i\u00e7in kar\u015f\u0131la\u015ft\u0131rma yap\u0131lamam\u0131\u015ft\u0131. Fakat o d\u00f6nemde Adli T\u0131p Kurumu\u2019nun yapt\u0131\u011f\u0131 bir hata vard\u0131; biz bunu tespit etmi\u015ftik. Fiziksel ve nicel incelemeler yap\u0131lmam\u0131\u015ft\u0131. Mahkemeden bu incelemenin yap\u0131lmas\u0131n\u0131 talep ettik, ancak mahkeme talebimizi kabul etmedi. O d\u00f6nemde olduk\u00e7a sinirlenmi\u015f, mahkemeyi ele\u015ftirmi\u015ftim: \u201cNiye kabul etmiyorsunuz?\u201d vesaire gibisinden\u2026<br \/>\nFakat sonradan anlad\u0131m ki, o incelemeler yap\u0131lm\u0131\u015f olsayd\u0131 ortaya \u00e7\u0131kacak olan fail, b\u00fcy\u00fck bir ihtimalle davada yarg\u0131lanan \u00fc\u00e7-d\u00f6rt san\u0131ktan farkl\u0131 bir ki\u015fi olacakt\u0131. Ancak yarg\u0131lama o d\u00f6rt san\u0131k \u00fczerinden devam etti\u011fi i\u00e7in, yeni \u00e7\u0131kacak olan faille ilgili soru\u015fturman\u0131n farkl\u0131 bir \u015fekilde y\u00fcr\u00fct\u00fclmesi gerekiyordu. Dolay\u0131s\u0131yla mahkeme bu talebimizi reddetti.<\/p>\n<p>Ben de bu soru\u015fturman\u0131n \u015fu ana kadar a\u00e7\u0131ld\u0131\u011f\u0131n\u0131 ya da en az\u0131ndan devam etti\u011fini d\u00fc\u015f\u00fcn\u00fcyordum. Aradan on ay ge\u00e7ti. Ge\u00e7en s\u00fcre zarf\u0131nda, yakla\u015f\u0131k on g\u00fcn \u00f6nce Diyarbak\u0131r\u2019a u\u011frad\u0131\u011f\u0131mda savc\u0131l\u0131kta yapt\u0131\u011f\u0131m ara\u015ft\u0131rma sonucunda, bu sa\u00e7 telleriyle ilgili herhangi bir soru\u015fturma veya ara\u015ft\u0131rman\u0131n yap\u0131lmad\u0131\u011f\u0131n\u0131 \u00f6\u011frendim. Bunun \u00fczerine, \u00fc\u00e7 g\u00fcn \u00f6nce \u015fik\u00e2yette bulunmak zorunda hissettim kendimi. \u201cHALA NEVZAT BAHT\u0130YAR\u2019IN AVUKATIYIM, A\u0130LEN\u0130N AVUKATLI\u011eINI YAPMAYA DEVAM ED\u0130YORUM\u201d<\/p>\n<p>Nevzat\u2019\u0131n davas\u0131ndan \u00e7ekilmem, davan\u0131n niteli\u011fi ya da Nevzat Bahtiyar\u2019\u0131n \u015fahs\u0131yla ilgili de\u011fildi. Bu tamamen, beraber \u00e7al\u0131\u015ft\u0131\u011f\u0131m\u0131z avukat arkada\u015f\u0131mla aram\u0131zdaki g\u00fcven meselesinden kaynaklanan bir sorundu. Normalde asl\u0131nda ben Yarg\u0131tay a\u015famas\u0131ndan sonra \u00e7ekilmeyi d\u00fc\u015f\u00fcn\u00fcyordum ama h\u0131zl\u0131 karar vermemi gerektiren baz\u0131 sebepler ortaya \u00e7\u0131kt\u0131. Bu y\u00fczden de biraz daha erken \u00e7ekilmek zorunda kald\u0131m. Fakat ben h\u00e2l\u00e2 Nevzat Bahtiyar\u2019\u0131n avukat\u0131y\u0131m, h\u00e2l\u00e2 ailenin avukatl\u0131\u011f\u0131n\u0131 yapmaya devam ediyorum.<\/p>\n<p>SES KAYDI VAR MI?<\/p>\n<p>Hi\u00e7bir zaman \u00f6yle bir itiraf\u0131 olmad\u0131. Ben de \u015fahsen h\u00e2l\u00e2 ayn\u0131 durumday\u0131m. Yani Nevzat Bahtiyar\u2019\u0131n su\u00e7lulu\u011fu, delilleri karartmaktan ve yok etmekten dolay\u0131d\u0131r; ancak katil de\u011fildir. Ben h\u00e2l\u00e2 o inanc\u0131m\u0131 koruyorum.<\/p>\n<p>Tekrar etmek a\u00e7\u0131s\u0131ndan \u015furaya gelece\u011fim: \u015eimdi, konunun en ba\u015f\u0131ndan beri Nevzat Bahtiyar tehdit veya yard\u0131m\u2013yatakl\u0131k kapsam\u0131nda, Narin\u2019in vefat etmi\u015f bedenini al\u0131p saklamakla, s\u00f6ylenen yerde gizlemekle su\u00e7lan\u0131yordu. Rol\u00fc bu oldu\u011fu iddias\u0131yla zaten ceza ald\u0131. Di\u011fer 3 ki\u015fi ise tutuklu olarak i\u015ftiraken, m\u00fc\u015ftereken bu su\u00e7u i\u015flemekten ceza ald\u0131lar zaten.<\/p>\n<p>Dosyan\u0131n i\u00e7erisinde, Nevzat Bahtiyar\u2019\u0131n cinayete kar\u0131\u015ft\u0131\u011f\u0131na ya da i\u015fledi\u011fine ili\u015fkin hi\u00e7bir delil yok. Normal \u015fartlarda dosyaya bakt\u0131\u011f\u0131n\u0131zda, Nevzat Bahtiyar\u2019\u0131n aleyhindeki deliller \u00e7ok s\u0131n\u0131rl\u0131. Birincisi, kamera kay\u0131tlar\u0131na yans\u0131yan k\u0131rm\u0131z\u0131 arabas\u0131n\u0131n g\u00f6r\u00fcnt\u00fcs\u00fc. \u0130kincisi, Narin k\u0131z\u0131m\u0131z\u0131n cenazesinin bulundu\u011fu \u00e7uvalla, Nevzat\u2019\u0131n ah\u0131r\u0131ndaki \u00e7uvallar\u0131n seri numaralar\u0131n\u0131n e\u015fle\u015fmesi. Bu iki delilin d\u0131\u015f\u0131nda Nevzat Bahtiyar\u2019\u0131n bu su\u00e7a kar\u0131\u015ft\u0131\u011f\u0131na ili\u015fkin hi\u00e7bir delil yok. Tan\u0131k yok, DNA yok. Mesela \u00f6rnek vereyim: \u00c7uval\u0131n \u00fczerinden DNA \u00e7\u0131km\u0131yor, Narin k\u0131z\u0131m\u0131z\u0131n \u00fczerinden DNA\u2019s\u0131 \u00e7\u0131km\u0131yor, ara\u00e7ta DNA\u2019s\u0131 \u00e7\u0131km\u0131yor. Hi\u00e7bir iz, emare yok. Sadece k\u0131rm\u0131z\u0131 araba g\u00f6r\u00fcl\u00fcyor ve \u00e7uval meselesi var. K\u0131rm\u0131z\u0131 araban\u0131n g\u00f6r\u00fcnmesi de \u00e7ok ilgin\u00e7tir. Biz o d\u00f6nemde tabii ki savunmalar\u0131m\u0131z\u0131 haz\u0131rlarken farkl\u0131 bir stratejiyle ilerlemeyi d\u00fc\u015f\u00fcn\u00fcyorduk. Fakat durum farkl\u0131 bir noktaya gelince, \u00f6nceki ifadelerimizde sabit kalmaya devam ettik. Mesela, k\u0131rm\u0131z\u0131 araba kameralarda g\u00f6r\u00fcn\u00fcyor ama araban\u0131n i\u00e7inde Nevzat\u2019\u0131n olup olmad\u0131\u011f\u0131 dahi belli de\u011fil. Ancak Nevzat tabii ki o d\u00f6nemdeki m\u00fcdafiinin yetersizli\u011fi nedeniyle ilk duru\u015fmada gerekli itirazlar\u0131n\u0131 yapamad\u0131 ve maalesef bunun kurban\u0131 oldu.<\/p>\n<p>\u201cORTADA GER\u00c7EKTEN \u00c7OK C\u0130DD\u0130 B\u0130R DEL\u0130L VAR\u201d<\/p>\n<p>Yengelerden birisi de faillerden biri olabilir derken, bunu ilk defa s\u00f6ylemiyorum. 12 ay \u00f6nce de ayn\u0131 \u015feyi s\u00f6yl\u00fcyordum. Fakat yarg\u0131lama devam etti\u011fi i\u00e7in bu konulara ayr\u0131ca vakit ve enerji ay\u0131rma \u015fans\u0131m\u0131z yoktu. Ama Abd\u00fclkadir olay\u0131ndan sonra, ben bu soru\u015fturman\u0131n \u00f6ncesinde a\u00e7\u0131l\u0131p devam etti\u011fini d\u00fc\u015f\u00fcn\u00fcyordum. Ancak 10 g\u00fcn \u00f6nce yap\u0131lmad\u0131\u011f\u0131n\u0131 g\u00f6r\u00fcnce bu \u015fik\u00e2yetlerde bulunmak zorunda kald\u0131m. \u00c7\u00fcnk\u00fc ortada ger\u00e7ekten \u00e7ok ciddi bir delil var: Narin\u2019in avu\u00e7 i\u00e7inden ve v\u00fccudundan al\u0131nan 29 santimetre, 16 santimetre ve 11 santimetre uzunlu\u011funda kad\u0131n sa\u00e7 telleri var. Ve bu sa\u00e7 tellerinin Adli T\u0131p\u2019ta yap\u0131lan incelemesinde, \u201canne Y\u00fcksel G\u00fcran\u2019\u0131n baba taraf\u0131ndan akrabalar\u0131na ait olmas\u0131 gerekir\u201d \u015feklinde bir rapor mevcut. Bu da kontrol DNA incelemesiyle ortaya \u00e7\u0131kan bir sonu\u00e7. Dolay\u0131s\u0131yla, o sa\u00e7lar\u0131n Narin\u2019in annesine ya da anne soyundan birine ait oldu\u011fu kesin. Ama kime ait oldu\u011fu belli de\u011fil.<\/p>\n<p>\u015e\u00f6yle bir durum s\u00f6z konusu: Sa\u00e7lar\u0131n Narin\u2019in anne soyundan bir akrabaya ait olma ihtimali y\u00fczde 99. Ama anne soyundan olan akrabalar kimler? Mevcut durumda hangi yengesi annesinin akrabas\u0131d\u0131r, hangisi de\u011fildir \u2014 bunu \u015fu an bilmemiz m\u00fcmk\u00fcn de\u011fil. Soy k\u00fct\u00fckleri elimizde bulunmuyor. Dolay\u0131s\u0131yla, bunlar\u0131n savc\u0131l\u0131k taraf\u0131ndan ara\u015ft\u0131r\u0131l\u0131p, \u201ckimler Narin\u2019in annesinin soyundan geliyor\u201d diye tespit edilmesi; sonras\u0131nda bu ki\u015filerden sa\u00e7 \u00f6rnekleri al\u0131narak Adli T\u0131p\u2019a g\u00f6nderilmesi ve Narin\u2019in avu\u00e7 i\u00e7inden \u00e7\u0131kan sa\u00e7 telleriyle kar\u015f\u0131la\u015ft\u0131rma yap\u0131lmas\u0131 gerekir. E\u011fer fiziksel, nicel ve mikroskobik incelemeler yap\u0131l\u0131rsa, en az\u0131ndan \u00f6n\u00fcm\u00fcze bir fail profili \u00e7\u0131kacakt\u0131r. Ve bu fail profili \u00fczerinden yeni bir cinayet soru\u015fturmas\u0131n\u0131n ba\u015flat\u0131lmas\u0131 m\u00fcmk\u00fcnd\u00fcr.<\/p>\n<p>NEVZAT BAHT\u0130YAR\u2019IN AVUKATI \u00c7EK\u0130LD\u0130\u011e\u0130N\u0130 A\u00c7IKLAMI\u015eTI<\/p>\n<p>Avukat Ali Ery\u0131lmaz, ge\u00e7ti\u011fimiz g\u00fcnlerde sosyal medya hesab\u0131ndan a\u00e7\u0131klama yaparak tutuklu san\u0131k Nevzat Bahtiyar\u2019\u0131n avukatl\u0131\u011f\u0131ndan \u00e7ekildi\u011fini duyurmu\u015ftu. Ery\u0131lmaz, \u201cBug\u00fcn, sadece bir vekillik g\u00f6revinden de\u011fil, inanc\u0131m\u0131n ve meslek onurumun s\u0131nand\u0131\u011f\u0131 a\u011f\u0131r bir y\u00fckten \u00e7ekiliyorum. Narin G\u00fcran davas\u0131nda, en zorlu anlarda savunmas\u0131n\u0131 \u00fcstlendi\u011fim Nevzat Bahtiyar\u2019\u0131n avukatl\u0131\u011f\u0131n\u0131, art\u0131k ta\u015f\u0131yamayaca\u011f\u0131m vicdani bir sorumlulukla b\u0131rak\u0131yorum. Bu karar\u0131m\u0131n ard\u0131nda, bir davay\u0131 omuz omuza y\u00fcr\u00fctmemiz gereken bir meslekta\u015f\u0131m\u0131n, dava karara ba\u011fland\u0131ktan sonra hakikati savunmaktan imtina etmesi yatmaktad\u0131r. Sosyal medyan\u0131n ac\u0131mas\u0131z koridorlar\u0131nda tek ba\u015f\u0131ma m\u00fccadele ederken, \u015fahs\u0131ma y\u00f6nelik lin\u00e7 kampanyalar\u0131na kar\u015f\u0131 suskun kalmas\u0131 bir yana, o linci \u00f6rg\u00fctleyenlerle kurdu\u011fu dostluklar, y\u00fcre\u011fimde derin bir yara a\u00e7m\u0131\u015ft\u0131r\u201d ifadelerini kullanm\u0131\u015ft\u0131.<\/p>\n<p>\u2018BARDA\u011eI TA\u015eIRAN SON DAMLA \u2018NAR\u0130N\u2019\u0130 NEVZAT \u00d6LD\u00dcRD\u00dc\u2019 DED\u0130\u011e\u0130 SES KAYDI\u2019<\/p>\n<p>Ery\u0131lmaz, a\u00e7\u0131klamas\u0131n\u0131n devam\u0131nda \u015funlar\u0131 s\u00f6ylemi\u015fti; \u201cAncak barda\u011f\u0131 ta\u015f\u0131ran son damla, bizzat o avukata ait oldu\u011fu iddia edilen ve \u2018Narin\u2019i Nevzat \u00f6ld\u00fcrd\u00fc\u2019 dedi\u011fi bir ses kayd\u0131n\u0131n varl\u0131\u011f\u0131 olmu\u015ftur. Bir savunman\u0131n temelini olu\u015fturan g\u00fcven, kendi yol arkada\u015f\u0131m\u0131z taraf\u0131ndan dinamitlenmi\u015ftir. En ac\u0131s\u0131 ise t\u00fcm bu ya\u015fananlar\u0131 bilen m\u00fcvekkilim ve ailesinin, bu onur k\u0131r\u0131c\u0131 ihanet kar\u015f\u0131s\u0131nda derin bir sessizli\u011fe b\u00fcr\u00fcnerek beni yaln\u0131z b\u0131rakmas\u0131d\u0131r. Yan\u0131n\u0131zda olmas\u0131 gerekenlerin g\u00f6lgesi bile \u00fczerinize d\u00fc\u015fm\u00fcyorsa, inanc\u0131n\u0131 yitirmi\u015f bir avukatla ayn\u0131 safta durman\u0131z isteniyorsa ve en \u00f6nemlisi, savundu\u011funuz ki\u015finin masumiyetine dair \u015f\u00fcphe bizzat orta\u011f\u0131n\u0131z taraf\u0131ndan dile getiriliyorsa, o sava\u015fta daha fazla kal\u0131namaz. Ama Narin Davas\u0131\u2019nda, Narin i\u00e7in yapm\u0131\u015f oldu\u011fum ve yapaca\u011f\u0131m \u00e7al\u0131\u015fmalarla elde etti\u011fim bilgiler do\u011frultusunda bir vatanda\u015f olarak d\u0131\u015far\u0131da kalan, yarg\u0131lamalara dahil olmayan ya da ba\u015fka su\u00e7lardan yarg\u0131lanan su\u00e7a kar\u0131\u015fan ki\u015filerin de yarg\u0131lanmas\u0131 i\u00e7in Diyarbak\u0131r Cumhuriyet Ba\u015fsavc\u0131l\u0131\u011f\u0131\u2019na ihbarlarda bulunmaya ve rahats\u0131z etmeye devam edece\u011fim. Bu, bir pes edi\u015f de\u011fil, hakikate ve meslek ve \u015fahsi onuruma olan sayg\u0131m\u0131n bir gere\u011fidir. Sayg\u0131lar\u0131mla.\u201d<\/p>\n<p>Kaynak : msn.com<\/p>\n"},"alt_text":"","media_type":"image","mime_type":"image\/jpeg","media_details":{"width":768,"height":201,"file":"2025\/10\/1-15-768x201-64.jpg","sizes":{"medium":{"file":"1-15-768x201-64-300x79.jpg","width":300,"height":79,"mime_type":"image\/jpeg","source_url":"https:\/\/kilosorunum.com\/habercim\/wp-content\/uploads\/2025\/10\/1-15-768x201-64-300x79.jpg"},"thumbnail":{"file":"1-15-768x201-64-150x150.jpg","width":150,"height":150,"mime_type":"image\/jpeg","source_url":"https:\/\/kilosorunum.com\/habercim\/wp-content\/uploads\/2025\/10\/1-15-768x201-64-150x150.jpg"},"kucukResim":{"file":"1-15-768x201-64-80x50.jpg","width":80,"height":50,"mime_type":"image\/jpeg","source_url":"https:\/\/kilosorunum.com\/habercim\/wp-content\/uploads\/2025\/10\/1-15-768x201-64-80x50.jpg"},"sliderResim":{"file":"1-15-768x201-64-670x201.jpg","width":670,"height":201,"mime_type":"image\/jpeg","source_url":"https:\/\/kilosorunum.com\/habercim\/wp-content\/uploads\/2025\/10\/1-15-768x201-64-670x201.jpg"},"resim1":{"file":"1-15-768x201-64-184x140.jpg","width":184,"height":140,"mime_type":"image\/jpeg","source_url":"https:\/\/kilosorunum.com\/habercim\/wp-content\/uploads\/2025\/10\/1-15-768x201-64-184x140.jpg"},"resim2":{"file":"1-15-768x201-64-216x103.jpg","width":216,"height":103,"mime_type":"image\/jpeg","source_url":"https:\/\/kilosorunum.com\/habercim\/wp-content\/uploads\/2025\/10\/1-15-768x201-64-216x103.jpg"},"resim3":{"file":"1-15-768x201-64-145x70.jpg","width":145,"height":70,"mime_type":"image\/jpeg","source_url":"https:\/\/kilosorunum.com\/habercim\/wp-content\/uploads\/2025\/10\/1-15-768x201-64-145x70.jpg"},"sagSlider":{"file":"1-15-768x201-64-300x150.jpg","width":300,"height":150,"mime_type":"image\/jpeg","source_url":"https:\/\/kilosorunum.com\/habercim\/wp-content\/uploads\/2025\/10\/1-15-768x201-64-300x150.jpg"},"yeniSlider":{"file":"1-15-768x201-64-500x201.jpg","width":500,"height":201,"mime_type":"image\/jpeg","source_url":"https:\/\/kilosorunum.com\/habercim\/wp-content\/uploads\/2025\/10\/1-15-768x201-64-500x201.jpg"},"full":{"file":"1-15-768x201-64.jpg","width":768,"height":201,"mime_type":"image\/jpeg","source_url":"https:\/\/kilosorunum.com\/habercim\/wp-content\/uploads\/2025\/10\/1-15-768x201-64.jpg"}},"image_meta":{"aperture":"0","credit":"","camera":"","caption":"","created_timestamp":"0","copyright":"","focal_length":"0","iso":"0","shutter_speed":"0","title":"","orientation":"0","keywords":[]}},"post":39813,"source_url":"https:\/\/kilosorunum.com\/habercim\/wp-content\/uploads\/2025\/10\/1-15-768x201-64.jpg","_links":{"self":[{"href":"https:\/\/kilosorunum.com\/habercim\/wp-json\/wp\/v2\/media\/39815"}],"collection":[{"href":"https:\/\/kilosorunum.com\/habercim\/wp-json\/wp\/v2\/media"}],"about":[{"href":"https:\/\/kilosorunum.com\/habercim\/wp-json\/wp\/v2\/types\/attachment"}],"author":[{"embeddable":true,"href":"https:\/\/kilosorunum.com\/habercim\/wp-json\/wp\/v2\/users\/2"}],"replies":[{"embeddable":true,"href":"https:\/\/kilosorunum.com\/habercim\/wp-json\/wp\/v2\/comments?post=39815"}]}}