{"id":39846,"date":"2025-11-01T19:27:14","date_gmt":"2025-11-01T16:27:14","guid":{"rendered":"https:\/\/kilosorunum.com\/habercim\/wp-content\/uploads\/2025\/11\/1-15-768x201-4.jpg"},"modified":"2025-11-01T19:28:20","modified_gmt":"2025-11-01T16:28:20","slug":"1-15-768x201-1374","status":"inherit","type":"attachment","link":"https:\/\/kilosorunum.com\/habercim\/foto-galeri\/konut-ve-isyeri-kiralari-icin\/attachment\/1-15-768x201-1374\/","title":{"rendered":"Konut ve i\u015fyeri kiralar\u0131 i\u00e7in"},"author":2,"comment_status":"open","ping_status":"closed","template":"","meta":[],"description":{"rendered":"<p class=\"attachment\"><a href='https:\/\/kilosorunum.com\/habercim\/wp-content\/uploads\/2025\/11\/1-15-768x201-4.jpg'><img width=\"300\" height=\"79\" src=\"https:\/\/kilosorunum.com\/habercim\/wp-content\/uploads\/2025\/11\/1-15-768x201-4-300x79.jpg\" class=\"attachment-medium size-medium\" alt=\"\" loading=\"lazy\" srcset=\"https:\/\/kilosorunum.com\/habercim\/wp-content\/uploads\/2025\/11\/1-15-768x201-4-300x79.jpg 300w, https:\/\/kilosorunum.com\/habercim\/wp-content\/uploads\/2025\/11\/1-15-768x201-4.jpg 768w\" sizes=\"(max-width: 300px) 100vw, 300px\" \/><\/a><\/p>\n"},"caption":{"rendered":"<p>Kira Art\u0131\u015f\u0131nda Yeni D\u00f6nem ve Kirac\u0131 Tahliyesinde Emsal Yarg\u0131 Kararlar\u0131<br \/>\nT\u00fcrkiye \u0130statistik Kurumu (T\u00dc\u0130K) verilerine g\u00f6re, Temmuz ay\u0131nda enflasyon ayl\u0131k bazda %3,23, y\u0131ll\u0131k bazda ise %61,78 olarak kaydedildi. Bu oranlar \u0131\u015f\u0131\u011f\u0131nda, kirada %65,93\u2019l\u00fck bir art\u0131\u015f oran\u0131 s\u00f6z konusu oldu.<\/p>\n<p>\u00d6rnek Eski Kira Bedeli Art\u0131\u015f Oran\u0131 (T\u00dcFE 12 Ayl\u0131k Ort.) Kira Art\u0131\u015f Miktar\u0131 Yeni Ayl\u0131k Kira Tutar\u0131<br \/>\n15.000 TL %65,93 9.889,5 TL 24.889,5 TL<br \/>\nSon y\u0131llarda fahi\u015f kira art\u0131\u015flar\u0131 kirac\u0131 ve ev sahipleri aras\u0131nda b\u00fcy\u00fck anla\u015fmazl\u0131klara neden olmaya devam ederken, yarg\u0131dan emsal te\u015fkil eden \u00f6nemli kararlar geldi. Avukat Gizem Gonce, kirac\u0131lar\u0131n d\u00fc\u015fmemesi gereken hatalar\u0131 ve mahkeme kararlar\u0131n\u0131n sonu\u00e7lar\u0131n\u0131 Milliyet gazetesine aktard\u0131.<br \/>\nTahliyeye Yol A\u00e7an Davran\u0131\u015flar: \u0130ki Hakl\u0131 \u0130htar ve \u0130cra Takibi<br \/>\nAvukat Gizem Gonce\u2019nin anlatt\u0131\u011f\u0131 ve karara ba\u011flanan bir davada, kirac\u0131n\u0131n kira bedelini d\u00fczenli \u00f6dememesi durumu ele al\u0131nd\u0131.<\/p>\n<p>Olay: 1 Nisan 2016\u2019da ba\u015flayan 1.500 TL ayl\u0131k kira s\u00f6zle\u015fmesine ra\u011fmen kirac\u0131, kira bedelini zaman\u0131nda \u00f6demedi\u011fi i\u00e7in ev sahibi iki kez icra takibi ba\u015flatt\u0131.<\/p>\n<p>\u0130cra S\u00fcre\u00e7leri: 2022 y\u0131l\u0131nda ya\u015fanan benzer bir durumun ard\u0131ndan, 2023 y\u0131l\u0131nda da \u00f6denmeyen kiralar i\u00e7in icra takibi ba\u015flat\u0131ld\u0131. Kirac\u0131, tebligat\u0131 ald\u0131ktan sonra 30 g\u00fcn i\u00e7inde borcunu \u00f6deyerek dosyay\u0131 kapatt\u0131.<\/p>\n<p>Mahkeme Karar\u0131: Kirac\u0131n\u0131n iki farkl\u0131 y\u0131lda iki kez icra takibine maruz kalmas\u0131, Hukuk a\u00e7\u0131s\u0131ndan iki hakl\u0131 ihtar olarak de\u011ferlendirildi. Bilirki\u015fi raporuyla da kirac\u0131n\u0131n kira bedellerini \u00f6dememesi nedeniyle tahliye ko\u015fulunun olu\u015ftu\u011fu tespit edildi. Mahkeme, kirac\u0131n\u0131n tahliyesine h\u00fckmetti.<\/p>\n<p>\u0130kinci Emsal Dava: Ge\u00e7erli Tahliye Taahh\u00fctnamesi<\/p>\n<p>1 Ekim 2021\u2019de d\u00fczenlenen kira s\u00f6zle\u015fmesiyle ayl\u0131k kira bedelinin 3.750 TL olarak belirlendi\u011fi ikinci bir davada ise farkl\u0131 bir durum ya\u015fand\u0131:<\/p>\n<p>Olay: Kirac\u0131, s\u00f6zle\u015fmeden sadece iki ay sonra (15 Aral\u0131k 2021) bir tahliye taahh\u00fctnamesi imzalad\u0131 ve evi 1 Eyl\u00fcl 2023 tarihinde bo\u015faltmay\u0131 taahh\u00fct etti. Ancak kirac\u0131, 22 Eyl\u00fcl 2023\u2019te evi bo\u015faltmad\u0131.<\/p>\n<p>Ev Sahibinin Ad\u0131m\u0131: Ev sahibi, tahliye tarihinden itibaren bir ay i\u00e7inde icra takibi ba\u015flatarak kirac\u0131n\u0131n tahliyesini talep etti.<\/p>\n<p>Kirac\u0131n\u0131n \u0130tiraz\u0131: Kirac\u0131, tahliye taahh\u00fctnamesinin ge\u00e7ersiz oldu\u011funu iddia ederek takibe itiraz etti.<\/p>\n<p>Mahkeme Karar\u0131: Mahkeme, kirac\u0131n\u0131n itiraz\u0131n\u0131 reddederek, tahliye taahh\u00fctnamesinin ge\u00e7erli oldu\u011funa ve kirac\u0131n\u0131n evi belirlenen tarihte tahliye etmesi gerekti\u011fine karar verdi.<\/p>\n<p>Kaynak : replikler.org<\/p>\n"},"alt_text":"","media_type":"image","mime_type":"image\/jpeg","media_details":{"width":768,"height":201,"file":"2025\/11\/1-15-768x201-4.jpg","sizes":{"medium":{"file":"1-15-768x201-4-300x79.jpg","width":300,"height":79,"mime_type":"image\/jpeg","source_url":"https:\/\/kilosorunum.com\/habercim\/wp-content\/uploads\/2025\/11\/1-15-768x201-4-300x79.jpg"},"thumbnail":{"file":"1-15-768x201-4-150x150.jpg","width":150,"height":150,"mime_type":"image\/jpeg","source_url":"https:\/\/kilosorunum.com\/habercim\/wp-content\/uploads\/2025\/11\/1-15-768x201-4-150x150.jpg"},"kucukResim":{"file":"1-15-768x201-4-80x50.jpg","width":80,"height":50,"mime_type":"image\/jpeg","source_url":"https:\/\/kilosorunum.com\/habercim\/wp-content\/uploads\/2025\/11\/1-15-768x201-4-80x50.jpg"},"sliderResim":{"file":"1-15-768x201-4-670x201.jpg","width":670,"height":201,"mime_type":"image\/jpeg","source_url":"https:\/\/kilosorunum.com\/habercim\/wp-content\/uploads\/2025\/11\/1-15-768x201-4-670x201.jpg"},"resim1":{"file":"1-15-768x201-4-184x140.jpg","width":184,"height":140,"mime_type":"image\/jpeg","source_url":"https:\/\/kilosorunum.com\/habercim\/wp-content\/uploads\/2025\/11\/1-15-768x201-4-184x140.jpg"},"resim2":{"file":"1-15-768x201-4-216x103.jpg","width":216,"height":103,"mime_type":"image\/jpeg","source_url":"https:\/\/kilosorunum.com\/habercim\/wp-content\/uploads\/2025\/11\/1-15-768x201-4-216x103.jpg"},"resim3":{"file":"1-15-768x201-4-145x70.jpg","width":145,"height":70,"mime_type":"image\/jpeg","source_url":"https:\/\/kilosorunum.com\/habercim\/wp-content\/uploads\/2025\/11\/1-15-768x201-4-145x70.jpg"},"sagSlider":{"file":"1-15-768x201-4-300x150.jpg","width":300,"height":150,"mime_type":"image\/jpeg","source_url":"https:\/\/kilosorunum.com\/habercim\/wp-content\/uploads\/2025\/11\/1-15-768x201-4-300x150.jpg"},"yeniSlider":{"file":"1-15-768x201-4-500x201.jpg","width":500,"height":201,"mime_type":"image\/jpeg","source_url":"https:\/\/kilosorunum.com\/habercim\/wp-content\/uploads\/2025\/11\/1-15-768x201-4-500x201.jpg"},"full":{"file":"1-15-768x201-4.jpg","width":768,"height":201,"mime_type":"image\/jpeg","source_url":"https:\/\/kilosorunum.com\/habercim\/wp-content\/uploads\/2025\/11\/1-15-768x201-4.jpg"}},"image_meta":{"aperture":"0","credit":"","camera":"","caption":"","created_timestamp":"0","copyright":"","focal_length":"0","iso":"0","shutter_speed":"0","title":"","orientation":"0","keywords":[]}},"post":39844,"source_url":"https:\/\/kilosorunum.com\/habercim\/wp-content\/uploads\/2025\/11\/1-15-768x201-4.jpg","_links":{"self":[{"href":"https:\/\/kilosorunum.com\/habercim\/wp-json\/wp\/v2\/media\/39846"}],"collection":[{"href":"https:\/\/kilosorunum.com\/habercim\/wp-json\/wp\/v2\/media"}],"about":[{"href":"https:\/\/kilosorunum.com\/habercim\/wp-json\/wp\/v2\/types\/attachment"}],"author":[{"embeddable":true,"href":"https:\/\/kilosorunum.com\/habercim\/wp-json\/wp\/v2\/users\/2"}],"replies":[{"embeddable":true,"href":"https:\/\/kilosorunum.com\/habercim\/wp-json\/wp\/v2\/comments?post=39846"}]}}