{"id":39881,"date":"2025-11-02T18:29:25","date_gmt":"2025-11-02T15:29:25","guid":{"rendered":"https:\/\/kilosorunum.com\/habercim\/wp-content\/uploads\/2025\/11\/DEPREM.jpg"},"modified":"2025-11-02T18:30:14","modified_gmt":"2025-11-02T15:30:14","slug":"deprem-99","status":"inherit","type":"attachment","link":"https:\/\/kilosorunum.com\/habercim\/foto-galeri\/aksam-vakti-pes-pese\/attachment\/deprem-99\/","title":{"rendered":"Ak\u015fam vakti pe\u015f pe\u015fe"},"author":2,"comment_status":"open","ping_status":"closed","template":"","meta":[],"description":{"rendered":"<p class=\"attachment\"><a href='https:\/\/kilosorunum.com\/habercim\/wp-content\/uploads\/2025\/11\/DEPREM.jpg'><img width=\"225\" height=\"225\" src=\"https:\/\/kilosorunum.com\/habercim\/wp-content\/uploads\/2025\/11\/DEPREM.jpg\" class=\"attachment-medium size-medium\" alt=\"\" loading=\"lazy\" srcset=\"https:\/\/kilosorunum.com\/habercim\/wp-content\/uploads\/2025\/11\/DEPREM.jpg 225w, https:\/\/kilosorunum.com\/habercim\/wp-content\/uploads\/2025\/11\/DEPREM-150x150.jpg 150w\" sizes=\"(max-width: 225px) 100vw, 225px\" \/><\/a><\/p>\n"},"caption":{"rendered":"<p>Bal\u0131kesir\u2019in S\u0131nd\u0131rg\u0131 il\u00e7esinde 4,3 b\u00fcy\u00fckl\u00fc\u011f\u00fcnde deprem meydana geldi.<br \/>\nAfet ve Acil Durum Y\u00f6netimi Ba\u015fkanl\u0131\u011f\u0131n\u0131n (AFAD) internet sitesinde yer alan bilgiye g\u00f6re, Bal\u0131kesir\u2019in S\u0131nd\u0131rg\u0131 il\u00e7esinde saat 15.41\u2019de 4,3 b\u00fcy\u00fckl\u00fc\u011f\u00fcnde deprem kaydedildi.<\/p>\n<p>Deprem, yerin yakla\u015f\u0131k 14.13 kilometre derinli\u011finde ger\u00e7ekle\u015fti.<\/p>\n<p>27 Ekim Pazartesi g\u00fcn\u00fc saat 22.48\u2019de merkez \u00fcss\u00fc S\u0131nd\u0131rg\u0131\u2019da meydana gelen 6,1 b\u00fcy\u00fckl\u00fc\u011f\u00fcndeki deprem, Bal\u0131kesir\u2019in yan\u0131 s\u0131ra \u0130zmir, Bursa, \u0130stanbul, Tekirda\u011f, Kocaeli ve Sakarya\u2019da olmak \u00fczere Marmara ile Ege b\u00f6lgelerindeki bir\u00e7ok ilde de hissedilmi\u015fti.<\/p>\n<p>Kaynak : trthaber.com<\/p>\n"},"alt_text":"","media_type":"image","mime_type":"image\/jpeg","media_details":{"width":225,"height":225,"file":"2025\/11\/DEPREM.jpg","sizes":{"thumbnail":{"file":"DEPREM-150x150.jpg","width":150,"height":150,"mime_type":"image\/jpeg","source_url":"https:\/\/kilosorunum.com\/habercim\/wp-content\/uploads\/2025\/11\/DEPREM-150x150.jpg"},"kucukResim":{"file":"DEPREM-80x50.jpg","width":80,"height":50,"mime_type":"image\/jpeg","source_url":"https:\/\/kilosorunum.com\/habercim\/wp-content\/uploads\/2025\/11\/DEPREM-80x50.jpg"},"resim1":{"file":"DEPREM-184x140.jpg","width":184,"height":140,"mime_type":"image\/jpeg","source_url":"https:\/\/kilosorunum.com\/habercim\/wp-content\/uploads\/2025\/11\/DEPREM-184x140.jpg"},"resim2":{"file":"DEPREM-216x103.jpg","width":216,"height":103,"mime_type":"image\/jpeg","source_url":"https:\/\/kilosorunum.com\/habercim\/wp-content\/uploads\/2025\/11\/DEPREM-216x103.jpg"},"resim3":{"file":"DEPREM-145x70.jpg","width":145,"height":70,"mime_type":"image\/jpeg","source_url":"https:\/\/kilosorunum.com\/habercim\/wp-content\/uploads\/2025\/11\/DEPREM-145x70.jpg"},"sagSlider":{"file":"DEPREM-225x150.jpg","width":225,"height":150,"mime_type":"image\/jpeg","source_url":"https:\/\/kilosorunum.com\/habercim\/wp-content\/uploads\/2025\/11\/DEPREM-225x150.jpg"},"full":{"file":"DEPREM.jpg","width":225,"height":225,"mime_type":"image\/jpeg","source_url":"https:\/\/kilosorunum.com\/habercim\/wp-content\/uploads\/2025\/11\/DEPREM.jpg"}},"image_meta":{"aperture":"0","credit":"","camera":"","caption":"","created_timestamp":"0","copyright":"","focal_length":"0","iso":"0","shutter_speed":"0","title":"","orientation":"0","keywords":[]}},"post":39879,"source_url":"https:\/\/kilosorunum.com\/habercim\/wp-content\/uploads\/2025\/11\/DEPREM.jpg","_links":{"self":[{"href":"https:\/\/kilosorunum.com\/habercim\/wp-json\/wp\/v2\/media\/39881"}],"collection":[{"href":"https:\/\/kilosorunum.com\/habercim\/wp-json\/wp\/v2\/media"}],"about":[{"href":"https:\/\/kilosorunum.com\/habercim\/wp-json\/wp\/v2\/types\/attachment"}],"author":[{"embeddable":true,"href":"https:\/\/kilosorunum.com\/habercim\/wp-json\/wp\/v2\/users\/2"}],"replies":[{"embeddable":true,"href":"https:\/\/kilosorunum.com\/habercim\/wp-json\/wp\/v2\/comments?post=39881"}]}}