{"id":39918,"date":"2025-11-03T21:31:25","date_gmt":"2025-11-03T18:31:25","guid":{"rendered":"https:\/\/kilosorunum.com\/habercim\/wp-content\/uploads\/2025\/11\/1-15-768x201-29.jpg"},"modified":"2025-11-03T21:32:17","modified_gmt":"2025-11-03T18:32:17","slug":"1-15-768x201-1399","status":"inherit","type":"attachment","link":"https:\/\/kilosorunum.com\/habercim\/foto-galeri\/yeni-bir-uyari\/attachment\/1-15-768x201-1399\/","title":{"rendered":"Yeni bir uyar\u0131"},"author":2,"comment_status":"open","ping_status":"closed","template":"","meta":[],"description":{"rendered":"<p class=\"attachment\"><a href='https:\/\/kilosorunum.com\/habercim\/wp-content\/uploads\/2025\/11\/1-15-768x201-29.jpg'><img width=\"300\" height=\"79\" src=\"https:\/\/kilosorunum.com\/habercim\/wp-content\/uploads\/2025\/11\/1-15-768x201-29-300x79.jpg\" class=\"attachment-medium size-medium\" alt=\"\" loading=\"lazy\" srcset=\"https:\/\/kilosorunum.com\/habercim\/wp-content\/uploads\/2025\/11\/1-15-768x201-29-300x79.jpg 300w, https:\/\/kilosorunum.com\/habercim\/wp-content\/uploads\/2025\/11\/1-15-768x201-29.jpg 768w\" sizes=\"(max-width: 300px) 100vw, 300px\" \/><\/a><\/p>\n"},"caption":{"rendered":"<p>Afet ve Acil Durum Y\u00f6netimi Ba\u015fkanl\u0131\u011f\u0131n\u0131n (AFAD) internet sitesinde yer alan bilgiye g\u00f6re, saat 22.48\u2019de merkez \u00fcss\u00fc Bal\u0131kesir\u2019in, S\u0131nd\u0131rg\u0131 il\u00e7esi olan 6,1 b\u00fcy\u00fckl\u00fc\u011f\u00fcnde sars\u0131nt\u0131 kaydedildi. \u00dc\u015e\u00dcMEZSOY UYARMI\u015eTI! Ge\u00e7ti\u011fimiz ay yapt\u0131\u011f\u0131 a\u00e7\u0131klamada, \u0130stanbul merkezli senaryolar\u0131n bilimsel zeminden yoksun oldu\u011funu belirten \u00dc\u015f\u00fcmezsoy, esas riskin Bal\u0131kesir ba\u015fta olmak \u00fczere Marmara\u2019n\u0131n g\u00fcneyinde, \u00f6zellikle G\u00f6nen-Yenice fay hatt\u0131nda oldu\u011funu a\u00e7\u0131klam\u0131\u015ft\u0131. \u201c\u0130STANBUL\u2019DA B\u00dcY\u00dcK DEPREM SENARYOSU B\u0130L\u0130MSEL DE\u011e\u0130L\u201d Prof. Dr. \u00dc\u015f\u00fcmezsoy, kamuoyunda s\u0131k s\u0131k dile getirilen \u201c\u0130stanbul\u2019da 7.2 b\u00fcy\u00fckl\u00fc\u011f\u00fcnde b\u00fcy\u00fck bir deprem olacak\u201d s\u00f6ylemlerinin do\u011fru olmad\u0131\u011f\u0131n\u0131 savunmu\u015ftu. Bu iddialar\u0131n Adalar Fay\u0131\u2019na y\u00f6nelik hatal\u0131 modellemelere dayand\u0131\u011f\u0131n\u0131 ifade eden \u00dc\u015f\u00fcmezsoy, 1999 G\u00f6lc\u00fck depreminin ard\u0131ndan olu\u015fan stresin Adalar Fay\u0131\u2019na de\u011fil, Marmara Denizi\u2019nin farkl\u0131 segmentlerine y\u00f6neldi\u011fini a\u00e7\u0131klam\u0131\u015ft\u0131. \u201cASIL TEHL\u0130KE BALIKES\u0130R\u2019DEK\u0130 SARIK\u00d6Y FAYI\u201d Uzman isme g\u00f6re b\u00fcy\u00fck tehlike Bal\u0131kesir s\u0131n\u0131rlar\u0131nda yer alan Sar\u0131k\u00f6y Fay\u0131 \u00fczerinde. 1953 y\u0131l\u0131ndaki Yenice-G\u00f6nen depreminin ard\u0131ndan bu hatt\u0131n stres biriktirdi\u011fini belirten \u00dc\u015f\u00fcmezsoy, G\u00fcney Marmara\u2019n\u0131n olas\u0131 yeni bir deprem a\u00e7\u0131s\u0131ndan ciddi risk ta\u015f\u0131d\u0131\u011f\u0131n\u0131 s\u00f6yledi. \u00d6zellikle G\u00f6nen-Yenice hatt\u0131na dikkat \u00e7eken \u00dc\u015f\u00fcmezsoy, bu b\u00f6lgede b\u00fcy\u00fck bir depremin ya\u015fanma ihtimalinin olduk\u00e7a y\u00fcksek oldu\u011funu vurgulam\u0131\u015ft\u0131. \u201c5\u2019E KADAR VARAN ART\u00c7ILARIN OLMASI M\u00dcMK\u00dcN\u201d NTV yay\u0131n\u0131nda konu\u015fan deprem uzman\u0131 Prof. Dr. Okan T\u00fcys\u00fcz \u015fu ifadeleri kulland\u0131:<br \/>\n\u201cS\u0131nd\u0131rg\u0131 aktif faya \u00e7ok yak\u0131n olan il\u00e7elerimizden bir tanesi. Bu depremi olu\u015fturan fay \u00e7ok b\u00fcy\u00fck olas\u0131l\u0131kla Simav fay zonu ad\u0131n\u0131 verdi\u011fimiz ve K\u00fctahya Gediz\u2019den ba\u015flayan S\u0131nd\u0131rg\u0131\u2019n\u0131n biraz bat\u0131s\u0131na kadar uzanan a\u015fa\u011f\u0131 yukar\u0131 170 km uzunlu\u011funda bir fay, bu fay\u0131n \u00fczerinde 2011 y\u0131l\u0131n Simav depremi meydana gelmi\u015fti, ge\u00e7ti\u011fimiz g\u00fcnlerde de Simav\u2019\u0131n hemen kuzeyinde bir deprem f\u0131rt\u0131nas\u0131 ya\u015fad\u0131k, olduk\u00e7a uzun bir d\u00f6nem burada bir deprem aktivitesi s\u00fcregeldi. Dolay\u0131s\u0131yla ge\u00e7mi\u015fte deprem olu\u015fturmu\u015f bir ku\u015fa\u011f\u0131n \u00fczerindeyiz. Bu ku\u015fakta meydana gelen bir deprem. 10 km kadar derinlikte oldu\u011fu g\u00f6r\u00fcl\u00fcyor. Bunun arkas\u0131ndan gelen \u00e7ok say\u0131da art\u00e7\u0131 deprem var. Art\u00e7\u0131 depremlere bakt\u0131\u011f\u0131m\u0131z zaman da bunlar\u0131n b\u00fcy\u00fckl\u00fcklerinin 3.7, 4.6, 4.2 ve 4 b\u00fcy\u00fckl\u00fcklerine ula\u015ft\u0131\u011f\u0131n\u0131 g\u00f6r\u00fcyoruz. 5\u2019e kadar varan art\u00e7\u0131lar\u0131n olmas\u0131 m\u00fcmk\u00fcn. Mutlaka olacak anlam\u0131nda de\u011fil ama olmas\u0131 y\u00fcksek olas\u0131l\u0131kt\u0131r. \u00d6zellikle hasarl\u0131 yap\u0131lar i\u00e7erisine girilmemesini tekrarlayal\u0131m\u201d NAC\u0130 G\u00d6R\u00dcR\u2019DEN \u0130LK YORUM Depremin ard\u0131ndan baz\u0131 binalar\u0131n y\u0131k\u0131ld\u0131\u011f\u0131 belirtilirken; Yerbilimci Profes\u00f6r Doktor Naci G\u00f6r\u00fcr\u2019den ilk yorum da geldi. G\u00f6r\u00fcr sosyal medya hesab\u0131ndan yapt\u0131\u011f\u0131 payla\u015f\u0131mda \u201c\u015eimdi Alak\u0131r-S\u0131nd\u0131rg\u0131\/Bal\u0131kesir\u2019de 6,1 deprem oldu. Deprem Simav Fay Zonu, S\u0131nd\u0131rg\u0131 Segman\u0131 \u00fczerinde. Sa\u011f y\u00f6nl\u00fc, yanal bir fay niteli\u011finde. K\u00fc\u00e7\u00fck deprem de\u011fil, hasar olabilir. Daha b\u00fcy\u00fck deprem olaca\u011f\u0131n\u0131 sanm\u0131yorum. Evlerden bir m\u00fcddet uzak durun\u201d ifadelerini kulland\u0131. \u201cDEPREM BEKLED\u0130\u011e\u0130M\u0130Z B\u0130R YERDE\u201d S\u00f6zc\u00fc yay\u0131n\u0131nda konu\u015fan deprem bilimci Prof. Dr. \u00d6vg\u00fcn Ahmet Ercan: \u201cBal\u0131kesir S\u0131nd\u0131rg\u0131 \u00fc\u00e7 d\u00f6rt g\u00fcnd\u00fcr \u00f6nc\u00fc depremlerini \u00fcretiyor. S\u0131nd\u0131rg\u0131 isim anlam\u0131 olarak da \u00e7ok k\u0131r\u0131k anlam\u0131na geliyor. Bu k\u0131r\u0131k uzun zamand\u0131r deprem olmuyordu ama deprem bekledi\u011fimiz bir yerdi. S\u0131nd\u0131rg\u0131\u2019da bir yer k\u0131r\u0131\u011f\u0131 olu\u015ftu.\u201d <\/p>\n<p>Kaynak : haberzamani.com<\/p>\n"},"alt_text":"","media_type":"image","mime_type":"image\/jpeg","media_details":{"width":768,"height":201,"file":"2025\/11\/1-15-768x201-29.jpg","sizes":{"medium":{"file":"1-15-768x201-29-300x79.jpg","width":300,"height":79,"mime_type":"image\/jpeg","source_url":"https:\/\/kilosorunum.com\/habercim\/wp-content\/uploads\/2025\/11\/1-15-768x201-29-300x79.jpg"},"thumbnail":{"file":"1-15-768x201-29-150x150.jpg","width":150,"height":150,"mime_type":"image\/jpeg","source_url":"https:\/\/kilosorunum.com\/habercim\/wp-content\/uploads\/2025\/11\/1-15-768x201-29-150x150.jpg"},"kucukResim":{"file":"1-15-768x201-29-80x50.jpg","width":80,"height":50,"mime_type":"image\/jpeg","source_url":"https:\/\/kilosorunum.com\/habercim\/wp-content\/uploads\/2025\/11\/1-15-768x201-29-80x50.jpg"},"sliderResim":{"file":"1-15-768x201-29-670x201.jpg","width":670,"height":201,"mime_type":"image\/jpeg","source_url":"https:\/\/kilosorunum.com\/habercim\/wp-content\/uploads\/2025\/11\/1-15-768x201-29-670x201.jpg"},"resim1":{"file":"1-15-768x201-29-184x140.jpg","width":184,"height":140,"mime_type":"image\/jpeg","source_url":"https:\/\/kilosorunum.com\/habercim\/wp-content\/uploads\/2025\/11\/1-15-768x201-29-184x140.jpg"},"resim2":{"file":"1-15-768x201-29-216x103.jpg","width":216,"height":103,"mime_type":"image\/jpeg","source_url":"https:\/\/kilosorunum.com\/habercim\/wp-content\/uploads\/2025\/11\/1-15-768x201-29-216x103.jpg"},"resim3":{"file":"1-15-768x201-29-145x70.jpg","width":145,"height":70,"mime_type":"image\/jpeg","source_url":"https:\/\/kilosorunum.com\/habercim\/wp-content\/uploads\/2025\/11\/1-15-768x201-29-145x70.jpg"},"sagSlider":{"file":"1-15-768x201-29-300x150.jpg","width":300,"height":150,"mime_type":"image\/jpeg","source_url":"https:\/\/kilosorunum.com\/habercim\/wp-content\/uploads\/2025\/11\/1-15-768x201-29-300x150.jpg"},"yeniSlider":{"file":"1-15-768x201-29-500x201.jpg","width":500,"height":201,"mime_type":"image\/jpeg","source_url":"https:\/\/kilosorunum.com\/habercim\/wp-content\/uploads\/2025\/11\/1-15-768x201-29-500x201.jpg"},"full":{"file":"1-15-768x201-29.jpg","width":768,"height":201,"mime_type":"image\/jpeg","source_url":"https:\/\/kilosorunum.com\/habercim\/wp-content\/uploads\/2025\/11\/1-15-768x201-29.jpg"}},"image_meta":{"aperture":"0","credit":"","camera":"","caption":"","created_timestamp":"0","copyright":"","focal_length":"0","iso":"0","shutter_speed":"0","title":"","orientation":"0","keywords":[]}},"post":39916,"source_url":"https:\/\/kilosorunum.com\/habercim\/wp-content\/uploads\/2025\/11\/1-15-768x201-29.jpg","_links":{"self":[{"href":"https:\/\/kilosorunum.com\/habercim\/wp-json\/wp\/v2\/media\/39918"}],"collection":[{"href":"https:\/\/kilosorunum.com\/habercim\/wp-json\/wp\/v2\/media"}],"about":[{"href":"https:\/\/kilosorunum.com\/habercim\/wp-json\/wp\/v2\/types\/attachment"}],"author":[{"embeddable":true,"href":"https:\/\/kilosorunum.com\/habercim\/wp-json\/wp\/v2\/users\/2"}],"replies":[{"embeddable":true,"href":"https:\/\/kilosorunum.com\/habercim\/wp-json\/wp\/v2\/comments?post=39918"}]}}