{"id":40166,"date":"2025-11-10T22:18:05","date_gmt":"2025-11-10T19:18:05","guid":{"rendered":"https:\/\/kilosorunum.com\/habercim\/wp-content\/uploads\/2025\/11\/1-15-768x201-121.jpg"},"modified":"2025-11-10T22:22:28","modified_gmt":"2025-11-10T19:22:28","slug":"1-15-768x201-1491","status":"inherit","type":"attachment","link":"https:\/\/kilosorunum.com\/habercim\/foto-galeri\/carsamba-basliyor\/attachment\/1-15-768x201-1491\/","title":{"rendered":"\u00c7ar\u015famba ba\u015fl\u0131yor"},"author":2,"comment_status":"open","ping_status":"closed","template":"","meta":[],"description":{"rendered":"<p class=\"attachment\"><a href='https:\/\/kilosorunum.com\/habercim\/wp-content\/uploads\/2025\/11\/1-15-768x201-121.jpg'><img width=\"300\" height=\"79\" src=\"https:\/\/kilosorunum.com\/habercim\/wp-content\/uploads\/2025\/11\/1-15-768x201-121-300x79.jpg\" class=\"attachment-medium size-medium\" alt=\"\" loading=\"lazy\" srcset=\"https:\/\/kilosorunum.com\/habercim\/wp-content\/uploads\/2025\/11\/1-15-768x201-121-300x79.jpg 300w, https:\/\/kilosorunum.com\/habercim\/wp-content\/uploads\/2025\/11\/1-15-768x201-121.jpg 768w\" sizes=\"(max-width: 300px) 100vw, 300px\" \/><\/a><\/p>\n"},"caption":{"rendered":"<p>Meteoroloji Genel M\u00fcd\u00fcrl\u00fc\u011f\u00fc taraf\u0131ndan yap\u0131lan tahminlere g\u00f6re: \u00dclkemizin kuzeybat\u0131 kesimleri par\u00e7al\u0131 yer yer \u00e7ok bulutlu, Edirne, K\u0131rklareli, Tekirda\u011f, \u00c7anakkale \u00e7evreleri ile Bal\u0131kesir\u2019in bat\u0131 il\u00e7elerinin aral\u0131kl\u0131 sa\u011fanak ya\u011f\u0131\u015fl\u0131, di\u011fer yerlerin az bulutlu ve a\u00e7\u0131k ge\u00e7ece\u011fi tahmin ediliyor. Sabah ve gece saatlerinde Marmara\u2019n\u0131n g\u00fcney ve do\u011fusu, \u0130\u00e7 Ege, Bat\u0131 Akdeniz\u2019in i\u00e7 kesimleri ile Bat\u0131 ve Orta Karadeniz\u2019in i\u00e7 kesimlerinde pus ve yer yer sis bekleniyor.<br \/>\n\u0130STANBUL HAVA DURUMU<br \/>\n\u0130stanbul B\u00fcy\u00fck\u015fehir Belediyesi (\u0130BB) Afet Koordinasyon Merkezi (AKOM), yeni hafta i\u00e7in a\u00e7\u0131klamalarda bulundu.<br \/>\nAKOM\u2019dan yap\u0131lan a\u00e7\u0131klamada, \u201c\u0130stanbul\u2019da, \u00f6n\u00fcm\u00fczdeki hafta ortas\u0131na (\u00c7ar\u015famba) kadar havada par\u00e7al\u0131, yer yer \u00e7ok bulutlu bir g\u00f6ky\u00fcz\u00fcn\u00fcn h\u00e2k\u00eem olmas\u0131 beklenirken, b\u00f6lgesel hafif ya\u011f\u0131\u015flar d\u0131\u015f\u0131nda ciddi bir ya\u011f\u0131\u015f ge\u00e7i\u015fi \u00f6ng\u00f6r\u00fclmemektedir. G\u00fcn i\u00e7erisinde 20-22 \u00b0C civar\u0131nda, mevsim normallerinin \u00fczerinde seyreden s\u0131cakl\u0131klar gece saatlerinde 15 \u00b0C\u2019ye gerilemektedir\u201d<br \/>\n\u00c7ar\u015famba G\u00fcn\u00fc: Par\u00e7al\u0131 ve \u00e7ok bulutlu, ak\u015fam ve gece saatlerinde bat\u0131s\u0131 ile zamanla b\u00f6lge genelinin aral\u0131kl\u0131 sa\u011fanak ve g\u00f6k g\u00fcr\u00fclt\u00fcl\u00fc sa\u011fanak ya\u011f\u0131\u015fl\u0131 ge\u00e7ece\u011fi tahmin ediliyor. Ya\u011f\u0131\u015flar\u0131n, b\u00f6lgenin bat\u0131s\u0131nda (Edirne, K\u0131rklareli ve Tekirda\u011f) yerel kuvvetli olmas\u0131 bekleniyor.<br \/>\nPer\u015fembe G\u00fcn\u00fc: B\u00f6lge genelinin aral\u0131kl\u0131 sa\u011fanak ve g\u00f6k g\u00fcr\u00fclt\u00fcl\u00fc sa\u011fanak ya\u011f\u0131\u015fl\u0131 ge\u00e7ece\u011fi tahmin ediliyor. Ya\u011f\u0131\u015flar\u0131n, b\u00f6lgenin bat\u0131s\u0131nda (Edirne, K\u0131rklareli ve Tekirda\u011f) yerel kuvvetli olmas\u0131 bekleniyor.<br \/>\nCuma G\u00fcn\u00fc: Trakya\u2019da b\u00f6lgesinde (Edirne, K\u0131rklareli ve Tekirda\u011f) beklenen sa\u011fanak ve g\u00f6k g\u00fcr\u00fclt\u00fcl\u00fc sa\u011fanak ya\u011f\u0131\u015flar\u0131n yar\u0131n sabah saatlerinden itibaren yer yer kuvvetli olmas\u0131 beklenmektedir. Ya\u015fanabilecek olumsuzlara kar\u015f\u0131 dikkatli ve tedbirli olunmas\u0131 gerekmektedir.<br \/>\nAnkara\u2019da ya\u011f\u0131\u015f beklenmiyor, hava par\u00e7al\u0131 bulutlu olacak.<\/p>\n<p>\u0130stanbul\u2019da havan\u0131n par\u00e7al\u0131 ve yer yer \u00e7ok bulutlu olaca\u011f\u0131 tahmin ediliyor. Sal\u0131 g\u00fcn\u00fc g\u00f6k g\u00fcr\u00fclt\u00fcl\u00fc sa\u011fanak etkili olacak.<\/p>\n<p>\u0130zmir\u2019de de sal\u0131 g\u00fcn\u00fc yer yer g\u00f6k g\u00fcr\u00fclt\u00fcl\u00fc sa\u011fanak beklentisi var.<\/p>\n"},"alt_text":"","media_type":"image","mime_type":"image\/jpeg","media_details":{"width":768,"height":201,"file":"2025\/11\/1-15-768x201-121.jpg","sizes":{"medium":{"file":"1-15-768x201-121-300x79.jpg","width":300,"height":79,"mime_type":"image\/jpeg","source_url":"https:\/\/kilosorunum.com\/habercim\/wp-content\/uploads\/2025\/11\/1-15-768x201-121-300x79.jpg"},"thumbnail":{"file":"1-15-768x201-121-150x150.jpg","width":150,"height":150,"mime_type":"image\/jpeg","source_url":"https:\/\/kilosorunum.com\/habercim\/wp-content\/uploads\/2025\/11\/1-15-768x201-121-150x150.jpg"},"kucukResim":{"file":"1-15-768x201-121-80x50.jpg","width":80,"height":50,"mime_type":"image\/jpeg","source_url":"https:\/\/kilosorunum.com\/habercim\/wp-content\/uploads\/2025\/11\/1-15-768x201-121-80x50.jpg"},"sliderResim":{"file":"1-15-768x201-121-670x201.jpg","width":670,"height":201,"mime_type":"image\/jpeg","source_url":"https:\/\/kilosorunum.com\/habercim\/wp-content\/uploads\/2025\/11\/1-15-768x201-121-670x201.jpg"},"resim1":{"file":"1-15-768x201-121-184x140.jpg","width":184,"height":140,"mime_type":"image\/jpeg","source_url":"https:\/\/kilosorunum.com\/habercim\/wp-content\/uploads\/2025\/11\/1-15-768x201-121-184x140.jpg"},"resim2":{"file":"1-15-768x201-121-216x103.jpg","width":216,"height":103,"mime_type":"image\/jpeg","source_url":"https:\/\/kilosorunum.com\/habercim\/wp-content\/uploads\/2025\/11\/1-15-768x201-121-216x103.jpg"},"resim3":{"file":"1-15-768x201-121-145x70.jpg","width":145,"height":70,"mime_type":"image\/jpeg","source_url":"https:\/\/kilosorunum.com\/habercim\/wp-content\/uploads\/2025\/11\/1-15-768x201-121-145x70.jpg"},"sagSlider":{"file":"1-15-768x201-121-300x150.jpg","width":300,"height":150,"mime_type":"image\/jpeg","source_url":"https:\/\/kilosorunum.com\/habercim\/wp-content\/uploads\/2025\/11\/1-15-768x201-121-300x150.jpg"},"yeniSlider":{"file":"1-15-768x201-121-500x201.jpg","width":500,"height":201,"mime_type":"image\/jpeg","source_url":"https:\/\/kilosorunum.com\/habercim\/wp-content\/uploads\/2025\/11\/1-15-768x201-121-500x201.jpg"},"full":{"file":"1-15-768x201-121.jpg","width":768,"height":201,"mime_type":"image\/jpeg","source_url":"https:\/\/kilosorunum.com\/habercim\/wp-content\/uploads\/2025\/11\/1-15-768x201-121.jpg"}},"image_meta":{"aperture":"0","credit":"","camera":"","caption":"","created_timestamp":"0","copyright":"","focal_length":"0","iso":"0","shutter_speed":"0","title":"","orientation":"0","keywords":[]}},"post":40164,"source_url":"https:\/\/kilosorunum.com\/habercim\/wp-content\/uploads\/2025\/11\/1-15-768x201-121.jpg","_links":{"self":[{"href":"https:\/\/kilosorunum.com\/habercim\/wp-json\/wp\/v2\/media\/40166"}],"collection":[{"href":"https:\/\/kilosorunum.com\/habercim\/wp-json\/wp\/v2\/media"}],"about":[{"href":"https:\/\/kilosorunum.com\/habercim\/wp-json\/wp\/v2\/types\/attachment"}],"author":[{"embeddable":true,"href":"https:\/\/kilosorunum.com\/habercim\/wp-json\/wp\/v2\/users\/2"}],"replies":[{"embeddable":true,"href":"https:\/\/kilosorunum.com\/habercim\/wp-json\/wp\/v2\/comments?post=40166"}]}}