{"id":40289,"date":"2025-11-14T16:06:37","date_gmt":"2025-11-14T13:06:37","guid":{"rendered":"https:\/\/kilosorunum.com\/habercim\/wp-content\/uploads\/2025\/11\/1-15-768x201-168.jpg"},"modified":"2025-11-14T16:07:19","modified_gmt":"2025-11-14T13:07:19","slug":"1-15-768x201-1538","status":"inherit","type":"attachment","link":"https:\/\/kilosorunum.com\/habercim\/foto-galeri\/mgm-yeni-harita\/attachment\/1-15-768x201-1538\/","title":{"rendered":"MGM yeni harita"},"author":2,"comment_status":"open","ping_status":"closed","template":"","meta":[],"description":{"rendered":"<p class=\"attachment\"><a href='https:\/\/kilosorunum.com\/habercim\/wp-content\/uploads\/2025\/11\/1-15-768x201-168.jpg'><img width=\"300\" height=\"79\" src=\"https:\/\/kilosorunum.com\/habercim\/wp-content\/uploads\/2025\/11\/1-15-768x201-168-300x79.jpg\" class=\"attachment-medium size-medium\" alt=\"\" loading=\"lazy\" srcset=\"https:\/\/kilosorunum.com\/habercim\/wp-content\/uploads\/2025\/11\/1-15-768x201-168-300x79.jpg 300w, https:\/\/kilosorunum.com\/habercim\/wp-content\/uploads\/2025\/11\/1-15-768x201-168.jpg 768w\" sizes=\"(max-width: 300px) 100vw, 300px\" \/><\/a><\/p>\n"},"caption":{"rendered":"<p>Meteoroloji Genel M\u00fcd\u00fcrl\u00fc\u011f\u00fc taraf\u0131ndan yap\u0131lan tahminlere g\u00f6re: \u00dclkemiz genelinin par\u00e7al\u0131 ve \u00e7ok bulutlu, Marmara\u2019n\u0131n do\u011fusu, Orta ve Do\u011fu Akdeniz, \u0130\u00e7 Anadolu\u2019nun g\u00fcney ve do\u011fusu, Karadeniz, Do\u011fu Anadolu\u2019nun kuzey ve bat\u0131s\u0131, G\u00fcneydo\u011fu Anadolu\u2019nun bat\u0131s\u0131 ile Antalya, Bing\u00f6l ve Diyarbak\u0131r \u00e7evrelerinin ya\u011fmur ve sa\u011fanak ya\u011f\u0131\u015fl\u0131, Do\u011fu Karadeniz\u2019in i\u00e7 kesimlerinin y\u00fcksekleri ile Do\u011fu Anadolu\u2019nun kuzey kesimlerinin y\u00fckseklerinin karla kar\u0131\u015f\u0131k ya\u011fmur ve yer yer kar ya\u011f\u0131\u015fl\u0131 ge\u00e7ece\u011fi tahmin ediliyor. Ya\u011f\u0131\u015flar\u0131n, Ni\u011fde, Kayseri, Sivas, Samsun, Ordu ve Giresun \u00e7evrelerinde yer yer kuvvetli olmas\u0131 bekleniyor.<br \/>\nMeteoroloji hava tahmin haritas\u0131na g\u00f6re; yurt genelinde ya\u011f\u0131\u015fl\u0131 hava etkili olacak. Yar\u0131n Marmara, Ege, Akdeniz, \u0130\u00e7 Anadolu ve Karadeniz b\u00f6lgelerinde ya\u011fmur bekleniyor. Do\u011fu Anadolu\u2019nun y\u00fcksek kesimlerinde ise karla kar\u0131\u015f\u0131k ya\u011fmur ve kar ya\u011f\u0131\u015f\u0131 g\u00f6r\u00fclebilecek. Cuma ve Cumartesi g\u00fcnleri ya\u011f\u0131\u015flar etkisini art\u0131rarak \u00f6zellikle Bat\u0131, Orta ve Do\u011fu Karadeniz, \u0130\u00e7 Anadolu\u2019nun kuzeyi, Ege\u2019nin i\u00e7 kesimleri ile Akdeniz\u2019in do\u011fusunda kuvvetli sa\u011fanak ve yer yer g\u00f6k g\u00fcr\u00fclt\u00fcl\u00fc sa\u011fanak \u015feklinde s\u00fcrecek. Bu g\u00fcnlerde y\u00fcksek kesimlerde karla kar\u0131\u015f\u0131k ya\u011fmur da bekleniyor.<br \/>\nPazar g\u00fcn\u00fc itibar\u0131yla ya\u011f\u0131\u015flar do\u011fuya \u00e7ekiliyor; Do\u011fu Karadeniz\u2019in i\u00e7 kesimleri ile Do\u011fu Anadolu\u2019nun kuzeydo\u011fusunda hafif kar ya\u011f\u0131\u015f\u0131 olas\u0131l\u0131\u011f\u0131 bulunuyor. Meteoroloji, kar ya\u011f\u0131\u015f\u0131 beklenen illeri a\u00e7\u0131klad\u0131. Bu hafta s\u0131cakl\u0131klar kademeli olarak mevsim normallerine d\u00fc\u015fecek. Erzurum, Yozgat, Kayseri, Kars, Hakkari, Bitlis, Van, Ardahan, Mu\u015f kar bekleniyor. Meteoroloji\u2019den yap\u0131lan a\u00e7\u0131klamaya g\u00f6re, ya\u011f\u0131\u015flar\u0131n Orta Karadeniz ve \u0130\u00e7 Anadolu\u2019nun kuzeydo\u011fusunda bu gece saatlerinden itibaren etkili olmaya ba\u015flamas\u0131, yar\u0131n Ordu, Giresun, Sivas ve Tokat \u00e7evreleri ile Samsun ve Kayseri\u2019nin do\u011fusunda yerel kuvvetli olmas\u0131 tahmin ediliyor. Yar\u0131n \u00f6\u011fle saatlerinden sonra s\u0131cakl\u0131klardaki d\u00fc\u015f\u00fc\u015fe ba\u011fl\u0131 olarak 1200 metre \u00fczeri rak\u0131ml\u0131 kesimlerde ya\u011f\u0131\u015flar\u0131n karla kar\u0131\u015f\u0131k ya\u011fmur ve yer yer kar \u015feklinde olmas\u0131 bekleniyor. Kuvvetli ya\u011f\u0131\u015flar\u0131n sebep olabilece\u011fi sel, su bask\u0131n\u0131, ula\u015f\u0131mda aksamalar gibi olumsuzluklara kar\u015f\u0131 dikkatli ve tedbirli olunmas\u0131 gerekiyor.<br \/>\n\u0130\u00e7i\u015fleri Bakanl\u0131\u011f\u0131, Giresun, Kayseri, Ordu, Samsun, Sivas ve Tokat i\u00e7in \u201csar\u0131\u201d kodlu meteorolojik uyar\u0131da bulundu. \u201cSon de\u011ferlendirmelere g\u00f6re Orta Karadeniz ve \u0130\u00e7 Anadolu\u2019nun kuzeydo\u011fusunda g\u00f6r\u00fclecek ya\u011f\u0131\u015flar\u0131n, bu geceden itibaren etkili olmaya ba\u015flayarak yar\u0131n Ordu, Giresun, Sivas ve Tokat \u00e7evreleri ile Samsun ve Kayseri\u2019nin do\u011fusunda yerel kuvvetli olmas\u0131 beklenmektedir. Genel olarak ya\u011fmur ve sa\u011fanak, yar\u0131n \u00f6\u011fle saatlerinden sonra s\u0131cakl\u0131klardaki d\u00fc\u015f\u00fc\u015fe ba\u011fl\u0131 olarak 1200 metre \u00fczeri rak\u0131ml\u0131 kesimlerde karla kar\u0131\u015f\u0131k ya\u011fmur ve yer yer kar \u015feklinde olmas\u0131 beklenmektedir.\u201d<\/p>\n<p>Kaynak : milliyet.com.tr<\/p>\n"},"alt_text":"","media_type":"image","mime_type":"image\/jpeg","media_details":{"width":768,"height":201,"file":"2025\/11\/1-15-768x201-168.jpg","sizes":{"medium":{"file":"1-15-768x201-168-300x79.jpg","width":300,"height":79,"mime_type":"image\/jpeg","source_url":"https:\/\/kilosorunum.com\/habercim\/wp-content\/uploads\/2025\/11\/1-15-768x201-168-300x79.jpg"},"thumbnail":{"file":"1-15-768x201-168-150x150.jpg","width":150,"height":150,"mime_type":"image\/jpeg","source_url":"https:\/\/kilosorunum.com\/habercim\/wp-content\/uploads\/2025\/11\/1-15-768x201-168-150x150.jpg"},"kucukResim":{"file":"1-15-768x201-168-80x50.jpg","width":80,"height":50,"mime_type":"image\/jpeg","source_url":"https:\/\/kilosorunum.com\/habercim\/wp-content\/uploads\/2025\/11\/1-15-768x201-168-80x50.jpg"},"sliderResim":{"file":"1-15-768x201-168-670x201.jpg","width":670,"height":201,"mime_type":"image\/jpeg","source_url":"https:\/\/kilosorunum.com\/habercim\/wp-content\/uploads\/2025\/11\/1-15-768x201-168-670x201.jpg"},"resim1":{"file":"1-15-768x201-168-184x140.jpg","width":184,"height":140,"mime_type":"image\/jpeg","source_url":"https:\/\/kilosorunum.com\/habercim\/wp-content\/uploads\/2025\/11\/1-15-768x201-168-184x140.jpg"},"resim2":{"file":"1-15-768x201-168-216x103.jpg","width":216,"height":103,"mime_type":"image\/jpeg","source_url":"https:\/\/kilosorunum.com\/habercim\/wp-content\/uploads\/2025\/11\/1-15-768x201-168-216x103.jpg"},"resim3":{"file":"1-15-768x201-168-145x70.jpg","width":145,"height":70,"mime_type":"image\/jpeg","source_url":"https:\/\/kilosorunum.com\/habercim\/wp-content\/uploads\/2025\/11\/1-15-768x201-168-145x70.jpg"},"sagSlider":{"file":"1-15-768x201-168-300x150.jpg","width":300,"height":150,"mime_type":"image\/jpeg","source_url":"https:\/\/kilosorunum.com\/habercim\/wp-content\/uploads\/2025\/11\/1-15-768x201-168-300x150.jpg"},"yeniSlider":{"file":"1-15-768x201-168-500x201.jpg","width":500,"height":201,"mime_type":"image\/jpeg","source_url":"https:\/\/kilosorunum.com\/habercim\/wp-content\/uploads\/2025\/11\/1-15-768x201-168-500x201.jpg"},"full":{"file":"1-15-768x201-168.jpg","width":768,"height":201,"mime_type":"image\/jpeg","source_url":"https:\/\/kilosorunum.com\/habercim\/wp-content\/uploads\/2025\/11\/1-15-768x201-168.jpg"}},"image_meta":{"aperture":"0","credit":"","camera":"","caption":"","created_timestamp":"0","copyright":"","focal_length":"0","iso":"0","shutter_speed":"0","title":"","orientation":"0","keywords":[]}},"post":40287,"source_url":"https:\/\/kilosorunum.com\/habercim\/wp-content\/uploads\/2025\/11\/1-15-768x201-168.jpg","_links":{"self":[{"href":"https:\/\/kilosorunum.com\/habercim\/wp-json\/wp\/v2\/media\/40289"}],"collection":[{"href":"https:\/\/kilosorunum.com\/habercim\/wp-json\/wp\/v2\/media"}],"about":[{"href":"https:\/\/kilosorunum.com\/habercim\/wp-json\/wp\/v2\/types\/attachment"}],"author":[{"embeddable":true,"href":"https:\/\/kilosorunum.com\/habercim\/wp-json\/wp\/v2\/users\/2"}],"replies":[{"embeddable":true,"href":"https:\/\/kilosorunum.com\/habercim\/wp-json\/wp\/v2\/comments?post=40289"}]}}