{"id":40396,"date":"2025-11-17T19:12:55","date_gmt":"2025-11-17T16:12:55","guid":{"rendered":"https:\/\/kilosorunum.com\/habercim\/wp-content\/uploads\/2025\/11\/1-15-768x201-208.jpg"},"modified":"2025-11-17T19:13:35","modified_gmt":"2025-11-17T16:13:35","slug":"1-15-768x201-1578","status":"inherit","type":"attachment","link":"https:\/\/kilosorunum.com\/habercim\/genel\/naci-gorurden-aciklama-geldi\/attachment\/1-15-768x201-1578\/","title":{"rendered":"Naci G\u00f6r\u00fcr\u2019den a\u00e7\u0131klama geldi"},"author":2,"comment_status":"open","ping_status":"closed","template":"","meta":[],"description":{"rendered":"<p class=\"attachment\"><a href='https:\/\/kilosorunum.com\/habercim\/wp-content\/uploads\/2025\/11\/1-15-768x201-208.jpg'><img width=\"300\" height=\"79\" src=\"https:\/\/kilosorunum.com\/habercim\/wp-content\/uploads\/2025\/11\/1-15-768x201-208-300x79.jpg\" class=\"attachment-medium size-medium\" alt=\"\" loading=\"lazy\" srcset=\"https:\/\/kilosorunum.com\/habercim\/wp-content\/uploads\/2025\/11\/1-15-768x201-208-300x79.jpg 300w, https:\/\/kilosorunum.com\/habercim\/wp-content\/uploads\/2025\/11\/1-15-768x201-208.jpg 768w\" sizes=\"(max-width: 300px) 100vw, 300px\" \/><\/a><\/p>\n"},"caption":{"rendered":"<p>Akdeniz\u2019de ayn\u0131 b\u00f6lgede k\u0131sa s\u00fcre i\u00e7inde d\u00f6rt deprem pe\u015f pe\u015fe meydana geldi. K\u0131br\u0131s Adas\u0131\u2019n\u0131n g\u00fcneybat\u0131s\u0131nda saat 12.31\u2019de 5,2 b\u00fcy\u00fckl\u00fc\u011f\u00fcnde ba\u015flayan sars\u0131nt\u0131, KKTC, Antalya ve Adana\u2019da da hissedildi. Prof. Dr. Naci G\u00f6r\u00fcr, sosyal medyadan yapt\u0131\u011f\u0131 payla\u015f\u0131mda Helen-K\u0131br\u0131s Zonu\u2019na dikkat \u00e7ekti. G\u00f6r\u00fcr, \u201cDepremlerin gelece\u011fi belliydi. 6 \u015eubat 2023 Kahramanmara\u015f depremleri bu b\u00f6lgeye ciddi stres y\u00fcklemi\u015fti.\u201d ifadelerini kulland\u0131.<\/p>\n<p>Depremler adeta birbirini kovalad\u0131: Be\u015f dakika sonra 3,5, ard\u0131ndan 12.41\u2019de 4,8 ve son olarak 12.59\u2019da 4,2 b\u00fcy\u00fckl\u00fc\u011f\u00fcnde sars\u0131nt\u0131lar kaydedildi. AFAD\u2019a g\u00f6re depremler 14\u201316 kilometre derinlikte ger\u00e7ekle\u015fti ve b\u00f6lgeden \u015fu ana kadar olumsuz bir durum bildirilmedi.<\/p>\n<p>Helen-K\u0131br\u0131s Zonu\u2019nun, Do\u011fu Anadolu Fay Zonu\u2019nun devam\u0131 niteli\u011finde oldu\u011funu belirten G\u00f6r\u00fcr, b\u00f6lgedeki sismik hareketlili\u011fe kar\u015f\u0131 uyar\u0131da bulundu.<\/p>\n<p>Kaynak : t24.com.tr<\/p>\n"},"alt_text":"","media_type":"image","mime_type":"image\/jpeg","media_details":{"width":768,"height":201,"file":"2025\/11\/1-15-768x201-208.jpg","sizes":{"medium":{"file":"1-15-768x201-208-300x79.jpg","width":300,"height":79,"mime_type":"image\/jpeg","source_url":"https:\/\/kilosorunum.com\/habercim\/wp-content\/uploads\/2025\/11\/1-15-768x201-208-300x79.jpg"},"thumbnail":{"file":"1-15-768x201-208-150x150.jpg","width":150,"height":150,"mime_type":"image\/jpeg","source_url":"https:\/\/kilosorunum.com\/habercim\/wp-content\/uploads\/2025\/11\/1-15-768x201-208-150x150.jpg"},"kucukResim":{"file":"1-15-768x201-208-80x50.jpg","width":80,"height":50,"mime_type":"image\/jpeg","source_url":"https:\/\/kilosorunum.com\/habercim\/wp-content\/uploads\/2025\/11\/1-15-768x201-208-80x50.jpg"},"sliderResim":{"file":"1-15-768x201-208-670x201.jpg","width":670,"height":201,"mime_type":"image\/jpeg","source_url":"https:\/\/kilosorunum.com\/habercim\/wp-content\/uploads\/2025\/11\/1-15-768x201-208-670x201.jpg"},"resim1":{"file":"1-15-768x201-208-184x140.jpg","width":184,"height":140,"mime_type":"image\/jpeg","source_url":"https:\/\/kilosorunum.com\/habercim\/wp-content\/uploads\/2025\/11\/1-15-768x201-208-184x140.jpg"},"resim2":{"file":"1-15-768x201-208-216x103.jpg","width":216,"height":103,"mime_type":"image\/jpeg","source_url":"https:\/\/kilosorunum.com\/habercim\/wp-content\/uploads\/2025\/11\/1-15-768x201-208-216x103.jpg"},"resim3":{"file":"1-15-768x201-208-145x70.jpg","width":145,"height":70,"mime_type":"image\/jpeg","source_url":"https:\/\/kilosorunum.com\/habercim\/wp-content\/uploads\/2025\/11\/1-15-768x201-208-145x70.jpg"},"sagSlider":{"file":"1-15-768x201-208-300x150.jpg","width":300,"height":150,"mime_type":"image\/jpeg","source_url":"https:\/\/kilosorunum.com\/habercim\/wp-content\/uploads\/2025\/11\/1-15-768x201-208-300x150.jpg"},"yeniSlider":{"file":"1-15-768x201-208-500x201.jpg","width":500,"height":201,"mime_type":"image\/jpeg","source_url":"https:\/\/kilosorunum.com\/habercim\/wp-content\/uploads\/2025\/11\/1-15-768x201-208-500x201.jpg"},"full":{"file":"1-15-768x201-208.jpg","width":768,"height":201,"mime_type":"image\/jpeg","source_url":"https:\/\/kilosorunum.com\/habercim\/wp-content\/uploads\/2025\/11\/1-15-768x201-208.jpg"}},"image_meta":{"aperture":"0","credit":"","camera":"","caption":"","created_timestamp":"0","copyright":"","focal_length":"0","iso":"0","shutter_speed":"0","title":"","orientation":"0","keywords":[]}},"post":40394,"source_url":"https:\/\/kilosorunum.com\/habercim\/wp-content\/uploads\/2025\/11\/1-15-768x201-208.jpg","_links":{"self":[{"href":"https:\/\/kilosorunum.com\/habercim\/wp-json\/wp\/v2\/media\/40396"}],"collection":[{"href":"https:\/\/kilosorunum.com\/habercim\/wp-json\/wp\/v2\/media"}],"about":[{"href":"https:\/\/kilosorunum.com\/habercim\/wp-json\/wp\/v2\/types\/attachment"}],"author":[{"embeddable":true,"href":"https:\/\/kilosorunum.com\/habercim\/wp-json\/wp\/v2\/users\/2"}],"replies":[{"embeddable":true,"href":"https:\/\/kilosorunum.com\/habercim\/wp-json\/wp\/v2\/comments?post=40396"}]}}