{"id":40498,"date":"2025-11-20T02:45:51","date_gmt":"2025-11-19T23:45:51","guid":{"rendered":"https:\/\/kilosorunum.com\/habercim\/wp-content\/uploads\/2025\/11\/1-16.jpg"},"modified":"2025-11-20T02:46:36","modified_gmt":"2025-11-19T23:46:36","slug":"1-4508","status":"inherit","type":"attachment","link":"https:\/\/kilosorunum.com\/habercim\/foto-galeri\/20-kasim-sabah\/attachment\/1-4508\/","title":{"rendered":"20 Kas\u0131m Sabah"},"author":2,"comment_status":"open","ping_status":"closed","template":"","meta":[],"description":{"rendered":"<p class=\"attachment\"><a href='https:\/\/kilosorunum.com\/habercim\/wp-content\/uploads\/2025\/11\/1-16.jpg'><img width=\"300\" height=\"169\" src=\"https:\/\/kilosorunum.com\/habercim\/wp-content\/uploads\/2025\/11\/1-16-300x169.jpg\" class=\"attachment-medium size-medium\" alt=\"\" loading=\"lazy\" srcset=\"https:\/\/kilosorunum.com\/habercim\/wp-content\/uploads\/2025\/11\/1-16-300x169.jpg 300w, https:\/\/kilosorunum.com\/habercim\/wp-content\/uploads\/2025\/11\/1-16-1024x576.jpg 1024w, https:\/\/kilosorunum.com\/habercim\/wp-content\/uploads\/2025\/11\/1-16-768x432.jpg 768w, https:\/\/kilosorunum.com\/habercim\/wp-content\/uploads\/2025\/11\/1-16.jpg 1200w\" sizes=\"(max-width: 300px) 100vw, 300px\" \/><\/a><\/p>\n"},"caption":{"rendered":"<p>Meteoroloji Genel M\u00fcd\u00fcrl\u00fc\u011f\u00fc taraf\u0131ndan yap\u0131lan tahminlere g\u00f6re: \u00dclkemizin bat\u0131 kesimlerinin yer yer \u00e7ok bulutlu, Trakya\u2019n\u0131n bat\u0131s\u0131, Ege\u2019nin g\u00fcney k\u0131y\u0131lar\u0131 ve Edremit K\u00f6rfezi \u00e7evrelerinin sa\u011fanak ya\u011f\u0131\u015fl\u0131, di\u011fer yerlerin par\u00e7al\u0131 ve az bulutlu ge\u00e7ece\u011fi tahmin ediliyor. Gece ve sabah saatlerinde Marmara\u2019n\u0131n do\u011fusu, \u0130\u00e7 Ege, Akdeniz\u2019in i\u00e7 kesimleri, \u0130\u00e7 Anadolu, Karadeniz\u2019in i\u00e7 kesimleri, Do\u011fu Anadolu ile G\u00fcneydo\u011fu Anadolu\u2019nun kuzey kesimlerinde pus ve yer yer sis bekleniyor.<br \/>\nKUVVETL\u0130 R\u00dcZGAR UYARISI: R\u00fczgar\u0131n, Marmara\u2019n\u0131n bat\u0131s\u0131nda g\u00fcney ve g\u00fcneybat\u0131 y\u00f6nlerden kuvvetli (40-60 km\/saat) olarak esmesi beklendi\u011finden ya\u015fanabilecek olumsuzluklara kar\u015f\u0131 dikkatli ve tedbirli olunmal\u0131d\u0131r.<br \/>\nMGM\u2019den yap\u0131lan a\u00e7\u0131klamada ise \u201c\u00dclkemiz genelinin par\u00e7al\u0131 ve \u00e7ok bulutlu, Marmara\u2019n\u0131n do\u011fusu, Do\u011fu Akdeniz, \u0130\u00e7 Anadolu\u2019nun do\u011fusu, Karadeniz, Do\u011fu Anadolu\u2019nun kuzey ve bat\u0131s\u0131 ile G\u00fcneydo\u011fu Anadolu \u00e7evrelerinin ya\u011fmur ve sa\u011fanak ya\u011f\u0131\u015fl\u0131, Do\u011fu Karadeniz\u2019in i\u00e7 kesimlerinin y\u00fcksekleri ile Do\u011fu Anadolu\u2019nun kuzey kesimlerinin y\u00fckseklerinin karla kar\u0131\u015f\u0131k ya\u011fmur ve yer yer kar ya\u011f\u0131\u015fl\u0131 ge\u00e7ece\u011fi tahmin ediliyor\u201d ifadeleri kullan\u0131ld\u0131. A\u00e7\u0131klamada, \u201cMarmara, Ege, Bat\u0131 Karadeniz, \u0130\u00e7 Anadolu ve Do\u011fu Akdeniz\u2019in do\u011fusu ile G\u00fcneydo\u011fu Anadolu\u2019nun bat\u0131s\u0131nda yer yer kuvvetli olmas\u0131 bekleniyor.\u201d ifadelerine yer verildi.<br \/>\nDEN\u0130ZLERDE HAVA<br \/>\nKuzey Ege ve Do\u011fu Akdeniz\u2019de f\u0131rt\u0131nams\u0131 r\u00fczgar bekleniyor.<\/p>\n<p>KARADEN\u0130Z<br \/>\nHava Durumu: Par\u00e7al\u0131 ve az bulutlu, R\u00fczgar: Bat\u0131 Karadeniz\u2019de g\u00fcney ve g\u00fcneybat\u0131dan 4 ila 6, do\u011fusu g\u00fcneydo\u011fudan 2 ila 4; Do\u011fu Karadeniz\u2019de g\u00fcney ve g\u00fcneydo\u011fudan, bat\u0131s\u0131 g\u00fcneybat\u0131dan 2 ila 4 kuvvetinde, Dalga: 0,5 ila 1,5 m, Bat\u0131 Karadeniz\u2019in bat\u0131s\u0131 2,5 m, G\u00f6r\u00fc\u015f: \u0130yi.<\/p>\n<p>MARMARA<br \/>\nHava Durumu: Par\u00e7al\u0131 ve \u00e7ok bulutlu, R\u00fczgar: G\u00fcney ve g\u00fcneybat\u0131dan 3 ila 5, yer yer 6 kuvvetinde, Dalga: 0,5 ila 1,5 m, yer yer 2,0 m, G\u00f6r\u00fc\u015f: \u0130yi.<\/p>\n<p>EGE<br \/>\nHava Durumu: Par\u00e7al\u0131 ve \u00e7ok bulutlu, yerel olmak \u00fczere sa\u011fanak ve g\u00f6k g\u00fcr\u00fclt\u00fcl\u00fc sa\u011fanak ya\u011f\u0131\u015fl\u0131, R\u00fczgar: Kuzey Ege\u2019de g\u00fcney ve g\u00fcneybat\u0131dan 5 ila 7, g\u00fcneyi g\u00fcneydo\u011fudan 4 ila 6; G\u00fcney Ege\u2019de g\u00fcney ve g\u00fcneydo\u011fudan 4 ila 6 kuvvetinde, Dalga: 1,5 ila 2,5 m, kuzeyi yer yer 3,0 m, G\u00f6r\u00fc\u015f: \u0130yi.<\/p>\n<p>AKDEN\u0130Z<br \/>\nHava Durumu: Par\u00e7al\u0131 ve az bulutlu, R\u00fczgar: Bat\u0131 Akdeniz\u2019de do\u011fu ve g\u00fcneydo\u011fudan 4 ila 6, kuzeyi kuzeydo\u011fudan 3 ila 5; Do\u011fu Akdeniz\u2019de do\u011fu ve kuzeydo\u011fudan 3 ila 5, Hatay\u2019\u0131n g\u00fcney k\u0131y\u0131lar\u0131 4 ila 6, yer yer 7 kuvvetinde, Dalga: 1,0 ila 2,0 m, yer yer 2,5 m, G\u00f6r\u00fc\u015f: \u0130yi.<\/p>\n<p>VAN G\u00d6L\u00dc<br \/>\nHava Durumu: Par\u00e7al\u0131 ve az bulutlu, gece ve sabah saatlerinde yer ye pus ve sisli, R\u00fczgar: Do\u011fu ve kuzeydo\u011fudan 2 ila 4 kuvvetinde, Dalga: 0,25 ila 0,50 m, G\u00f6r\u00fc\u015f: \u0130yi, pus an\u0131nda orta; sis an\u0131nda zay\u0131f.<\/p>\n<p>Kaynak : milliyet.com.tr<\/p>\n"},"alt_text":"","media_type":"image","mime_type":"image\/jpeg","media_details":{"width":1200,"height":675,"file":"2025\/11\/1-16.jpg","sizes":{"medium":{"file":"1-16-300x169.jpg","width":300,"height":169,"mime_type":"image\/jpeg","source_url":"https:\/\/kilosorunum.com\/habercim\/wp-content\/uploads\/2025\/11\/1-16-300x169.jpg"},"large":{"file":"1-16-1024x576.jpg","width":1024,"height":576,"mime_type":"image\/jpeg","source_url":"https:\/\/kilosorunum.com\/habercim\/wp-content\/uploads\/2025\/11\/1-16-1024x576.jpg"},"thumbnail":{"file":"1-16-150x150.jpg","width":150,"height":150,"mime_type":"image\/jpeg","source_url":"https:\/\/kilosorunum.com\/habercim\/wp-content\/uploads\/2025\/11\/1-16-150x150.jpg"},"medium_large":{"file":"1-16-768x432.jpg","width":768,"height":432,"mime_type":"image\/jpeg","source_url":"https:\/\/kilosorunum.com\/habercim\/wp-content\/uploads\/2025\/11\/1-16-768x432.jpg"},"kucukResim":{"file":"1-16-80x50.jpg","width":80,"height":50,"mime_type":"image\/jpeg","source_url":"https:\/\/kilosorunum.com\/habercim\/wp-content\/uploads\/2025\/11\/1-16-80x50.jpg"},"sliderResim":{"file":"1-16-670x330.jpg","width":670,"height":330,"mime_type":"image\/jpeg","source_url":"https:\/\/kilosorunum.com\/habercim\/wp-content\/uploads\/2025\/11\/1-16-670x330.jpg"},"resim1":{"file":"1-16-184x140.jpg","width":184,"height":140,"mime_type":"image\/jpeg","source_url":"https:\/\/kilosorunum.com\/habercim\/wp-content\/uploads\/2025\/11\/1-16-184x140.jpg"},"resim2":{"file":"1-16-216x103.jpg","width":216,"height":103,"mime_type":"image\/jpeg","source_url":"https:\/\/kilosorunum.com\/habercim\/wp-content\/uploads\/2025\/11\/1-16-216x103.jpg"},"resim3":{"file":"1-16-145x70.jpg","width":145,"height":70,"mime_type":"image\/jpeg","source_url":"https:\/\/kilosorunum.com\/habercim\/wp-content\/uploads\/2025\/11\/1-16-145x70.jpg"},"sagSlider":{"file":"1-16-300x150.jpg","width":300,"height":150,"mime_type":"image\/jpeg","source_url":"https:\/\/kilosorunum.com\/habercim\/wp-content\/uploads\/2025\/11\/1-16-300x150.jpg"},"yeniSlider":{"file":"1-16-500x290.jpg","width":500,"height":290,"mime_type":"image\/jpeg","source_url":"https:\/\/kilosorunum.com\/habercim\/wp-content\/uploads\/2025\/11\/1-16-500x290.jpg"},"full":{"file":"1-16.jpg","width":1200,"height":675,"mime_type":"image\/jpeg","source_url":"https:\/\/kilosorunum.com\/habercim\/wp-content\/uploads\/2025\/11\/1-16.jpg"}},"image_meta":{"aperture":"0","credit":"","camera":"","caption":"","created_timestamp":"0","copyright":"","focal_length":"0","iso":"0","shutter_speed":"0","title":"","orientation":"0","keywords":[]}},"post":40496,"source_url":"https:\/\/kilosorunum.com\/habercim\/wp-content\/uploads\/2025\/11\/1-16.jpg","_links":{"self":[{"href":"https:\/\/kilosorunum.com\/habercim\/wp-json\/wp\/v2\/media\/40498"}],"collection":[{"href":"https:\/\/kilosorunum.com\/habercim\/wp-json\/wp\/v2\/media"}],"about":[{"href":"https:\/\/kilosorunum.com\/habercim\/wp-json\/wp\/v2\/types\/attachment"}],"author":[{"embeddable":true,"href":"https:\/\/kilosorunum.com\/habercim\/wp-json\/wp\/v2\/users\/2"}],"replies":[{"embeddable":true,"href":"https:\/\/kilosorunum.com\/habercim\/wp-json\/wp\/v2\/comments?post=40498"}]}}