{"id":40503,"date":"2025-11-20T02:52:15","date_gmt":"2025-11-19T23:52:15","guid":{"rendered":"https:\/\/kilosorunum.com\/habercim\/wp-content\/uploads\/2025\/11\/1-15-768x201-247.jpg"},"modified":"2025-11-20T02:53:27","modified_gmt":"2025-11-19T23:53:27","slug":"1-15-768x201-1617","status":"inherit","type":"attachment","link":"https:\/\/kilosorunum.com\/habercim\/foto-galeri\/24-saatlik-su-kesintisi\/attachment\/1-15-768x201-1617\/","title":{"rendered":"24 Saatlik Su Kesintisi"},"author":2,"comment_status":"open","ping_status":"closed","template":"","meta":[],"description":{"rendered":"<p class=\"attachment\"><a href='https:\/\/kilosorunum.com\/habercim\/wp-content\/uploads\/2025\/11\/1-15-768x201-247.jpg'><img width=\"300\" height=\"79\" src=\"https:\/\/kilosorunum.com\/habercim\/wp-content\/uploads\/2025\/11\/1-15-768x201-247-300x79.jpg\" class=\"attachment-medium size-medium\" alt=\"\" loading=\"lazy\" srcset=\"https:\/\/kilosorunum.com\/habercim\/wp-content\/uploads\/2025\/11\/1-15-768x201-247-300x79.jpg 300w, https:\/\/kilosorunum.com\/habercim\/wp-content\/uploads\/2025\/11\/1-15-768x201-247.jpg 768w\" sizes=\"(max-width: 300px) 100vw, 300px\" \/><\/a><\/p>\n"},"caption":{"rendered":"<p>\u0130ZSU\u2019nun internet sitesinde yer alan a\u00e7\u0131klamaya g\u00f6re, su t\u00fcketiminin yo\u011fun oldu\u011fu 13 il\u00e7ede su kesintisi uygulamas\u0131 s\u00fcrecek.<\/p>\n<p>Planl\u0131 su kesintileri il\u00e7e bazl\u0131 iki grup olarak uygulanmaya devam edecek. Kesintiler, iki g\u00fcnde bir gece 23.00 ile sabah 05.00 saatleri aras\u0131nda yap\u0131lacak. Birinci gruptaki \u00c7i\u011fli, Kar\u015f\u0131yaka, Bayrakl\u0131, Bornova, Menemen, Gaziemir ve Menderes il\u00e7elerinde 14-30 Kas\u0131m 2025 tarihleri aras\u0131nda \u00e7ift g\u00fcnlerde saat 23.00\u2019te ba\u015flayacak olan su kesintisi sabah 05.00\u2019te sona erecek.<\/p>\n<p>\u0130kinci grupta ise Konak, Karaba\u011flar, Buca, Bal\u00e7ova, Narl\u0131dere ve G\u00fczelbah\u00e7e il\u00e7elerinde ise 15-29 Kas\u0131m 2025 tarihleri aras\u0131nda tek g\u00fcnlerde devam edecek olan kesinti, yine ayn\u0131 saatler aras\u0131nda uygulanacak. Kentte azalan su kaynaklar\u0131 nedeniyle 6 A\u011fustos\u2019tan itibaren 23.00 ile 05.00 saatleri aras\u0131nda su kesintileri ba\u015flam\u0131\u015f, 3 g\u00fcnde bir yap\u0131lan kesintiler 9 Eyl\u00fcl\u2019den itibaren 2 g\u00fcnde bir uygulanmaya ba\u015flanm\u0131\u015ft\u0131. MERKEZ \u0130L\u00c7ELER PLANLI SU KES\u0130NT\u0130S\u0130 PROGRAMI<\/p>\n<p>B\u00d6LGE-1: \u00c7i\u011fli, Kar\u015f\u0131yaka, Bornova, Bayrakl\u0131, Gaziemir ve \u00e7evresi<\/p>\n<p>KES\u0130NT\u0130 ZAMANI: 14-16-18-20-22-24-26-28-30 Kas\u0131m tarihlerinde saat 23:00 ile 05:00 aras\u0131<\/p>\n<p>B\u00d6LGE-1 MAHALLELER\u0130<\/p>\n<p>Kar\u015f\u0131yaka il\u00e7esinin; Aksoy, Alaybey, Atakent, Bahariye, Bah\u00e7elievler, Bahriye \u00dc\u00e7ok, Bostanl\u0131, Cumhuriyet, Dedeba\u015f\u0131, Demirk\u00f6pr\u00fc, Donanmac\u0131, Fikri Altay, Goncalar, \u0130mbatl\u0131, \u0130n\u00f6n\u00fc, Latife Han\u0131m, Mavi\u015fehir, Mustafa Kemal, Nergiz, \u00d6rnekk\u00f6y, \u015eemikler, Tersane, Tuna, Yal\u0131 Yamanlar, Z\u00fcbeyde Han\u0131m mahalleleri,<\/p>\n<p>\u00c7i\u011fli il\u00e7esinin; Ahmet Efendi, Ahmet Taner K\u0131\u015flal\u0131, Ata\u015fehir, Atat\u00fcrk, Ayd\u0131nl\u0131kevler, Balat\u00e7\u0131k, Cumhuriyet, \u00c7a\u011fda\u015f, Egekent, Esentepe, Evka-2, Evka-5, Evka-6, G\u00fczeltepe, Harmandal\u0131, Gazi Mustafa Kemal, \u0130n\u00f6n\u00fc, \u0130zkent, Kakl\u0131\u00e7, K\u00f6yi\u00e7i, K\u00fc\u00e7\u00fck \u00c7i\u011fli, Maltepe, Sasal\u0131 Merkez, \u015eirintepe, U\u011fur Mumcu, Yakakent, Yeni mahalleleri<\/p>\n<p>Bayrakl\u0131 il\u00e7esinin; 75. Y\u0131l, Alpaslan, Adalet, Cengizhan, \u00c7ay, \u00c7i\u00e7ek, Do\u011fan\u00e7ay, Emek, Fuat Edip Baks\u0131, G\u00fcm\u00fc\u015fpala, K\u00f6rfez, Manavkuyu, Mansuro\u011flu, Muhittin Erener, Org. Nafiz G\u00fcrman, Onur, Osmangazi, Postac\u0131lar, Refik \u015eevket \u0130nce, So\u011fukkuyu, Yamanlar mahalleleri,<\/p>\n<p>Menemen il\u00e7esinin; 29 Ekim, 30 A\u011fustos, 9 Eyl\u00fcl, Cumhuriyet, Gazi, G\u00f6lc\u00fck, Irmak, \u0130ncirli P\u0131nar, \u0130smet \u0130n\u00f6n\u00fc, \u0130stiklal, Kemal Atat\u00fcrk, U\u011fur Mumcu, Ulukent, Ulus, Yah\u015felli, Ye\u015filp\u0131nar, Zeytinlik, mahalleleri<\/p>\n<p>Bornova il\u00e7esinin; Atat\u00fcrk, \u00c7ami\u00e7i, \u00c7amkule (k\u0131smen), \u00c7\u0131nar, Do\u011fanlar, E\u011fridere, Ergene, Erzene, Evka-3, Evka-4, Gazi Osman Pa\u015fa (k\u0131smen), G\u00f6kdere, G\u00fcrp\u0131nar, \u0130n\u00f6n\u00fc, Kavakl\u0131dere, Kaz\u0131mdirik, Kemalpa\u015fa, K\u0131z\u0131lay, Laka, Mevlana, Nald\u00f6ken, Rafetpa\u015fa, \u00dcmit, Ye\u015fil\u00e7am, Y\u0131ld\u0131r\u0131m Beyaz\u0131t mahalleleri.<\/p>\n<p>Gaziemir il\u00e7esinin; Aktepe, Atat\u00fcrk, At\u0131fbey, Beyazevler, Binba\u015f\u0131 Re\u015fat Bey, Dokuz Eyl\u00fcl, Emrez (k\u0131smen), Fatih, Gazi, Gazikent, H\u00fcrriyet, Irmak, Menderes, Sevgi, Ye\u015fil, Zafer mahalleleri,<\/p>\n<p>Menderes il\u00e7esinin; G\u00f6rece, Ata, H\u00fcrriyet ve Cumhuriyet mahalleleri.<br \/>\nB\u00d6LGE-2: Konak, Karaba\u011flar, Buca, Bal\u00e7ova, Narl\u0131dere, G\u00fczelbah\u00e7e ve \u00e7evresi, Gaziemir \u2013 Emrez Mahallesi (k\u0131smen)<\/p>\n<p>KES\u0130NT\u0130 ZAMANI: 15-17-19-21-23-25-27-29 Kas\u0131m tarihlerinde saat 23:00 ile 05:00 aras\u0131<\/p>\n<p>B\u00d6LGE-2 MAHALLELER\u0130<\/p>\n<p>Karaba\u011flar il\u00e7esinin; Abdi \u0130pek\u00e7i, Adnan S\u00fcvari, Ali Fuat Cebesoy, Ali Fuat Erden, Arap Hasan, A\u015f\u0131k Veysel, Ayd\u0131n, Bahar, Bahriye \u00dc\u00e7ok, Bah\u00e7elievler, Bar\u0131\u015f, Bas\u0131n Sitesi, Bozyaka, Cennet\u00e7e\u015fme, Devrim, Do\u011fanay, Emrez, Esenlik, Esentepe, Esenyal\u0131, Fahrettin Altay, Gazi, General Kaz\u0131m \u00d6zalp, G\u00fcnaltay, G\u00fclyaka, \u0130hsan Alyanak, Kaz\u0131m Karabekir, Kibar, Limontepe, Maliyeciler, Metin Oktay, Muammer Akar, Osman Aks\u00fcner, \u00d6zg\u00fcr, Peker, Poligon, Refet Bele, Reis, Salih Omurtak, Sevgi, \u015eehitler, Tahsin Yaz\u0131c\u0131, U\u011fur Mumcu, Umut, Uzundere, \u00dc\u00e7kuyular, Vatan, Ya\u015far Kemal, Yunus Emre, Yurto\u011flu, Y\u00fczba\u015f\u0131 \u015eerafettin mahalleleri,<\/p>\n<p>Konak il\u00e7esinin; 1. Kadriye, 19 May\u0131s, 2. Kadriye, 26 A\u011fustos, Akarcal\u0131, Akdeniz, Ak\u0131n Simav, Ali Reis, Alsancak, Altay, Alt\u0131nta\u015f, Anadolu, Atamer, Aziziye, Ball\u0131kuyu, Barbaros, Bo\u011fazi\u00e7i, Bozkurt, Cengiz Topel, \u00c7ahabey, \u00c7ankaya, \u00c7\u0131narl\u0131, \u00c7\u0131nartepe, \u00c7imentepe, Day\u0131emir, Dolapl\u0131kuyu, Duatepe, Ege, Emir Sultan, Etiler, Faikpa\u015fa, Fatih, Ferahl\u0131, Fevzi Pa\u015fa, G\u00f6ztepe, G\u00fcney, G\u00fcng\u00f6r, G\u00fczelyal\u0131, G\u00fczelyurt, Halkap\u0131nar, Hasan \u00d6zdemir, Hilal, \u0130mariye, \u0130smet Kaptan, \u0130smetpa\u015fa, Kadifekale, Kahraman Mescit, Kahramanlar, Kemal Reis, K\u0131l\u0131\u00e7 Reis, Kocakap\u0131, Kocatepe, Kosova, Kubilay, K\u00fc\u00e7\u00fckada, K\u00fclt\u00fcr, Lale, Levent, Mecidiye, Mehmet Akif, Mehmet Ali Akman, Mehtap, Mersinli, Millet, Mimar Sinan, Mirali, Mithatpa\u015fa, Murat, Murat Reis, Nam\u0131k Kemal, Odunkap\u0131, O\u011fuzlar, Pazaryeri, Piri Reis, Sayg\u0131, Sel\u00e7uk, S\u00fcmer, S\u00fcvari, \u015eehit Nedim Tu\u011faltay, Tan, T\u0131naztepe, Trakya, Turgut Reis, T\u00fcrky\u0131lmaz, Tuzcu, U\u011fur, Ulubatl\u0131, Umurbey, \u00dclk\u00fc, Vezira\u011fa, Yavuz Selim, Yenido\u011fan, Yeni\u015fehir, Ye\u015fildere, Ye\u015filtepe, Y\u0131ld\u0131z, Zafertepe, Zeybek, Zeytinlik mahalleleri,<\/p>\n<p>Bornova il\u00e7esinin; Barbaros, Birlik, \u00c7amkule (k\u0131smen), Egemenlik, Gazi Osman Pa\u015fa (k\u0131smen), I\u015f\u0131klar, Karacao\u011flan, Ko\u015fukavak, Meri\u00e7, Merkez, Mersinli Serintepe, Tuna, Ye\u015filova, Yunus Emre, Zafer mahalleleri<\/p>\n<p>Bal\u00e7ova il\u00e7esinin; Bah\u00e7eleraras\u0131, \u00c7etin Eme\u00e7, E\u011fitim, Fevzi \u00c7akmak, \u0130nciralt\u0131, Korut\u00fcrk, Onur, Teleferik mahalleleri,<\/p>\n<p>Narl\u0131dere il\u00e7esinin; 2. \u0130n\u00f6n\u00fc, Alt\u0131evler, Atat\u00fcrk, \u00c7amtepe, \u00c7atalkaya, Huzur, Il\u0131ca, Limanreis, Narl\u0131, Sahilevleri, Yenikale mahalleleri,<\/p>\n<p>G\u00fczelbah\u00e7e il\u00e7esinin; Atat\u00fcrk, \u00c7aml\u0131, \u00c7elebi, Kahramandere, K\u00fc\u00e7\u00fckkaya, Maltepe, Mustafa Kemal Pa\u015fa, Siteler, Yaka, Yal\u0131, Yelki mahalleleri.<\/p>\n<p>Buca il\u00e7esinin; 29 Ekim, Adatepe, Ak\u0131nc\u0131lar, Atat\u00fcrk, Aydo\u011fdu, Bar\u0131\u015f, Buca Koop, Buca OSB, Cumhuriyet, \u00c7a\u011fda\u015f, \u00c7ald\u0131ran, \u00c7aml\u0131k, \u00c7aml\u0131kule, \u00c7aml\u0131p\u0131nar, Dicle, Do\u011fanc\u0131lar, Dumlup\u0131nar, Efeler, F\u0131rat, Gaziler, G\u00f6ksu, H\u00fcrriyet, \u0130nk\u0131lap, \u0130n\u00f6n\u00fc, \u0130zkent, Karanfil, Kaynaklar Merkez, Koza\u011fa\u00e7, Kuru\u00e7e\u015fme, Laleli, Menderes, Murathan, Mustafa Kemal, Seyhan, \u015eirinkap\u0131, Ufuk, Vali Rahmi Bey, Yaylac\u0131k, Yenig\u00fcn, Ye\u015filba\u011flar, Y\u0131ld\u0131z, Y\u0131ld\u0131zlar, Yi\u011fitler, Zafer mahalleleri,<\/p>\n<p>Gaziemir il\u00e7esinin; Emrez mahallesi (k\u0131smen).<\/p>\n<p>Kaynak : haberturk.com<\/p>\n"},"alt_text":"","media_type":"image","mime_type":"image\/jpeg","media_details":{"width":768,"height":201,"file":"2025\/11\/1-15-768x201-247.jpg","sizes":{"medium":{"file":"1-15-768x201-247-300x79.jpg","width":300,"height":79,"mime_type":"image\/jpeg","source_url":"https:\/\/kilosorunum.com\/habercim\/wp-content\/uploads\/2025\/11\/1-15-768x201-247-300x79.jpg"},"thumbnail":{"file":"1-15-768x201-247-150x150.jpg","width":150,"height":150,"mime_type":"image\/jpeg","source_url":"https:\/\/kilosorunum.com\/habercim\/wp-content\/uploads\/2025\/11\/1-15-768x201-247-150x150.jpg"},"kucukResim":{"file":"1-15-768x201-247-80x50.jpg","width":80,"height":50,"mime_type":"image\/jpeg","source_url":"https:\/\/kilosorunum.com\/habercim\/wp-content\/uploads\/2025\/11\/1-15-768x201-247-80x50.jpg"},"sliderResim":{"file":"1-15-768x201-247-670x201.jpg","width":670,"height":201,"mime_type":"image\/jpeg","source_url":"https:\/\/kilosorunum.com\/habercim\/wp-content\/uploads\/2025\/11\/1-15-768x201-247-670x201.jpg"},"resim1":{"file":"1-15-768x201-247-184x140.jpg","width":184,"height":140,"mime_type":"image\/jpeg","source_url":"https:\/\/kilosorunum.com\/habercim\/wp-content\/uploads\/2025\/11\/1-15-768x201-247-184x140.jpg"},"resim2":{"file":"1-15-768x201-247-216x103.jpg","width":216,"height":103,"mime_type":"image\/jpeg","source_url":"https:\/\/kilosorunum.com\/habercim\/wp-content\/uploads\/2025\/11\/1-15-768x201-247-216x103.jpg"},"resim3":{"file":"1-15-768x201-247-145x70.jpg","width":145,"height":70,"mime_type":"image\/jpeg","source_url":"https:\/\/kilosorunum.com\/habercim\/wp-content\/uploads\/2025\/11\/1-15-768x201-247-145x70.jpg"},"sagSlider":{"file":"1-15-768x201-247-300x150.jpg","width":300,"height":150,"mime_type":"image\/jpeg","source_url":"https:\/\/kilosorunum.com\/habercim\/wp-content\/uploads\/2025\/11\/1-15-768x201-247-300x150.jpg"},"yeniSlider":{"file":"1-15-768x201-247-500x201.jpg","width":500,"height":201,"mime_type":"image\/jpeg","source_url":"https:\/\/kilosorunum.com\/habercim\/wp-content\/uploads\/2025\/11\/1-15-768x201-247-500x201.jpg"},"full":{"file":"1-15-768x201-247.jpg","width":768,"height":201,"mime_type":"image\/jpeg","source_url":"https:\/\/kilosorunum.com\/habercim\/wp-content\/uploads\/2025\/11\/1-15-768x201-247.jpg"}},"image_meta":{"aperture":"0","credit":"","camera":"","caption":"","created_timestamp":"0","copyright":"","focal_length":"0","iso":"0","shutter_speed":"0","title":"","orientation":"0","keywords":[]}},"post":40501,"source_url":"https:\/\/kilosorunum.com\/habercim\/wp-content\/uploads\/2025\/11\/1-15-768x201-247.jpg","_links":{"self":[{"href":"https:\/\/kilosorunum.com\/habercim\/wp-json\/wp\/v2\/media\/40503"}],"collection":[{"href":"https:\/\/kilosorunum.com\/habercim\/wp-json\/wp\/v2\/media"}],"about":[{"href":"https:\/\/kilosorunum.com\/habercim\/wp-json\/wp\/v2\/types\/attachment"}],"author":[{"embeddable":true,"href":"https:\/\/kilosorunum.com\/habercim\/wp-json\/wp\/v2\/users\/2"}],"replies":[{"embeddable":true,"href":"https:\/\/kilosorunum.com\/habercim\/wp-json\/wp\/v2\/comments?post=40503"}]}}