{"id":40524,"date":"2025-11-20T22:26:09","date_gmt":"2025-11-20T19:26:09","guid":{"rendered":"https:\/\/kilosorunum.com\/habercim\/wp-content\/uploads\/2025\/11\/1-15-768x201-255.jpg"},"modified":"2025-11-20T22:26:51","modified_gmt":"2025-11-20T19:26:51","slug":"1-15-768x201-1625","status":"inherit","type":"attachment","link":"https:\/\/kilosorunum.com\/habercim\/foto-galeri\/rustem-c\/attachment\/1-15-768x201-1625\/","title":{"rendered":"R\u00fcstem \u00c7"},"author":2,"comment_status":"open","ping_status":"closed","template":"","meta":[],"description":{"rendered":"<p class=\"attachment\"><a href='https:\/\/kilosorunum.com\/habercim\/wp-content\/uploads\/2025\/11\/1-15-768x201-255.jpg'><img width=\"300\" height=\"79\" src=\"https:\/\/kilosorunum.com\/habercim\/wp-content\/uploads\/2025\/11\/1-15-768x201-255-300x79.jpg\" class=\"attachment-medium size-medium\" alt=\"\" loading=\"lazy\" srcset=\"https:\/\/kilosorunum.com\/habercim\/wp-content\/uploads\/2025\/11\/1-15-768x201-255-300x79.jpg 300w, https:\/\/kilosorunum.com\/habercim\/wp-content\/uploads\/2025\/11\/1-15-768x201-255.jpg 768w\" sizes=\"(max-width: 300px) 100vw, 300px\" \/><\/a><\/p>\n"},"caption":{"rendered":"<p>Ka\u011f\u0131thanede 52 ya\u015f\u0131ndaki R\u00fcstem \u00c7., kendisini aldatt\u0131\u011f\u0131n\u0131 \u00f6ne s\u00fcrd\u00fc\u011f\u00fc bo\u015fanma a\u015famas\u0131ndaki 50 ya\u015f\u0131ndaki e\u015fi Nimet \u00c7. ile 28 ya\u015f\u0131ndaki Mehmet U.\u2018nun kald\u0131\u011f\u0131 otele gitti. R\u00fcstem \u00c7., otel odas\u0131nda birarada g\u00f6rd\u00fc\u011f\u00fcn\u00fc iddia etti\u011fi e\u015fi Nimet \u00c7.\u2019yi darbedip Mehmet U.\u2018yu da b\u0131\u00e7aklad\u0131. Deh\u015fet anlar\u0131 g\u00fcvenlik kameras\u0131n\u0131 yans\u0131d\u0131.<br \/>\nOlay, 18 Kas\u0131m Sal\u0131 g\u00fcn\u00fc saat 22.30 s\u0131ralar\u0131nda Merkez Mahallesi\u2019nde meydana geldi. \u0130ddiaya g\u00f6re 5 \u00e7ocuk annesi Nimet \u00c7., 30 y\u0131ld\u0131r evli oldu\u011fu e\u015fi R\u00fcstem \u00c7. ile ya\u015fad\u0131\u011f\u0131 evden 27 Eyl\u00fcl\u2019de ayr\u0131ld\u0131. Bu s\u00fcre\u00e7te e\u015fine ula\u015famayan R\u00fcstem \u00c7., bulunmas\u0131 i\u00e7in bir televizyona program\u0131na kat\u0131ld\u0131. E\u015finin \u0130zmir Torbal\u0131\u2019da oldu\u011funun ortaya \u00e7\u0131kmas\u0131 \u00fczerine Nimet \u00c7. ve o\u011flunun arkada\u015f\u0131 olan Mehmet U., 2 g\u00fcn \u00f6nce bir televizyon program\u0131nda canl\u0131 yay\u0131na kat\u0131ld\u0131. Program\u0131n ard\u0131ndan Nimet \u00c7. ve Mehmet U. Ka\u011f\u0131thane\u2019de kald\u0131klar\u0131 otele giri\u015f yapt\u0131. Ak\u015fam saatlerinde R\u00fcstem \u00c7., bo\u015fanma a\u015famas\u0131nda oldu\u011fu \u00f6\u011frenilen e\u015fiyle Mehmet U.\u2018nun kald\u0131\u011f\u0131 otele gizlice girdi. \u0130kilinin kald\u0131klar\u0131 kata \u00e7\u0131kan R\u00fcstem \u00c7., iddiaya g\u00f6re e\u015fi Nimet \u00c7. ve Mehmet U.\u2019nun bir odada kald\u0131klar\u0131n\u0131 g\u00f6rd\u00fc. Bunun \u00fczerine eline b\u0131\u00e7ak alan R\u00fcstem \u00c7., tart\u0131\u015ft\u0131\u011f\u0131 e\u015fi Nimet \u00c7.\u2019yi darbetti. Ard\u0131ndan Mehmet U.\u2019ya y\u00f6nelen R\u00fcstem \u00c7., onu da s\u0131rt\u0131ndan ve bile\u011finden yaralad\u0131. Olay s\u0131ras\u0131nda otelde bulunan 1 ki\u015fi de R\u00fcstem \u00c7.\u2019ye elindeki s\u00fcp\u00fcrgeyle vurarak sald\u0131rgan\u0131 durdurmaya \u00e7al\u0131\u015ft\u0131. Olay an\u0131 g\u00fcvenlik kameras\u0131na yans\u0131d\u0131. Olay\u0131n ard\u0131ndan ihbar \u00fczerine otele polis ve sa\u011fl\u0131k ekibi sevk edildi. \u0130lk m\u00fcdahalesi olay yerinde yap\u0131lan Mehmet U. ve Nimet \u00c7., ambulansla \u015ei\u015fli\u2019deki Okmeydan\u0131 Prof. Dr. Cemil Ta\u015f\u00e7\u0131o\u011flu \u015eehir Hastanesine kald\u0131r\u0131larak tedavi alt\u0131na al\u0131nd\u0131. Mehmet U.\u2019nun hayati tehlikesinin olmad\u0131\u011f\u0131, Nimet \u00c7.\u2019nin ise bile\u011finden yaraland\u0131\u011f\u0131 \u00f6\u011frenildi. Ka\u011f\u0131thane Devriye Ekipler Amirli\u011fi polisleri taraf\u0131ndan g\u00f6zalt\u0131na al\u0131nan R\u00fcstem \u00c7. emniyete g\u00f6t\u00fcr\u00fcld\u00fc. Burada ifadesi al\u0131nan R\u00fcstem \u00c7\u2019.nin bo\u015fanma a\u015famas\u0131nda oldu\u011fu e\u015fi Nimet \u00c7.\u2019nin kendisini Mehmet U. ile aldatt\u0131\u011f\u0131n\u0131, otele gizlice girip odada ikisini bir arada g\u00f6rd\u00fc\u011f\u00fcn\u00fc, b\u0131\u00e7akla Mehmet U.\u2019yu bile\u011finden ve s\u0131rt\u0131ndan yaralad\u0131\u011f\u0131n\u0131 s\u00f6yledi\u011fi \u00f6\u011frenildi. Emniyette i\u015flemleri tamamlanan R\u00fcstem \u00c7. adliyeye sevk edildi. Mahkemeye \u00e7\u0131kar\u0131lan R\u00fcstem \u00c7., \u2018Kasten yaralama\u2019 su\u00e7undan tutuklanarak cezaevine g\u00f6nderildi. Di\u011fer yandan tutuklanan R\u00fcstem \u00c7.\u2019nin poliste, \u2018K\u00f6t\u00fc muamele\u2019 ve \u2018Taksirle yaralama\u2019 su\u00e7lar\u0131ndan Mehmet U.\u2018nun ise \u2018nitelikli h\u0131rs\u0131zl\u0131k\u2019, \u2018Motosiklet h\u0131rs\u0131zl\u0131\u011f\u0131\u2019, \u2018Resmi belgeyi bozmak\u2019, \u2018Uyu\u015fturucu madde kullanmak\u2019, \u2018\u0130\u015f yeri ve kurumdan h\u0131rs\u0131zl\u0131k\u2019 ve \u2018Parada sahtecilik\u2019 su\u00e7lar\u0131ndan 13 kayd\u0131 oldu\u011fu ortaya \u00e7\u0131kt\u0131.<\/p>\n<p>Kaynak : sozcu.com.tr<\/p>\n"},"alt_text":"","media_type":"image","mime_type":"image\/jpeg","media_details":{"width":768,"height":201,"file":"2025\/11\/1-15-768x201-255.jpg","sizes":{"medium":{"file":"1-15-768x201-255-300x79.jpg","width":300,"height":79,"mime_type":"image\/jpeg","source_url":"https:\/\/kilosorunum.com\/habercim\/wp-content\/uploads\/2025\/11\/1-15-768x201-255-300x79.jpg"},"thumbnail":{"file":"1-15-768x201-255-150x150.jpg","width":150,"height":150,"mime_type":"image\/jpeg","source_url":"https:\/\/kilosorunum.com\/habercim\/wp-content\/uploads\/2025\/11\/1-15-768x201-255-150x150.jpg"},"kucukResim":{"file":"1-15-768x201-255-80x50.jpg","width":80,"height":50,"mime_type":"image\/jpeg","source_url":"https:\/\/kilosorunum.com\/habercim\/wp-content\/uploads\/2025\/11\/1-15-768x201-255-80x50.jpg"},"sliderResim":{"file":"1-15-768x201-255-670x201.jpg","width":670,"height":201,"mime_type":"image\/jpeg","source_url":"https:\/\/kilosorunum.com\/habercim\/wp-content\/uploads\/2025\/11\/1-15-768x201-255-670x201.jpg"},"resim1":{"file":"1-15-768x201-255-184x140.jpg","width":184,"height":140,"mime_type":"image\/jpeg","source_url":"https:\/\/kilosorunum.com\/habercim\/wp-content\/uploads\/2025\/11\/1-15-768x201-255-184x140.jpg"},"resim2":{"file":"1-15-768x201-255-216x103.jpg","width":216,"height":103,"mime_type":"image\/jpeg","source_url":"https:\/\/kilosorunum.com\/habercim\/wp-content\/uploads\/2025\/11\/1-15-768x201-255-216x103.jpg"},"resim3":{"file":"1-15-768x201-255-145x70.jpg","width":145,"height":70,"mime_type":"image\/jpeg","source_url":"https:\/\/kilosorunum.com\/habercim\/wp-content\/uploads\/2025\/11\/1-15-768x201-255-145x70.jpg"},"sagSlider":{"file":"1-15-768x201-255-300x150.jpg","width":300,"height":150,"mime_type":"image\/jpeg","source_url":"https:\/\/kilosorunum.com\/habercim\/wp-content\/uploads\/2025\/11\/1-15-768x201-255-300x150.jpg"},"yeniSlider":{"file":"1-15-768x201-255-500x201.jpg","width":500,"height":201,"mime_type":"image\/jpeg","source_url":"https:\/\/kilosorunum.com\/habercim\/wp-content\/uploads\/2025\/11\/1-15-768x201-255-500x201.jpg"},"full":{"file":"1-15-768x201-255.jpg","width":768,"height":201,"mime_type":"image\/jpeg","source_url":"https:\/\/kilosorunum.com\/habercim\/wp-content\/uploads\/2025\/11\/1-15-768x201-255.jpg"}},"image_meta":{"aperture":"0","credit":"","camera":"","caption":"","created_timestamp":"0","copyright":"","focal_length":"0","iso":"0","shutter_speed":"0","title":"","orientation":"0","keywords":[]}},"post":40522,"source_url":"https:\/\/kilosorunum.com\/habercim\/wp-content\/uploads\/2025\/11\/1-15-768x201-255.jpg","_links":{"self":[{"href":"https:\/\/kilosorunum.com\/habercim\/wp-json\/wp\/v2\/media\/40524"}],"collection":[{"href":"https:\/\/kilosorunum.com\/habercim\/wp-json\/wp\/v2\/media"}],"about":[{"href":"https:\/\/kilosorunum.com\/habercim\/wp-json\/wp\/v2\/types\/attachment"}],"author":[{"embeddable":true,"href":"https:\/\/kilosorunum.com\/habercim\/wp-json\/wp\/v2\/users\/2"}],"replies":[{"embeddable":true,"href":"https:\/\/kilosorunum.com\/habercim\/wp-json\/wp\/v2\/comments?post=40524"}]}}