{"id":40627,"date":"2025-11-23T19:30:09","date_gmt":"2025-11-23T16:30:09","guid":{"rendered":"https:\/\/kilosorunum.com\/habercim\/wp-content\/uploads\/2025\/11\/1-15-768x201-293.jpg"},"modified":"2025-11-23T19:30:52","modified_gmt":"2025-11-23T16:30:52","slug":"1-15-768x201-1663","status":"inherit","type":"attachment","link":"https:\/\/kilosorunum.com\/habercim\/foto-galeri\/meteoroloji-saat-verdi\/attachment\/1-15-768x201-1663\/","title":{"rendered":"Meteoroloji saat verdi"},"author":2,"comment_status":"open","ping_status":"closed","template":"","meta":[],"description":{"rendered":"<p class=\"attachment\"><a href='https:\/\/kilosorunum.com\/habercim\/wp-content\/uploads\/2025\/11\/1-15-768x201-293.jpg'><img width=\"300\" height=\"79\" src=\"https:\/\/kilosorunum.com\/habercim\/wp-content\/uploads\/2025\/11\/1-15-768x201-293-300x79.jpg\" class=\"attachment-medium size-medium\" alt=\"\" loading=\"lazy\" srcset=\"https:\/\/kilosorunum.com\/habercim\/wp-content\/uploads\/2025\/11\/1-15-768x201-293-300x79.jpg 300w, https:\/\/kilosorunum.com\/habercim\/wp-content\/uploads\/2025\/11\/1-15-768x201-293.jpg 768w\" sizes=\"(max-width: 300px) 100vw, 300px\" \/><\/a><\/p>\n"},"caption":{"rendered":"<p>CNN T\u00dcRK Meteoroloji Dan\u0131\u015fman\u0131 Prof. Dr. Orhan \u015een, hava durumuna ili\u015fkin de\u011ferlendirmede bulundu. Sosyal medya hesab\u0131 \u00fczerinden payla\u015f\u0131m yapan \u015een, \u015fu ifadelere yer verdi:<br \/>\n\u0130stanbul, \u0130zmir ve Bursa ba\u015fta olmak \u00fczere bat\u0131 illerinde barajlar sonbahar\u0131n gelmesine ra\u011fmen alarm verirken heyecanla beklenen ya\u011fmur nihayet geliyor. Meteoroloji Genel M\u00fcd\u00fcrl\u00fc\u011f\u00fc taraf\u0131ndan yay\u0131nlanan 23 Kas\u0131m hava durumu raporuna g\u00f6re bug\u00fcn Marmara, Ege ve Bat\u0131 Karadeniz\u2019de ya\u011f\u0131\u015fl\u0131 hava etkili olacak. Bursa ve \u0130zmir\u2019de etkili olmaya ba\u015flayan ya\u011fmurun \u0130stanbul\u2019da ise 18.00\u2019den sonra etkili olmas\u0131 bekleniyor. \u00d6te yandan Mu\u011fla\u2019n\u0131n do\u011fusu ile Antalya\u2019da yerel kuvvetli ve g\u00f6k g\u00fcr\u00fclt\u00fcl\u00fc sa\u011fanak beklenirken bu iki il i\u00e7in Meteoroloji taraf\u0131ndan sar\u0131 kodlu alarm verildi. Meteoroloji Genel M\u00fcd\u00fcrl\u00fc\u011f\u00fc taraf\u0131ndan yap\u0131lan tahminlere g\u00f6re bug\u00fcn yurdun i\u00e7 ve bat\u0131 kesimlerinin par\u00e7al\u0131, yer yer \u00e7ok bulutlu, Marmara, Ege ve Bat\u0131 Akdeniz ile \u0130\u00e7 Anadolu\u2019nun kuzeybat\u0131, Bat\u0131 Karadeniz\u2019in bat\u0131 kesimlerinin sa\u011fanak ve yer yer g\u00f6k g\u00fcr\u00fclt\u00fcl\u00fc sa\u011fanak ya\u011f\u0131\u015fl\u0131, di\u011fer yerlerin az bulutlu ve a\u00e7\u0131k ge\u00e7ece\u011fi tahmin ediliyor. Ya\u011f\u0131\u015flar\u0131n \u00c7anakkale \u00e7evreleri ile Bal\u0131kesir\u2019in bat\u0131 k\u0131y\u0131lar\u0131nda yer yer kuvvetli olmas\u0131 bekleniyor. Sabah ve gece saatlerinde i\u00e7 ve do\u011fu kesimlerde pus ve yer yer sis bekleniyor. \u0130\u015fte b\u00f6lge b\u00f6lge ve il il 23 Kas\u0131m hava durumu raporunun detaylar\u0131\u2026<br \/>\nCNN T\u00dcRK Meteoroloji Dan\u0131\u015fman\u0131 Prof. Dr. Orhan \u015een, hava durumuna ili\u015fkin de\u011ferlendirmede bulundu. Sosyal medya hesab\u0131 \u00fczerinden payla\u015f\u0131m yapan \u015een, \u015fu ifadelere yer verdi:<br \/>\nBu ak\u015fam \u0130stanbul\u2019da ya\u011fmur var. Yar\u0131n da olur. Kuvvetli bir ya\u011f\u0131\u015f de\u011fil. Yar\u0131n ve Sal\u0131 s\u0131cakl\u0131k 4-5 derece d\u00fc\u015fer. \u00c7ar\u015famba tekrar 20 C ye y\u00fckselir.<br \/>\nAnkara yar\u0131n ya\u011fmurlu bug\u00fcn 21, yar\u0131n 18 derece. \u0130zmir ya\u011fmurlu 21, Adana 30, Antalya 27, Sinop-Samsun 26 derece yaz havas\u0131 gibi. \u0130stanbul barajlar\u0131 % 20\u2019nin alt\u0131na d\u00fc\u015ft\u00fc ama \u0130stanbul\u2019un 1\/3 suyu Melen ve Ye\u015fil \u00e7aydan geliyor. Melen\u2019de Aral\u0131k da ya\u011f\u0131\u015f yeterli olmazsa \u0130stanbul\u2019da risk kuvvetlenir.<\/p>\n<p>MU\u011eLA VE ANTALYA \u0130\u00c7\u0130N SARI ALARM<\/p>\n<p>Mu\u011fla\u2019n\u0131n do\u011fusu ile Antalya\u2019da yerel kuvvetli ve g\u00f6k g\u00fcr\u00fclt\u00fcl\u00fc sa\u011fanak bekleniyor.<\/p>\n<p>Meteoroloji Genel M\u00fcd\u00fcrl\u00fc\u011f\u00fcnden yap\u0131lan a\u00e7\u0131klamaya g\u00f6re, \u00f6\u011fle saatlerinden sonra Mu\u011fla\u2019n\u0131n do\u011fusu, gece saatlerinden itibaren de Antalya\u2019da yerel kuvvetli ve g\u00f6k g\u00fcr\u00fclt\u00fcl\u00fc sa\u011fanak \u00f6ng\u00f6r\u00fcl\u00fcyor.<\/p>\n<p>Ya\u011f\u0131\u015flar\u0131n, Mu\u011fla\u2019n\u0131n do\u011fusunda gece, yar\u0131n sabah saatlerinde ise Antalya\u2019da etkisini kaybetmesi bekleniyor.<\/p>\n<p>Ya\u015fanabilecek sel, su bask\u0131n\u0131, y\u0131ld\u0131r\u0131m, dolu, hortum gibi olumsuzluklara kar\u015f\u0131 dikkatli ve tedbirli olunmas\u0131 gerekiyor.<\/p>\n<p>Kaynak : hurriyet.com.tr<\/p>\n"},"alt_text":"","media_type":"image","mime_type":"image\/jpeg","media_details":{"width":768,"height":201,"file":"2025\/11\/1-15-768x201-293.jpg","sizes":{"medium":{"file":"1-15-768x201-293-300x79.jpg","width":300,"height":79,"mime_type":"image\/jpeg","source_url":"https:\/\/kilosorunum.com\/habercim\/wp-content\/uploads\/2025\/11\/1-15-768x201-293-300x79.jpg"},"thumbnail":{"file":"1-15-768x201-293-150x150.jpg","width":150,"height":150,"mime_type":"image\/jpeg","source_url":"https:\/\/kilosorunum.com\/habercim\/wp-content\/uploads\/2025\/11\/1-15-768x201-293-150x150.jpg"},"kucukResim":{"file":"1-15-768x201-293-80x50.jpg","width":80,"height":50,"mime_type":"image\/jpeg","source_url":"https:\/\/kilosorunum.com\/habercim\/wp-content\/uploads\/2025\/11\/1-15-768x201-293-80x50.jpg"},"sliderResim":{"file":"1-15-768x201-293-670x201.jpg","width":670,"height":201,"mime_type":"image\/jpeg","source_url":"https:\/\/kilosorunum.com\/habercim\/wp-content\/uploads\/2025\/11\/1-15-768x201-293-670x201.jpg"},"resim1":{"file":"1-15-768x201-293-184x140.jpg","width":184,"height":140,"mime_type":"image\/jpeg","source_url":"https:\/\/kilosorunum.com\/habercim\/wp-content\/uploads\/2025\/11\/1-15-768x201-293-184x140.jpg"},"resim2":{"file":"1-15-768x201-293-216x103.jpg","width":216,"height":103,"mime_type":"image\/jpeg","source_url":"https:\/\/kilosorunum.com\/habercim\/wp-content\/uploads\/2025\/11\/1-15-768x201-293-216x103.jpg"},"resim3":{"file":"1-15-768x201-293-145x70.jpg","width":145,"height":70,"mime_type":"image\/jpeg","source_url":"https:\/\/kilosorunum.com\/habercim\/wp-content\/uploads\/2025\/11\/1-15-768x201-293-145x70.jpg"},"sagSlider":{"file":"1-15-768x201-293-300x150.jpg","width":300,"height":150,"mime_type":"image\/jpeg","source_url":"https:\/\/kilosorunum.com\/habercim\/wp-content\/uploads\/2025\/11\/1-15-768x201-293-300x150.jpg"},"yeniSlider":{"file":"1-15-768x201-293-500x201.jpg","width":500,"height":201,"mime_type":"image\/jpeg","source_url":"https:\/\/kilosorunum.com\/habercim\/wp-content\/uploads\/2025\/11\/1-15-768x201-293-500x201.jpg"},"full":{"file":"1-15-768x201-293.jpg","width":768,"height":201,"mime_type":"image\/jpeg","source_url":"https:\/\/kilosorunum.com\/habercim\/wp-content\/uploads\/2025\/11\/1-15-768x201-293.jpg"}},"image_meta":{"aperture":"0","credit":"","camera":"","caption":"","created_timestamp":"0","copyright":"","focal_length":"0","iso":"0","shutter_speed":"0","title":"","orientation":"0","keywords":[]}},"post":40625,"source_url":"https:\/\/kilosorunum.com\/habercim\/wp-content\/uploads\/2025\/11\/1-15-768x201-293.jpg","_links":{"self":[{"href":"https:\/\/kilosorunum.com\/habercim\/wp-json\/wp\/v2\/media\/40627"}],"collection":[{"href":"https:\/\/kilosorunum.com\/habercim\/wp-json\/wp\/v2\/media"}],"about":[{"href":"https:\/\/kilosorunum.com\/habercim\/wp-json\/wp\/v2\/types\/attachment"}],"author":[{"embeddable":true,"href":"https:\/\/kilosorunum.com\/habercim\/wp-json\/wp\/v2\/users\/2"}],"replies":[{"embeddable":true,"href":"https:\/\/kilosorunum.com\/habercim\/wp-json\/wp\/v2\/comments?post=40627"}]}}