{"id":40688,"date":"2025-11-26T00:40:16","date_gmt":"2025-11-25T21:40:16","guid":{"rendered":"https:\/\/kilosorunum.com\/habercim\/wp-content\/uploads\/2025\/11\/1-15-768x201-315.jpg"},"modified":"2025-11-26T00:40:57","modified_gmt":"2025-11-25T21:40:57","slug":"1-15-768x201-1685","status":"inherit","type":"attachment","link":"https:\/\/kilosorunum.com\/habercim\/foto-galeri\/toz-kar-yagmur-geliyor\/attachment\/1-15-768x201-1685\/","title":{"rendered":"TOZ KAR YA\u011eMUR GEL\u0130YOR"},"author":2,"comment_status":"open","ping_status":"closed","template":"","meta":[],"description":{"rendered":"<p class=\"attachment\"><a href='https:\/\/kilosorunum.com\/habercim\/wp-content\/uploads\/2025\/11\/1-15-768x201-315.jpg'><img width=\"300\" height=\"79\" src=\"https:\/\/kilosorunum.com\/habercim\/wp-content\/uploads\/2025\/11\/1-15-768x201-315-300x79.jpg\" class=\"attachment-medium size-medium\" alt=\"\" loading=\"lazy\" srcset=\"https:\/\/kilosorunum.com\/habercim\/wp-content\/uploads\/2025\/11\/1-15-768x201-315-300x79.jpg 300w, https:\/\/kilosorunum.com\/habercim\/wp-content\/uploads\/2025\/11\/1-15-768x201-315.jpg 768w\" sizes=\"(max-width: 300px) 100vw, 300px\" \/><\/a><\/p>\n"},"caption":{"rendered":"<p>Meteoroloji Genel M\u00fcd\u00fcrl\u00fc\u011f\u00fc taraf\u0131ndan yap\u0131lan tahminlere g\u00f6re: \u00dclkemiz genelinin par\u00e7al\u0131, yer yer \u00e7ok bulutlu, Orta ve Do\u011fu Akdeniz, G\u00fcneydo\u011fu Anadolu\u2019nun bat\u0131s\u0131 ile Antalya, Karaman, Aksaray, Ni\u011fde, Nev\u015fehir, Kayseri, Sivas, Samsun, Amasya, Tokat, Malatya, Tunceli ve Elaz\u0131\u011f \u00e7evrelerinin sa\u011fanak ve yer yer g\u00f6k g\u00fcr\u00fclt\u00fcl\u00fc sa\u011fanak ya\u011f\u0131\u015fl\u0131 ge\u00e7ece\u011fi tahmin ediliyor. Sabah ve gece saatlerinde Marmara\u2019n\u0131n do\u011fusu ile i\u00e7 ve do\u011fu kesimlerde pus ve yer yer sis olay\u0131 bekleniyor.<br \/>\nMeteoroloji \u00e7ar\u015famba g\u00fcn\u00fc Do\u011fu Anadolu b\u00f6lgesi i\u00e7in kar ya\u011f\u0131\u015f\u0131 uyar\u0131s\u0131nda bulundu. A\u011fr\u0131 ve Erzurum gibi illerde s\u0131cakl\u0131klar gece -3 dereceye kadar d\u00fc\u015fecek. Ayn\u0131 zamanda Do\u011fu Karadeniz\u2019de de yer yer sa\u011fanak ya\u011f\u0131\u015flar bekleniyor. Per\u015fembe g\u00fcn\u00fc ise bat\u0131 b\u00f6lgelerde havan\u0131n par\u00e7al\u0131 bulutlu ve yer yer hafif ya\u011fmurlu olmas\u0131 beklenirken, Do\u011fu Anadolu\u2019nun kuzeydo\u011fusunda hafif kar ya\u011f\u0131\u015f\u0131 etkili olmaya devam edecek. Cuma g\u00fcn\u00fc ise Do\u011fu ve G\u00fcneydo\u011fu Anadolu b\u00f6lgelerinde g\u00f6k g\u00fcr\u00fclt\u00fcl\u00fc sa\u011fanak ya\u011fmur, bat\u0131 ve i\u00e7 kesimlerde ise bulutlu hava hakim olacak. \u0130stanbul genel olarak hafta boyunca ya\u011fmurlu ve par\u00e7al\u0131 bulutlu havan\u0131n etkisinde kalacak. Ankara\u2019da ise hafta ba\u015f\u0131ndan itibaren s\u0131cakl\u0131klar d\u00fc\u015ferek pazar g\u00fcn\u00fc 5 derece civar\u0131na kadar gerileyecek. \u0130zmir\u2019de ise hafta genelinde s\u0131cakl\u0131klar 14-20 derece aral\u0131\u011f\u0131nda seyretmekle beraber, ara s\u0131ra hafif ya\u011fmur g\u00f6r\u00fclmesi bekleniyor.<br \/>\n\u00d6zellikle hafta sonu pazar g\u00fcn\u00fc ile pazartesi g\u00fcnleri, kuzey ve i\u00e7 b\u00f6lgelerde kar ya\u011f\u0131\u015f\u0131 etkisini g\u00f6sterecek, \u0130stanbul ve Ankara\u2019da \u00f6zellikle kar ya\u011f\u0131\u015f\u0131 ile birlikte so\u011fuk hava hissedilecek.<\/p>\n<p>Kaynak : milliyet.com.tr<\/p>\n"},"alt_text":"","media_type":"image","mime_type":"image\/jpeg","media_details":{"width":768,"height":201,"file":"2025\/11\/1-15-768x201-315.jpg","sizes":{"medium":{"file":"1-15-768x201-315-300x79.jpg","width":300,"height":79,"mime_type":"image\/jpeg","source_url":"https:\/\/kilosorunum.com\/habercim\/wp-content\/uploads\/2025\/11\/1-15-768x201-315-300x79.jpg"},"thumbnail":{"file":"1-15-768x201-315-150x150.jpg","width":150,"height":150,"mime_type":"image\/jpeg","source_url":"https:\/\/kilosorunum.com\/habercim\/wp-content\/uploads\/2025\/11\/1-15-768x201-315-150x150.jpg"},"kucukResim":{"file":"1-15-768x201-315-80x50.jpg","width":80,"height":50,"mime_type":"image\/jpeg","source_url":"https:\/\/kilosorunum.com\/habercim\/wp-content\/uploads\/2025\/11\/1-15-768x201-315-80x50.jpg"},"sliderResim":{"file":"1-15-768x201-315-670x201.jpg","width":670,"height":201,"mime_type":"image\/jpeg","source_url":"https:\/\/kilosorunum.com\/habercim\/wp-content\/uploads\/2025\/11\/1-15-768x201-315-670x201.jpg"},"resim1":{"file":"1-15-768x201-315-184x140.jpg","width":184,"height":140,"mime_type":"image\/jpeg","source_url":"https:\/\/kilosorunum.com\/habercim\/wp-content\/uploads\/2025\/11\/1-15-768x201-315-184x140.jpg"},"resim2":{"file":"1-15-768x201-315-216x103.jpg","width":216,"height":103,"mime_type":"image\/jpeg","source_url":"https:\/\/kilosorunum.com\/habercim\/wp-content\/uploads\/2025\/11\/1-15-768x201-315-216x103.jpg"},"resim3":{"file":"1-15-768x201-315-145x70.jpg","width":145,"height":70,"mime_type":"image\/jpeg","source_url":"https:\/\/kilosorunum.com\/habercim\/wp-content\/uploads\/2025\/11\/1-15-768x201-315-145x70.jpg"},"sagSlider":{"file":"1-15-768x201-315-300x150.jpg","width":300,"height":150,"mime_type":"image\/jpeg","source_url":"https:\/\/kilosorunum.com\/habercim\/wp-content\/uploads\/2025\/11\/1-15-768x201-315-300x150.jpg"},"yeniSlider":{"file":"1-15-768x201-315-500x201.jpg","width":500,"height":201,"mime_type":"image\/jpeg","source_url":"https:\/\/kilosorunum.com\/habercim\/wp-content\/uploads\/2025\/11\/1-15-768x201-315-500x201.jpg"},"full":{"file":"1-15-768x201-315.jpg","width":768,"height":201,"mime_type":"image\/jpeg","source_url":"https:\/\/kilosorunum.com\/habercim\/wp-content\/uploads\/2025\/11\/1-15-768x201-315.jpg"}},"image_meta":{"aperture":"0","credit":"","camera":"","caption":"","created_timestamp":"0","copyright":"","focal_length":"0","iso":"0","shutter_speed":"0","title":"","orientation":"0","keywords":[]}},"post":40686,"source_url":"https:\/\/kilosorunum.com\/habercim\/wp-content\/uploads\/2025\/11\/1-15-768x201-315.jpg","_links":{"self":[{"href":"https:\/\/kilosorunum.com\/habercim\/wp-json\/wp\/v2\/media\/40688"}],"collection":[{"href":"https:\/\/kilosorunum.com\/habercim\/wp-json\/wp\/v2\/media"}],"about":[{"href":"https:\/\/kilosorunum.com\/habercim\/wp-json\/wp\/v2\/types\/attachment"}],"author":[{"embeddable":true,"href":"https:\/\/kilosorunum.com\/habercim\/wp-json\/wp\/v2\/users\/2"}],"replies":[{"embeddable":true,"href":"https:\/\/kilosorunum.com\/habercim\/wp-json\/wp\/v2\/comments?post=40688"}]}}