{"id":40698,"date":"2025-11-26T17:36:42","date_gmt":"2025-11-26T14:36:42","guid":{"rendered":"https:\/\/kilosorunum.com\/habercim\/wp-content\/uploads\/2025\/11\/1-15-768x201-319.jpg"},"modified":"2025-11-26T17:37:46","modified_gmt":"2025-11-26T14:37:46","slug":"1-15-768x201-1689","status":"inherit","type":"attachment","link":"https:\/\/kilosorunum.com\/habercim\/foto-galeri\/resmen-rekor\/attachment\/1-15-768x201-1689\/","title":{"rendered":"Resmen rekor"},"author":2,"comment_status":"open","ping_status":"closed","template":"","meta":[],"description":{"rendered":"<p class=\"attachment\"><a href='https:\/\/kilosorunum.com\/habercim\/wp-content\/uploads\/2025\/11\/1-15-768x201-319.jpg'><img width=\"300\" height=\"79\" src=\"https:\/\/kilosorunum.com\/habercim\/wp-content\/uploads\/2025\/11\/1-15-768x201-319-300x79.jpg\" class=\"attachment-medium size-medium\" alt=\"\" loading=\"lazy\" srcset=\"https:\/\/kilosorunum.com\/habercim\/wp-content\/uploads\/2025\/11\/1-15-768x201-319-300x79.jpg 300w, https:\/\/kilosorunum.com\/habercim\/wp-content\/uploads\/2025\/11\/1-15-768x201-319.jpg 768w\" sizes=\"(max-width: 300px) 100vw, 300px\" \/><\/a><\/p>\n"},"caption":{"rendered":"<p>16.5 milyon emeklinin g\u00f6z\u00fc kula\u011f\u0131 Kas\u0131m ve Aral\u0131k aylar\u0131ndaki enflasyon ger\u00e7ekle\u015fmelerinde olacak. Y\u0131lsonu i\u00e7in yap\u0131lan enflasyon tahminleri de dikkate al\u0131nd\u0131\u011f\u0131nda emekli ayl\u0131klar\u0131na y\u00fczde 13 ile y\u00fczde 16 aras\u0131nda bir art\u0131\u015f yap\u0131lmas\u0131 planlan\u0131yor. Hen\u00fcz y\u0131lsonu enflasyon fark\u0131 netle\u015fmedi\u011fi i\u00e7in \u00c7al\u0131\u015fma ve Sosyal G\u00fcvenlik Bakanl\u0131\u011f\u0131 herhangi bir \u00e7al\u0131\u015fma ba\u015flatmad\u0131 ancak konu\u015ftu\u011fum yetkililer, en d\u00fc\u015f\u00fck emekli maa\u015f\u0131na ekstra bir art\u0131\u015f yap\u0131lmayaca\u011f\u0131n\u0131, b\u00fct\u00fcn emekliler gibi enflasyon oran\u0131nda bir art\u0131\u015f \u00f6ng\u00f6r\u00fcld\u00fc\u011f\u00fcn\u00fc ifade etti. Kas\u0131m ve Aral\u0131k aylar\u0131nda a\u00e7\u0131klanacak enflasyon oranlar\u0131, emekli maa\u015flar\u0131na yap\u0131lacak art\u0131\u015flar\u0131 do\u011frudan etkiliyor. Kas\u0131m-Aral\u0131k d\u00f6neminde enflasyon y\u00fczde 1,5 olarak a\u00e7\u0131klan\u0131rsa emekli ayl\u0131\u011f\u0131 zam oran\u0131 y\u00fczde 13,58; y\u00fczde 2,0 olursa ayl\u0131k art\u0131\u015f oran\u0131 y\u00fczde 14,70; y\u00fczde 2,50 seviyesinde ger\u00e7ekle\u015firse, art\u0131\u015f oran\u0131 y\u00fczde 15,83 olarak hesaplanacak. Bu do\u011frultuda SSK ve Ba\u011f-Kur emeklilerinin y\u00fczde 13 ila en fazla y\u00fczde 16 aras\u0131nda bir zam alaca\u011f\u0131 s\u00f6ylenebilir. Emekliler i\u00e7in y\u0131lda iki kez maa\u015f art\u0131\u015f\u0131 yap\u0131l\u0131yor. Y\u0131l sonu enflasyonu y\u00fczde 31-33 civar\u0131nda ger\u00e7ekle\u015firse, en d\u00fc\u015f\u00fck emekli maa\u015f\u0131n\u0131n 16.881 TL\u2019den 19 bin 75 TL ya da en fazla 19 bin 581 TL\u2019ye \u00e7\u0131kar\u0131lmas\u0131 s\u00f6z konusu. Bu y\u0131l ocak ay\u0131nda memur ve emeklileri y\u00fczde 11,54, SSK ve Ba\u011f-Kur emeklileri y\u00fczde 15.75 oran\u0131nda zam alm\u0131\u015ft\u0131. Merkez Bankas\u0131\u2019n\u0131n g\u00fcncel tahminlerine g\u00f6re; SSK ve Ba\u011f-Kur emeklileri i\u00e7in \u00f6n\u00fcm\u00fczdeki y\u0131l\u0131n ilk 6 ay\u0131nda uygulanacak art\u0131\u015f oran\u0131 y\u00fczde 13-16 aral\u0131\u011f\u0131nda olacak. Memur ve emeklileri ise y\u00fczde 18-20 aras\u0131nda art\u0131\u015f alacak. Bu do\u011frultuda, dul ve yetim ayl\u0131klar\u0131 hari\u00e7 en d\u00fc\u015f\u00fck 16 bin 881 TL olarak \u00f6denen SSK ve Ba\u011f-Kur emekli ayl\u0131\u011f\u0131, ger\u00e7ekle\u015fecek enflasyon oran\u0131na g\u00f6re \u015f\u00f6yle olacak:<br \/>\n\u2013 Y\u00fczde 13 art\u0131\u015f olursa 19 bin 75 TL,<\/p>\n<p>\u2013 Y\u00fczde 14 art\u0131\u015f olursa 19 bin 244 TL<\/p>\n<p>\u2013 Y\u00fczde 15 art\u0131\u015f olursa 19 bin 413 TL<\/p>\n<p>\u2013 Y\u00fczde 16 art\u0131\u015f olursa 19 bin 581 TL olacak.<\/p>\n<p>Yani 2026\u2019da en d\u00fc\u015f\u00fck emekli ayl\u0131\u011f\u0131 en az 19 bin TL, en \u00e7ok ise 19 bin 500 TL olacak.<\/p>\n<p>Kaynak : haberturk.com<\/p>\n"},"alt_text":"","media_type":"image","mime_type":"image\/jpeg","media_details":{"width":768,"height":201,"file":"2025\/11\/1-15-768x201-319.jpg","sizes":{"medium":{"file":"1-15-768x201-319-300x79.jpg","width":300,"height":79,"mime_type":"image\/jpeg","source_url":"https:\/\/kilosorunum.com\/habercim\/wp-content\/uploads\/2025\/11\/1-15-768x201-319-300x79.jpg"},"thumbnail":{"file":"1-15-768x201-319-150x150.jpg","width":150,"height":150,"mime_type":"image\/jpeg","source_url":"https:\/\/kilosorunum.com\/habercim\/wp-content\/uploads\/2025\/11\/1-15-768x201-319-150x150.jpg"},"kucukResim":{"file":"1-15-768x201-319-80x50.jpg","width":80,"height":50,"mime_type":"image\/jpeg","source_url":"https:\/\/kilosorunum.com\/habercim\/wp-content\/uploads\/2025\/11\/1-15-768x201-319-80x50.jpg"},"sliderResim":{"file":"1-15-768x201-319-670x201.jpg","width":670,"height":201,"mime_type":"image\/jpeg","source_url":"https:\/\/kilosorunum.com\/habercim\/wp-content\/uploads\/2025\/11\/1-15-768x201-319-670x201.jpg"},"resim1":{"file":"1-15-768x201-319-184x140.jpg","width":184,"height":140,"mime_type":"image\/jpeg","source_url":"https:\/\/kilosorunum.com\/habercim\/wp-content\/uploads\/2025\/11\/1-15-768x201-319-184x140.jpg"},"resim2":{"file":"1-15-768x201-319-216x103.jpg","width":216,"height":103,"mime_type":"image\/jpeg","source_url":"https:\/\/kilosorunum.com\/habercim\/wp-content\/uploads\/2025\/11\/1-15-768x201-319-216x103.jpg"},"resim3":{"file":"1-15-768x201-319-145x70.jpg","width":145,"height":70,"mime_type":"image\/jpeg","source_url":"https:\/\/kilosorunum.com\/habercim\/wp-content\/uploads\/2025\/11\/1-15-768x201-319-145x70.jpg"},"sagSlider":{"file":"1-15-768x201-319-300x150.jpg","width":300,"height":150,"mime_type":"image\/jpeg","source_url":"https:\/\/kilosorunum.com\/habercim\/wp-content\/uploads\/2025\/11\/1-15-768x201-319-300x150.jpg"},"yeniSlider":{"file":"1-15-768x201-319-500x201.jpg","width":500,"height":201,"mime_type":"image\/jpeg","source_url":"https:\/\/kilosorunum.com\/habercim\/wp-content\/uploads\/2025\/11\/1-15-768x201-319-500x201.jpg"},"full":{"file":"1-15-768x201-319.jpg","width":768,"height":201,"mime_type":"image\/jpeg","source_url":"https:\/\/kilosorunum.com\/habercim\/wp-content\/uploads\/2025\/11\/1-15-768x201-319.jpg"}},"image_meta":{"aperture":"0","credit":"","camera":"","caption":"","created_timestamp":"0","copyright":"","focal_length":"0","iso":"0","shutter_speed":"0","title":"","orientation":"0","keywords":[]}},"post":40696,"source_url":"https:\/\/kilosorunum.com\/habercim\/wp-content\/uploads\/2025\/11\/1-15-768x201-319.jpg","_links":{"self":[{"href":"https:\/\/kilosorunum.com\/habercim\/wp-json\/wp\/v2\/media\/40698"}],"collection":[{"href":"https:\/\/kilosorunum.com\/habercim\/wp-json\/wp\/v2\/media"}],"about":[{"href":"https:\/\/kilosorunum.com\/habercim\/wp-json\/wp\/v2\/types\/attachment"}],"author":[{"embeddable":true,"href":"https:\/\/kilosorunum.com\/habercim\/wp-json\/wp\/v2\/users\/2"}],"replies":[{"embeddable":true,"href":"https:\/\/kilosorunum.com\/habercim\/wp-json\/wp\/v2\/comments?post=40698"}]}}