{"id":40759,"date":"2025-11-28T20:40:59","date_gmt":"2025-11-28T17:40:59","guid":{"rendered":"https:\/\/kilosorunum.com\/habercim\/wp-content\/uploads\/2025\/11\/1-24.jpg"},"modified":"2025-11-28T20:41:42","modified_gmt":"2025-11-28T17:41:42","slug":"1-4516","status":"inherit","type":"attachment","link":"https:\/\/kilosorunum.com\/habercim\/foto-galeri\/hafta-sonu-baslayacak\/attachment\/1-4516\/","title":{"rendered":"Hafta sonu ba\u015flayacak"},"author":2,"comment_status":"open","ping_status":"closed","template":"","meta":[],"description":{"rendered":"<p class=\"attachment\"><a href='https:\/\/kilosorunum.com\/habercim\/wp-content\/uploads\/2025\/11\/1-24.jpg'><img width=\"300\" height=\"169\" src=\"https:\/\/kilosorunum.com\/habercim\/wp-content\/uploads\/2025\/11\/1-24-300x169.jpg\" class=\"attachment-medium size-medium\" alt=\"\" loading=\"lazy\" srcset=\"https:\/\/kilosorunum.com\/habercim\/wp-content\/uploads\/2025\/11\/1-24-300x169.jpg 300w, https:\/\/kilosorunum.com\/habercim\/wp-content\/uploads\/2025\/11\/1-24-1024x576.jpg 1024w, https:\/\/kilosorunum.com\/habercim\/wp-content\/uploads\/2025\/11\/1-24-768x432.jpg 768w, https:\/\/kilosorunum.com\/habercim\/wp-content\/uploads\/2025\/11\/1-24.jpg 1200w\" sizes=\"(max-width: 300px) 100vw, 300px\" \/><\/a><\/p>\n"},"caption":{"rendered":"<p>Bug\u00fcn hava nas\u0131l? Hafta sonu hava nas\u0131l olacak? \u0130stanbul\u2019da ya\u011f\u0131\u015f var m\u0131? Meteoroloji Genel M\u00fcd\u00fcrl\u00fc\u011f\u00fc hava durumu raporuna g\u00f6re \u00dclkemiz genelinin par\u00e7al\u0131, yer yer \u00e7ok bulutlu, Marmara\u2019n\u0131n bat\u0131s\u0131 ve K\u0131y\u0131 Ege ile Bursa ve Manisa \u00e7evrelerinin sa\u011fanak ve yer yer g\u00f6k g\u00fcr\u00fclt\u00fcl\u00fc sa\u011fanak ya\u011f\u0131\u015fl\u0131 ge\u00e7ece\u011fi tahmin ediliyor. Ya\u011f\u0131\u015flar\u0131n, K\u0131y\u0131 Ege ile \u00c7anakkale, Edirne, Bal\u0131kesir ve Manisa \u00e7evrelerinde yer yer kuvvetli olmas\u0131 bekleniyor. \u0130\u00e7 kesimlerde sabah ve gece saatlerinde pus ve yer yer sis hadisesi olaca\u011f\u0131 tahmin ediliyor.<br \/>\nMeteoroloji Genel M\u00fcd\u00fcrl\u00fc\u011f\u00fc son tahminlerine g\u00f6re hafta sonu yurt genelinde ya\u011f\u0131\u015fl\u0131 hava hakim olacak. Cumartesi g\u00fcn\u00fc \u00f6zellikle yurdun bat\u0131 kesimleri ve Marmara\u2019da \u015fiddetli ve g\u00f6k g\u00fcr\u00fclt\u00fcl\u00fc ya\u011f\u0131\u015f bekleniyor. Pazar g\u00fcn\u00fc ise ya\u011f\u0131\u015flar yurt geneline yay\u0131lacak.<\/p>\n<p>Kaynak : milliyet.com.tr<\/p>\n"},"alt_text":"","media_type":"image","mime_type":"image\/jpeg","media_details":{"width":1200,"height":675,"file":"2025\/11\/1-24.jpg","sizes":{"medium":{"file":"1-24-300x169.jpg","width":300,"height":169,"mime_type":"image\/jpeg","source_url":"https:\/\/kilosorunum.com\/habercim\/wp-content\/uploads\/2025\/11\/1-24-300x169.jpg"},"large":{"file":"1-24-1024x576.jpg","width":1024,"height":576,"mime_type":"image\/jpeg","source_url":"https:\/\/kilosorunum.com\/habercim\/wp-content\/uploads\/2025\/11\/1-24-1024x576.jpg"},"thumbnail":{"file":"1-24-150x150.jpg","width":150,"height":150,"mime_type":"image\/jpeg","source_url":"https:\/\/kilosorunum.com\/habercim\/wp-content\/uploads\/2025\/11\/1-24-150x150.jpg"},"medium_large":{"file":"1-24-768x432.jpg","width":768,"height":432,"mime_type":"image\/jpeg","source_url":"https:\/\/kilosorunum.com\/habercim\/wp-content\/uploads\/2025\/11\/1-24-768x432.jpg"},"kucukResim":{"file":"1-24-80x50.jpg","width":80,"height":50,"mime_type":"image\/jpeg","source_url":"https:\/\/kilosorunum.com\/habercim\/wp-content\/uploads\/2025\/11\/1-24-80x50.jpg"},"sliderResim":{"file":"1-24-670x330.jpg","width":670,"height":330,"mime_type":"image\/jpeg","source_url":"https:\/\/kilosorunum.com\/habercim\/wp-content\/uploads\/2025\/11\/1-24-670x330.jpg"},"resim1":{"file":"1-24-184x140.jpg","width":184,"height":140,"mime_type":"image\/jpeg","source_url":"https:\/\/kilosorunum.com\/habercim\/wp-content\/uploads\/2025\/11\/1-24-184x140.jpg"},"resim2":{"file":"1-24-216x103.jpg","width":216,"height":103,"mime_type":"image\/jpeg","source_url":"https:\/\/kilosorunum.com\/habercim\/wp-content\/uploads\/2025\/11\/1-24-216x103.jpg"},"resim3":{"file":"1-24-145x70.jpg","width":145,"height":70,"mime_type":"image\/jpeg","source_url":"https:\/\/kilosorunum.com\/habercim\/wp-content\/uploads\/2025\/11\/1-24-145x70.jpg"},"sagSlider":{"file":"1-24-300x150.jpg","width":300,"height":150,"mime_type":"image\/jpeg","source_url":"https:\/\/kilosorunum.com\/habercim\/wp-content\/uploads\/2025\/11\/1-24-300x150.jpg"},"yeniSlider":{"file":"1-24-500x290.jpg","width":500,"height":290,"mime_type":"image\/jpeg","source_url":"https:\/\/kilosorunum.com\/habercim\/wp-content\/uploads\/2025\/11\/1-24-500x290.jpg"},"full":{"file":"1-24.jpg","width":1200,"height":675,"mime_type":"image\/jpeg","source_url":"https:\/\/kilosorunum.com\/habercim\/wp-content\/uploads\/2025\/11\/1-24.jpg"}},"image_meta":{"aperture":"0","credit":"","camera":"","caption":"","created_timestamp":"0","copyright":"","focal_length":"0","iso":"0","shutter_speed":"0","title":"","orientation":"0","keywords":[]}},"post":40757,"source_url":"https:\/\/kilosorunum.com\/habercim\/wp-content\/uploads\/2025\/11\/1-24.jpg","_links":{"self":[{"href":"https:\/\/kilosorunum.com\/habercim\/wp-json\/wp\/v2\/media\/40759"}],"collection":[{"href":"https:\/\/kilosorunum.com\/habercim\/wp-json\/wp\/v2\/media"}],"about":[{"href":"https:\/\/kilosorunum.com\/habercim\/wp-json\/wp\/v2\/types\/attachment"}],"author":[{"embeddable":true,"href":"https:\/\/kilosorunum.com\/habercim\/wp-json\/wp\/v2\/users\/2"}],"replies":[{"embeddable":true,"href":"https:\/\/kilosorunum.com\/habercim\/wp-json\/wp\/v2\/comments?post=40759"}]}}