{"id":40833,"date":"2025-12-01T01:34:01","date_gmt":"2025-11-30T22:34:01","guid":{"rendered":"https:\/\/kilosorunum.com\/habercim\/wp-content\/uploads\/2025\/12\/1-15-768x201-5.jpg"},"modified":"2025-12-01T01:34:39","modified_gmt":"2025-11-30T22:34:39","slug":"1-15-768x201-1735","status":"inherit","type":"attachment","link":"https:\/\/kilosorunum.com\/habercim\/foto-galeri\/2026-destek\/attachment\/1-15-768x201-1735\/","title":{"rendered":"2026 destek"},"author":2,"comment_status":"open","ping_status":"closed","template":"","meta":[],"description":{"rendered":"<p class=\"attachment\"><a href='https:\/\/kilosorunum.com\/habercim\/wp-content\/uploads\/2025\/12\/1-15-768x201-5.jpg'><img width=\"300\" height=\"79\" src=\"https:\/\/kilosorunum.com\/habercim\/wp-content\/uploads\/2025\/12\/1-15-768x201-5-300x79.jpg\" class=\"attachment-medium size-medium\" alt=\"\" loading=\"lazy\" srcset=\"https:\/\/kilosorunum.com\/habercim\/wp-content\/uploads\/2025\/12\/1-15-768x201-5-300x79.jpg 300w, https:\/\/kilosorunum.com\/habercim\/wp-content\/uploads\/2025\/12\/1-15-768x201-5.jpg 768w\" sizes=\"(max-width: 300px) 100vw, 300px\" \/><\/a><\/p>\n"},"caption":{"rendered":"<p>Eyl\u00fcl ay\u0131nda emekliler y\u00fczde 7.50 zamm\u0131 cebe koymu\u015ftu. Eyl\u00fcl ay\u0131nda enflasyonun y\u00fczde 2.55 olarak ger\u00e7ekle\u015fmesiyle 4 ayl\u0131k enflasyon y\u00fczde 10.25\u2019e y\u00fckseldi. B\u00f6ylelikle SGK ve BA\u011e-KUR emeklileri \u015fimdiden 10.25\u2019lik zam almay\u0131 garantiledi. Yeni zam oran\u0131na g\u00f6re 16 bin 881 TL olan en d\u00fc\u015f\u00fck SGK ve BA\u011e-KUR emeklisi maa\u015f\u0131 18 bin 611 TL\u2019ye y\u00fckselecek. Bu rakam Kas\u0131m ve Aral\u0131k ay\u0131 rakamlar\u0131yla daha da y\u00fckselecek. Merkez Bankas\u0131\u2019n\u0131n Ekim ay\u0131 Piyasa Kat\u0131l\u0131mc\u0131lar\u0131 Anketi\u2019ne kat\u0131lan ekonomistlere g\u00f6re beklentilerine g\u00f6re enflasyon 2025 y\u0131l\u0131 sonunda y\u00fczde 31.77 olacak. Y\u0131l\u0131n ikinci yar\u0131s\u0131 i\u00e7in enflasyon y\u00fczde 12,94 olacak. SSK ve Ba\u011f-Kur emeklileri y\u00fczde 12.94 oran\u0131nda zam alacak.<br \/>\nOlu\u015fan 7.56\u2019l\u0131k enflasyon fark\u0131 ve y\u00fczde 11\u2019lik toplu s\u00f6zle\u015fme zamm\u0131 ile birlikte memur ve memur emeklileri y\u00fczde 19.39 zam alacak.<\/p>\n<p>Kaynak : sabah.com.tr<\/p>\n"},"alt_text":"","media_type":"image","mime_type":"image\/jpeg","media_details":{"width":768,"height":201,"file":"2025\/12\/1-15-768x201-5.jpg","sizes":{"medium":{"file":"1-15-768x201-5-300x79.jpg","width":300,"height":79,"mime_type":"image\/jpeg","source_url":"https:\/\/kilosorunum.com\/habercim\/wp-content\/uploads\/2025\/12\/1-15-768x201-5-300x79.jpg"},"thumbnail":{"file":"1-15-768x201-5-150x150.jpg","width":150,"height":150,"mime_type":"image\/jpeg","source_url":"https:\/\/kilosorunum.com\/habercim\/wp-content\/uploads\/2025\/12\/1-15-768x201-5-150x150.jpg"},"kucukResim":{"file":"1-15-768x201-5-80x50.jpg","width":80,"height":50,"mime_type":"image\/jpeg","source_url":"https:\/\/kilosorunum.com\/habercim\/wp-content\/uploads\/2025\/12\/1-15-768x201-5-80x50.jpg"},"sliderResim":{"file":"1-15-768x201-5-670x201.jpg","width":670,"height":201,"mime_type":"image\/jpeg","source_url":"https:\/\/kilosorunum.com\/habercim\/wp-content\/uploads\/2025\/12\/1-15-768x201-5-670x201.jpg"},"resim1":{"file":"1-15-768x201-5-184x140.jpg","width":184,"height":140,"mime_type":"image\/jpeg","source_url":"https:\/\/kilosorunum.com\/habercim\/wp-content\/uploads\/2025\/12\/1-15-768x201-5-184x140.jpg"},"resim2":{"file":"1-15-768x201-5-216x103.jpg","width":216,"height":103,"mime_type":"image\/jpeg","source_url":"https:\/\/kilosorunum.com\/habercim\/wp-content\/uploads\/2025\/12\/1-15-768x201-5-216x103.jpg"},"resim3":{"file":"1-15-768x201-5-145x70.jpg","width":145,"height":70,"mime_type":"image\/jpeg","source_url":"https:\/\/kilosorunum.com\/habercim\/wp-content\/uploads\/2025\/12\/1-15-768x201-5-145x70.jpg"},"sagSlider":{"file":"1-15-768x201-5-300x150.jpg","width":300,"height":150,"mime_type":"image\/jpeg","source_url":"https:\/\/kilosorunum.com\/habercim\/wp-content\/uploads\/2025\/12\/1-15-768x201-5-300x150.jpg"},"yeniSlider":{"file":"1-15-768x201-5-500x201.jpg","width":500,"height":201,"mime_type":"image\/jpeg","source_url":"https:\/\/kilosorunum.com\/habercim\/wp-content\/uploads\/2025\/12\/1-15-768x201-5-500x201.jpg"},"full":{"file":"1-15-768x201-5.jpg","width":768,"height":201,"mime_type":"image\/jpeg","source_url":"https:\/\/kilosorunum.com\/habercim\/wp-content\/uploads\/2025\/12\/1-15-768x201-5.jpg"}},"image_meta":{"aperture":"0","credit":"","camera":"","caption":"","created_timestamp":"0","copyright":"","focal_length":"0","iso":"0","shutter_speed":"0","title":"","orientation":"0","keywords":[]}},"post":40831,"source_url":"https:\/\/kilosorunum.com\/habercim\/wp-content\/uploads\/2025\/12\/1-15-768x201-5.jpg","_links":{"self":[{"href":"https:\/\/kilosorunum.com\/habercim\/wp-json\/wp\/v2\/media\/40833"}],"collection":[{"href":"https:\/\/kilosorunum.com\/habercim\/wp-json\/wp\/v2\/media"}],"about":[{"href":"https:\/\/kilosorunum.com\/habercim\/wp-json\/wp\/v2\/types\/attachment"}],"author":[{"embeddable":true,"href":"https:\/\/kilosorunum.com\/habercim\/wp-json\/wp\/v2\/users\/2"}],"replies":[{"embeddable":true,"href":"https:\/\/kilosorunum.com\/habercim\/wp-json\/wp\/v2\/comments?post=40833"}]}}