{"id":40885,"date":"2025-12-03T01:31:01","date_gmt":"2025-12-02T22:31:01","guid":{"rendered":"https:\/\/kilosorunum.com\/habercim\/wp-content\/uploads\/2025\/12\/1-17.jpg"},"modified":"2025-12-03T01:31:56","modified_gmt":"2025-12-02T22:31:56","slug":"1-4536","status":"inherit","type":"attachment","link":"https:\/\/kilosorunum.com\/habercim\/foto-galeri\/seyyanen-zam-hazir\/attachment\/1-4536\/","title":{"rendered":"Seyyanen Zam Haz\u0131r"},"author":2,"comment_status":"open","ping_status":"closed","template":"","meta":[],"description":{"rendered":"<p class=\"attachment\"><a href='https:\/\/kilosorunum.com\/habercim\/wp-content\/uploads\/2025\/12\/1-17.jpg'><img width=\"300\" height=\"169\" src=\"https:\/\/kilosorunum.com\/habercim\/wp-content\/uploads\/2025\/12\/1-17-300x169.jpg\" class=\"attachment-medium size-medium\" alt=\"\" loading=\"lazy\" srcset=\"https:\/\/kilosorunum.com\/habercim\/wp-content\/uploads\/2025\/12\/1-17-300x169.jpg 300w, https:\/\/kilosorunum.com\/habercim\/wp-content\/uploads\/2025\/12\/1-17-1024x576.jpg 1024w, https:\/\/kilosorunum.com\/habercim\/wp-content\/uploads\/2025\/12\/1-17-768x432.jpg 768w, https:\/\/kilosorunum.com\/habercim\/wp-content\/uploads\/2025\/12\/1-17.jpg 1200w\" sizes=\"(max-width: 300px) 100vw, 300px\" \/><\/a><\/p>\n"},"caption":{"rendered":"<p>AKP taraf\u0131ndan Meclis\u2019e getirilen ve kamuda g\u00f6rev yapan genel m\u00fcd\u00fcrler, daire ba\u015fkanlar\u0131, kurum ba\u015fkanlar\u0131, il m\u00fcd\u00fcrleri ile m\u00fcfetti\u015fler ve uzmanlar\u0131n maa\u015flar\u0131na 30 bin TL seyyanen zam yap\u0131lmas\u0131n\u0131 \u00f6ng\u00f6ren d\u00fczenleme, Plan ve B\u00fct\u00e7e Komisyonu\u2019nda kabul edildi. Teklif, ilerleyen g\u00fcnlerde TBMM Genel Kurulu\u2019na getirilecek.<br \/>\n\u0130ktidar partisi, T\u00fcrkiye B\u00fcy\u00fck Millet Meclisi\u2019ne (TBMM) getirdi\u011fi son teklif ile kamuda g\u00f6rev yapan y\u00f6neticilere 30 bin TL seyyanen zam yapmaya haz\u0131rlan\u0131yor. Memurlar.net\u2019de yer alan habere g\u00f6re, Plan ve B\u00fct\u00e7e Komisyonu d\u00fcn ak\u015fam sunulan ve bir\u00e7ok meslek i\u00e7in 30 bin TL seyyanen zamm\u0131 i\u00e7eren \u00f6nergeyi kabul etti. Kabul edilen \u00f6nergenin TBMM Genel Kurulundan da ge\u00e7mesi durumunda Genel M\u00fcd\u00fcr, Daire Ba\u015fkan\u0131, Kurum Ba\u015fkanlar\u0131 ile m\u00fcfetti\u015f ve uzmanlar\u0131n maa\u015flar\u0131 30 bin liraya kadar olan tutarda zamlanacak.<br \/>\nYap\u0131lacak zamdan yararlanacak mesleklerin detaylar\u0131 \u015fu \u015fekilde:<br \/>\n1- TBMM Genel Sekreteri, SGK Ba\u015fkan\u0131, AFAD Ba\u015fkan\u0131, Talim ve Terbiye Kurulu Ba\u015fkan\u0131, T\u00dc\u0130K Ba\u015fkan, Bakanl\u0131k Rehberlik ve Denetim Ba\u015fkanlar\u0131, B\u00fcy\u00fckel\u00e7iler, Diyanet \u0130\u015fleri Ba\u015fkan\u0131, Diyanet \u0130\u015fleri Ba\u015fkan Yard\u0131mc\u0131s\u0131, Gelir \u0130daresi Ba\u015fkan Yard\u0131mc\u0131s\u0131, Genel M\u00fcd\u00fcr, \u00d6\u0130B, SGK, AFAD Ba\u015fkan Yard\u0131mc\u0131lar\u0131, T\u0130KA Ba\u015fkan\u0131, Adalet Bakanl\u0131\u011f\u0131 Bakanl\u0131k Y\u00fcksek M\u00fc\u015faviri, Bakanl\u0131k ve M\u00fcste\u015farl\u0131k M\u00fc\u015faviri, bakanl\u0131k il m\u00fcd\u00fcr\u00fc ve bakanl\u0131k b\u00f6lge m\u00fcd\u00fcr\u00fc, Defterdar, \u0130l Emniyet M\u00fcd\u00fcr\u00fc, \u0130l M\u00fcft\u00fcs\u00fc,<br \/>\nKamu kurumlar\u0131n\u0131n merkez te\u015fkilat\u0131na ait genel idare hizmetleri s\u0131n\u0131f\u0131nda yer alan ba\u015fm\u00fcfetti\u015f, m\u00fcfetti\u015f, ba\u015fdenet\u00e7i, denet\u00e7i, ba\u015fkontrol\u00f6r, kontrol\u00f6r ve i\u00e7 denet\u00e7i kadrolar\u0131nda bulunanlar, T\u00fcrkiye B\u00fcy\u00fck Millet Meclisi yasama uzmanlar\u0131 ve stenograflar\u0131, Hazine M\u00fcste\u015farl\u0131\u011f\u0131 sigorta denetleme uzmanlar\u0131 ve akt\u00fcerleri, D\u0131\u015fi\u015fleri Meslek Memurlar\u0131 ile Konsolosluk ve \u0130htisas Memurlar\u0131, 14\/7\/1965 tarihli ve 657 say\u0131l\u0131 Devlet Memurlar\u0131 Kanununun 152 nci maddesinin \u2018II- Tazminatlar\u2019 k\u0131sm\u0131n\u0131n \u2018A- \u00d6zel Hizmet Tazminat\u0131\u2019 b\u00f6l\u00fcm\u00fcn\u00fcn (\u011f) bendinde yer alanlardan merkez te\u015fkilat\u0131na ait uzman unvanl\u0131 kadrolarda bulunanlar ve bunlar\u0131n yard\u0131mc\u0131lar\u0131,<br \/>\n3- Cumhurba\u015fkanl\u0131\u011f\u0131 Genel Sekreteri<br \/>\n4- Kamu Ba\u015fdenet\u00e7isi, TRT Genel M\u00fcd\u00fcr\u00fc, Y\u00d6K ve \u00d6SYM Ba\u015fkan\u0131, Y\u00fcksek\u00f6\u011fretim Y\u00fcr\u00fctme Kurulu \u00dcyeleri, Y\u00fcksek\u00f6\u011fretim Denetleme Kurulu Ba\u015fkan ve \u00fcyeleri, \u00d6SYM ba\u015fkan Yard\u0131mc\u0131lar\u0131,<\/p>\n<p>5- M\u0130AH s\u0131n\u0131f\u0131nda olanlardan, Merkezde g\u00f6revli di\u011fer Valiler, Kurul Ba\u015fkan\u0131, Genel M\u00fcd\u00fcr, Strateji Geli\u015ftirme Ba\u015fkan\u0131 ile bu g\u00f6revleri y\u00fcr\u00fcten merkezde g\u00f6revli Valiler, Birinci s\u0131n\u0131f olup 1 inci derecenin d\u00f6rd\u00fcnc\u00fc kademesinden ayl\u0131k alanlar, 1 inci dereceden ayl\u0131k alanlar, Di\u011ferleri (Kaymakam Adaylar\u0131 hari\u00e7)<\/p>\n<p>6- Cumhurba\u015fkan\u0131, T\u00fcrkiye B\u00fcy\u00fck Millet Meclisi Ba\u015fkan\u0131 ve Ba\u015fbakan\u0131n yak\u0131n koruma ve makam hizmetlerinde g\u00f6rev yapan personel<\/p>\n<p>7- Hazine ve Maliye Bakanl\u0131\u011f\u0131, Strateji ve B\u00fct\u00e7e Ba\u015fkanl\u0131\u011f\u0131 ile Gelir \u0130daresi Ba\u015fkanl\u0131\u011f\u0131nda \u00e7al\u0131\u015f\u0131p, yukar\u0131da say\u0131lan 1 ve 2 nolu k\u0131s\u0131mlara girenler. (Bunlara ayr\u0131ca en y\u00fcksek Devlet memuru ayl\u0131\u011f\u0131n\u0131n %200\u2019\u00fcn\u00fc ge\u00e7memek \u00fczere ilave ek \u00f6deme yap\u0131lacak)<\/p>\n<p>\u0130\u015fte Plan ve B\u00fct\u00e7e Komisyonunda kabul edilen \u00f6nerge<\/p>\n<p>G\u00f6r\u00fc\u015f\u00fclmekte olan 2026 Y\u0131l\u0131 Merkezi Y\u00f6netim B\u00fct\u00e7e Kanun Teklifi\u2019nin 4\u2019\u00fcnc\u00fc maddesi \u00e7er\u00e7evesinde bu Kanun\u2019a ba\u011fl\u0131 (K) i\u015faretli cetvelin \u201cIV. D\u0130\u011eER \u00d6DEMELER\u201d b\u00f6l\u00fcm\u00fcn\u00fcn sonuna a\u015fa\u011f\u0131daki h\u00fck\u00fcmlerin eklenmesini arz ve teklif ederiz<\/p>\n<p>\u201c17- (1) 375 say\u0131l\u0131 Kanun H\u00fckm\u00fcnde Kararnameye ekli (II) say\u0131l\u0131 Cetvelde s\u0131ras\u0131yla yer alan \u201c43.600\u201d, \u201c42.600\u201d, \u201c39.750\u201d, \u201c37.950\u201d, \u201c37.050\u201d, \u201c35.125\u201d, \u201c31.100\u201d, \u201c30.000\u201d, \u201c28.575\u201d, \u201c27.950\u201d, \u201c25.775\u201d, \u201c25.200\u201d, \u201c25.775\u201d tazminat g\u00f6stergeleri s\u0131ras\u0131yla \u201c89.900\u201d, \u201c86.650\u201d, \u201c85.550\u201d, \u201c82.750\u201d, \u201c82.250\u201d, \u201c74,625\u201d, \u201c70.000\u201d, \u201c68.900\u201d, \u201c60.575\u201d, \u201c56.200\u201d, \u201c51.875\u201d, \u201c49.800\u201d, \u201c27.000\u201d olarak, ekli (III) say\u0131l\u0131 cetvelde s\u0131ras\u0131yla yer alan \u201c25.560\u201d, \u201c23.870\u201d, \u201c22.475\u201d, \u201c21.625\u201d, \u201c21.000\u201d, \u201c20.250\u201d, \u201c19.550\u201d, \u201c16.800\u201d, \u201c20.500\u201d, \u201c19.650\u201d, \u201c18.925\u201d, \u201c18.250\u201d, \u201c17.950\u201d, \u201c17.300\u201d, \u201c16.650\u201d, \u201c14.225\u201d tazminat g\u00f6stergeleri ise s\u0131ras\u0131yla \u201c51.120\u201d, \u201c47.740\u201d, \u201c44.950\u201d, \u201c43.250\u201d, \u201c42.000\u201d, \u201c40.500\u201d, \u201c39.100\u201d, \u201c33.600\u201d, \u201c30.750\u201d, \u201c29.480\u201d, \u201c28.385\u201d, \u201c27.380\u201d, \u201c26.930\u201d, \u201c25.950\u201d, \u201c24.980\u201d, \u201c21.335\u201d olarak uygulan\u0131r. Bu f\u0131kraya g\u00f6re \u00f6deme yap\u0131lanlar hakk\u0131nda 375 say\u0131l\u0131 Kanun H\u00fckm\u00fcnde Kararnamenin ek 38 inci maddesinin birinci f\u0131kras\u0131 ayr\u0131ca uygulanmaz.<\/p>\n<p>(2) 375 say\u0131l\u0131 Kanun H\u00fckm\u00fcnde Kararnamenin ek 38 inci maddesinin ikinci f\u0131kras\u0131nda yer alan \u201c16.000\u201d ibaresi \u201c50.000\u201d \u015fekilde uygulan\u0131r.<\/p>\n<p>(3) Kamu Ba\u015fdenet\u00e7isi ve T\u00fcrkiye Radyo \u2013 Televizyon Kurumu Genel M\u00fcd\u00fcr\u00fcne 32.000 g\u00f6sterge rakam\u0131n\u0131n, Y\u00fcksek\u00f6\u011fretim Kurulu Ba\u015fkan\u0131na 20.000 g\u00f6sterge rakam\u0131n\u0131n, Y\u00fcksek\u00f6\u011fretim Y\u00fcr\u00fctme Kurulu \u00dcyeleri, Y\u00fcksek\u00f6\u011fretim Denetleme Kurulu Ba\u015fkan ve \u00fcyeleri ile \u00d6l\u00e7me, Se\u00e7me ve Yerle\u015ftirme Merkezi Ba\u015fkan\u0131 ve ba\u015fkan yard\u0131mc\u0131s\u0131 g\u00f6revlerine atananlara ise 16.000 g\u00f6sterge rakam\u0131n\u0131n memur ayl\u0131k katsay\u0131s\u0131 ile \u00e7arp\u0131m\u0131 sonucu bulunacak tutarda ek tazminat \u00f6denir. Bu \u00f6deme, 4\/11\/1981 tarihli ve 2547 say\u0131l\u0131 Kanunun 8 inci maddesinin alt\u0131nc\u0131 f\u0131kras\u0131 ile 17\/2\/2011 tarihli ve 6114 say\u0131l\u0131 Kanunun 6 nc\u0131 maddesinin ikinci f\u0131kras\u0131n\u0131n uygulanmas\u0131nda dikkate al\u0131nmaz. Bu \u00f6demenin hak kazan\u0131lmas\u0131nda ve yap\u0131lmas\u0131nda ayl\u0131klara ili\u015fkin h\u00fck\u00fcmler uygulan\u0131r. Bu \u00f6demeden damga vergisi hari\u00e7 herhangi bir vergi ve kesinti yap\u0131lmaz. (4) 9\/6\/1930 tarihli ve 1700 say\u0131l\u0131 Kanunun ek 5 inci maddesinde yer alan \u201c168\u201d, \u201c218\u201d, \u201c260\u201d, \u201c150\u201d, \u201c217\u201d oranlar\u0131 s\u0131ras\u0131yla \u201c242\u201d, \u201c242\u201d, \u201c158\u201d, \u201c80\u201d, \u201c80\u201d puanlar\u0131 ilave edilmek suretiyle uygulan\u0131r.\u201d<\/p>\n<p>\u201c18- 375 say\u0131l\u0131 Kanun H\u00fckm\u00fcnde Kararnamenin ek 14 \u00fcnc\u00fc maddesinden yararlananlardan; haklar\u0131nda an\u0131lan Kanun H\u00fckm\u00fcnde Kararnamenin ek 34 \u00fcnc\u00fc maddesinin birinci f\u0131kras\u0131 h\u00fckm\u00fc uygulananlar, ayn\u0131 Kanun H\u00fckm\u00fcnde Kararnameye ekli (II) ve (III) say\u0131l\u0131 Cetvellerde yer alan kadrolarda bulunanlar, mali haklar\u0131 mevzuat\u0131 uyar\u0131nca an\u0131lan Cetvellerde yer alan kadrolar esas veya emsal al\u0131nmak suretiyle belirlenenler ile 17\/8\/1983 tarihli ve 2879 say\u0131l\u0131 Kanunun ge\u00e7ici 3 \u00fcnc\u00fc maddesinin birinci f\u0131kras\u0131nda belirtilen unvanlarda yer alanlar (hakimlik ve savc\u0131l\u0131k mesleklerinden say\u0131lanlar dahil) hakk\u0131nda al\u0131nan maddede \u00f6ng\u00f6r\u00fclen %200 oran\u0131 %400 olarak uygulan\u0131r.\u201d<\/p>\n<p>\u201c19- Hazine ve Maliye Bakanl\u0131\u011f\u0131, Strateji ve B\u00fct\u00e7e Ba\u015fkanl\u0131\u011f\u0131 ile Gelir \u0130daresi Ba\u015fkanl\u0131\u011f\u0131 merkez te\u015fkilat\u0131n\u0131n 375 say\u0131l\u0131 Kanun H\u00fckm\u00fcnde Kararnameye ekli (II) ve (III) say\u0131l\u0131 Cetvellerde yer alan kadrolar\u0131nda bulunanlar ile bu idarelerin kadrolar\u0131nda olup mali haklar\u0131 mevzuat\u0131 uyar\u0131nca an\u0131lan Cetvellerde yer alan kadrolar esas veya emsal al\u0131nmak suretiyle belirlenenlerden; temel makro plan ve programlar\u0131n haz\u0131rlanmas\u0131na, b\u00fct\u00e7e, kamu gelir ve harcama politikalar\u0131n\u0131n planlama ve uygulama s\u00fcre\u00e7lerinin geli\u015ftirilmesine, mali disiplinin g\u00fc\u00e7lendirilmesine, mali y\u00f6netim ve kontrol faaliyetlerinde etkinli\u011fin art\u0131r\u0131lmas\u0131na, politika, ilke ve stratejilerin belirlenmesine y\u00f6nelik g\u00f6revler ile bu kadrolarda olup ilgili mevzuat\u0131nda an\u0131lan Bakanl\u0131k ve Ba\u015fkanl\u0131klara verilmi\u015f di\u011fer g\u00f6revleri y\u00fcr\u00fctenlere en y\u00fcksek Devlet memuru ayl\u0131\u011f\u0131n\u0131n %200\u2019\u00fcn\u00fc ge\u00e7memek \u00fczere ilave ek \u00f6deme yap\u0131l\u0131r.<\/p>\n<p>Bu \u00f6demeden damga vergisi hari\u00e7 herhangi bir vergi ve kesinti yap\u0131lmaz.<\/p>\n<p>Bu madde uyar\u0131nca yap\u0131lacak \u00f6deme, mali haklar\u0131 mevzuat\u0131 uyar\u0131nca bu madde kapsam\u0131na dahil unvanlar esas veya emsal al\u0131nmak suretiyle belirlenenler bak\u0131m\u0131ndan, mali haklar\u0131n\u0131n belirlenmesine esas \u00f6deme unsurlar\u0131n\u0131n kapsam veya hesab\u0131na dahil edilmez.<\/p>\n<p>Bu \u00f6demenin miktar\u0131 ile usul ve esaslar\u0131n\u0131; g\u00f6rev yap\u0131lan birim, kadro veya g\u00f6rev unvan\u0131, g\u00f6revin \u00f6nem ve niteli\u011fi gibi kriterleri birlikte veya ayr\u0131 ayr\u0131 dikkate almak suretiyle tespit etmeye Cumhurba\u015fkan\u0131 yetkilidir.\u201d<\/p>\n<p>\u201c20- 5018 say\u0131l\u0131 Kamu Mali Y\u00f6netimi ve Kontrol Kanununa ekli (III) say\u0131l\u0131 Cetvelde say\u0131lan d\u00fczenleyici ve denetleyici kurumlar\u0131n 375 say\u0131l\u0131 Kanun H\u00fckm\u00fcnde Kararnamenin ek 11 inci maddesi uyar\u0131nca mali haklar\u0131 an\u0131lan Kanun H\u00fckm\u00fcnde Kararnameye ekli (II) ve (III) say\u0131l\u0131 Cetvellerde yer alan kadro unvanlar\u0131 emsal al\u0131nmak suretiyle belirlenen kadro veya pozisyonlar\u0131nda (ge\u00e7ici 10 uncu maddenin birinci f\u0131kras\u0131n\u0131n (a) bendine tabi olanlar dahil) fiilen g\u00f6rev yapanlara en y\u00fcksek Devlet memuru ayl\u0131\u011f\u0131n\u0131n %200\u2019\u00fcn\u00fc ge\u00e7memek \u00fczere ilave ek \u00f6deme yap\u0131l\u0131r.<br \/>\nBu \u00f6demeden damga vergisi hari\u00e7 herhangi bir vergi ve kesinti yap\u0131lmaz.<br \/>\nBu madde uyar\u0131nca yap\u0131lacak \u00f6deme, mali haklar\u0131 mevzuat\u0131 uyar\u0131nca bu madde kapsam\u0131na dahil unvanlar esas veya emsal al\u0131nmak suretiyle belirlenenler bak\u0131m\u0131ndan, mali haklar\u0131n\u0131n belirlenmesine esas \u00f6deme unsurlar\u0131n\u0131n kapsam veya hesab\u0131na dahil edilmez.<br \/>\nBu \u00f6demenin miktar\u0131 ile usul ve esaslar\u0131n\u0131; g\u00f6rev yap\u0131lan birim, kadro veya g\u00f6rev unvan\u0131, g\u00f6revin \u00f6nem ve niteli\u011fi gibi kriterleri birlikte veya ayr\u0131 ayr\u0131 dikkate almak suretiyle tespit etmeye Cumhurba\u015fkan\u0131 yetkilidir.\u201d<\/p>\n<p>Kaynak : sozcu.com.tr<\/p>\n"},"alt_text":"","media_type":"image","mime_type":"image\/jpeg","media_details":{"width":1200,"height":675,"file":"2025\/12\/1-17.jpg","sizes":{"medium":{"file":"1-17-300x169.jpg","width":300,"height":169,"mime_type":"image\/jpeg","source_url":"https:\/\/kilosorunum.com\/habercim\/wp-content\/uploads\/2025\/12\/1-17-300x169.jpg"},"large":{"file":"1-17-1024x576.jpg","width":1024,"height":576,"mime_type":"image\/jpeg","source_url":"https:\/\/kilosorunum.com\/habercim\/wp-content\/uploads\/2025\/12\/1-17-1024x576.jpg"},"thumbnail":{"file":"1-17-150x150.jpg","width":150,"height":150,"mime_type":"image\/jpeg","source_url":"https:\/\/kilosorunum.com\/habercim\/wp-content\/uploads\/2025\/12\/1-17-150x150.jpg"},"medium_large":{"file":"1-17-768x432.jpg","width":768,"height":432,"mime_type":"image\/jpeg","source_url":"https:\/\/kilosorunum.com\/habercim\/wp-content\/uploads\/2025\/12\/1-17-768x432.jpg"},"kucukResim":{"file":"1-17-80x50.jpg","width":80,"height":50,"mime_type":"image\/jpeg","source_url":"https:\/\/kilosorunum.com\/habercim\/wp-content\/uploads\/2025\/12\/1-17-80x50.jpg"},"sliderResim":{"file":"1-17-670x330.jpg","width":670,"height":330,"mime_type":"image\/jpeg","source_url":"https:\/\/kilosorunum.com\/habercim\/wp-content\/uploads\/2025\/12\/1-17-670x330.jpg"},"resim1":{"file":"1-17-184x140.jpg","width":184,"height":140,"mime_type":"image\/jpeg","source_url":"https:\/\/kilosorunum.com\/habercim\/wp-content\/uploads\/2025\/12\/1-17-184x140.jpg"},"resim2":{"file":"1-17-216x103.jpg","width":216,"height":103,"mime_type":"image\/jpeg","source_url":"https:\/\/kilosorunum.com\/habercim\/wp-content\/uploads\/2025\/12\/1-17-216x103.jpg"},"resim3":{"file":"1-17-145x70.jpg","width":145,"height":70,"mime_type":"image\/jpeg","source_url":"https:\/\/kilosorunum.com\/habercim\/wp-content\/uploads\/2025\/12\/1-17-145x70.jpg"},"sagSlider":{"file":"1-17-300x150.jpg","width":300,"height":150,"mime_type":"image\/jpeg","source_url":"https:\/\/kilosorunum.com\/habercim\/wp-content\/uploads\/2025\/12\/1-17-300x150.jpg"},"yeniSlider":{"file":"1-17-500x290.jpg","width":500,"height":290,"mime_type":"image\/jpeg","source_url":"https:\/\/kilosorunum.com\/habercim\/wp-content\/uploads\/2025\/12\/1-17-500x290.jpg"},"full":{"file":"1-17.jpg","width":1200,"height":675,"mime_type":"image\/jpeg","source_url":"https:\/\/kilosorunum.com\/habercim\/wp-content\/uploads\/2025\/12\/1-17.jpg"}},"image_meta":{"aperture":"0","credit":"","camera":"","caption":"","created_timestamp":"0","copyright":"","focal_length":"0","iso":"0","shutter_speed":"0","title":"","orientation":"0","keywords":[]}},"post":40883,"source_url":"https:\/\/kilosorunum.com\/habercim\/wp-content\/uploads\/2025\/12\/1-17.jpg","_links":{"self":[{"href":"https:\/\/kilosorunum.com\/habercim\/wp-json\/wp\/v2\/media\/40885"}],"collection":[{"href":"https:\/\/kilosorunum.com\/habercim\/wp-json\/wp\/v2\/media"}],"about":[{"href":"https:\/\/kilosorunum.com\/habercim\/wp-json\/wp\/v2\/types\/attachment"}],"author":[{"embeddable":true,"href":"https:\/\/kilosorunum.com\/habercim\/wp-json\/wp\/v2\/users\/2"}],"replies":[{"embeddable":true,"href":"https:\/\/kilosorunum.com\/habercim\/wp-json\/wp\/v2\/comments?post=40885"}]}}