{"id":40995,"date":"2025-12-06T01:35:34","date_gmt":"2025-12-05T22:35:34","guid":{"rendered":"https:\/\/kilosorunum.com\/habercim\/wp-content\/uploads\/2025\/12\/1-52.jpg"},"modified":"2025-12-06T01:36:26","modified_gmt":"2025-12-05T22:36:26","slug":"1-4571","status":"inherit","type":"attachment","link":"https:\/\/kilosorunum.com\/habercim\/foto-galeri\/muge-anli-canli-yayininda\/attachment\/1-4571\/","title":{"rendered":"M\u00fcge Anl\u0131 canl\u0131 yay\u0131n\u0131nda"},"author":2,"comment_status":"open","ping_status":"closed","template":"","meta":[],"description":{"rendered":"<p class=\"attachment\"><a href='https:\/\/kilosorunum.com\/habercim\/wp-content\/uploads\/2025\/12\/1-52.jpg'><img width=\"300\" height=\"169\" src=\"https:\/\/kilosorunum.com\/habercim\/wp-content\/uploads\/2025\/12\/1-52-300x169.jpg\" class=\"attachment-medium size-medium\" alt=\"\" loading=\"lazy\" srcset=\"https:\/\/kilosorunum.com\/habercim\/wp-content\/uploads\/2025\/12\/1-52-300x169.jpg 300w, https:\/\/kilosorunum.com\/habercim\/wp-content\/uploads\/2025\/12\/1-52-1024x576.jpg 1024w, https:\/\/kilosorunum.com\/habercim\/wp-content\/uploads\/2025\/12\/1-52-768x432.jpg 768w, https:\/\/kilosorunum.com\/habercim\/wp-content\/uploads\/2025\/12\/1-52.jpg 1200w\" sizes=\"(max-width: 300px) 100vw, 300px\" \/><\/a><\/p>\n"},"caption":{"rendered":"<p>44 ya\u015f\u0131ndaki d\u00f6rt \u00e7ocuk babas\u0131 Sami K\u0131rku\u015fu\u2019nun \u015f\u00fcpheli \u00f6l\u00fcm\u00fc M\u00fcge Anl\u0131\u2019n\u0131n program\u0131nda ara\u015ft\u0131r\u0131lmaya devam ediyor. K\u0131rku\u015fu ile 20 y\u0131ll\u0131k ge\u00e7mi\u015fi olan Sibel Y\u0131lmaz, canl\u0131 yay\u0131nda itiraf niteli\u011finde a\u00e7\u0131klamalarda bulundu. \u2018Bug\u00fcne kadar korktum, ger\u00e7ekleri anlatamad\u0131m\u2019 diye Y\u0131lmaz, olay g\u00fcn\u00fcn\u00fc anlatt\u0131. Antalya\u2019n\u0131n Muratpa\u015fa il\u00e7esinde Falez Park\u0131\u2019nda kayal\u0131klar\u0131n aras\u0131nda hareketsiz yatan bir erkek cesedinin Sami K\u0131rku\u015fu\u2019na ait oldu\u011fu belirlendi.<br \/>\nAdli Tip Kurumu\u2019nun incelemesine g\u00f6re Sami K\u0131rku\u015fu\u2019nun yakla\u015f\u0131k be\u015f metrelik y\u00fckseklikten d\u00fc\u015ferek hayat\u0131n\u0131 kaybetti\u011fi, v\u00fccudunda k\u0131r\u0131klar oldu\u011fu tespit edildi. Sami K\u0131rku\u015fu\u2019nun ani \u00f6l\u00fcm\u00fc, ailesi taraf\u0131ndan normal bir d\u00fc\u015fme vakas\u0131 olarak de\u011ferlendirilmedi. Bunun \u00fczerine aile, olay\u0131n detayl\u0131 \u015fekilde ara\u015ft\u0131r\u0131lmas\u0131 i\u00e7in M\u00fcge Anl\u0131\u2019n\u0131n kap\u0131s\u0131n\u0131 \u00e7ald\u0131. Sami K\u0131rku\u015fu\u2019nun e\u015fi Cemile K\u0131rku\u015fu, kocas\u0131n\u0131n 20 y\u0131l \u00f6nce ili\u015fki ya\u015fad\u0131\u011f\u0131 evli kad\u0131n Sibel Y\u0131lmaz ile yeniden g\u00f6r\u00fc\u015ft\u00fc\u011f\u00fcn\u00fc ve bu ili\u015fkinin \u00f6l\u00fcmle ba\u011flant\u0131l\u0131 olabilece\u011fini iddia etti. Programda payla\u015f\u0131lan g\u00f6r\u00fcnt\u00fclerde Sami K\u0131rku\u015fu ile Sibel Y\u0131lmaz\u2019\u0131n birlikte yemek yedi\u011fi anlar yer ald\u0131. Bu g\u00f6r\u00fcnt\u00fcler, \u201cE\u011fer yuvas\u0131n\u0131 y\u0131kmak istemiyorsa neden birlikte sofra kurdular?\u201d sorusunu g\u00fcndeme ta\u015f\u0131d\u0131. Olay\u0131n \u00f6nemli isimlerinden biri de Sibel Y\u0131lmaz\u2019\u0131n k\u0131z\u0131 Seyhan Y\u00fcksel oldu. Y\u00fcksel, annesinin yasak ili\u015fkisini Sami K\u0131rku\u015fu\u2019nun \u00f6l\u00fcm\u00fcnden yaln\u0131zca 10 g\u00fcn \u00f6nce \u00f6\u011frendi\u011fini s\u00f6yledi.<br \/>\nYasak ili\u015fkiyi onaylamad\u0131\u011f\u0131n\u0131 s\u00f6yleyen Seyhan Y\u00fcksel, \u201c\u00d6l\u00fcm\u00fcnden \u00fc\u00e7 g\u00fcn \u00f6nce Sami ile kar\u015f\u0131la\u015ft\u0131k ama beni g\u00f6r\u00fcnce sakland\u0131\u201d dedi. Program\u0131n en \u00e7arp\u0131c\u0131 iddialar\u0131ndan biri, ismi gizli tutulan bir tan\u0131\u011f\u0131n a\u00e7\u0131klamalar\u0131 oldu. Tan\u0131k Seyhan Y\u00fcksel\u2019in yalan s\u00f6yledi\u011fini iddia etti. Bu a\u00e7\u0131klamalar, olay\u0131n basit bir d\u00fc\u015fme vakas\u0131 olmad\u0131\u011f\u0131n\u0131, \u00f6ncesinde birtak\u0131m ili\u015fkiler, \u00e7at\u0131\u015fmalar ve gizlenen bulu\u015fmalar oldu\u011funu d\u00fc\u015f\u00fcnd\u00fcrd\u00fc.<br \/>\nSami K\u0131rku\u015fu\u2019nun evli sevgilisiyle g\u00f6r\u00fcnt\u00fclerinin \u00e7\u0131kmas\u0131n\u0131n ard\u0131ndan e\u015fi Cemile K\u0131rku\u015fu, canl\u0131 yay\u0131nda b\u00fcy\u00fck bir y\u0131k\u0131m ya\u015fad\u0131. Y\u0131llard\u0131r ihanete u\u011frad\u0131\u011f\u0131n\u0131 s\u00f6yleyen Cemile K\u0131rku\u015fu, g\u00f6zya\u015flar\u0131n\u0131 tutamad\u0131 ve st\u00fcdyoda sinir krizi ge\u00e7irdi. Olay\u0131n bir \u201ckaza m\u0131, intihar m\u0131, yoksa cinayet mi?\u201d oldu\u011funun netle\u015fmesi i\u00e7in soru\u015fturma s\u00fcrerken, K\u0131rku\u015fu\u2019nun 20 y\u0131l \u00f6nce ili\u015fki ya\u015fad\u0131\u011f\u0131 ve son d\u00f6nemde yeniden g\u00f6r\u00fc\u015ft\u00fc\u011f\u00fc sevgilisi Sibel Y\u0131lmaz, M\u00fcge Anl\u0131\u2019ya itiraf niteli\u011finde a\u00e7\u0131klamalarda bulundu. Y\u0131lmaz, olay g\u00fcn\u00fc ya\u015fananlar\u0131 detayl\u0131 \u015fekilde anlatt\u0131: \u201cHi\u00e7bir insan sevdi\u011fi birinin can\u0131na k\u0131yamaz. Evet oradayd\u0131k, Sami ile konu\u015ftuk. Sami s\u00fcrekli Seyhan\u2019\u0131 (Sibel Y\u0131lmaz\u2019\u0131n k\u0131z\u0131) ikna edece\u011fine inan\u0131yordu. Telefonu masan\u0131n \u00fczerindeydi ve Seyhan\u2019\u0131n numaras\u0131n\u0131 ekrana yazd\u0131. Bir anda heyecanland\u0131, korktu\u2026 Sonra \u2018Bekle, tuvalete gidece\u011fim\u2019 dedi. Daha sonra falezlerin arka taraf\u0131na ge\u00e7ti\u011fini g\u00f6rd\u00fcm ve \u00e7ok korktum. \u2018Nas\u0131l olsa benim arkamdan gelecek\u2019 diye d\u00fc\u015f\u00fcnd\u00fcm, daha \u00f6nce de yap\u0131yordu. D\u00fc\u015ft\u00fc\u011f\u00fcn\u00fc g\u00f6rmedim\u201d Y\u0131lmaz ayr\u0131ca, olay\u0131 neden polise anlatmad\u0131\u011f\u0131yla ilgili olarak da \u201cBenden bilirler diye ger\u00e7ekleri anlatamad\u0131m\u201d itiraf\u0131nda bulundu.<\/p>\n<p>Kaynak : ahaber.com.tr<\/p>\n"},"alt_text":"","media_type":"image","mime_type":"image\/jpeg","media_details":{"width":1200,"height":675,"file":"2025\/12\/1-52.jpg","sizes":{"medium":{"file":"1-52-300x169.jpg","width":300,"height":169,"mime_type":"image\/jpeg","source_url":"https:\/\/kilosorunum.com\/habercim\/wp-content\/uploads\/2025\/12\/1-52-300x169.jpg"},"large":{"file":"1-52-1024x576.jpg","width":1024,"height":576,"mime_type":"image\/jpeg","source_url":"https:\/\/kilosorunum.com\/habercim\/wp-content\/uploads\/2025\/12\/1-52-1024x576.jpg"},"thumbnail":{"file":"1-52-150x150.jpg","width":150,"height":150,"mime_type":"image\/jpeg","source_url":"https:\/\/kilosorunum.com\/habercim\/wp-content\/uploads\/2025\/12\/1-52-150x150.jpg"},"medium_large":{"file":"1-52-768x432.jpg","width":768,"height":432,"mime_type":"image\/jpeg","source_url":"https:\/\/kilosorunum.com\/habercim\/wp-content\/uploads\/2025\/12\/1-52-768x432.jpg"},"kucukResim":{"file":"1-52-80x50.jpg","width":80,"height":50,"mime_type":"image\/jpeg","source_url":"https:\/\/kilosorunum.com\/habercim\/wp-content\/uploads\/2025\/12\/1-52-80x50.jpg"},"sliderResim":{"file":"1-52-670x330.jpg","width":670,"height":330,"mime_type":"image\/jpeg","source_url":"https:\/\/kilosorunum.com\/habercim\/wp-content\/uploads\/2025\/12\/1-52-670x330.jpg"},"resim1":{"file":"1-52-184x140.jpg","width":184,"height":140,"mime_type":"image\/jpeg","source_url":"https:\/\/kilosorunum.com\/habercim\/wp-content\/uploads\/2025\/12\/1-52-184x140.jpg"},"resim2":{"file":"1-52-216x103.jpg","width":216,"height":103,"mime_type":"image\/jpeg","source_url":"https:\/\/kilosorunum.com\/habercim\/wp-content\/uploads\/2025\/12\/1-52-216x103.jpg"},"resim3":{"file":"1-52-145x70.jpg","width":145,"height":70,"mime_type":"image\/jpeg","source_url":"https:\/\/kilosorunum.com\/habercim\/wp-content\/uploads\/2025\/12\/1-52-145x70.jpg"},"sagSlider":{"file":"1-52-300x150.jpg","width":300,"height":150,"mime_type":"image\/jpeg","source_url":"https:\/\/kilosorunum.com\/habercim\/wp-content\/uploads\/2025\/12\/1-52-300x150.jpg"},"yeniSlider":{"file":"1-52-500x290.jpg","width":500,"height":290,"mime_type":"image\/jpeg","source_url":"https:\/\/kilosorunum.com\/habercim\/wp-content\/uploads\/2025\/12\/1-52-500x290.jpg"},"full":{"file":"1-52.jpg","width":1200,"height":675,"mime_type":"image\/jpeg","source_url":"https:\/\/kilosorunum.com\/habercim\/wp-content\/uploads\/2025\/12\/1-52.jpg"}},"image_meta":{"aperture":"0","credit":"","camera":"","caption":"","created_timestamp":"0","copyright":"","focal_length":"0","iso":"0","shutter_speed":"0","title":"","orientation":"0","keywords":[]}},"post":40993,"source_url":"https:\/\/kilosorunum.com\/habercim\/wp-content\/uploads\/2025\/12\/1-52.jpg","_links":{"self":[{"href":"https:\/\/kilosorunum.com\/habercim\/wp-json\/wp\/v2\/media\/40995"}],"collection":[{"href":"https:\/\/kilosorunum.com\/habercim\/wp-json\/wp\/v2\/media"}],"about":[{"href":"https:\/\/kilosorunum.com\/habercim\/wp-json\/wp\/v2\/types\/attachment"}],"author":[{"embeddable":true,"href":"https:\/\/kilosorunum.com\/habercim\/wp-json\/wp\/v2\/users\/2"}],"replies":[{"embeddable":true,"href":"https:\/\/kilosorunum.com\/habercim\/wp-json\/wp\/v2\/comments?post=40995"}]}}