{"id":41048,"date":"2025-12-07T21:52:04","date_gmt":"2025-12-07T18:52:04","guid":{"rendered":"https:\/\/kilosorunum.com\/habercim\/wp-content\/uploads\/2025\/12\/1-69.jpg"},"modified":"2025-12-07T21:52:38","modified_gmt":"2025-12-07T18:52:38","slug":"1-4588","status":"inherit","type":"attachment","link":"https:\/\/kilosorunum.com\/habercim\/foto-galeri\/13-ilimiz-icin-hava-durumu-raporu\/attachment\/1-4588\/","title":{"rendered":"13 ilimiz i\u00e7in hava durumu raporu"},"author":2,"comment_status":"open","ping_status":"closed","template":"","meta":[],"description":{"rendered":"<p class=\"attachment\"><a href='https:\/\/kilosorunum.com\/habercim\/wp-content\/uploads\/2025\/12\/1-69.jpg'><img width=\"300\" height=\"169\" src=\"https:\/\/kilosorunum.com\/habercim\/wp-content\/uploads\/2025\/12\/1-69-300x169.jpg\" class=\"attachment-medium size-medium\" alt=\"\" loading=\"lazy\" srcset=\"https:\/\/kilosorunum.com\/habercim\/wp-content\/uploads\/2025\/12\/1-69-300x169.jpg 300w, https:\/\/kilosorunum.com\/habercim\/wp-content\/uploads\/2025\/12\/1-69-1024x576.jpg 1024w, https:\/\/kilosorunum.com\/habercim\/wp-content\/uploads\/2025\/12\/1-69-768x432.jpg 768w, https:\/\/kilosorunum.com\/habercim\/wp-content\/uploads\/2025\/12\/1-69.jpg 1200w\" sizes=\"(max-width: 300px) 100vw, 300px\" \/><\/a><\/p>\n"},"caption":{"rendered":"<p>Meteoroloji Genel M\u00fcd\u00fcrl\u00fc\u011f\u00fc taraf\u0131ndan yap\u0131lan tahminlere g\u00f6re: \u00dclkemiz genelinin \u00e7ok bulutlu, G\u00fcney Ege ile \u00c7anakkale, \u0130zmir, Zonguldak, Bolu ve Karab\u00fck \u00e7evreleri d\u0131\u015f\u0131nda kalan b\u00fct\u00fcn b\u00f6lgelerimizin aral\u0131kl\u0131 ya\u011f\u0131\u015fl\u0131 ge\u00e7ece\u011fi tahmin ediliyor. Genellikle ya\u011fmur ve sa\u011fanak, Akdeniz k\u0131y\u0131lar\u0131nda yer yer g\u00f6k g\u00fcr\u00fclt\u00fcl\u00fc sa\u011fanak, Do\u011fu Karadeniz\u2019in i\u00e7 kesimlerinin y\u00fcksekleri ile Do\u011fu Anadolu\u2019nun kuzey ve do\u011fusunda karla kar\u0131\u015f\u0131k ya\u011fmur ve yer yer kar \u015feklinde g\u00f6r\u00fclecek olan ya\u011f\u0131\u015flar\u0131n; Do\u011fu Anadolu\u2019nun g\u00fcney ve bat\u0131s\u0131, G\u00fcneydo\u011fu Anadolu\u2019nun kuzeyi ile K\u0131rklareli, \u0130stanbul, Bursa, Bal\u0131kesir ve Yalova \u00e7evreleri, Antalya\u2019n\u0131n do\u011fu k\u0131y\u0131lar\u0131, Erzurum\u2019un g\u00fcneyinde kuvvetli, Hakkari ve \u015e\u0131rnak \u00e7evrelerinde yer yer \u00e7ok kuvvetli olmas\u0131 bekleniyor. Do\u011fu Karadeniz\u2019in i\u00e7 kesimleri ile Do\u011fu Anadolu\u2019nun kuzey ve do\u011fusunda buzlanma ve don olay\u0131 g\u00f6r\u00fclece\u011fi tahmin ediliyor. Sabah ve gece saatlerinde \u0130\u00e7 Ege, \u0130\u00e7 Anadolu ve Bat\u0131 Karadeniz\u2019in i\u00e7 kesimlerinde pus ve yer yer sis bekleniyor.<\/p>\n<p>KUVVETL\u0130 YA\u011eI\u015e UYARISI: Ya\u011f\u0131\u015flar\u0131n, Do\u011fu Anadolu\u2019nun g\u00fcney ve bat\u0131s\u0131, G\u00fcneydo\u011fu Anadolu\u2019nun kuzeyi ile K\u0131rklareli, \u0130stanbul, Bursa, Bal\u0131kesir ve Yalova \u00e7evreleri, Antalya\u2019n\u0131n do\u011fu k\u0131y\u0131lar\u0131, Erzurum\u2019un g\u00fcneyinde kuvvetli, Hakkari ve \u015e\u0131rnak \u00e7evrelerinde yer yer \u00e7ok kuvvetli olmas\u0131 beklendi\u011finden ya\u015fanabilecek olumsuzluklara kar\u015f\u0131 dikkatli ve tedbirli olunmas\u0131 gerekmektedir.<\/p>\n<p>Kaynak : milliyet.com.tr<\/p>\n"},"alt_text":"","media_type":"image","mime_type":"image\/jpeg","media_details":{"width":1200,"height":675,"file":"2025\/12\/1-69.jpg","sizes":{"medium":{"file":"1-69-300x169.jpg","width":300,"height":169,"mime_type":"image\/jpeg","source_url":"https:\/\/kilosorunum.com\/habercim\/wp-content\/uploads\/2025\/12\/1-69-300x169.jpg"},"large":{"file":"1-69-1024x576.jpg","width":1024,"height":576,"mime_type":"image\/jpeg","source_url":"https:\/\/kilosorunum.com\/habercim\/wp-content\/uploads\/2025\/12\/1-69-1024x576.jpg"},"thumbnail":{"file":"1-69-150x150.jpg","width":150,"height":150,"mime_type":"image\/jpeg","source_url":"https:\/\/kilosorunum.com\/habercim\/wp-content\/uploads\/2025\/12\/1-69-150x150.jpg"},"medium_large":{"file":"1-69-768x432.jpg","width":768,"height":432,"mime_type":"image\/jpeg","source_url":"https:\/\/kilosorunum.com\/habercim\/wp-content\/uploads\/2025\/12\/1-69-768x432.jpg"},"kucukResim":{"file":"1-69-80x50.jpg","width":80,"height":50,"mime_type":"image\/jpeg","source_url":"https:\/\/kilosorunum.com\/habercim\/wp-content\/uploads\/2025\/12\/1-69-80x50.jpg"},"sliderResim":{"file":"1-69-670x330.jpg","width":670,"height":330,"mime_type":"image\/jpeg","source_url":"https:\/\/kilosorunum.com\/habercim\/wp-content\/uploads\/2025\/12\/1-69-670x330.jpg"},"resim1":{"file":"1-69-184x140.jpg","width":184,"height":140,"mime_type":"image\/jpeg","source_url":"https:\/\/kilosorunum.com\/habercim\/wp-content\/uploads\/2025\/12\/1-69-184x140.jpg"},"resim2":{"file":"1-69-216x103.jpg","width":216,"height":103,"mime_type":"image\/jpeg","source_url":"https:\/\/kilosorunum.com\/habercim\/wp-content\/uploads\/2025\/12\/1-69-216x103.jpg"},"resim3":{"file":"1-69-145x70.jpg","width":145,"height":70,"mime_type":"image\/jpeg","source_url":"https:\/\/kilosorunum.com\/habercim\/wp-content\/uploads\/2025\/12\/1-69-145x70.jpg"},"sagSlider":{"file":"1-69-300x150.jpg","width":300,"height":150,"mime_type":"image\/jpeg","source_url":"https:\/\/kilosorunum.com\/habercim\/wp-content\/uploads\/2025\/12\/1-69-300x150.jpg"},"yeniSlider":{"file":"1-69-500x290.jpg","width":500,"height":290,"mime_type":"image\/jpeg","source_url":"https:\/\/kilosorunum.com\/habercim\/wp-content\/uploads\/2025\/12\/1-69-500x290.jpg"},"full":{"file":"1-69.jpg","width":1200,"height":675,"mime_type":"image\/jpeg","source_url":"https:\/\/kilosorunum.com\/habercim\/wp-content\/uploads\/2025\/12\/1-69.jpg"}},"image_meta":{"aperture":"0","credit":"","camera":"","caption":"","created_timestamp":"0","copyright":"","focal_length":"0","iso":"0","shutter_speed":"0","title":"","orientation":"0","keywords":[]}},"post":41046,"source_url":"https:\/\/kilosorunum.com\/habercim\/wp-content\/uploads\/2025\/12\/1-69.jpg","_links":{"self":[{"href":"https:\/\/kilosorunum.com\/habercim\/wp-json\/wp\/v2\/media\/41048"}],"collection":[{"href":"https:\/\/kilosorunum.com\/habercim\/wp-json\/wp\/v2\/media"}],"about":[{"href":"https:\/\/kilosorunum.com\/habercim\/wp-json\/wp\/v2\/types\/attachment"}],"author":[{"embeddable":true,"href":"https:\/\/kilosorunum.com\/habercim\/wp-json\/wp\/v2\/users\/2"}],"replies":[{"embeddable":true,"href":"https:\/\/kilosorunum.com\/habercim\/wp-json\/wp\/v2\/comments?post=41048"}]}}