{"id":41053,"date":"2025-12-08T01:13:57","date_gmt":"2025-12-07T22:13:57","guid":{"rendered":"https:\/\/kilosorunum.com\/habercim\/wp-content\/uploads\/2025\/12\/1-71.jpg"},"modified":"2025-12-08T01:14:38","modified_gmt":"2025-12-07T22:14:38","slug":"1-4590","status":"inherit","type":"attachment","link":"https:\/\/kilosorunum.com\/habercim\/foto-galeri\/afad-duyurdu-3\/attachment\/1-4590\/","title":{"rendered":"AFAD DUYURDU"},"author":2,"comment_status":"open","ping_status":"closed","template":"","meta":[],"description":{"rendered":"<p class=\"attachment\"><a href='https:\/\/kilosorunum.com\/habercim\/wp-content\/uploads\/2025\/12\/1-71.jpg'><img width=\"300\" height=\"169\" src=\"https:\/\/kilosorunum.com\/habercim\/wp-content\/uploads\/2025\/12\/1-71-300x169.jpg\" class=\"attachment-medium size-medium\" alt=\"\" loading=\"lazy\" srcset=\"https:\/\/kilosorunum.com\/habercim\/wp-content\/uploads\/2025\/12\/1-71-300x169.jpg 300w, https:\/\/kilosorunum.com\/habercim\/wp-content\/uploads\/2025\/12\/1-71-1024x576.jpg 1024w, https:\/\/kilosorunum.com\/habercim\/wp-content\/uploads\/2025\/12\/1-71-768x432.jpg 768w, https:\/\/kilosorunum.com\/habercim\/wp-content\/uploads\/2025\/12\/1-71.jpg 1200w\" sizes=\"(max-width: 300px) 100vw, 300px\" \/><\/a><\/p>\n"},"caption":{"rendered":"<p>Van\u2019\u0131n Tu\u015fba il\u00e7esinde 4.6 b\u00fcy\u00fckl\u00fc\u011f\u00fcnde deprem meydana geldi. Yer bilimci Prof. Dr. Okan T\u00fcys\u00fcz, b\u00f6lgede daha b\u00fcy\u00fck bir deprem beklemedi\u011fini s\u00f6yledi.<br \/>\nAfet ve Acil Durum Y\u00f6netimi Ba\u015fkanl\u0131\u011f\u0131 (AFAD), Van\u2019\u0131n Tu\u015fba il\u00e7esinde saat 22:17\u2019de 4.6 b\u00fcy\u00fckl\u00fc\u011f\u00fcnde deprem meydana geldi\u011fini duyurdu.<\/p>\n<p>Depremin 6,11 kilometre derinlikte meydana geldi\u011fi belirlendi.<\/p>\n<p>NTV B\u00f6lge Temsilcisi Nizamettin Kaplan, depremin pani\u011fe neden oldu\u011funu ancak b\u00f6lgede bir olumsuzluk ya\u015fanmad\u0131\u011f\u0131n\u0131 bildirdi.<\/p>\n<p>AFAD da depremin ard\u0131ndan olumsuz bir durumun bulunmad\u0131\u011f\u0131n\u0131, saha tarama \u00e7al\u0131\u015fmalar\u0131n\u0131n devam etti\u011fini bildirdi.<\/p>\n<p>AFAD\u2019dan yap\u0131lan a\u00e7\u0131klamada, \u201cTu\u015fba il\u00e7esinde saat 22.17\u2019de meydana gelen 4,6 b\u00fcy\u00fckl\u00fc\u011f\u00fcndeki deprem sonras\u0131 an itibar\u0131yla olumsuz bir durum bulunmamaktad\u0131r. Saha tarama \u00e7al\u0131\u015fmalar\u0131 devam etmektedir. Etkilenen vatanda\u015flar\u0131m\u0131za ge\u00e7mi\u015f olsun dileklerimizi sunar\u0131z\u201d ifadelerine yer verildi.<\/p>\n<p>OKAN T\u00dcYS\u00dcZ: DAHA B\u00dcY\u00dcK B\u0130R DEPREM BEKLEM\u0130YORUM<\/p>\n<p>Yer bilimci Prof. Dr. Okan T\u00fcys\u00fcz, NTV\u2019ye yapt\u0131\u011f\u0131 a\u00e7\u0131klamada b\u00fct\u00fcn b\u00f6lgede bir s\u0131k\u0131\u015fma oldu\u011funu ve sars\u0131nt\u0131n\u0131n, 2011 Van ve 2023 depremlerinin s\u0131k\u0131\u015ft\u0131rd\u0131\u011f\u0131 bir b\u00f6lgede meydana geldi\u011fini s\u00f6yledi. T\u00fcys\u00fcz, depremi b\u00fcy\u00fck ihtimalle \u201cs\u0131k\u0131\u015ft\u0131rmal\u0131 bir fay\u0131n\u201d ortaya \u00e7\u0131kard\u0131\u011f\u0131n\u0131 kaydetti. 4 b\u00fcy\u00fckl\u00fc\u011f\u00fcne kadar varan art\u00e7\u0131lar\u0131n olu\u015fmas\u0131n\u0131n m\u00fcmk\u00fcn oldu\u011funu s\u00f6yleyen T\u00fcys\u00fcz, \u201cDaha b\u00fcy\u00fck bir deprem yaratacak bir fay de\u011fildir. Bu b\u00f6lgede (kuzeyde) \u00e7ok b\u00fcy\u00fck bir deprem yaratacak fay yoktur. Ben daha b\u00fcy\u00fck bir deprem beklemiyorum. S\u0131\u011f bir deprem oldu\u011fu i\u00e7in geni\u015f bir alanda kuvvetli hissedilebilir\u201d dedi.<\/p>\n<p>Kaynak : ntv.com.tr<\/p>\n"},"alt_text":"","media_type":"image","mime_type":"image\/jpeg","media_details":{"width":1200,"height":675,"file":"2025\/12\/1-71.jpg","sizes":{"medium":{"file":"1-71-300x169.jpg","width":300,"height":169,"mime_type":"image\/jpeg","source_url":"https:\/\/kilosorunum.com\/habercim\/wp-content\/uploads\/2025\/12\/1-71-300x169.jpg"},"large":{"file":"1-71-1024x576.jpg","width":1024,"height":576,"mime_type":"image\/jpeg","source_url":"https:\/\/kilosorunum.com\/habercim\/wp-content\/uploads\/2025\/12\/1-71-1024x576.jpg"},"thumbnail":{"file":"1-71-150x150.jpg","width":150,"height":150,"mime_type":"image\/jpeg","source_url":"https:\/\/kilosorunum.com\/habercim\/wp-content\/uploads\/2025\/12\/1-71-150x150.jpg"},"medium_large":{"file":"1-71-768x432.jpg","width":768,"height":432,"mime_type":"image\/jpeg","source_url":"https:\/\/kilosorunum.com\/habercim\/wp-content\/uploads\/2025\/12\/1-71-768x432.jpg"},"kucukResim":{"file":"1-71-80x50.jpg","width":80,"height":50,"mime_type":"image\/jpeg","source_url":"https:\/\/kilosorunum.com\/habercim\/wp-content\/uploads\/2025\/12\/1-71-80x50.jpg"},"sliderResim":{"file":"1-71-670x330.jpg","width":670,"height":330,"mime_type":"image\/jpeg","source_url":"https:\/\/kilosorunum.com\/habercim\/wp-content\/uploads\/2025\/12\/1-71-670x330.jpg"},"resim1":{"file":"1-71-184x140.jpg","width":184,"height":140,"mime_type":"image\/jpeg","source_url":"https:\/\/kilosorunum.com\/habercim\/wp-content\/uploads\/2025\/12\/1-71-184x140.jpg"},"resim2":{"file":"1-71-216x103.jpg","width":216,"height":103,"mime_type":"image\/jpeg","source_url":"https:\/\/kilosorunum.com\/habercim\/wp-content\/uploads\/2025\/12\/1-71-216x103.jpg"},"resim3":{"file":"1-71-145x70.jpg","width":145,"height":70,"mime_type":"image\/jpeg","source_url":"https:\/\/kilosorunum.com\/habercim\/wp-content\/uploads\/2025\/12\/1-71-145x70.jpg"},"sagSlider":{"file":"1-71-300x150.jpg","width":300,"height":150,"mime_type":"image\/jpeg","source_url":"https:\/\/kilosorunum.com\/habercim\/wp-content\/uploads\/2025\/12\/1-71-300x150.jpg"},"yeniSlider":{"file":"1-71-500x290.jpg","width":500,"height":290,"mime_type":"image\/jpeg","source_url":"https:\/\/kilosorunum.com\/habercim\/wp-content\/uploads\/2025\/12\/1-71-500x290.jpg"},"full":{"file":"1-71.jpg","width":1200,"height":675,"mime_type":"image\/jpeg","source_url":"https:\/\/kilosorunum.com\/habercim\/wp-content\/uploads\/2025\/12\/1-71.jpg"}},"image_meta":{"aperture":"0","credit":"","camera":"","caption":"","created_timestamp":"0","copyright":"","focal_length":"0","iso":"0","shutter_speed":"0","title":"","orientation":"0","keywords":[]}},"post":41051,"source_url":"https:\/\/kilosorunum.com\/habercim\/wp-content\/uploads\/2025\/12\/1-71.jpg","_links":{"self":[{"href":"https:\/\/kilosorunum.com\/habercim\/wp-json\/wp\/v2\/media\/41053"}],"collection":[{"href":"https:\/\/kilosorunum.com\/habercim\/wp-json\/wp\/v2\/media"}],"about":[{"href":"https:\/\/kilosorunum.com\/habercim\/wp-json\/wp\/v2\/types\/attachment"}],"author":[{"embeddable":true,"href":"https:\/\/kilosorunum.com\/habercim\/wp-json\/wp\/v2\/users\/2"}],"replies":[{"embeddable":true,"href":"https:\/\/kilosorunum.com\/habercim\/wp-json\/wp\/v2\/comments?post=41053"}]}}