{"id":41069,"date":"2025-12-08T13:53:03","date_gmt":"2025-12-08T10:53:03","guid":{"rendered":"https:\/\/kilosorunum.com\/habercim\/wp-content\/uploads\/2025\/12\/1-77.jpg"},"modified":"2025-12-08T13:53:58","modified_gmt":"2025-12-08T10:53:58","slug":"1-4596","status":"inherit","type":"attachment","link":"https:\/\/kilosorunum.com\/habercim\/foto-galeri\/5-ilimizde-zelzele-oldu\/attachment\/1-4596\/","title":{"rendered":"5 ilimizde zelzele oldu"},"author":2,"comment_status":"open","ping_status":"closed","template":"","meta":[],"description":{"rendered":"<p class=\"attachment\"><a href='https:\/\/kilosorunum.com\/habercim\/wp-content\/uploads\/2025\/12\/1-77.jpg'><img width=\"300\" height=\"169\" src=\"https:\/\/kilosorunum.com\/habercim\/wp-content\/uploads\/2025\/12\/1-77-300x169.jpg\" class=\"attachment-medium size-medium\" alt=\"\" loading=\"lazy\" srcset=\"https:\/\/kilosorunum.com\/habercim\/wp-content\/uploads\/2025\/12\/1-77-300x169.jpg 300w, https:\/\/kilosorunum.com\/habercim\/wp-content\/uploads\/2025\/12\/1-77-1024x576.jpg 1024w, https:\/\/kilosorunum.com\/habercim\/wp-content\/uploads\/2025\/12\/1-77-768x432.jpg 768w, https:\/\/kilosorunum.com\/habercim\/wp-content\/uploads\/2025\/12\/1-77.jpg 1200w\" sizes=\"(max-width: 300px) 100vw, 300px\" \/><\/a><\/p>\n"},"caption":{"rendered":"<p>Konya ve \u00e7evresinde hissedilen bir deprem meydana geldi. AFAD, depremin merkez \u00fcss\u00fcn\u00fc Antalya Serik, b\u00fcy\u00fckl\u00fc\u011f\u00fcn\u00fc ise 4,9 olarak a\u00e7\u0131klad\u0131. Afet ve Acil Durum Y\u00f6netimi Ba\u015fkanl\u0131\u011f\u0131 (AFAD) verilerine g\u00f6re, Antalya\u2019n\u0131n Serik il\u00e7esinde 4.9 (Mw) b\u00fcy\u00fckl\u00fc\u011f\u00fcnde deprem meydana geldi. Sars\u0131nt\u0131, bug\u00fcn 13.21\u2019te kaydedildi.Depremin derinli\u011fi 28,25 kilometre olarak a\u00e7\u0131kland\u0131.Deprem, Antalya merkez ba\u015fta olmak \u00fczere Konya\u2019n\u0131n da aralar\u0131nda oldu\u011fu \u00e7evre il ve il\u00e7elerde de hissedildi. K\u0131sa s\u00fcreli panik ya\u015fan\u0131rken, ilk belirlemelere g\u00f6re herhangi bir can ya da mal kayb\u0131 bulunmad\u0131\u011f\u0131 \u00f6\u011frenildi.Kaynak: Son Dakika: Konya ve \u00e7evresinde hissedilen deprem oldu.<\/p>\n<p>Afet ve Acil Durum Y\u00f6netimi Ba\u015fkanl\u0131\u011f\u0131n\u0131n (AFAD) internet sitesinde yer alan bilgiye g\u00f6re, saat 22.17\u2019de merkez \u00fcss\u00fc Tu\u015fba olan 4,6 b\u00fcy\u00fckl\u00fc\u011f\u00fcnde sars\u0131nt\u0131 kaydedildi.<\/p>\n<p>Depremin 6,11 kilometre derinlikte meydana geldi\u011fi belirlendi.<\/p>\n<p>\u201cOlumsuzlu\u011fa rastlanmad\u0131\u201d<br \/>\nAFAD\u2019dan yap\u0131lan a\u00e7\u0131klamada, meydana gelen 4.6 b\u00fcy\u00fckl\u00fc\u011f\u00fcndeki deprem sonras\u0131, an itibar\u0131yla, olumsuz bir durum bulunmad\u0131\u011f\u0131 belirtildi.<\/p>\n<p>A\u00e7\u0131klamada, \u201csaha tarama \u00e7al\u0131\u015fmalar\u0131 devam etmektedir\u201d denildi.<\/p>\n"},"alt_text":"","media_type":"image","mime_type":"image\/jpeg","media_details":{"width":1200,"height":675,"file":"2025\/12\/1-77.jpg","sizes":{"medium":{"file":"1-77-300x169.jpg","width":300,"height":169,"mime_type":"image\/jpeg","source_url":"https:\/\/kilosorunum.com\/habercim\/wp-content\/uploads\/2025\/12\/1-77-300x169.jpg"},"large":{"file":"1-77-1024x576.jpg","width":1024,"height":576,"mime_type":"image\/jpeg","source_url":"https:\/\/kilosorunum.com\/habercim\/wp-content\/uploads\/2025\/12\/1-77-1024x576.jpg"},"thumbnail":{"file":"1-77-150x150.jpg","width":150,"height":150,"mime_type":"image\/jpeg","source_url":"https:\/\/kilosorunum.com\/habercim\/wp-content\/uploads\/2025\/12\/1-77-150x150.jpg"},"medium_large":{"file":"1-77-768x432.jpg","width":768,"height":432,"mime_type":"image\/jpeg","source_url":"https:\/\/kilosorunum.com\/habercim\/wp-content\/uploads\/2025\/12\/1-77-768x432.jpg"},"kucukResim":{"file":"1-77-80x50.jpg","width":80,"height":50,"mime_type":"image\/jpeg","source_url":"https:\/\/kilosorunum.com\/habercim\/wp-content\/uploads\/2025\/12\/1-77-80x50.jpg"},"sliderResim":{"file":"1-77-670x330.jpg","width":670,"height":330,"mime_type":"image\/jpeg","source_url":"https:\/\/kilosorunum.com\/habercim\/wp-content\/uploads\/2025\/12\/1-77-670x330.jpg"},"resim1":{"file":"1-77-184x140.jpg","width":184,"height":140,"mime_type":"image\/jpeg","source_url":"https:\/\/kilosorunum.com\/habercim\/wp-content\/uploads\/2025\/12\/1-77-184x140.jpg"},"resim2":{"file":"1-77-216x103.jpg","width":216,"height":103,"mime_type":"image\/jpeg","source_url":"https:\/\/kilosorunum.com\/habercim\/wp-content\/uploads\/2025\/12\/1-77-216x103.jpg"},"resim3":{"file":"1-77-145x70.jpg","width":145,"height":70,"mime_type":"image\/jpeg","source_url":"https:\/\/kilosorunum.com\/habercim\/wp-content\/uploads\/2025\/12\/1-77-145x70.jpg"},"sagSlider":{"file":"1-77-300x150.jpg","width":300,"height":150,"mime_type":"image\/jpeg","source_url":"https:\/\/kilosorunum.com\/habercim\/wp-content\/uploads\/2025\/12\/1-77-300x150.jpg"},"yeniSlider":{"file":"1-77-500x290.jpg","width":500,"height":290,"mime_type":"image\/jpeg","source_url":"https:\/\/kilosorunum.com\/habercim\/wp-content\/uploads\/2025\/12\/1-77-500x290.jpg"},"full":{"file":"1-77.jpg","width":1200,"height":675,"mime_type":"image\/jpeg","source_url":"https:\/\/kilosorunum.com\/habercim\/wp-content\/uploads\/2025\/12\/1-77.jpg"}},"image_meta":{"aperture":"0","credit":"","camera":"","caption":"","created_timestamp":"0","copyright":"","focal_length":"0","iso":"0","shutter_speed":"0","title":"","orientation":"0","keywords":[]}},"post":41067,"source_url":"https:\/\/kilosorunum.com\/habercim\/wp-content\/uploads\/2025\/12\/1-77.jpg","_links":{"self":[{"href":"https:\/\/kilosorunum.com\/habercim\/wp-json\/wp\/v2\/media\/41069"}],"collection":[{"href":"https:\/\/kilosorunum.com\/habercim\/wp-json\/wp\/v2\/media"}],"about":[{"href":"https:\/\/kilosorunum.com\/habercim\/wp-json\/wp\/v2\/types\/attachment"}],"author":[{"embeddable":true,"href":"https:\/\/kilosorunum.com\/habercim\/wp-json\/wp\/v2\/users\/2"}],"replies":[{"embeddable":true,"href":"https:\/\/kilosorunum.com\/habercim\/wp-json\/wp\/v2\/comments?post=41069"}]}}