{"id":41313,"date":"2025-12-15T23:59:17","date_gmt":"2025-12-15T20:59:17","guid":{"rendered":"https:\/\/kilosorunum.com\/habercim\/wp-content\/uploads\/2025\/12\/1-167.jpg"},"modified":"2025-12-16T00:00:00","modified_gmt":"2025-12-15T21:00:00","slug":"1-4686","status":"inherit","type":"attachment","link":"https:\/\/kilosorunum.com\/habercim\/foto-galeri\/emekliler-icin-ozel-hizmet\/attachment\/1-4686\/","title":{"rendered":"Emekliler i\u00e7in \u00f6zel hizmet"},"author":2,"comment_status":"open","ping_status":"closed","template":"","meta":[],"description":{"rendered":"<p class=\"attachment\"><a href='https:\/\/kilosorunum.com\/habercim\/wp-content\/uploads\/2025\/12\/1-167.jpg'><img width=\"300\" height=\"169\" src=\"https:\/\/kilosorunum.com\/habercim\/wp-content\/uploads\/2025\/12\/1-167-300x169.jpg\" class=\"attachment-medium size-medium\" alt=\"\" loading=\"lazy\" srcset=\"https:\/\/kilosorunum.com\/habercim\/wp-content\/uploads\/2025\/12\/1-167-300x169.jpg 300w, https:\/\/kilosorunum.com\/habercim\/wp-content\/uploads\/2025\/12\/1-167-1024x576.jpg 1024w, https:\/\/kilosorunum.com\/habercim\/wp-content\/uploads\/2025\/12\/1-167-768x432.jpg 768w, https:\/\/kilosorunum.com\/habercim\/wp-content\/uploads\/2025\/12\/1-167.jpg 1200w\" sizes=\"(max-width: 300px) 100vw, 300px\" \/><\/a><\/p>\n"},"caption":{"rendered":"<p>T\u00fcrkiye \u0130statistik Kurumu\u2019nun (T\u00dc\u0130K) yay\u0131mlad\u0131\u011f\u0131 verilere g\u00f6re, kas\u0131m ay\u0131nda t\u00fcketici fiyat endeksi (T\u00dcFE) ayl\u0131k bazda y\u00fczde 0,87 art\u0131\u015f g\u00f6sterdi. Bu art\u0131\u015fla birlikte y\u0131ll\u0131k enflasyon y\u00fczde 31,07 seviyesine y\u00fckseldi.<br \/>\nTemmuz ay\u0131nda y\u00fczde 2,06, a\u011fustos ay\u0131nda y\u00fczde 2,04, eyl\u00fcl ay\u0131nda y\u00fczde 3,23 ve ekim ay\u0131nda y\u00fczde 2,55 olarak ger\u00e7ekle\u015fen ayl\u0131k art\u0131\u015flar dikkate al\u0131nd\u0131\u011f\u0131nda, be\u015f ayl\u0131k k\u00fcm\u00fclatif enflasyon oran\u0131 y\u00fczde 11,21 olarak hesapland\u0131.<br \/>\nMemur ve emekli maa\u015flar\u0131na uygulanacak nihai zam oran\u0131 ise 3 Ocak\u2019ta a\u00e7\u0131klanacak aral\u0131k ay\u0131 enflasyon verisiyle kesinle\u015fecek.<br \/>\nMemurlar, y\u0131lda iki kez toplu s\u00f6zle\u015fme zamm\u0131 ve enflasyon fark\u0131 kapsam\u0131nda maa\u015f art\u0131\u015f\u0131 al\u0131yor. 2026 y\u0131l\u0131n\u0131n ilk yar\u0131s\u0131 i\u00e7in belirlenen toplu s\u00f6zle\u015fme zamm\u0131 y\u00fczde 11 olarak uygulanacak. Kas\u0131m ay\u0131 itibar\u0131yla olu\u015fan be\u015f ayl\u0131k enflasyon fark\u0131 do\u011frultusunda, k\u00fcm\u00fclatif zam oran\u0131 y\u00fczde 17,57\u2019ye ula\u015ft\u0131. Bu art\u0131\u015fa ek olarak 1.000 TL tutar\u0131ndaki taban ayl\u0131k art\u0131\u015f\u0131 da maa\u015flara yans\u0131t\u0131lacak.<br \/>\n5 ayl\u0131k enflasyon oran\u0131: Y\u00fczde 11,21<br \/>\nEnflasyon fark\u0131: Y\u00fczde 5,91<br \/>\nToplu s\u00f6zle\u015fme zamm\u0131: Y\u00fczde 11<br \/>\nToplam k\u00fcm\u00fclatif art\u0131\u015f: Y\u00fczde 17,57<br \/>\nKas\u0131m ay\u0131 enflasyon verileri esas al\u0131narak yap\u0131lan hesaplamaya g\u00f6re, halen 43 bin 726 lira olan en d\u00fc\u015f\u00fck memur maa\u015f\u0131n\u0131n, yap\u0131lacak zamla birlikte 60 bin 366 liraya y\u00fckselmesi \u00f6ng\u00f6r\u00fcl\u00fcyor. En d\u00fc\u015f\u00fck memur emeklisi maa\u015f\u0131 ise 27 bin 651 lira seviyesinde hesapland\u0131.<br \/>\nKas\u0131m ay\u0131nda T\u00dcFE\u2019nin ayl\u0131k y\u00fczde 0,87 artmas\u0131yla birlikte, be\u015f ayl\u0131k toplam enflasyon oran\u0131 y\u00fczde 11,21\u2019e ula\u015ft\u0131. Buna g\u00f6re SSK ve Ba\u011f-Kur emeklileri, mevcut hesaplamaya g\u00f6re y\u00fczde 11,21 oran\u0131nda zamm\u0131 \u015fimdiden hak etmi\u015f oldu. Bu art\u0131\u015fla birlikte, 16 bin 881 lira olan en d\u00fc\u015f\u00fck emekli maa\u015f\u0131n\u0131n 18 bin 773 liraya y\u00fckselmesi bekleniyor.<br \/>\nEmekli maa\u015flar\u0131na yap\u0131lacak zam oran\u0131, 3 Ocak 2026 tarihinde T\u00dc\u0130K taraf\u0131ndan a\u00e7\u0131klanacak aral\u0131k ay\u0131 enflasyon verisiyle kesinle\u015fecek. Bu verinin ard\u0131ndan alt\u0131 ayl\u0131k enflasyon oran\u0131 netle\u015fecek ve emekli maa\u015f zamlar\u0131 resmiyet kazanacak. \u00d6te yandan, memur ve memur emeklilerine yap\u0131lan zam ile SSK ve Ba\u011f-Kur emeklileri aras\u0131nda olu\u015fan yakla\u015f\u0131k 6,5 puanl\u0131k fark\u0131n refah pay\u0131 yoluyla kapat\u0131lmas\u0131 da de\u011ferlendirilen se\u00e7enekler aras\u0131nda yer al\u0131yor.<\/p>\n<p>Kaynak : cumhuriyet.com.tr<\/p>\n"},"alt_text":"","media_type":"image","mime_type":"image\/jpeg","media_details":{"width":1200,"height":675,"file":"2025\/12\/1-167.jpg","sizes":{"medium":{"file":"1-167-300x169.jpg","width":300,"height":169,"mime_type":"image\/jpeg","source_url":"https:\/\/kilosorunum.com\/habercim\/wp-content\/uploads\/2025\/12\/1-167-300x169.jpg"},"large":{"file":"1-167-1024x576.jpg","width":1024,"height":576,"mime_type":"image\/jpeg","source_url":"https:\/\/kilosorunum.com\/habercim\/wp-content\/uploads\/2025\/12\/1-167-1024x576.jpg"},"thumbnail":{"file":"1-167-150x150.jpg","width":150,"height":150,"mime_type":"image\/jpeg","source_url":"https:\/\/kilosorunum.com\/habercim\/wp-content\/uploads\/2025\/12\/1-167-150x150.jpg"},"medium_large":{"file":"1-167-768x432.jpg","width":768,"height":432,"mime_type":"image\/jpeg","source_url":"https:\/\/kilosorunum.com\/habercim\/wp-content\/uploads\/2025\/12\/1-167-768x432.jpg"},"kucukResim":{"file":"1-167-80x50.jpg","width":80,"height":50,"mime_type":"image\/jpeg","source_url":"https:\/\/kilosorunum.com\/habercim\/wp-content\/uploads\/2025\/12\/1-167-80x50.jpg"},"sliderResim":{"file":"1-167-670x330.jpg","width":670,"height":330,"mime_type":"image\/jpeg","source_url":"https:\/\/kilosorunum.com\/habercim\/wp-content\/uploads\/2025\/12\/1-167-670x330.jpg"},"resim1":{"file":"1-167-184x140.jpg","width":184,"height":140,"mime_type":"image\/jpeg","source_url":"https:\/\/kilosorunum.com\/habercim\/wp-content\/uploads\/2025\/12\/1-167-184x140.jpg"},"resim2":{"file":"1-167-216x103.jpg","width":216,"height":103,"mime_type":"image\/jpeg","source_url":"https:\/\/kilosorunum.com\/habercim\/wp-content\/uploads\/2025\/12\/1-167-216x103.jpg"},"resim3":{"file":"1-167-145x70.jpg","width":145,"height":70,"mime_type":"image\/jpeg","source_url":"https:\/\/kilosorunum.com\/habercim\/wp-content\/uploads\/2025\/12\/1-167-145x70.jpg"},"sagSlider":{"file":"1-167-300x150.jpg","width":300,"height":150,"mime_type":"image\/jpeg","source_url":"https:\/\/kilosorunum.com\/habercim\/wp-content\/uploads\/2025\/12\/1-167-300x150.jpg"},"yeniSlider":{"file":"1-167-500x290.jpg","width":500,"height":290,"mime_type":"image\/jpeg","source_url":"https:\/\/kilosorunum.com\/habercim\/wp-content\/uploads\/2025\/12\/1-167-500x290.jpg"},"full":{"file":"1-167.jpg","width":1200,"height":675,"mime_type":"image\/jpeg","source_url":"https:\/\/kilosorunum.com\/habercim\/wp-content\/uploads\/2025\/12\/1-167.jpg"}},"image_meta":{"aperture":"0","credit":"","camera":"","caption":"","created_timestamp":"0","copyright":"","focal_length":"0","iso":"0","shutter_speed":"0","title":"","orientation":"0","keywords":[]}},"post":41311,"source_url":"https:\/\/kilosorunum.com\/habercim\/wp-content\/uploads\/2025\/12\/1-167.jpg","_links":{"self":[{"href":"https:\/\/kilosorunum.com\/habercim\/wp-json\/wp\/v2\/media\/41313"}],"collection":[{"href":"https:\/\/kilosorunum.com\/habercim\/wp-json\/wp\/v2\/media"}],"about":[{"href":"https:\/\/kilosorunum.com\/habercim\/wp-json\/wp\/v2\/types\/attachment"}],"author":[{"embeddable":true,"href":"https:\/\/kilosorunum.com\/habercim\/wp-json\/wp\/v2\/users\/2"}],"replies":[{"embeddable":true,"href":"https:\/\/kilosorunum.com\/habercim\/wp-json\/wp\/v2\/comments?post=41313"}]}}