{"id":41350,"date":"2025-12-17T00:13:40","date_gmt":"2025-12-16T21:13:40","guid":{"rendered":"https:\/\/kilosorunum.com\/habercim\/wp-content\/uploads\/2025\/12\/2024-BABA-VANGA-3.jpg"},"modified":"2025-12-17T00:14:16","modified_gmt":"2025-12-16T21:14:16","slug":"2024-baba-vanga-96","status":"inherit","type":"attachment","link":"https:\/\/kilosorunum.com\/habercim\/foto-galeri\/18-sehirde\/attachment\/2024-baba-vanga-96\/","title":{"rendered":"18 \u015fehirde"},"author":2,"comment_status":"open","ping_status":"closed","template":"","meta":[],"description":{"rendered":"<p class=\"attachment\"><a href='https:\/\/kilosorunum.com\/habercim\/wp-content\/uploads\/2025\/12\/2024-BABA-VANGA-3.jpg'><img width=\"300\" height=\"169\" src=\"https:\/\/kilosorunum.com\/habercim\/wp-content\/uploads\/2025\/12\/2024-BABA-VANGA-3-300x169.jpg\" class=\"attachment-medium size-medium\" alt=\"\" loading=\"lazy\" srcset=\"https:\/\/kilosorunum.com\/habercim\/wp-content\/uploads\/2025\/12\/2024-BABA-VANGA-3-300x169.jpg 300w, https:\/\/kilosorunum.com\/habercim\/wp-content\/uploads\/2025\/12\/2024-BABA-VANGA-3.jpg 740w\" sizes=\"(max-width: 300px) 100vw, 300px\" \/><\/a><\/p>\n"},"caption":{"rendered":"<p>T\u00fcrkiye\u2019nin do\u011fusundan ba\u015flayarak bir\u00e7ok \u015fehirde bug\u00fcn kar ya\u011f\u0131\u015f\u0131 bekleniyor.<\/p>\n<p>Baz\u0131 \u015fehirlerde dondurucu so\u011fuklar ya\u015fanacak; s\u0131f\u0131r\u0131n alt\u0131nda 15 derece gibi de\u011ferler g\u00f6r\u00fclecek.<\/p>\n<p>Bat\u0131ya do\u011fru ilerleyecek sistemle 18 \u015fehirde kar ya\u011f\u0131\u015f\u0131 etkili olacak.<br \/>\nYap\u0131lan son de\u011ferlendirmelere g\u00f6re, bug\u00fcn yurt genelinin par\u00e7al\u0131 ve \u00e7ok bulutlu, Marmara ve \u0130\u00e7 Anadolu\u2019nun do\u011fusu, Karadeniz ile Ankara, \u00c7ank\u0131r\u0131, Batman, Siirt, Erzincan, Erzurum, Tunceli, Bing\u00f6l, Mu\u015f, Bitlis, A\u011fr\u0131, Kars ve Bitlis \u00e7evrelerinin ya\u011f\u0131\u015fl\u0131 ge\u00e7ece\u011fi tahmin ediliyor.<br \/>\nY\u00dcKSEKLERDE KAR VAR<br \/>\nK\u0131y\u0131 kesimlerde ya\u011fmur ve sa\u011fanak ya\u011f\u0131\u015fl\u0131, i\u00e7 kesimlerde karla kar\u0131\u015f\u0131k ya\u011fmurlu ve yer yer kar \u015feklinde beklenen ya\u011f\u0131\u015flar\u0131n Bat\u0131 Karadeniz\u2019in y\u00fckseklerinde yer yer kuvvetli kar \u015feklinde olmas\u0131 bekleniyor.<\/p>\n<p>Sabah ve gece saatlerinde i\u00e7 ve do\u011fu kesimlerde pus ve yer yer sis hadisesi tahmin ediliyor.<\/p>\n<p>R\u00fczgar\u0131n, Akdeniz\u2019in i\u00e7 kesimlerinde r\u00fczgar\u0131n kuzey kuzeydo\u011fu y\u00f6nlerden kuvvetli (40-60 km\/sa) esmesi bekleniyor.<br \/>\nHAVA -15 DERECEYE D\u00dc\u015eT\u00dc<br \/>\nKar ya\u011f\u0131\u015f\u0131n\u0131n bug\u00fcn etkisini hissettirmeye ba\u015flamas\u0131 beklenen \u015fehirlerde bug\u00fcn dondurucu so\u011fuklar g\u00f6r\u00fclecek.<\/p>\n<p>Ardahan, Kars, Erzurum\u2019un g\u00fcney kesimleri, Van\u2019\u0131n do\u011fusu ve Hakkari\u2019de hava buz kesecek.<\/p>\n<p>Ardahan\u2019da s\u0131cakl\u0131\u011f\u0131n s\u0131f\u0131r\u0131n alt\u0131nda 15 dereceye d\u00fc\u015fmesi bekleniyor.<\/p>\n<p>Hakkari, Kars, Van, Erzurum\u2019da ise s\u0131f\u0131r\u0131n alt\u0131nda 10-11 derecelerde seyredece\u011fi tahmin ediliyor.<br \/>\nKAR BATIYA DO\u011eRU \u0130LERLEYECEK<br \/>\nBug\u00fcn ba\u015flayacak kar ya\u011f\u0131\u015f\u0131, yar\u0131n etki alan\u0131n\u0131 geni\u015fletecek.<\/p>\n<p>Yar\u0131n T\u00fcrkiye\u2019nin 18 \u015fehrinde kar ya\u011f\u0131\u015f\u0131 bekleniyor.<\/p>\n<p>Kar beklenen \u015fehirler \u015f\u00f6yle:<\/p>\n<p>\u2013 Bolu<\/p>\n<p>\u2013 Kastamonu<\/p>\n<p>\u2013 \u00c7ank\u0131r\u0131<\/p>\n<p>\u2013 Ni\u011fde<\/p>\n<p>\u2013 Nev\u015fehir<\/p>\n<p>\u2013 Kayseri<\/p>\n<p>\u2013 Yozgat<\/p>\n<p>\u2013 Tokat<\/p>\n<p>\u2013 Sivas<\/p>\n<p>\u2013 G\u00fcm\u00fc\u015fhane<\/p>\n<p>\u2013 Bayburt<\/p>\n<p>\u2013 Artvin<\/p>\n<p>\u2013 I\u011fd\u0131r<\/p>\n<p>\u2013 A\u011fr\u0131<\/p>\n<p>\u2013 Mu\u015f<\/p>\n<p>\u2013 Bitlis<\/p>\n<p>\u2013 Hakkari<\/p>\n<p>\u2013 Van<\/p>\n<p>HAFTA ORTASINDA HAVA A\u00c7ACAK<br \/>\n\u00c7ar\u015famba g\u00fcn\u00fcne gelindi\u011fide ya\u011f\u0131\u015fl\u0131 hava sistemi etkisini yitirecek.<\/p>\n<p>\u00c7ar\u015famba, per\u015fembe ve cuma g\u00fcn\u00fc T\u00fcrkiye\u2019nin neredeyse tamam\u0131nda par\u00e7al\u0131 bulutlu bir hava hakim olacak.<\/p>\n<p>\u0130stanbul ve \u0130zmir\u2019de s\u0131cakl\u0131klar 13-15 derece band\u0131nda seyredecek. Hava s\u0131cakl\u0131\u011f\u0131 ba\u015fkent Ankara ise 8-9 derece civar\u0131nda olacak.<br \/>\n\u0130STANBUL\u2019DA KAR BEKLEYENLERE K\u00d6T\u00dc HABER<br \/>\nT\u00fcrkiye\u2019de ocak-mart d\u00f6neminde s\u0131cakl\u0131klar\u0131n mevsim normallerinin \u00fczerinde seyretmesi bekleniyor.<br \/>\n\u00c7evre, \u015eehircilik ve \u0130klim De\u011fi\u015fikli\u011fi Bakanl\u0131\u011f\u0131 Meteoroloji Genel M\u00fcd\u00fcrl\u00fc\u011f\u00fc Analiz ve Tahminler \u015eube M\u00fcd\u00fcr\u00fc \u015eahin \u015eahbaz, bu k\u0131\u015f \u00f6ng\u00f6r\u00fclen mevsim s\u0131cakl\u0131klar\u0131na ili\u015fkin de\u011ferlendirme yapt\u0131.<\/p>\n<p>Analizlere g\u00f6re ocak, \u015fubat ve mart ay\u0131nda hava s\u0131cakl\u0131klar\u0131n\u0131n mevsim normallerinin 1 ila 2 derece \u00fczerinde seyredece\u011fine dikkati \u00e7eken \u015eahbaz, \u015funlar\u0131 kaydetti:<\/p>\n<p>\u201c- Ya\u011f\u0131\u015f olarak Ege ve Karadeniz B\u00f6lgesi\u2019nde mevsim normallerinin \u00fczerinde ancak di\u011fer b\u00f6lgelerde mevsim normalleri civar\u0131nda olacak.<\/p>\n<p>\u2013 Hava s\u0131cakl\u0131klar\u0131na ba\u011fl\u0131 olarak genel olarak kar ya\u011f\u0131\u015flar\u0131n\u0131n \u00fclkemiz genelinde ge\u00e7mi\u015f y\u0131llara g\u00f6re daha az olaca\u011f\u0131n\u0131 s\u00f6yleyebiliriz.\u201d<\/p>\n<p>Kaynak : ntv.com.tr<\/p>\n"},"alt_text":"","media_type":"image","mime_type":"image\/jpeg","media_details":{"width":740,"height":418,"file":"2025\/12\/2024-BABA-VANGA-3.jpg","sizes":{"medium":{"file":"2024-BABA-VANGA-3-300x169.jpg","width":300,"height":169,"mime_type":"image\/jpeg","source_url":"https:\/\/kilosorunum.com\/habercim\/wp-content\/uploads\/2025\/12\/2024-BABA-VANGA-3-300x169.jpg"},"thumbnail":{"file":"2024-BABA-VANGA-3-150x150.jpg","width":150,"height":150,"mime_type":"image\/jpeg","source_url":"https:\/\/kilosorunum.com\/habercim\/wp-content\/uploads\/2025\/12\/2024-BABA-VANGA-3-150x150.jpg"},"kucukResim":{"file":"2024-BABA-VANGA-3-80x50.jpg","width":80,"height":50,"mime_type":"image\/jpeg","source_url":"https:\/\/kilosorunum.com\/habercim\/wp-content\/uploads\/2025\/12\/2024-BABA-VANGA-3-80x50.jpg"},"sliderResim":{"file":"2024-BABA-VANGA-3-670x330.jpg","width":670,"height":330,"mime_type":"image\/jpeg","source_url":"https:\/\/kilosorunum.com\/habercim\/wp-content\/uploads\/2025\/12\/2024-BABA-VANGA-3-670x330.jpg"},"resim1":{"file":"2024-BABA-VANGA-3-184x140.jpg","width":184,"height":140,"mime_type":"image\/jpeg","source_url":"https:\/\/kilosorunum.com\/habercim\/wp-content\/uploads\/2025\/12\/2024-BABA-VANGA-3-184x140.jpg"},"resim2":{"file":"2024-BABA-VANGA-3-216x103.jpg","width":216,"height":103,"mime_type":"image\/jpeg","source_url":"https:\/\/kilosorunum.com\/habercim\/wp-content\/uploads\/2025\/12\/2024-BABA-VANGA-3-216x103.jpg"},"resim3":{"file":"2024-BABA-VANGA-3-145x70.jpg","width":145,"height":70,"mime_type":"image\/jpeg","source_url":"https:\/\/kilosorunum.com\/habercim\/wp-content\/uploads\/2025\/12\/2024-BABA-VANGA-3-145x70.jpg"},"sagSlider":{"file":"2024-BABA-VANGA-3-300x150.jpg","width":300,"height":150,"mime_type":"image\/jpeg","source_url":"https:\/\/kilosorunum.com\/habercim\/wp-content\/uploads\/2025\/12\/2024-BABA-VANGA-3-300x150.jpg"},"yeniSlider":{"file":"2024-BABA-VANGA-3-500x290.jpg","width":500,"height":290,"mime_type":"image\/jpeg","source_url":"https:\/\/kilosorunum.com\/habercim\/wp-content\/uploads\/2025\/12\/2024-BABA-VANGA-3-500x290.jpg"},"full":{"file":"2024-BABA-VANGA-3.jpg","width":740,"height":418,"mime_type":"image\/jpeg","source_url":"https:\/\/kilosorunum.com\/habercim\/wp-content\/uploads\/2025\/12\/2024-BABA-VANGA-3.jpg"}},"image_meta":{"aperture":"0","credit":"","camera":"","caption":"","created_timestamp":"0","copyright":"","focal_length":"0","iso":"0","shutter_speed":"0","title":"","orientation":"0","keywords":[]}},"post":41348,"source_url":"https:\/\/kilosorunum.com\/habercim\/wp-content\/uploads\/2025\/12\/2024-BABA-VANGA-3.jpg","_links":{"self":[{"href":"https:\/\/kilosorunum.com\/habercim\/wp-json\/wp\/v2\/media\/41350"}],"collection":[{"href":"https:\/\/kilosorunum.com\/habercim\/wp-json\/wp\/v2\/media"}],"about":[{"href":"https:\/\/kilosorunum.com\/habercim\/wp-json\/wp\/v2\/types\/attachment"}],"author":[{"embeddable":true,"href":"https:\/\/kilosorunum.com\/habercim\/wp-json\/wp\/v2\/users\/2"}],"replies":[{"embeddable":true,"href":"https:\/\/kilosorunum.com\/habercim\/wp-json\/wp\/v2\/comments?post=41350"}]}}