{"id":41445,"date":"2025-12-19T22:34:21","date_gmt":"2025-12-19T19:34:21","guid":{"rendered":"https:\/\/kilosorunum.com\/habercim\/wp-content\/uploads\/2025\/12\/1-15-768x201-52.jpg"},"modified":"2025-12-19T22:35:05","modified_gmt":"2025-12-19T19:35:05","slug":"1-15-768x201-1782","status":"inherit","type":"attachment","link":"https:\/\/kilosorunum.com\/habercim\/foto-galeri\/baskan-buyuk-destek-veriyor\/attachment\/1-15-768x201-1782\/","title":{"rendered":"Ba\u015fkan B\u00fcy\u00fck Destek Veriyor"},"author":2,"comment_status":"open","ping_status":"closed","template":"","meta":[],"description":{"rendered":"<p class=\"attachment\"><a href='https:\/\/kilosorunum.com\/habercim\/wp-content\/uploads\/2025\/12\/1-15-768x201-52.jpg'><img width=\"300\" height=\"79\" src=\"https:\/\/kilosorunum.com\/habercim\/wp-content\/uploads\/2025\/12\/1-15-768x201-52-300x79.jpg\" class=\"attachment-medium size-medium\" alt=\"\" loading=\"lazy\" srcset=\"https:\/\/kilosorunum.com\/habercim\/wp-content\/uploads\/2025\/12\/1-15-768x201-52-300x79.jpg 300w, https:\/\/kilosorunum.com\/habercim\/wp-content\/uploads\/2025\/12\/1-15-768x201-52.jpg 768w\" sizes=\"(max-width: 300px) 100vw, 300px\" \/><\/a><\/p>\n"},"caption":{"rendered":"<p>Asgari \u00fccret \u00f6n\u00fcm\u00fczdeki g\u00fcnlerde belli olacak. Milyonlarca \u00e7al\u0131\u015fan\u0131n 2026\u2019daki maa\u015f\u0131n\u0131 belirleyen Asgari \u00dccret Tespit Komisyonu d\u00fcn ikinci toplant\u0131s\u0131n\u0131 ger\u00e7ekle\u015ftirdi. Komsiyonun en \u00f6nemli ismi olan T\u00dcRK-\u0130\u015e ise ikinci toplant\u0131ya da kat\u0131lmad\u0131. Toplant\u0131 \u00f6ncesi Bakan Vedat I\u015f\u0131khan hem T\u00dcRK-\u0130\u015e hem de HAK-\u0130\u015e\u2019e ziyaretlerini ger\u00e7ekle\u015ftirerek sendikalar\u0131n taleplerini ald\u0131.<br \/>\nBakan I\u015f\u0131khan, T\u00dcRK-\u0130\u015e ve HAK-\u0130\u015e\u2019i ziyaret ederek i\u015f\u00e7i temsilcilerinin taleplerini komisyona iletti. Toplant\u0131 sonras\u0131 TGRT Haber canl\u0131 yay\u0131n\u0131na ba\u011flanan SGK Ba\u015f M\u00fcfetti\u015fi ve T\u00fcrkiye gazetesi yazar\u0131 olan \u0130sa Karaka\u015f asgari \u00fccret zamm\u0131ndaki s\u00fcrpriz geli\u015fmeyi aktard\u0131.<br \/>\nKaraka\u015f, Cumhurba\u015fkan\u0131m\u0131z\u0131n patronlara verdi\u011fi mesaj ve T\u00dcRK-\u0130\u015e\u2019in toplant\u0131ya kat\u0131lmama tutumunun zamm\u0131 yukar\u0131 \u00e7ekti\u011fini s\u00f6yledi. Asgari \u00fccret tespit komisyonunun ikinci toplant\u0131s\u0131 sonras\u0131 de\u011ferlendirmelerde bulunan Karaka\u015f, \u201cA\u015fa\u011f\u0131 yukar\u0131 kafalarda \u015fu an bir rakam vard\u0131r. Say\u0131n Cumhurba\u015fkan\u0131m\u0131z\u0131n devreye girmesinin pozitif bir yans\u0131mas\u0131 oldu. \u0130\u015fveren taraf\u0131 rakam\u0131 biraz daha yukar\u0131 \u00e7ekti. Say\u0131n bakan\u0131m\u0131z\u0131n \u00fcye olmayan sendikalara ziyareti bir ilk. Adeta bakan\u0131m\u0131z komisyonu i\u015f\u00e7i sendikalar\u0131na ta\u015f\u0131d\u0131. T\u00dcRK-\u0130\u015e\u2019in toplant\u0131ya kat\u0131lmamas\u0131 olumlu bir etki oldu.\u201d dedi. Genelde i\u015fveren kesimi ile h\u00fck\u00fcmet ba\u015f ba\u015fa bu s\u00fcreci belirliyor. T\u00dcRK-\u0130\u015e kat\u0131lm\u0131\u015f olsa da bir \u015fey de\u011fi\u015fmiyor. Ancak T\u00dcRK-\u0130\u015e\u2019in kat\u0131lmamas\u0131 zor bir durum oldu. Say\u0131n bakan\u0131m\u0131z i\u015f\u00e7i sendikalar\u0131na gitti. \u0130\u015f\u00e7i ve i\u015fveren sendikalar\u0131n\u0131n taleplerinin uyu\u015fmas\u0131 m\u00fcmk\u00fcn de\u011fil. A\u00e7l\u0131k s\u0131n\u0131r\u0131n\u0131n alt\u0131nda bir asgari \u00fccret belirlenecek bu sene. Ben bir hesap yapt\u0131m \u015fubatta bir asgari \u00fccretin a\u00e7l\u0131k s\u0131n\u0131r\u0131na denk gelmesi i\u00e7in en az y\u00fczde 45 bir zam gerekiyor. Bu m\u00fcmk\u00fcn de\u011fil. Benim yapt\u0131\u011f\u0131m hesaplamaya g\u00f6re 1,5 milyondan fazla i\u015fyerine devlet asgari \u00fccret deste\u011fi verir. Bu ortalama 5,2 milyar her ay asgari \u00fccret deste\u011fi verir. Bu destek i\u015fsizlik sigortas\u0131ndan veriliyor. \u015eimdi i\u015f\u00e7i ba\u015f\u0131na bin TL verilen asgari \u00fccret deste\u011fini d\u00fc\u015f\u00fcn\u00fcn. Kaba taslak hesap yapt\u0131\u011f\u0131m\u0131zda 2 bin TL\u2019ye \u00e7\u0131kar\u0131ld\u0131\u011f\u0131nda 10.4 milyar TL\u2019ye \u00e7\u0131kacak. Bu da i\u015fsizlik fonu dengelerini alt \u00fcst edecek. H\u00fck\u00fcmet bir yandan buradan bir hesap yap\u0131yor.<br \/>\nSay\u0131n Cumhurba\u015fkan\u0131m\u0131z\u0131n hassasiyeti var. Ekonomik \u015fartlar neticesinde ne kadar art\u0131r\u0131labilirse o kadar art\u0131r\u0131lmas\u0131n\u0131 istiyor. Benden rakam isteyeceksiniz. Y\u00fczde 20\u2019ler art\u0131k ortadan kalkt\u0131. Y\u00fczde 25\u2019ten ba\u015fl\u0131yor alt s\u0131n\u0131r. Cumhurba\u015fkan\u0131m\u0131z\u0131n a\u00e7\u0131klamas\u0131 ve T\u00dcRK-\u0130\u015e\u2019in kat\u0131lmamas\u0131yla birlikte bu rakam biraz yukar\u0131 \u00e7\u0131kabilir.<br \/>\nY\u00fczde 20-30 aras\u0131nda bir zamdan bahsediyorduk hep. \u015eimdi y\u00fczde 32\u2019ye kadar \u00e7\u0131kma durumu olabilir. Maksimum y\u00fczde 32\u2019ye kadar \u00e7\u0131kabilir benim analizime g\u00f6re. Bu durumda 29 bin TL\u2019yi bulmam\u0131z zay\u0131fta olsa b\u00f6yle bir ihtimal var. Ekonomist Muhammed Bayram, asgari \u00fccretin erken a\u00e7\u0131klanabilece\u011fini s\u00f6yledi. Ekonomist Hikmet Baydar, ise \u201cAsgari \u00fccret i\u00e7in 25 k\u0131rm\u0131z\u0131 \u00e7izgi, en fazla 28 \u00e7\u0131kabilir diye tahmin ediyorum.\u201d dedi. Toplant\u0131larla ilgili de\u011ferlendirmelerde bulunan \u00c7al\u0131\u015fma ve Sosyal G\u00fcvenlik Bakan\u0131 Vedat I\u015f\u0131khan, T\u00fcrk-\u0130\u015f ile g\u00f6r\u00fc\u015fmeler konusunda gelen sorulara da yan\u0131t verdi. Resmi davetin yap\u0131ld\u0131\u011f\u0131n\u0131 hat\u0131rlatan I\u015f\u0131khan, T\u00fcrk-\u0130\u015f Genel Ba\u015fkan Yard\u0131mc\u0131s\u0131 Ramazan A\u011far\u2019\u0131n toplant\u0131ya kat\u0131ld\u0131\u011f\u0131n\u0131 belirtti. Bakan I\u015f\u0131khan, sendikalarla ileti\u015fimin a\u00e7\u0131k oldu\u011funu vurgulayarak, \u201cBiz t\u00fcm sendikalarla a\u00e7\u0131k bir ileti\u015fim yap\u0131s\u0131na sahibiz. Sosyal diyalog gere\u011fi her t\u00fcrl\u00fc s\u00fcreci i\u015fletece\u011fiz. Sendikalarla g\u00f6r\u00fc\u015f\u00fcp fikirlerini alaca\u011f\u0131m, mutlaka isti\u015farede bulunaca\u011f\u0131z\u201d dedi.<br \/>\nEkonomist Muhammed Bayram: Devlet asgari \u00fccretten vergi almayarak \u00e7ok ciddi bir vergiden ge\u00e7mi\u015f durumda. \u0130\u015f\u00e7i taraf\u0131 toplant\u0131ya kat\u0131lm\u0131yor, devlete topu atmak i\u00e7in. \u0130\u015fveren belirleyecek asl\u0131nda bu rakam\u0131. Komisyon g\u00f6r\u00fc\u015fmeleri 4. toplant\u0131ya kalmaz, 3. toplant\u0131da biter.\u201d yorumunda bulundu.<\/p>\n"},"alt_text":"","media_type":"image","mime_type":"image\/jpeg","media_details":{"width":768,"height":201,"file":"2025\/12\/1-15-768x201-52.jpg","sizes":{"medium":{"file":"1-15-768x201-52-300x79.jpg","width":300,"height":79,"mime_type":"image\/jpeg","source_url":"https:\/\/kilosorunum.com\/habercim\/wp-content\/uploads\/2025\/12\/1-15-768x201-52-300x79.jpg"},"thumbnail":{"file":"1-15-768x201-52-150x150.jpg","width":150,"height":150,"mime_type":"image\/jpeg","source_url":"https:\/\/kilosorunum.com\/habercim\/wp-content\/uploads\/2025\/12\/1-15-768x201-52-150x150.jpg"},"kucukResim":{"file":"1-15-768x201-52-80x50.jpg","width":80,"height":50,"mime_type":"image\/jpeg","source_url":"https:\/\/kilosorunum.com\/habercim\/wp-content\/uploads\/2025\/12\/1-15-768x201-52-80x50.jpg"},"sliderResim":{"file":"1-15-768x201-52-670x201.jpg","width":670,"height":201,"mime_type":"image\/jpeg","source_url":"https:\/\/kilosorunum.com\/habercim\/wp-content\/uploads\/2025\/12\/1-15-768x201-52-670x201.jpg"},"resim1":{"file":"1-15-768x201-52-184x140.jpg","width":184,"height":140,"mime_type":"image\/jpeg","source_url":"https:\/\/kilosorunum.com\/habercim\/wp-content\/uploads\/2025\/12\/1-15-768x201-52-184x140.jpg"},"resim2":{"file":"1-15-768x201-52-216x103.jpg","width":216,"height":103,"mime_type":"image\/jpeg","source_url":"https:\/\/kilosorunum.com\/habercim\/wp-content\/uploads\/2025\/12\/1-15-768x201-52-216x103.jpg"},"resim3":{"file":"1-15-768x201-52-145x70.jpg","width":145,"height":70,"mime_type":"image\/jpeg","source_url":"https:\/\/kilosorunum.com\/habercim\/wp-content\/uploads\/2025\/12\/1-15-768x201-52-145x70.jpg"},"sagSlider":{"file":"1-15-768x201-52-300x150.jpg","width":300,"height":150,"mime_type":"image\/jpeg","source_url":"https:\/\/kilosorunum.com\/habercim\/wp-content\/uploads\/2025\/12\/1-15-768x201-52-300x150.jpg"},"yeniSlider":{"file":"1-15-768x201-52-500x201.jpg","width":500,"height":201,"mime_type":"image\/jpeg","source_url":"https:\/\/kilosorunum.com\/habercim\/wp-content\/uploads\/2025\/12\/1-15-768x201-52-500x201.jpg"},"full":{"file":"1-15-768x201-52.jpg","width":768,"height":201,"mime_type":"image\/jpeg","source_url":"https:\/\/kilosorunum.com\/habercim\/wp-content\/uploads\/2025\/12\/1-15-768x201-52.jpg"}},"image_meta":{"aperture":"0","credit":"","camera":"","caption":"","created_timestamp":"0","copyright":"","focal_length":"0","iso":"0","shutter_speed":"0","title":"","orientation":"0","keywords":[]}},"post":41443,"source_url":"https:\/\/kilosorunum.com\/habercim\/wp-content\/uploads\/2025\/12\/1-15-768x201-52.jpg","_links":{"self":[{"href":"https:\/\/kilosorunum.com\/habercim\/wp-json\/wp\/v2\/media\/41445"}],"collection":[{"href":"https:\/\/kilosorunum.com\/habercim\/wp-json\/wp\/v2\/media"}],"about":[{"href":"https:\/\/kilosorunum.com\/habercim\/wp-json\/wp\/v2\/types\/attachment"}],"author":[{"embeddable":true,"href":"https:\/\/kilosorunum.com\/habercim\/wp-json\/wp\/v2\/users\/2"}],"replies":[{"embeddable":true,"href":"https:\/\/kilosorunum.com\/habercim\/wp-json\/wp\/v2\/comments?post=41445"}]}}