{"id":41455,"date":"2025-12-20T02:17:01","date_gmt":"2025-12-19T23:17:01","guid":{"rendered":"https:\/\/kilosorunum.com\/habercim\/wp-content\/uploads\/2025\/12\/1-15-768x201-56.jpg"},"modified":"2025-12-20T02:17:40","modified_gmt":"2025-12-19T23:17:40","slug":"1-15-768x201-1786","status":"inherit","type":"attachment","link":"https:\/\/kilosorunum.com\/habercim\/foto-galeri\/yilbasi-haftasi-icin\/attachment\/1-15-768x201-1786\/","title":{"rendered":"Y\u0131lba\u015f\u0131 haftas\u0131 i\u00e7in"},"author":2,"comment_status":"open","ping_status":"closed","template":"","meta":[],"description":{"rendered":"<p class=\"attachment\"><a href='https:\/\/kilosorunum.com\/habercim\/wp-content\/uploads\/2025\/12\/1-15-768x201-56.jpg'><img width=\"300\" height=\"79\" src=\"https:\/\/kilosorunum.com\/habercim\/wp-content\/uploads\/2025\/12\/1-15-768x201-56-300x79.jpg\" class=\"attachment-medium size-medium\" alt=\"\" loading=\"lazy\" srcset=\"https:\/\/kilosorunum.com\/habercim\/wp-content\/uploads\/2025\/12\/1-15-768x201-56-300x79.jpg 300w, https:\/\/kilosorunum.com\/habercim\/wp-content\/uploads\/2025\/12\/1-15-768x201-56.jpg 768w\" sizes=\"(max-width: 300px) 100vw, 300px\" \/><\/a><\/p>\n"},"caption":{"rendered":"<p>Meteoroloji Genel M\u00fcd\u00fcrl\u00fc\u011f\u00fc\u2019n\u00fcn (MGM) haftal\u0131k hava tahmin raporundan derlenen bilgilere g\u00f6re, y\u0131l\u0131n son haftas\u0131nda \u00fclke genelinde b\u00fcy\u00fck bir s\u0131cakl\u0131k dalgalanmas\u0131 \u00f6ng\u00f6r\u00fclm\u00fcyor. Hava s\u0131cakl\u0131klar\u0131n\u0131n yurt genelinde mevsim normalleri civar\u0131nda, kuzey ve i\u00e7 kesimlerde ise yer yer normallerin birka\u00e7 derece alt\u0131nda seyredece\u011fi tahmin ediliyor.<br \/>\n\u0130stanbul\u2019da y\u0131l\u0131n son haftas\u0131nda genelinde \u00e7ok bulutlu ve aral\u0131kl\u0131 ya\u011fmurlu bir havan\u0131n hakim olmas\u0131 bekleniyor. S\u0131cakl\u0131klar\u0131n g\u00fcnd\u00fcz 8-10, gece ise 4-5 derece dolaylar\u0131nda seyretmesi \u00f6ng\u00f6r\u00fcl\u00fcyor. Kar ya\u011f\u0131\u015f\u0131 i\u00e7in hen\u00fcz uygun bir so\u011fuma beklenmezken, y\u00fcksek kesimlerde karla kar\u0131\u015f\u0131k ya\u011fmur ihtimali de\u011ferlendiriliyor.<\/p>\n<p>Ba\u015fkentte dondurucu so\u011fuklar etkisini s\u00fcrd\u00fcrecek. Gece s\u0131cakl\u0131klar\u0131n\u0131n s\u0131f\u0131r\u0131n alt\u0131nda 4-5 derecelere kadar d\u00fc\u015fmesi beklenen Ankara\u2019da, sabah saatlerinde yo\u011fun sis ve pus hadisesi g\u00f6r\u00fclecek. Hafta ortas\u0131ndan itibaren hafif kar ya\u011f\u0131\u015f\u0131 ge\u00e7i\u015fleri bekleniyor.<\/p>\n<p>Ege\u2019nin genelinde oldu\u011fu gibi \u0130zmir\u2019de de par\u00e7al\u0131 ve \u00e7ok bulutlu bir hava hakim olacak. S\u0131cakl\u0131klar\u0131n 12-14 derece civar\u0131nda olmas\u0131, y\u0131lba\u015f\u0131 gecesi ise hafif sa\u011fanak ya\u011f\u0131\u015f ge\u00e7i\u015flerinin g\u00f6r\u00fclebilece\u011fi tahmin ediliyor.<\/p>\n<p>\u0130\u00e7 Anadolu ve Do\u011fu\u2019da buzlanma uyar\u0131s\u0131<br \/>\nDo\u011fu Anadolu B\u00f6lgesi ile \u0130\u00e7 Anadolu\u2019nun do\u011fusunda y\u00fcksek bas\u0131n\u00e7 merkezinin etkisiyle gece ayazlar\u0131 etkisini art\u0131racak. \u00d6zellikle Erzurum, Kars ve Ardahan \u00e7evrelerinde gece s\u0131cakl\u0131klar\u0131n\u0131n s\u0131f\u0131r\u0131n alt\u0131nda 15 derecelere kadar d\u00fc\u015fmesi bekleniyor. Bu b\u00f6lgelerde kuvvetli buzlanma ve don olay\u0131 nedeniyle ula\u015f\u0131mda aksamalar ya\u015fanabilece\u011fi uyar\u0131s\u0131 yap\u0131ld\u0131.<\/p>\n<p>Karadeniz \u00fczerinden gelen nemli hava dalgas\u0131n\u0131n etkisiyle, Bat\u0131 ve Do\u011fu Karadeniz k\u0131y\u0131 \u015feridinde hafta boyunca aral\u0131kl\u0131 ya\u011fmur ve sa\u011fanak g\u00f6r\u00fclecek. Karadeniz\u2019in i\u00e7 kesimlerinde ve y\u00fcksek yaylalar\u0131nda ise kar ya\u011f\u0131\u015f\u0131n\u0131n devam edece\u011fi bildirildi. Antalya ve \u00e7evresinde ise g\u00fcne\u015fli havan\u0131n yerini hafta sonuna do\u011fru sa\u011fanak ya\u011f\u0131\u015fa b\u0131rakmas\u0131 bekleniyor.<\/p>\n<p>S\u00fcr\u00fcc\u00fclere \u201csis\u201d uyar\u0131s\u0131<br \/>\nMeteoroloji yetkilileri, y\u0131lba\u015f\u0131 haftas\u0131nda seyahat edecek olan vatanda\u015flar\u0131 \u00f6zellikle sabah ve gece saatlerinde olu\u015facak yo\u011fun sis ve pus hadisesine kar\u015f\u0131 uyard\u0131. G\u00f6r\u00fc\u015f mesafesinin yer yer 50 metrenin alt\u0131na d\u00fc\u015febilece\u011fi i\u00e7 yollarda s\u00fcr\u00fcc\u00fclerin dikkatli ve tedbirli olmalar\u0131 istendi.<\/p>\n<p>Yeni y\u0131l\u0131n ilk g\u00fcnlerinde ise bat\u0131 b\u00f6lgelerden ba\u015flayarak yeni bir ya\u011f\u0131\u015fl\u0131 sistemin \u00fclkeye giri\u015f yapmas\u0131, ancak s\u0131cakl\u0131klarda radikal bir d\u00fc\u015f\u00fc\u015f ya\u015fanmamas\u0131 \u00f6ng\u00f6r\u00fcl\u00fcyor.<\/p>\n<p>Kaynak : trthaber.com<\/p>\n"},"alt_text":"","media_type":"image","mime_type":"image\/jpeg","media_details":{"width":768,"height":201,"file":"2025\/12\/1-15-768x201-56.jpg","sizes":{"medium":{"file":"1-15-768x201-56-300x79.jpg","width":300,"height":79,"mime_type":"image\/jpeg","source_url":"https:\/\/kilosorunum.com\/habercim\/wp-content\/uploads\/2025\/12\/1-15-768x201-56-300x79.jpg"},"thumbnail":{"file":"1-15-768x201-56-150x150.jpg","width":150,"height":150,"mime_type":"image\/jpeg","source_url":"https:\/\/kilosorunum.com\/habercim\/wp-content\/uploads\/2025\/12\/1-15-768x201-56-150x150.jpg"},"kucukResim":{"file":"1-15-768x201-56-80x50.jpg","width":80,"height":50,"mime_type":"image\/jpeg","source_url":"https:\/\/kilosorunum.com\/habercim\/wp-content\/uploads\/2025\/12\/1-15-768x201-56-80x50.jpg"},"sliderResim":{"file":"1-15-768x201-56-670x201.jpg","width":670,"height":201,"mime_type":"image\/jpeg","source_url":"https:\/\/kilosorunum.com\/habercim\/wp-content\/uploads\/2025\/12\/1-15-768x201-56-670x201.jpg"},"resim1":{"file":"1-15-768x201-56-184x140.jpg","width":184,"height":140,"mime_type":"image\/jpeg","source_url":"https:\/\/kilosorunum.com\/habercim\/wp-content\/uploads\/2025\/12\/1-15-768x201-56-184x140.jpg"},"resim2":{"file":"1-15-768x201-56-216x103.jpg","width":216,"height":103,"mime_type":"image\/jpeg","source_url":"https:\/\/kilosorunum.com\/habercim\/wp-content\/uploads\/2025\/12\/1-15-768x201-56-216x103.jpg"},"resim3":{"file":"1-15-768x201-56-145x70.jpg","width":145,"height":70,"mime_type":"image\/jpeg","source_url":"https:\/\/kilosorunum.com\/habercim\/wp-content\/uploads\/2025\/12\/1-15-768x201-56-145x70.jpg"},"sagSlider":{"file":"1-15-768x201-56-300x150.jpg","width":300,"height":150,"mime_type":"image\/jpeg","source_url":"https:\/\/kilosorunum.com\/habercim\/wp-content\/uploads\/2025\/12\/1-15-768x201-56-300x150.jpg"},"yeniSlider":{"file":"1-15-768x201-56-500x201.jpg","width":500,"height":201,"mime_type":"image\/jpeg","source_url":"https:\/\/kilosorunum.com\/habercim\/wp-content\/uploads\/2025\/12\/1-15-768x201-56-500x201.jpg"},"full":{"file":"1-15-768x201-56.jpg","width":768,"height":201,"mime_type":"image\/jpeg","source_url":"https:\/\/kilosorunum.com\/habercim\/wp-content\/uploads\/2025\/12\/1-15-768x201-56.jpg"}},"image_meta":{"aperture":"0","credit":"","camera":"","caption":"","created_timestamp":"0","copyright":"","focal_length":"0","iso":"0","shutter_speed":"0","title":"","orientation":"0","keywords":[]}},"post":41453,"source_url":"https:\/\/kilosorunum.com\/habercim\/wp-content\/uploads\/2025\/12\/1-15-768x201-56.jpg","_links":{"self":[{"href":"https:\/\/kilosorunum.com\/habercim\/wp-json\/wp\/v2\/media\/41455"}],"collection":[{"href":"https:\/\/kilosorunum.com\/habercim\/wp-json\/wp\/v2\/media"}],"about":[{"href":"https:\/\/kilosorunum.com\/habercim\/wp-json\/wp\/v2\/types\/attachment"}],"author":[{"embeddable":true,"href":"https:\/\/kilosorunum.com\/habercim\/wp-json\/wp\/v2\/users\/2"}],"replies":[{"embeddable":true,"href":"https:\/\/kilosorunum.com\/habercim\/wp-json\/wp\/v2\/comments?post=41455"}]}}