{"id":41486,"date":"2025-12-21T01:16:19","date_gmt":"2025-12-20T22:16:19","guid":{"rendered":"https:\/\/kilosorunum.com\/habercim\/wp-content\/uploads\/2025\/12\/1-15-768x201-65.jpg"},"modified":"2025-12-21T01:17:01","modified_gmt":"2025-12-20T22:17:01","slug":"1-15-768x201-1795","status":"inherit","type":"attachment","link":"https:\/\/kilosorunum.com\/habercim\/foto-galeri\/boylesi-ilk-defa\/attachment\/1-15-768x201-1795\/","title":{"rendered":"B\u00f6ylesi ilk defa"},"author":2,"comment_status":"open","ping_status":"closed","template":"","meta":[],"description":{"rendered":"<p class=\"attachment\"><a href='https:\/\/kilosorunum.com\/habercim\/wp-content\/uploads\/2025\/12\/1-15-768x201-65.jpg'><img width=\"300\" height=\"79\" src=\"https:\/\/kilosorunum.com\/habercim\/wp-content\/uploads\/2025\/12\/1-15-768x201-65-300x79.jpg\" class=\"attachment-medium size-medium\" alt=\"\" loading=\"lazy\" srcset=\"https:\/\/kilosorunum.com\/habercim\/wp-content\/uploads\/2025\/12\/1-15-768x201-65-300x79.jpg 300w, https:\/\/kilosorunum.com\/habercim\/wp-content\/uploads\/2025\/12\/1-15-768x201-65.jpg 768w\" sizes=\"(max-width: 300px) 100vw, 300px\" \/><\/a><\/p>\n"},"caption":{"rendered":"<p>Kas\u0131m ay\u0131 sonu itibar\u0131yla 5 ayl\u0131k k\u00fcm\u00fclatif enflasyon %11,21 olarak ger\u00e7ekle\u015fti. Kalan 6. ve son veri ise 5 Ocak Pazartesi g\u00fcn\u00fc T\u00dc\u0130K taraf\u0131ndan a\u00e7\u0131klanacak ve y\u00fczdeler ortaya \u00e7\u0131kacak.<br \/>\n5 ayl\u0131k netle\u015fen emekli zamm\u0131 kapsam\u0131nda 16 bin 881 lira olan en d\u00fc\u015f\u00fck emekli maa\u015f\u0131 18 bin 773 liraya y\u00fckselecek.<br \/>\nHazine ve Maliye Bakan\u0131 Mehmet \u015eim\u015fek y\u0131l sonu enflasyonu i\u00e7in \u201cy\u00fczde 31 seviyesinde bitirece\u011fiz\u201d \u015feklinde yapt\u0131\u011f\u0131 konu\u015fma, TCMB aral\u0131k ay\u0131 Piyasa Kat\u0131l\u0131mc\u0131lar\u0131 Anketi\u2019nin verdi\u011fi y\u00fczde 31,17 ve 6,5 fark\u0131n refah pay\u0131 olarak art\u0131\u015fa dahil edilmesi y\u00f6n\u00fcndeki tahminler \u00e7e\u015fitli senaryolar\u0131 do\u011furuyor. Buna g\u00f6re;<\/p>\n<p>Merkez Bankas\u0131 anketine g\u00f6re 6 ayl\u0131k zam oran\u0131 %12,42 olacak.<\/p>\n<p>Y\u0131l sonu beklentilerinin \u00fcst band\u0131na g\u00f6re 6 ayl\u0131k zam oran\u0131 %13,99 olacak<\/p>\n<p>6,5 puanl\u0131k fark eklenirse 6 ayl\u0131k zam oran\u0131 %18,92 olacak.<br \/>\nSSK ve Ba\u011f-Kur emeklileri y\u00fczde 12,42 oran\u0131nda zam al\u0131rsa en d\u00fc\u015f\u00fck emekli maa\u015f\u0131 16 bin 881 liradan 18 bin 977 TL\u2019ye \u00e7\u0131kacak.<\/p>\n<p>Y\u00fczde 13,99 oran\u0131ndaki zamla en d\u00fc\u015f\u00fck emekli maa\u015f\u0131 19.242 TL\u2019ye y\u00fckselecek.<\/p>\n<p>Y\u00fczde 18,92 ise rakam\u0131 20 bin 74 liraya y\u00fckseltiyor.<\/p>\n<p>Kaynak : sabah.com.tr<\/p>\n"},"alt_text":"","media_type":"image","mime_type":"image\/jpeg","media_details":{"width":768,"height":201,"file":"2025\/12\/1-15-768x201-65.jpg","sizes":{"medium":{"file":"1-15-768x201-65-300x79.jpg","width":300,"height":79,"mime_type":"image\/jpeg","source_url":"https:\/\/kilosorunum.com\/habercim\/wp-content\/uploads\/2025\/12\/1-15-768x201-65-300x79.jpg"},"thumbnail":{"file":"1-15-768x201-65-150x150.jpg","width":150,"height":150,"mime_type":"image\/jpeg","source_url":"https:\/\/kilosorunum.com\/habercim\/wp-content\/uploads\/2025\/12\/1-15-768x201-65-150x150.jpg"},"kucukResim":{"file":"1-15-768x201-65-80x50.jpg","width":80,"height":50,"mime_type":"image\/jpeg","source_url":"https:\/\/kilosorunum.com\/habercim\/wp-content\/uploads\/2025\/12\/1-15-768x201-65-80x50.jpg"},"sliderResim":{"file":"1-15-768x201-65-670x201.jpg","width":670,"height":201,"mime_type":"image\/jpeg","source_url":"https:\/\/kilosorunum.com\/habercim\/wp-content\/uploads\/2025\/12\/1-15-768x201-65-670x201.jpg"},"resim1":{"file":"1-15-768x201-65-184x140.jpg","width":184,"height":140,"mime_type":"image\/jpeg","source_url":"https:\/\/kilosorunum.com\/habercim\/wp-content\/uploads\/2025\/12\/1-15-768x201-65-184x140.jpg"},"resim2":{"file":"1-15-768x201-65-216x103.jpg","width":216,"height":103,"mime_type":"image\/jpeg","source_url":"https:\/\/kilosorunum.com\/habercim\/wp-content\/uploads\/2025\/12\/1-15-768x201-65-216x103.jpg"},"resim3":{"file":"1-15-768x201-65-145x70.jpg","width":145,"height":70,"mime_type":"image\/jpeg","source_url":"https:\/\/kilosorunum.com\/habercim\/wp-content\/uploads\/2025\/12\/1-15-768x201-65-145x70.jpg"},"sagSlider":{"file":"1-15-768x201-65-300x150.jpg","width":300,"height":150,"mime_type":"image\/jpeg","source_url":"https:\/\/kilosorunum.com\/habercim\/wp-content\/uploads\/2025\/12\/1-15-768x201-65-300x150.jpg"},"yeniSlider":{"file":"1-15-768x201-65-500x201.jpg","width":500,"height":201,"mime_type":"image\/jpeg","source_url":"https:\/\/kilosorunum.com\/habercim\/wp-content\/uploads\/2025\/12\/1-15-768x201-65-500x201.jpg"},"full":{"file":"1-15-768x201-65.jpg","width":768,"height":201,"mime_type":"image\/jpeg","source_url":"https:\/\/kilosorunum.com\/habercim\/wp-content\/uploads\/2025\/12\/1-15-768x201-65.jpg"}},"image_meta":{"aperture":"0","credit":"","camera":"","caption":"","created_timestamp":"0","copyright":"","focal_length":"0","iso":"0","shutter_speed":"0","title":"","orientation":"0","keywords":[]}},"post":41484,"source_url":"https:\/\/kilosorunum.com\/habercim\/wp-content\/uploads\/2025\/12\/1-15-768x201-65.jpg","_links":{"self":[{"href":"https:\/\/kilosorunum.com\/habercim\/wp-json\/wp\/v2\/media\/41486"}],"collection":[{"href":"https:\/\/kilosorunum.com\/habercim\/wp-json\/wp\/v2\/media"}],"about":[{"href":"https:\/\/kilosorunum.com\/habercim\/wp-json\/wp\/v2\/types\/attachment"}],"author":[{"embeddable":true,"href":"https:\/\/kilosorunum.com\/habercim\/wp-json\/wp\/v2\/users\/2"}],"replies":[{"embeddable":true,"href":"https:\/\/kilosorunum.com\/habercim\/wp-json\/wp\/v2\/comments?post=41486"}]}}