{"id":41496,"date":"2025-12-21T18:16:18","date_gmt":"2025-12-21T15:16:18","guid":{"rendered":"https:\/\/kilosorunum.com\/habercim\/wp-content\/uploads\/2025\/12\/1-15-768x201-69.jpg"},"modified":"2025-12-21T18:17:04","modified_gmt":"2025-12-21T15:17:04","slug":"1-15-768x201-1799","status":"inherit","type":"attachment","link":"https:\/\/kilosorunum.com\/habercim\/foto-galeri\/unlu-sanatcimiz-veda-etti\/attachment\/1-15-768x201-1799\/","title":{"rendered":"\u00dcnl\u00fc Sanat\u00e7\u0131m\u0131z Veda Etti"},"author":2,"comment_status":"open","ping_status":"closed","template":"","meta":[],"description":{"rendered":"<p class=\"attachment\"><a href='https:\/\/kilosorunum.com\/habercim\/wp-content\/uploads\/2025\/12\/1-15-768x201-69.jpg'><img width=\"300\" height=\"79\" src=\"https:\/\/kilosorunum.com\/habercim\/wp-content\/uploads\/2025\/12\/1-15-768x201-69-300x79.jpg\" class=\"attachment-medium size-medium\" alt=\"\" loading=\"lazy\" srcset=\"https:\/\/kilosorunum.com\/habercim\/wp-content\/uploads\/2025\/12\/1-15-768x201-69-300x79.jpg 300w, https:\/\/kilosorunum.com\/habercim\/wp-content\/uploads\/2025\/12\/1-15-768x201-69.jpg 768w\" sizes=\"(max-width: 300px) 100vw, 300px\" \/><\/a><\/p>\n"},"caption":{"rendered":"<p>M\u00fczisyen Zafer Dilek vefat etti. Dilek\u2019in severleri, vefat nedenini ve Zafer Dilek\u2019in hayat\u0131n\u0131 ara\u015ft\u0131rmaya ba\u015flad\u0131. Peki Zafer Dilek kimdir, neden \u00f6ld\u00fc? M\u00fczisyen Zafer Dilek ka\u00e7 ya\u015f\u0131ndayd\u0131?<\/p>\n<p>ZAFET D\u0130LEK NEDEN \u00d6LD\u00dc?<\/p>\n<p>Zafer Dilek ge\u00e7ti\u011fimiz hafta yo\u011fun bak\u0131ma al\u0131nm\u0131\u015ft\u0131.<\/p>\n<p>Bir s\u00fcredir \u00e7e\u015fitli sa\u011fl\u0131k sorunlar\u0131 nedeniyle tedavi g\u00f6ren m\u00fczisyen, \u00f6nce Kay\u0131\u015fda\u011f\u0131 Dar\u00fclaceze T\u0131p Merkezi\u2019ne, ard\u0131ndan G\u00f6ztepe S\u00fcleyman Yal\u00e7\u0131n \u015eehir Hastanesi\u2019ne kald\u0131r\u0131lm\u0131\u015ft\u0131. Hayati tehlikesi oldu\u011fu ifade edilen Dilek, 11 Aral\u0131k 2025 Per\u015fembe g\u00fcn\u00fc hayata g\u00f6zlerini yumdu.<\/p>\n<p>Zafer Dilek, 5 y\u0131ld\u0131r \u0130BB\u2019ye ba\u011fl\u0131 Yakac\u0131k Sanat\u00e7\u0131 Ya\u015fam Evi\u2019nde kal\u0131yordu.<\/p>\n<p>ZAFER D\u0130LEK K\u0130MD\u0130R?<\/p>\n<p>81 ya\u015f\u0131nda vefat eden Zafer Dilek ya da ger\u00e7ek ad\u0131yla Zafer Akansoy T\u00fcrk m\u00fczisyen, aranj\u00f6r ve gitaristtir.<\/p>\n<p>T\u00fcrkiye\u2019de 1970\u2019li y\u0131llardan itibaren pek \u00e7ok m\u00fczik alb\u00fcm\u00fcn\u00fcn aranj\u00f6rl\u00fc\u011f\u00fcn\u00fc yapm\u0131\u015f bir m\u00fczisyendir. T\u00fcrk sanat m\u00fczi\u011fi eserlerini Bat\u0131 m\u00fczi\u011fi anlay\u0131\u015f\u0131yla enstr\u00fcmantal olarak seslendirerek alb\u00fcm yapm\u0131\u015f, alb\u00fcmlerindeki par\u00e7alar Ye\u015fil\u00e7am filmlerinde film m\u00fczi\u011fi olarak s\u0131kl\u0131kla kullan\u0131lm\u0131\u015ft\u0131r.<\/p>\n<p>Kaynak : cnnturk.com<\/p>\n"},"alt_text":"","media_type":"image","mime_type":"image\/jpeg","media_details":{"width":768,"height":201,"file":"2025\/12\/1-15-768x201-69.jpg","sizes":{"medium":{"file":"1-15-768x201-69-300x79.jpg","width":300,"height":79,"mime_type":"image\/jpeg","source_url":"https:\/\/kilosorunum.com\/habercim\/wp-content\/uploads\/2025\/12\/1-15-768x201-69-300x79.jpg"},"thumbnail":{"file":"1-15-768x201-69-150x150.jpg","width":150,"height":150,"mime_type":"image\/jpeg","source_url":"https:\/\/kilosorunum.com\/habercim\/wp-content\/uploads\/2025\/12\/1-15-768x201-69-150x150.jpg"},"kucukResim":{"file":"1-15-768x201-69-80x50.jpg","width":80,"height":50,"mime_type":"image\/jpeg","source_url":"https:\/\/kilosorunum.com\/habercim\/wp-content\/uploads\/2025\/12\/1-15-768x201-69-80x50.jpg"},"sliderResim":{"file":"1-15-768x201-69-670x201.jpg","width":670,"height":201,"mime_type":"image\/jpeg","source_url":"https:\/\/kilosorunum.com\/habercim\/wp-content\/uploads\/2025\/12\/1-15-768x201-69-670x201.jpg"},"resim1":{"file":"1-15-768x201-69-184x140.jpg","width":184,"height":140,"mime_type":"image\/jpeg","source_url":"https:\/\/kilosorunum.com\/habercim\/wp-content\/uploads\/2025\/12\/1-15-768x201-69-184x140.jpg"},"resim2":{"file":"1-15-768x201-69-216x103.jpg","width":216,"height":103,"mime_type":"image\/jpeg","source_url":"https:\/\/kilosorunum.com\/habercim\/wp-content\/uploads\/2025\/12\/1-15-768x201-69-216x103.jpg"},"resim3":{"file":"1-15-768x201-69-145x70.jpg","width":145,"height":70,"mime_type":"image\/jpeg","source_url":"https:\/\/kilosorunum.com\/habercim\/wp-content\/uploads\/2025\/12\/1-15-768x201-69-145x70.jpg"},"sagSlider":{"file":"1-15-768x201-69-300x150.jpg","width":300,"height":150,"mime_type":"image\/jpeg","source_url":"https:\/\/kilosorunum.com\/habercim\/wp-content\/uploads\/2025\/12\/1-15-768x201-69-300x150.jpg"},"yeniSlider":{"file":"1-15-768x201-69-500x201.jpg","width":500,"height":201,"mime_type":"image\/jpeg","source_url":"https:\/\/kilosorunum.com\/habercim\/wp-content\/uploads\/2025\/12\/1-15-768x201-69-500x201.jpg"},"full":{"file":"1-15-768x201-69.jpg","width":768,"height":201,"mime_type":"image\/jpeg","source_url":"https:\/\/kilosorunum.com\/habercim\/wp-content\/uploads\/2025\/12\/1-15-768x201-69.jpg"}},"image_meta":{"aperture":"0","credit":"","camera":"","caption":"","created_timestamp":"0","copyright":"","focal_length":"0","iso":"0","shutter_speed":"0","title":"","orientation":"0","keywords":[]}},"post":41494,"source_url":"https:\/\/kilosorunum.com\/habercim\/wp-content\/uploads\/2025\/12\/1-15-768x201-69.jpg","_links":{"self":[{"href":"https:\/\/kilosorunum.com\/habercim\/wp-json\/wp\/v2\/media\/41496"}],"collection":[{"href":"https:\/\/kilosorunum.com\/habercim\/wp-json\/wp\/v2\/media"}],"about":[{"href":"https:\/\/kilosorunum.com\/habercim\/wp-json\/wp\/v2\/types\/attachment"}],"author":[{"embeddable":true,"href":"https:\/\/kilosorunum.com\/habercim\/wp-json\/wp\/v2\/users\/2"}],"replies":[{"embeddable":true,"href":"https:\/\/kilosorunum.com\/habercim\/wp-json\/wp\/v2\/comments?post=41496"}]}}