{"id":41520,"date":"2025-12-22T16:52:55","date_gmt":"2025-12-22T13:52:55","guid":{"rendered":"https:\/\/kilosorunum.com\/habercim\/wp-content\/uploads\/2025\/12\/images-4-1.jpg"},"modified":"2025-12-22T16:53:24","modified_gmt":"2025-12-22T13:53:24","slug":"images-4-22","status":"inherit","type":"attachment","link":"https:\/\/kilosorunum.com\/habercim\/foto-galeri\/rojin-kabaisin-telefonu-ve-gercekler\/attachment\/images-4-22\/","title":{"rendered":"Rojin Kabai\u015f\u2019in telefonu ve ger\u00e7ekler"},"author":2,"comment_status":"open","ping_status":"closed","template":"","meta":[],"description":{"rendered":"<p class=\"attachment\"><a href='https:\/\/kilosorunum.com\/habercim\/wp-content\/uploads\/2025\/12\/images-4-1.jpg'><img width=\"300\" height=\"168\" src=\"https:\/\/kilosorunum.com\/habercim\/wp-content\/uploads\/2025\/12\/images-4-1.jpg\" class=\"attachment-medium size-medium\" alt=\"\" loading=\"lazy\" \/><\/a><\/p>\n"},"caption":{"rendered":"<p>Van\u2019da ge\u00e7en y\u0131l 27 Eyl\u00fcl\u2019de kaybolan ve 15 Ekim\u2019de g\u00f6l k\u0131y\u0131s\u0131nda cans\u0131z bedeni bulunan 21 ya\u015f\u0131ndaki \u00fcniversite \u00f6\u011frencisi Rojin Kabai\u015f\u2019in \u00f6l\u00fcm\u00fcne ili\u015fkin soru\u015fturma kapsam\u0131nda gen\u00e7 k\u0131z\u0131n cep telefonu incelenmesi i\u00e7in \u0130spanya\u2019daki yetkililere teslim edildi. Ger\u00e7ekler ortaya \u00e7\u0131k\u0131yor\u2026<\/p>\n<p>devam\u0131 sonraki sayfada\u2026 g\u00f6rsel \u00fczerinden do2&#8217;kununuz ge\u00e7ebilirsiniz&#8230;<\/p>\n"},"alt_text":"","media_type":"image","mime_type":"image\/jpeg","media_details":{"width":300,"height":168,"file":"2025\/12\/images-4-1.jpg","sizes":{"thumbnail":{"file":"images-4-1-150x150.jpg","width":150,"height":150,"mime_type":"image\/jpeg","source_url":"https:\/\/kilosorunum.com\/habercim\/wp-content\/uploads\/2025\/12\/images-4-1-150x150.jpg"},"kucukResim":{"file":"images-4-1-80x50.jpg","width":80,"height":50,"mime_type":"image\/jpeg","source_url":"https:\/\/kilosorunum.com\/habercim\/wp-content\/uploads\/2025\/12\/images-4-1-80x50.jpg"},"resim1":{"file":"images-4-1-184x140.jpg","width":184,"height":140,"mime_type":"image\/jpeg","source_url":"https:\/\/kilosorunum.com\/habercim\/wp-content\/uploads\/2025\/12\/images-4-1-184x140.jpg"},"resim2":{"file":"images-4-1-216x103.jpg","width":216,"height":103,"mime_type":"image\/jpeg","source_url":"https:\/\/kilosorunum.com\/habercim\/wp-content\/uploads\/2025\/12\/images-4-1-216x103.jpg"},"resim3":{"file":"images-4-1-145x70.jpg","width":145,"height":70,"mime_type":"image\/jpeg","source_url":"https:\/\/kilosorunum.com\/habercim\/wp-content\/uploads\/2025\/12\/images-4-1-145x70.jpg"},"sagSlider":{"file":"images-4-1-300x150.jpg","width":300,"height":150,"mime_type":"image\/jpeg","source_url":"https:\/\/kilosorunum.com\/habercim\/wp-content\/uploads\/2025\/12\/images-4-1-300x150.jpg"},"full":{"file":"images-4-1.jpg","width":300,"height":168,"mime_type":"image\/jpeg","source_url":"https:\/\/kilosorunum.com\/habercim\/wp-content\/uploads\/2025\/12\/images-4-1.jpg"}},"image_meta":{"aperture":"0","credit":"","camera":"","caption":"","created_timestamp":"0","copyright":"","focal_length":"0","iso":"0","shutter_speed":"0","title":"","orientation":"0","keywords":[]}},"post":41519,"source_url":"https:\/\/kilosorunum.com\/habercim\/wp-content\/uploads\/2025\/12\/images-4-1.jpg","_links":{"self":[{"href":"https:\/\/kilosorunum.com\/habercim\/wp-json\/wp\/v2\/media\/41520"}],"collection":[{"href":"https:\/\/kilosorunum.com\/habercim\/wp-json\/wp\/v2\/media"}],"about":[{"href":"https:\/\/kilosorunum.com\/habercim\/wp-json\/wp\/v2\/types\/attachment"}],"author":[{"embeddable":true,"href":"https:\/\/kilosorunum.com\/habercim\/wp-json\/wp\/v2\/users\/2"}],"replies":[{"embeddable":true,"href":"https:\/\/kilosorunum.com\/habercim\/wp-json\/wp\/v2\/comments?post=41520"}]}}