{"id":41536,"date":"2025-12-23T19:03:26","date_gmt":"2025-12-23T16:03:26","guid":{"rendered":"https:\/\/kilosorunum.com\/habercim\/wp-content\/uploads\/2025\/12\/1-15-768x201-79.jpg"},"modified":"2025-12-23T19:04:06","modified_gmt":"2025-12-23T16:04:06","slug":"1-15-768x201-1809","status":"inherit","type":"attachment","link":"https:\/\/kilosorunum.com\/habercim\/foto-galeri\/yeniden-degistirildi-simdi\/attachment\/1-15-768x201-1809\/","title":{"rendered":"Yeniden de\u011fi\u015ftirildi \u015fimdi"},"author":2,"comment_status":"open","ping_status":"closed","template":"","meta":[],"description":{"rendered":"<p class=\"attachment\"><a href='https:\/\/kilosorunum.com\/habercim\/wp-content\/uploads\/2025\/12\/1-15-768x201-79.jpg'><img width=\"300\" height=\"79\" src=\"https:\/\/kilosorunum.com\/habercim\/wp-content\/uploads\/2025\/12\/1-15-768x201-79-300x79.jpg\" class=\"attachment-medium size-medium\" alt=\"\" loading=\"lazy\" srcset=\"https:\/\/kilosorunum.com\/habercim\/wp-content\/uploads\/2025\/12\/1-15-768x201-79-300x79.jpg 300w, https:\/\/kilosorunum.com\/habercim\/wp-content\/uploads\/2025\/12\/1-15-768x201-79.jpg 768w\" sizes=\"(max-width: 300px) 100vw, 300px\" \/><\/a><\/p>\n"},"caption":{"rendered":"<p>T\u00fcrkiye\u2019deki \u00e7al\u0131\u015fma mevzuat\u0131 ve genel bordro uygulamalar\u0131 nedeniyle, Ocak ay\u0131nda y\u00fcr\u00fcrl\u00fc\u011fe giren zaml\u0131 maa\u015f\u0131n ele ge\u00e7mesi i\u00e7in bir ayl\u0131k bir \u00e7al\u0131\u015fma s\u00fcresinin tamamlanmas\u0131 gerekiyor. 2026 y\u0131l\u0131nda ge\u00e7erli olacak yeni net asgari \u00fccret tutar\u0131, 1 Ocak ile 31 Ocak tarihleri aras\u0131ndaki eme\u011fin kar\u015f\u0131l\u0131\u011f\u0131 olarak hesaplanaca\u011f\u0131 i\u00e7in, \u00e7al\u0131\u015fanlar\u0131n \u00e7ok b\u00fcy\u00fck bir k\u0131sm\u0131 zaml\u0131 tutar\u0131 ancak \u015eubat ay\u0131n\u0131n ilk haftas\u0131nda banka hesaplar\u0131nda g\u00f6rebilecek.<br \/>\n\u00c7al\u0131\u015fma ve Sosyal G\u00fcvenlik Bakanl\u0131\u011f\u0131 ev sahipli\u011finde ger\u00e7ekle\u015ftirilen Asgari \u00dccret Tespit Komisyonu\u2019nun \u00fc\u00e7\u00fcnc\u00fc toplant\u0131s\u0131 sonras\u0131 a\u00e7\u0131klama yapan Bakan I\u015f\u0131khan, 2026 y\u0131l\u0131 asgari \u00fccreti 28 bin 75 lira olarak duyurdu.<\/p>\n"},"alt_text":"","media_type":"image","mime_type":"image\/jpeg","media_details":{"width":768,"height":201,"file":"2025\/12\/1-15-768x201-79.jpg","sizes":{"medium":{"file":"1-15-768x201-79-300x79.jpg","width":300,"height":79,"mime_type":"image\/jpeg","source_url":"https:\/\/kilosorunum.com\/habercim\/wp-content\/uploads\/2025\/12\/1-15-768x201-79-300x79.jpg"},"thumbnail":{"file":"1-15-768x201-79-150x150.jpg","width":150,"height":150,"mime_type":"image\/jpeg","source_url":"https:\/\/kilosorunum.com\/habercim\/wp-content\/uploads\/2025\/12\/1-15-768x201-79-150x150.jpg"},"kucukResim":{"file":"1-15-768x201-79-80x50.jpg","width":80,"height":50,"mime_type":"image\/jpeg","source_url":"https:\/\/kilosorunum.com\/habercim\/wp-content\/uploads\/2025\/12\/1-15-768x201-79-80x50.jpg"},"sliderResim":{"file":"1-15-768x201-79-670x201.jpg","width":670,"height":201,"mime_type":"image\/jpeg","source_url":"https:\/\/kilosorunum.com\/habercim\/wp-content\/uploads\/2025\/12\/1-15-768x201-79-670x201.jpg"},"resim1":{"file":"1-15-768x201-79-184x140.jpg","width":184,"height":140,"mime_type":"image\/jpeg","source_url":"https:\/\/kilosorunum.com\/habercim\/wp-content\/uploads\/2025\/12\/1-15-768x201-79-184x140.jpg"},"resim2":{"file":"1-15-768x201-79-216x103.jpg","width":216,"height":103,"mime_type":"image\/jpeg","source_url":"https:\/\/kilosorunum.com\/habercim\/wp-content\/uploads\/2025\/12\/1-15-768x201-79-216x103.jpg"},"resim3":{"file":"1-15-768x201-79-145x70.jpg","width":145,"height":70,"mime_type":"image\/jpeg","source_url":"https:\/\/kilosorunum.com\/habercim\/wp-content\/uploads\/2025\/12\/1-15-768x201-79-145x70.jpg"},"sagSlider":{"file":"1-15-768x201-79-300x150.jpg","width":300,"height":150,"mime_type":"image\/jpeg","source_url":"https:\/\/kilosorunum.com\/habercim\/wp-content\/uploads\/2025\/12\/1-15-768x201-79-300x150.jpg"},"yeniSlider":{"file":"1-15-768x201-79-500x201.jpg","width":500,"height":201,"mime_type":"image\/jpeg","source_url":"https:\/\/kilosorunum.com\/habercim\/wp-content\/uploads\/2025\/12\/1-15-768x201-79-500x201.jpg"},"full":{"file":"1-15-768x201-79.jpg","width":768,"height":201,"mime_type":"image\/jpeg","source_url":"https:\/\/kilosorunum.com\/habercim\/wp-content\/uploads\/2025\/12\/1-15-768x201-79.jpg"}},"image_meta":{"aperture":"0","credit":"","camera":"","caption":"","created_timestamp":"0","copyright":"","focal_length":"0","iso":"0","shutter_speed":"0","title":"","orientation":"0","keywords":[]}},"post":41534,"source_url":"https:\/\/kilosorunum.com\/habercim\/wp-content\/uploads\/2025\/12\/1-15-768x201-79.jpg","_links":{"self":[{"href":"https:\/\/kilosorunum.com\/habercim\/wp-json\/wp\/v2\/media\/41536"}],"collection":[{"href":"https:\/\/kilosorunum.com\/habercim\/wp-json\/wp\/v2\/media"}],"about":[{"href":"https:\/\/kilosorunum.com\/habercim\/wp-json\/wp\/v2\/types\/attachment"}],"author":[{"embeddable":true,"href":"https:\/\/kilosorunum.com\/habercim\/wp-json\/wp\/v2\/users\/2"}],"replies":[{"embeddable":true,"href":"https:\/\/kilosorunum.com\/habercim\/wp-json\/wp\/v2\/comments?post=41536"}]}}