{"id":41541,"date":"2025-12-24T03:06:46","date_gmt":"2025-12-24T00:06:46","guid":{"rendered":"https:\/\/kilosorunum.com\/habercim\/wp-content\/uploads\/2025\/12\/1-192.jpg"},"modified":"2025-12-24T03:07:27","modified_gmt":"2025-12-24T00:07:27","slug":"1-4711","status":"inherit","type":"attachment","link":"https:\/\/kilosorunum.com\/habercim\/foto-galeri\/artik-yas-siniri-geliyor-3\/attachment\/1-4711\/","title":{"rendered":"Art\u0131k ya\u015f s\u0131n\u0131r\u0131 geliyor"},"author":2,"comment_status":"open","ping_status":"closed","template":"","meta":[],"description":{"rendered":"<p class=\"attachment\"><a href='https:\/\/kilosorunum.com\/habercim\/wp-content\/uploads\/2025\/12\/1-192.jpg'><img width=\"300\" height=\"169\" src=\"https:\/\/kilosorunum.com\/habercim\/wp-content\/uploads\/2025\/12\/1-192-300x169.jpg\" class=\"attachment-medium size-medium\" alt=\"\" loading=\"lazy\" srcset=\"https:\/\/kilosorunum.com\/habercim\/wp-content\/uploads\/2025\/12\/1-192-300x169.jpg 300w, https:\/\/kilosorunum.com\/habercim\/wp-content\/uploads\/2025\/12\/1-192-1024x576.jpg 1024w, https:\/\/kilosorunum.com\/habercim\/wp-content\/uploads\/2025\/12\/1-192-768x432.jpg 768w, https:\/\/kilosorunum.com\/habercim\/wp-content\/uploads\/2025\/12\/1-192.jpg 1200w\" sizes=\"(max-width: 300px) 100vw, 300px\" \/><\/a><\/p>\n"},"caption":{"rendered":"<p>Avrupa Birli\u011fi (AB), ya\u015fl\u0131 s\u00fcr\u00fcc\u00fclerin trafikteki pay\u0131n\u0131 azaltmak amac\u0131yla tarihinde ilk kez ehliyette \u00fcst ya\u015f s\u0131n\u0131r\u0131 uygulamaya haz\u0131rlan\u0131yor.<\/p>\n<p>Ehliyete ilk kez ya\u015f s\u0131n\u0131r\u0131 geliyor: Bu ya\u015f\u0131n \u00fcst\u00fcndekilere \u2018s\u00fcr\u00fcc\u00fc olur\u2019 raporu verilmeyecek<br \/>\nAvrupa Birli\u011fi (AB), s\u00fcr\u00fc\u015f g\u00fcvenli\u011fini art\u0131rmak amac\u0131yla tarihinde ilk kez ehliyetler i\u00e7in \u00fcst ya\u015f s\u0131n\u0131r\u0131 getirmeye haz\u0131rlan\u0131yor. \u0130lerleyen y\u0131llarda T\u00fcrkiye\u2019de de tart\u0131\u015fmalara yol a\u00e7mas\u0131 beklenen d\u00fczenleme ile belirlenen ya\u015f\u0131 a\u015fm\u0131\u015f s\u00fcr\u00fcc\u00fcler sa\u011fl\u0131k kontrol\u00fcnden ge\u00e7se dahi ara\u00e7 kullanamayacak.<\/p>\n<p>D\u00fcnyada her y\u0131l 1.2 milyon ki\u015fi trafik kazalar\u0131 sonucunda hayat\u0131n\u0131 kaybetmekte.<\/p>\n<p>Bu durum \u00e7ok say\u0131da \u00fclkenin s\u00fcr\u00fc\u015f g\u00fcvenli\u011fini sa\u011flamak amac\u0131yla bir dizi yeni uygulamaya ba\u015fvurmas\u0131na zemin haz\u0131rlarken, Avrupa Birli\u011fi (AB), ya\u015fl\u0131 s\u00fcr\u00fcc\u00fclerin trafikteki pay\u0131n\u0131 azaltmak amac\u0131yla tarihinde ilk kez ehliyette \u00fcst ya\u015f s\u0131n\u0131r\u0131 uygulamaya haz\u0131rlan\u0131yor. \u015euan y\u00fcr\u00fcrl\u00fckte olan yasaya g\u00f6re s\u00fcr\u00fcc\u00fcler, 70 ya\u015f\u0131n\u0131 a\u015ft\u0131ktan sonra 5 y\u0131l arayla sa\u011fl\u0131k raporu almak zorunda. Heyet taraf\u0131ndan olu\u015fturulan sa\u011fl\u0131k raporu verilmemesi halinde ise ehliyetlerin iptali ger\u00e7ekle\u015fmekte.<\/p>\n<p>T\u00fcrkiye\u2019de s\u00f6z konusu uygulama i\u00e7in ba\u015flang\u0131\u00e7 ya\u015f\u0131 65 olarak belirlenirken, bu ya\u015ftan itibaren yap\u0131lacak ehliyet yenilemelerinde sa\u011fl\u0131k raporu \u015fart\u0131 aranmakta ve s\u00f6z konusu ehliyetler 5 y\u0131l s\u00fcreyle ge\u00e7erli olmakta. 80 ya\u015f\u0131n \u00fczerindeki s\u00fcr\u00fcc\u00fcler i\u00e7inse s\u00f6z konusu \u015fart 2 y\u0131la kadar indiriliyor.<\/p>\n<p>AB\u2019de ge\u00e7erli olmas\u0131 planlanan yeni d\u00fczenleme ile ehliyet sahiplerinin yaln\u0131zca 75 ya\u015f\u0131na kadar otomobil kullanabilmesi planlan\u0131yor. Bu duruma gerek\u00e7e olarak, ya\u015fl\u0131 s\u00fcr\u00fcc\u00fclerin ya\u015fad\u0131\u011f\u0131 refleks kayb\u0131n\u0131n trafik kazalar\u0131na yol a\u00e7abilece\u011fi g\u00f6sterilirken, s\u00f6z konusu de\u011fi\u015fikli\u011fe \u00e7ok say\u0131da ki\u015fiden tepki gecikmedi. \u00c7ocuklar\u0131ndan ayr\u0131 ya\u015fayan ve g\u00fcnl\u00fck i\u015flerini ya da sa\u011fl\u0131k sorunlar\u0131n\u0131 \u00e7\u00f6zmek i\u00e7in otomobil kullanmak zorunda kalan ya\u015fl\u0131 s\u00fcr\u00fcc\u00fcler, karar\u0131n \u2018anlams\u0131z\u2019 oldu\u011funu \u00f6ne s\u00fcrerken, AB\u2019de ge\u00e7erli olmas\u0131 planlanan d\u00fczenlemenin ilerleyen y\u0131llarda T\u00fcrkiye i\u00e7in de uygulanabilirli\u011fi sosyal medyada g\u00fcndem oldu.<\/p>\n<p>Kaynak : t24.com.tr<\/p>\n"},"alt_text":"","media_type":"image","mime_type":"image\/jpeg","media_details":{"width":1200,"height":675,"file":"2025\/12\/1-192.jpg","sizes":{"medium":{"file":"1-192-300x169.jpg","width":300,"height":169,"mime_type":"image\/jpeg","source_url":"https:\/\/kilosorunum.com\/habercim\/wp-content\/uploads\/2025\/12\/1-192-300x169.jpg"},"large":{"file":"1-192-1024x576.jpg","width":1024,"height":576,"mime_type":"image\/jpeg","source_url":"https:\/\/kilosorunum.com\/habercim\/wp-content\/uploads\/2025\/12\/1-192-1024x576.jpg"},"thumbnail":{"file":"1-192-150x150.jpg","width":150,"height":150,"mime_type":"image\/jpeg","source_url":"https:\/\/kilosorunum.com\/habercim\/wp-content\/uploads\/2025\/12\/1-192-150x150.jpg"},"medium_large":{"file":"1-192-768x432.jpg","width":768,"height":432,"mime_type":"image\/jpeg","source_url":"https:\/\/kilosorunum.com\/habercim\/wp-content\/uploads\/2025\/12\/1-192-768x432.jpg"},"kucukResim":{"file":"1-192-80x50.jpg","width":80,"height":50,"mime_type":"image\/jpeg","source_url":"https:\/\/kilosorunum.com\/habercim\/wp-content\/uploads\/2025\/12\/1-192-80x50.jpg"},"sliderResim":{"file":"1-192-670x330.jpg","width":670,"height":330,"mime_type":"image\/jpeg","source_url":"https:\/\/kilosorunum.com\/habercim\/wp-content\/uploads\/2025\/12\/1-192-670x330.jpg"},"resim1":{"file":"1-192-184x140.jpg","width":184,"height":140,"mime_type":"image\/jpeg","source_url":"https:\/\/kilosorunum.com\/habercim\/wp-content\/uploads\/2025\/12\/1-192-184x140.jpg"},"resim2":{"file":"1-192-216x103.jpg","width":216,"height":103,"mime_type":"image\/jpeg","source_url":"https:\/\/kilosorunum.com\/habercim\/wp-content\/uploads\/2025\/12\/1-192-216x103.jpg"},"resim3":{"file":"1-192-145x70.jpg","width":145,"height":70,"mime_type":"image\/jpeg","source_url":"https:\/\/kilosorunum.com\/habercim\/wp-content\/uploads\/2025\/12\/1-192-145x70.jpg"},"sagSlider":{"file":"1-192-300x150.jpg","width":300,"height":150,"mime_type":"image\/jpeg","source_url":"https:\/\/kilosorunum.com\/habercim\/wp-content\/uploads\/2025\/12\/1-192-300x150.jpg"},"yeniSlider":{"file":"1-192-500x290.jpg","width":500,"height":290,"mime_type":"image\/jpeg","source_url":"https:\/\/kilosorunum.com\/habercim\/wp-content\/uploads\/2025\/12\/1-192-500x290.jpg"},"full":{"file":"1-192.jpg","width":1200,"height":675,"mime_type":"image\/jpeg","source_url":"https:\/\/kilosorunum.com\/habercim\/wp-content\/uploads\/2025\/12\/1-192.jpg"}},"image_meta":{"aperture":"0","credit":"","camera":"","caption":"","created_timestamp":"0","copyright":"","focal_length":"0","iso":"0","shutter_speed":"0","title":"","orientation":"0","keywords":[]}},"post":41539,"source_url":"https:\/\/kilosorunum.com\/habercim\/wp-content\/uploads\/2025\/12\/1-192.jpg","_links":{"self":[{"href":"https:\/\/kilosorunum.com\/habercim\/wp-json\/wp\/v2\/media\/41541"}],"collection":[{"href":"https:\/\/kilosorunum.com\/habercim\/wp-json\/wp\/v2\/media"}],"about":[{"href":"https:\/\/kilosorunum.com\/habercim\/wp-json\/wp\/v2\/types\/attachment"}],"author":[{"embeddable":true,"href":"https:\/\/kilosorunum.com\/habercim\/wp-json\/wp\/v2\/users\/2"}],"replies":[{"embeddable":true,"href":"https:\/\/kilosorunum.com\/habercim\/wp-json\/wp\/v2\/comments?post=41541"}]}}