{"id":41589,"date":"2025-12-25T00:33:25","date_gmt":"2025-12-24T21:33:25","guid":{"rendered":"https:\/\/kilosorunum.com\/habercim\/wp-content\/uploads\/2025\/12\/1-204.jpg"},"modified":"2025-12-25T00:34:13","modified_gmt":"2025-12-24T21:34:13","slug":"1-4723","status":"inherit","type":"attachment","link":"https:\/\/kilosorunum.com\/habercim\/foto-galeri\/emekli-icin-buyuk-sans-bu\/attachment\/1-4723\/","title":{"rendered":"Emekli i\u00e7in b\u00fcy\u00fck \u015fans bu"},"author":2,"comment_status":"open","ping_status":"closed","template":"","meta":[],"description":{"rendered":"<p class=\"attachment\"><a href='https:\/\/kilosorunum.com\/habercim\/wp-content\/uploads\/2025\/12\/1-204.jpg'><img width=\"300\" height=\"169\" src=\"https:\/\/kilosorunum.com\/habercim\/wp-content\/uploads\/2025\/12\/1-204-300x169.jpg\" class=\"attachment-medium size-medium\" alt=\"\" loading=\"lazy\" srcset=\"https:\/\/kilosorunum.com\/habercim\/wp-content\/uploads\/2025\/12\/1-204-300x169.jpg 300w, https:\/\/kilosorunum.com\/habercim\/wp-content\/uploads\/2025\/12\/1-204-1024x576.jpg 1024w, https:\/\/kilosorunum.com\/habercim\/wp-content\/uploads\/2025\/12\/1-204-768x432.jpg 768w, https:\/\/kilosorunum.com\/habercim\/wp-content\/uploads\/2025\/12\/1-204.jpg 1200w\" sizes=\"(max-width: 300px) 100vw, 300px\" \/><\/a><\/p>\n"},"caption":{"rendered":"<p>Aral\u0131k ay\u0131 enflasyonunun piyasa beklentilerine uygun gelmesi halinde yeni maa\u015f tablosu \u015fu \u015fekilde ger\u00e7ekle\u015fecek:<\/p>\n<p>Toplam enflasyon: % %12.40<br \/>\n6 ayl\u0131k olu\u015fan enflasyon fark\u0131: %%7.05<br \/>\nToplu s\u00f6zle\u015fme zamm\u0131: %11<br \/>\nToplam k\u00fcm\u00fclatif zam: %18,83<br \/>\nBu tablodaki oranlar ger\u00e7ekle\u015firse SSK, Ba\u011fkur emeklisi yeni y\u0131lda y\u00fczde 12,40 zam alacak.<br \/>\nENFLASYON BEKLENT\u0130LER\u0130 NELER S\u00d6YL\u00dcYOR?<\/p>\n<p>\u00d6te yandan Merkez Bankas\u0131, 2025 y\u0131l sonunda enflasyonun y\u00fczde 31 \u015feklinde ger\u00e7ekle\u015fmesini bekliyor. 2026 y\u0131l\u0131 i\u00e7in enflasyon beklentisi ise y\u00fczde 20\u2019nin alt\u0131nda gelebilir. Kas\u0131m ay\u0131ndan a\u00e7\u0131klanan enflasyon raporunda TCMB\u2019nin 2026 y\u0131l sonu tahmin aral\u0131\u011f\u0131 y\u00fczde 13-19 olarak belirlendi<\/p>\n<p>Enflasyonun y\u00fczde 33 olmas\u0131 halinde 6 ayl\u0131k enflasyonun y\u00fczde 14\u2019lere \u00e7\u0131kmas\u0131 s\u00f6z konusu olabilecek. Orta Vadeli Program\u2019da 2025 y\u0131l\u0131 enflasyon hedefi, \u00f6nceki programda y\u00fczde 17,52 olarak belirlenmi\u015fti. Bu oran yeni OVP\u2019de y\u00fczde 28,5\u2019e \u00e7\u0131kar\u0131ld\u0131. 2026 y\u0131l\u0131 i\u00e7in y\u00fczde 9,7 olan enflasyon beklentisi y\u00fczde 16\u2019ya y\u00fckseltildi.<br \/>\nD\u00dc\u015e\u00dcK EMEKL\u0130 MAA\u015eI 2026 NE KADAR OLACAK?<\/p>\n<p>Temmuz ay\u0131nda yap\u0131lan zamla beraber en d\u00fc\u015f\u00fck emekli maa\u015f\u0131 16 bin 881 liraya y\u00fckseltildi. \u015eu ana kadar a\u00e7\u0131klanan enflasyon verilerine g\u00f6re, en d\u00fc\u015f\u00fck emekli maa\u015f\u0131 18 bin 773 liraya y\u00fckselecek. Aral\u0131k ay\u0131 enflasyon tahminleri ger\u00e7ekle\u015firse 18 bin 977 olacak.<\/p>\n<p>EMEKL\u0130LER ARASINDA 6 PUANLIK FARK<\/p>\n<p>Di\u011fer yandan memur emeklilerinin maa\u015f art\u0131\u015flar\u0131 ile toplu s\u00f6zle\u015fmeden kaynakl\u0131 y\u00fczde 11 zam nedeniyle SSK, Ba\u011fkur emeklileri aras\u0131nda 6 puanl\u0131k bir fark meydana geliyor. 024\u2019\u00fcn temmuz ay\u0131nda 5.42, 2025\u2019in ocak ay\u0131nda 4.21 ve 2025\u2019in temmuz ay\u0131nda 1.10\u2019luk SSK, Ba\u011f-Kur emeklileri lehine fark olu\u015fmu\u015ftu.<br \/>\nUZMAN \u0130S\u0130MDEN MAA\u015e ZAMMI UYARISI<\/p>\n<p>A Haber canl\u0131 yay\u0131n\u0131 kat\u0131lan \u00c7al\u0131\u015fma Ekonomisti Tarkan Zengin maa\u015f zamlar\u0131 hakk\u0131nda yapt\u0131\u011f\u0131 a\u00e7\u0131klamada \u015fu ifadeleri kulland\u0131:<\/p>\n<p>\u201cSSK\u2019l\u0131 dedi\u011fimiz i\u015f\u00e7i emeklileri, Ba\u011f-Kur emeklileri, bir de emekli sand\u0131\u011f\u0131 emeklileri olmak \u00fczere yakla\u015f\u0131k 17 milyon emekli vatanda\u015f\u0131m\u0131z var. 5 Ocak\u2019ta Aral\u0131k ay\u0131 T\u00dcFE\u2019si belli olacak. Aral\u0131k ay\u0131 T\u00dcFE\u2019si belli olduktan sonra art\u0131\u015f oranlar\u0131 belli olacak. SSK ve Ba\u011f-Kur emeklileri y\u0131lda iki defa zam al\u0131yorlar Ocak ve Temmuz aylar\u0131nda. Memur emeklileri de yine y\u0131lda iki zam al\u0131yorlar, Ocak ve Temmuz aylar\u0131nda. Memurlar ile memur emeklileri toplu s\u00f6zle\u015fmeye g\u00f6re art\u0131\u015flar\u0131 belirleniyor.<\/p>\n<p>SSK ve Ba\u011f-Kur emeklilerinin ise kanunda d\u00fczenlenmi\u015f. Kanun diyor ki, \u00f6rne\u011fin bu 2026 Ocak\u2019ta yap\u0131lan zam bir \u00f6nceki 6 ayda ger\u00e7ekle\u015fen T\u00dcFE oran\u0131nda art\u0131\u015f yap\u0131l\u0131r diyor. Yani Ocak ay\u0131na geldi\u011fimizde bir \u00f6nceki y\u0131l\u0131n Temmuzla Aral\u0131k ay\u0131ndaki 6 ayl\u0131k k\u00fcm\u00fclatif enflasyonu art\u0131\u015f olarak veriliyor. \u015eu anda 5 ayl\u0131k enflasyon belli. O da y\u00fczde 11,20. Yani SSK ve Ba\u011f-Kur emeklileri i\u00e7in yap\u0131lacak art\u0131\u015f y\u00fczde 11,20 netle\u015fti. Buna bir de Aral\u0131k ay\u0131 ilave edilecek.<\/p>\n<p>Biz y\u0131l\u0131n tamam\u0131nda Merkez Bankas\u0131\u2019n\u0131n y\u00fczde 31 hedefinin ki ger\u00e7ekle\u015fme ihtimali en yak\u0131n olan senaryo bu, y\u00fczde 31 y\u0131ll\u0131k enflasyon olmas\u0131 durumunda son 6 ayl\u0131k enflasyon y\u00fczde 12,28 oluyor. Dolay\u0131s\u0131yla bu \u015fu anlama gelecek; 5 Ocak\u2019ta y\u00fczde 31 varsay\u0131m\u0131yla hareket etti\u011fimizde SSK ve Ba\u011fkur emeklileri y\u00fczde 12,28 bir art\u0131\u015f alacaklar. Tabii bu enflasyonun art\u0131\u015f durumuna g\u00f6re de de\u011fi\u015febilir.<\/p>\n<p>Kaynak : sabah.com.tr<\/p>\n"},"alt_text":"","media_type":"image","mime_type":"image\/jpeg","media_details":{"width":1200,"height":675,"file":"2025\/12\/1-204.jpg","sizes":{"medium":{"file":"1-204-300x169.jpg","width":300,"height":169,"mime_type":"image\/jpeg","source_url":"https:\/\/kilosorunum.com\/habercim\/wp-content\/uploads\/2025\/12\/1-204-300x169.jpg"},"large":{"file":"1-204-1024x576.jpg","width":1024,"height":576,"mime_type":"image\/jpeg","source_url":"https:\/\/kilosorunum.com\/habercim\/wp-content\/uploads\/2025\/12\/1-204-1024x576.jpg"},"thumbnail":{"file":"1-204-150x150.jpg","width":150,"height":150,"mime_type":"image\/jpeg","source_url":"https:\/\/kilosorunum.com\/habercim\/wp-content\/uploads\/2025\/12\/1-204-150x150.jpg"},"medium_large":{"file":"1-204-768x432.jpg","width":768,"height":432,"mime_type":"image\/jpeg","source_url":"https:\/\/kilosorunum.com\/habercim\/wp-content\/uploads\/2025\/12\/1-204-768x432.jpg"},"kucukResim":{"file":"1-204-80x50.jpg","width":80,"height":50,"mime_type":"image\/jpeg","source_url":"https:\/\/kilosorunum.com\/habercim\/wp-content\/uploads\/2025\/12\/1-204-80x50.jpg"},"sliderResim":{"file":"1-204-670x330.jpg","width":670,"height":330,"mime_type":"image\/jpeg","source_url":"https:\/\/kilosorunum.com\/habercim\/wp-content\/uploads\/2025\/12\/1-204-670x330.jpg"},"resim1":{"file":"1-204-184x140.jpg","width":184,"height":140,"mime_type":"image\/jpeg","source_url":"https:\/\/kilosorunum.com\/habercim\/wp-content\/uploads\/2025\/12\/1-204-184x140.jpg"},"resim2":{"file":"1-204-216x103.jpg","width":216,"height":103,"mime_type":"image\/jpeg","source_url":"https:\/\/kilosorunum.com\/habercim\/wp-content\/uploads\/2025\/12\/1-204-216x103.jpg"},"resim3":{"file":"1-204-145x70.jpg","width":145,"height":70,"mime_type":"image\/jpeg","source_url":"https:\/\/kilosorunum.com\/habercim\/wp-content\/uploads\/2025\/12\/1-204-145x70.jpg"},"sagSlider":{"file":"1-204-300x150.jpg","width":300,"height":150,"mime_type":"image\/jpeg","source_url":"https:\/\/kilosorunum.com\/habercim\/wp-content\/uploads\/2025\/12\/1-204-300x150.jpg"},"yeniSlider":{"file":"1-204-500x290.jpg","width":500,"height":290,"mime_type":"image\/jpeg","source_url":"https:\/\/kilosorunum.com\/habercim\/wp-content\/uploads\/2025\/12\/1-204-500x290.jpg"},"full":{"file":"1-204.jpg","width":1200,"height":675,"mime_type":"image\/jpeg","source_url":"https:\/\/kilosorunum.com\/habercim\/wp-content\/uploads\/2025\/12\/1-204.jpg"}},"image_meta":{"aperture":"0","credit":"","camera":"","caption":"","created_timestamp":"0","copyright":"","focal_length":"0","iso":"0","shutter_speed":"0","title":"","orientation":"0","keywords":[]}},"post":41587,"source_url":"https:\/\/kilosorunum.com\/habercim\/wp-content\/uploads\/2025\/12\/1-204.jpg","_links":{"self":[{"href":"https:\/\/kilosorunum.com\/habercim\/wp-json\/wp\/v2\/media\/41589"}],"collection":[{"href":"https:\/\/kilosorunum.com\/habercim\/wp-json\/wp\/v2\/media"}],"about":[{"href":"https:\/\/kilosorunum.com\/habercim\/wp-json\/wp\/v2\/types\/attachment"}],"author":[{"embeddable":true,"href":"https:\/\/kilosorunum.com\/habercim\/wp-json\/wp\/v2\/users\/2"}],"replies":[{"embeddable":true,"href":"https:\/\/kilosorunum.com\/habercim\/wp-json\/wp\/v2\/comments?post=41589"}]}}