{"id":41730,"date":"2025-12-28T22:02:40","date_gmt":"2025-12-28T19:02:40","guid":{"rendered":"https:\/\/kilosorunum.com\/habercim\/wp-content\/uploads\/2025\/12\/1-15-768x201-103.jpg"},"modified":"2025-12-28T22:03:21","modified_gmt":"2025-12-28T19:03:21","slug":"1-15-768x201-1833","status":"inherit","type":"attachment","link":"https:\/\/kilosorunum.com\/habercim\/foto-galeri\/kar-yagisi-ve-okul-egitim-durumu\/attachment\/1-15-768x201-1833\/","title":{"rendered":"Kar Ya\u011f\u0131\u015f\u0131 ve Okul E\u011fitim Durumu"},"author":2,"comment_status":"open","ping_status":"closed","template":"","meta":[],"description":{"rendered":"<p class=\"attachment\"><a href='https:\/\/kilosorunum.com\/habercim\/wp-content\/uploads\/2025\/12\/1-15-768x201-103.jpg'><img width=\"300\" height=\"79\" src=\"https:\/\/kilosorunum.com\/habercim\/wp-content\/uploads\/2025\/12\/1-15-768x201-103-300x79.jpg\" class=\"attachment-medium size-medium\" alt=\"\" loading=\"lazy\" srcset=\"https:\/\/kilosorunum.com\/habercim\/wp-content\/uploads\/2025\/12\/1-15-768x201-103-300x79.jpg 300w, https:\/\/kilosorunum.com\/habercim\/wp-content\/uploads\/2025\/12\/1-15-768x201-103.jpg 768w\" sizes=\"(max-width: 300px) 100vw, 300px\" \/><\/a><\/p>\n"},"caption":{"rendered":"<p>Pazartesi g\u00fcn\u00fc okullar\u0131n a\u00e7\u0131k olup olmayaca\u011f\u0131na dair merak artarken, sanal medyada ve arama motorlar\u0131nda yo\u011fun bir bilgi aray\u0131\u015f\u0131 s\u00fcr\u00fcyor. \u00d6zellikle hava durumu, resmi a\u00e7\u0131klamalar ve olas\u0131 tatil kararlar\u0131yla ilgili beklentiler, kullan\u0131c\u0131lar\u0131n dikkatini \u00e7ekiyor. Bat\u0131 Karadeniz\u2019de (Sinop hari\u00e7) beklenen kuvvetli ya\u011f\u0131\u015flara kar\u015f\u0131 vatanda\u015flar\u0131n tedbirli olmas\u0131 gerekti\u011fi uyar\u0131s\u0131nda bulunuldu. Meteoroloji ayr\u0131ca, kuzey, i\u00e7 ve do\u011fu kesimlerde buzlanma ve don riskinin bulundu\u011funu belirtti. Hakkari, Siirt, \u015e\u0131rnak, Kars, Artvin, Erzurum, Bitlis, Van, Karab\u00fck, Kastamonu, Ardahan\u2019da ger\u00e7ekle\u015fen yo\u011fun kar ya\u011f\u0131\u015f\u0131 nedeniyle okullar\u0131n tatil edilip edilmedi\u011fi ara\u015ft\u0131r\u0131l\u0131yor. E\u011fitim takvimiyle ilgili geli\u015fmelerin yak\u0131ndan takip edilmesi, bu tarihin \u00f6nemini daha da art\u0131r\u0131yor. D\u00fczce\u2019de devam eden kar ya\u011f\u0131\u015f\u0131 ve meteorolojinin uyar\u0131lar\u0131 dikkate al\u0131narak okullar 1 g\u00fcn s\u00fcreyle tatil edildi. Ayr\u0131ca; kre\u015f ve anaokuluna devam eden \u00e7ocu\u011fu olan kad\u0131n personel ile malul, engelli ve hamile kamu \u00e7al\u0131\u015fanlar\u0131 da 1 g\u00fcn idari izinli say\u0131lacak.<br \/>\nVan\u2019da etkili olan kar ya\u011f\u0131\u015f\u0131 nedeniyle kent genelinde 29 Aral\u0131k 2025 Pazartesi g\u00fcn\u00fc e\u011fitime ara verildi. Konuya ili\u015fkin Van Valili\u011finden yap\u0131lan a\u00e7\u0131klamada, \u201cMeteoroloji B\u00f6lge M\u00fcd\u00fcrl\u00fc\u011f\u00fcm\u00fczle yap\u0131lan de\u011ferlendirmeler neticesinde, Van\u2019da etkisini s\u00fcrd\u00fcren yo\u011fun kar ya\u011f\u0131\u015f\u0131, buzlanma ve sis nedeniyle 29 Aral\u0131k 2025 Pazartesi g\u00fcn\u00fc (yar\u0131n) ilimiz geneli resmi\/\u00f6zel t\u00fcm \u00f6rg\u00fcn ve yayg\u0131n e\u011fitim kurumlar\u0131nda (RAM, Halk E\u011fitim Merkezleri, Aile Destek Merkezleri ve Rehabilitasyon Merkezleri dahil) e\u011fitim-\u00f6\u011fretime 1 g\u00fcn s\u00fcreyle ara verilmi\u015ftir. Kamu kurum ve kurulu\u015flar\u0131nda \u00e7al\u0131\u015fan engelli ve hamile personelimiz idari izinli say\u0131lacakt\u0131r.0-6 ya\u015f \u00e7ocu\u011fu olan kamu kurum ve kurulu\u015flar\u0131nda \u00e7al\u0131\u015fan anneler de idari izinli say\u0131lacakt\u0131r\u201d denildi.<br \/>\n\u201c\u0130limiz genelinde etkisini s\u00fcrd\u00fcren yo\u011fun kar ya\u011f\u0131\u015f\u0131 ve olumsuz hava \u015fartlar\u0131 nedeniyle; 29 Aral\u0131k Pazartesi g\u00fcn\u00fc Karab\u00fck il genelindeki her t\u00fcr ve derecedeki resm\u00ee ve \u00f6zel \u00f6rg\u00fcn ve yayg\u0131n e\u011fitim kurumlar\u0131, \u00f6zel e\u011fitim ve rehabilitasyon merkezleri, \u00f6zel e\u011fitim kurslar\u0131 ve halk e\u011fitimi merkezlerinde e\u011fitim ve \u00f6\u011fretime 1 g\u00fcn s\u00fcreyle ara verilmi\u015ftir. Ayr\u0131ca, kamu kurum ve kurulu\u015flar\u0131nda g\u00f6rev yapan hamile personel ile \u00f6zel ihtiya\u00e7l\u0131 personel, ayn\u0131 g\u00fcn idari izinli say\u0131lacakt\u0131r\u201d denildi.<\/p>\n<p>Kaynak : cnnturk.com<\/p>\n"},"alt_text":"","media_type":"image","mime_type":"image\/jpeg","media_details":{"width":768,"height":201,"file":"2025\/12\/1-15-768x201-103.jpg","sizes":{"medium":{"file":"1-15-768x201-103-300x79.jpg","width":300,"height":79,"mime_type":"image\/jpeg","source_url":"https:\/\/kilosorunum.com\/habercim\/wp-content\/uploads\/2025\/12\/1-15-768x201-103-300x79.jpg"},"thumbnail":{"file":"1-15-768x201-103-150x150.jpg","width":150,"height":150,"mime_type":"image\/jpeg","source_url":"https:\/\/kilosorunum.com\/habercim\/wp-content\/uploads\/2025\/12\/1-15-768x201-103-150x150.jpg"},"kucukResim":{"file":"1-15-768x201-103-80x50.jpg","width":80,"height":50,"mime_type":"image\/jpeg","source_url":"https:\/\/kilosorunum.com\/habercim\/wp-content\/uploads\/2025\/12\/1-15-768x201-103-80x50.jpg"},"sliderResim":{"file":"1-15-768x201-103-670x201.jpg","width":670,"height":201,"mime_type":"image\/jpeg","source_url":"https:\/\/kilosorunum.com\/habercim\/wp-content\/uploads\/2025\/12\/1-15-768x201-103-670x201.jpg"},"resim1":{"file":"1-15-768x201-103-184x140.jpg","width":184,"height":140,"mime_type":"image\/jpeg","source_url":"https:\/\/kilosorunum.com\/habercim\/wp-content\/uploads\/2025\/12\/1-15-768x201-103-184x140.jpg"},"resim2":{"file":"1-15-768x201-103-216x103.jpg","width":216,"height":103,"mime_type":"image\/jpeg","source_url":"https:\/\/kilosorunum.com\/habercim\/wp-content\/uploads\/2025\/12\/1-15-768x201-103-216x103.jpg"},"resim3":{"file":"1-15-768x201-103-145x70.jpg","width":145,"height":70,"mime_type":"image\/jpeg","source_url":"https:\/\/kilosorunum.com\/habercim\/wp-content\/uploads\/2025\/12\/1-15-768x201-103-145x70.jpg"},"sagSlider":{"file":"1-15-768x201-103-300x150.jpg","width":300,"height":150,"mime_type":"image\/jpeg","source_url":"https:\/\/kilosorunum.com\/habercim\/wp-content\/uploads\/2025\/12\/1-15-768x201-103-300x150.jpg"},"yeniSlider":{"file":"1-15-768x201-103-500x201.jpg","width":500,"height":201,"mime_type":"image\/jpeg","source_url":"https:\/\/kilosorunum.com\/habercim\/wp-content\/uploads\/2025\/12\/1-15-768x201-103-500x201.jpg"},"full":{"file":"1-15-768x201-103.jpg","width":768,"height":201,"mime_type":"image\/jpeg","source_url":"https:\/\/kilosorunum.com\/habercim\/wp-content\/uploads\/2025\/12\/1-15-768x201-103.jpg"}},"image_meta":{"aperture":"0","credit":"","camera":"","caption":"","created_timestamp":"0","copyright":"","focal_length":"0","iso":"0","shutter_speed":"0","title":"","orientation":"0","keywords":[]}},"post":41728,"source_url":"https:\/\/kilosorunum.com\/habercim\/wp-content\/uploads\/2025\/12\/1-15-768x201-103.jpg","_links":{"self":[{"href":"https:\/\/kilosorunum.com\/habercim\/wp-json\/wp\/v2\/media\/41730"}],"collection":[{"href":"https:\/\/kilosorunum.com\/habercim\/wp-json\/wp\/v2\/media"}],"about":[{"href":"https:\/\/kilosorunum.com\/habercim\/wp-json\/wp\/v2\/types\/attachment"}],"author":[{"embeddable":true,"href":"https:\/\/kilosorunum.com\/habercim\/wp-json\/wp\/v2\/users\/2"}],"replies":[{"embeddable":true,"href":"https:\/\/kilosorunum.com\/habercim\/wp-json\/wp\/v2\/comments?post=41730"}]}}