{"id":41762,"date":"2025-12-30T00:48:39","date_gmt":"2025-12-29T21:48:39","guid":{"rendered":"https:\/\/kilosorunum.com\/habercim\/wp-content\/uploads\/2025\/12\/images-2-3.jpg"},"modified":"2025-12-30T00:49:09","modified_gmt":"2025-12-29T21:49:09","slug":"images-2-24","status":"inherit","type":"attachment","link":"https:\/\/kilosorunum.com\/habercim\/foto-galeri\/ceylan-gocer\/attachment\/images-2-24\/","title":{"rendered":"Ceylan G\u00f6\u00e7er"},"author":2,"comment_status":"open","ping_status":"closed","template":"","meta":[],"description":{"rendered":"<p class=\"attachment\"><a href='https:\/\/kilosorunum.com\/habercim\/wp-content\/uploads\/2025\/12\/images-2-3.jpg'><img width=\"298\" height=\"169\" src=\"https:\/\/kilosorunum.com\/habercim\/wp-content\/uploads\/2025\/12\/images-2-3.jpg\" class=\"attachment-medium size-medium\" alt=\"\" loading=\"lazy\" \/><\/a><\/p>\n"},"caption":{"rendered":"<p>ATV\u2019de yay\u0131nlanan M\u00fcge Anl\u0131 ile Tatl\u0131 Sert program\u0131nda ele al\u0131nan Samsunlu G\u00f6\u00e7er ailesinin kay\u0131p gelini Ceylan G\u00f6\u00e7er dosyas\u0131, canl\u0131 yay\u0131nda ya\u015fanan g\u00f6zya\u015flar\u0131, \u00e7arp\u0131c\u0131 iddialar ve gelen ihbarlarla T\u00fcrkiye\u2019nin g\u00fcndemine oturdu. Samsunlu kay\u0131npeder Y\u0131lmaz G\u00f6\u00e7er\u2019in gelinine olan d\u00fc\u015fk\u00fcnl\u00fc\u011f\u00fc de \u015fa\u015fk\u0131nl\u0131k yaratt\u0131. Gelin nerede bulundu\u2026<\/p>\n<p>devam\u0131 sonraki sayfada\u2026 g\u00f6rsel \u00fczerinden do2&#8217;kununuz ge\u00e7ebilirsiniz&#8230;<\/p>\n"},"alt_text":"","media_type":"image","mime_type":"image\/jpeg","media_details":{"width":298,"height":169,"file":"2025\/12\/images-2-3.jpg","sizes":{"thumbnail":{"file":"images-2-3-150x150.jpg","width":150,"height":150,"mime_type":"image\/jpeg","source_url":"https:\/\/kilosorunum.com\/habercim\/wp-content\/uploads\/2025\/12\/images-2-3-150x150.jpg"},"kucukResim":{"file":"images-2-3-80x50.jpg","width":80,"height":50,"mime_type":"image\/jpeg","source_url":"https:\/\/kilosorunum.com\/habercim\/wp-content\/uploads\/2025\/12\/images-2-3-80x50.jpg"},"resim1":{"file":"images-2-3-184x140.jpg","width":184,"height":140,"mime_type":"image\/jpeg","source_url":"https:\/\/kilosorunum.com\/habercim\/wp-content\/uploads\/2025\/12\/images-2-3-184x140.jpg"},"resim2":{"file":"images-2-3-216x103.jpg","width":216,"height":103,"mime_type":"image\/jpeg","source_url":"https:\/\/kilosorunum.com\/habercim\/wp-content\/uploads\/2025\/12\/images-2-3-216x103.jpg"},"resim3":{"file":"images-2-3-145x70.jpg","width":145,"height":70,"mime_type":"image\/jpeg","source_url":"https:\/\/kilosorunum.com\/habercim\/wp-content\/uploads\/2025\/12\/images-2-3-145x70.jpg"},"sagSlider":{"file":"images-2-3-298x150.jpg","width":298,"height":150,"mime_type":"image\/jpeg","source_url":"https:\/\/kilosorunum.com\/habercim\/wp-content\/uploads\/2025\/12\/images-2-3-298x150.jpg"},"full":{"file":"images-2-3.jpg","width":298,"height":169,"mime_type":"image\/jpeg","source_url":"https:\/\/kilosorunum.com\/habercim\/wp-content\/uploads\/2025\/12\/images-2-3.jpg"}},"image_meta":{"aperture":"0","credit":"","camera":"","caption":"","created_timestamp":"0","copyright":"","focal_length":"0","iso":"0","shutter_speed":"0","title":"","orientation":"0","keywords":[]}},"post":41761,"source_url":"https:\/\/kilosorunum.com\/habercim\/wp-content\/uploads\/2025\/12\/images-2-3.jpg","_links":{"self":[{"href":"https:\/\/kilosorunum.com\/habercim\/wp-json\/wp\/v2\/media\/41762"}],"collection":[{"href":"https:\/\/kilosorunum.com\/habercim\/wp-json\/wp\/v2\/media"}],"about":[{"href":"https:\/\/kilosorunum.com\/habercim\/wp-json\/wp\/v2\/types\/attachment"}],"author":[{"embeddable":true,"href":"https:\/\/kilosorunum.com\/habercim\/wp-json\/wp\/v2\/users\/2"}],"replies":[{"embeddable":true,"href":"https:\/\/kilosorunum.com\/habercim\/wp-json\/wp\/v2\/comments?post=41762"}]}}