{"id":41773,"date":"2025-12-30T03:01:10","date_gmt":"2025-12-30T00:01:10","guid":{"rendered":"https:\/\/kilosorunum.com\/habercim\/wp-content\/uploads\/2025\/12\/1-256.jpg"},"modified":"2025-12-30T03:02:01","modified_gmt":"2025-12-30T00:02:01","slug":"1-4775","status":"inherit","type":"attachment","link":"https:\/\/kilosorunum.com\/habercim\/foto-galeri\/13-ilimize-kar-ve-yagmur\/attachment\/1-4775\/","title":{"rendered":"13 ilimize kar ve ya\u011fmur"},"author":2,"comment_status":"open","ping_status":"closed","template":"","meta":[],"description":{"rendered":"<p class=\"attachment\"><a href='https:\/\/kilosorunum.com\/habercim\/wp-content\/uploads\/2025\/12\/1-256.jpg'><img width=\"300\" height=\"169\" src=\"https:\/\/kilosorunum.com\/habercim\/wp-content\/uploads\/2025\/12\/1-256-300x169.jpg\" class=\"attachment-medium size-medium\" alt=\"\" loading=\"lazy\" srcset=\"https:\/\/kilosorunum.com\/habercim\/wp-content\/uploads\/2025\/12\/1-256-300x169.jpg 300w, https:\/\/kilosorunum.com\/habercim\/wp-content\/uploads\/2025\/12\/1-256-1024x576.jpg 1024w, https:\/\/kilosorunum.com\/habercim\/wp-content\/uploads\/2025\/12\/1-256-768x432.jpg 768w, https:\/\/kilosorunum.com\/habercim\/wp-content\/uploads\/2025\/12\/1-256.jpg 1200w\" sizes=\"(max-width: 300px) 100vw, 300px\" \/><\/a><\/p>\n"},"caption":{"rendered":"<p>30 Aral\u0131k Sal\u0131 okullar\u0131n tatil edildi\u011fi il ve il\u00e7eler belli oldu.<br \/>\n30 Aral\u0131k Sal\u0131 okullar\u0131n tatil edildi\u011fi il ve il\u00e7eler belli oldu.<br \/>\nE\u011e\u0130T\u0130ME KAR ENGEL\u0130! \u0130\u015eTE OKULLARIN TAT\u0130L ED\u0130LD\u0130\u011e\u0130 \u0130L VE \u0130L\u00c7ELER<\/p>\n<p>VAN<\/p>\n<p>Van\u2019da olumsuz hava ko\u015fullar\u0131 nedeniyle yar\u0131n e\u011fitime ara verildi. Valilikten yap\u0131lan a\u00e7\u0131klamada, Meteoroloji B\u00f6lge M\u00fcd\u00fcrl\u00fc\u011f\u00fc ile yap\u0131lan de\u011ferlendirmeye g\u00f6re kentte kar ya\u011f\u0131\u015f\u0131n\u0131n etkisini s\u00fcrd\u00fcrece\u011fi belirtildi.<\/p>\n<p>Yo\u011fun kar, buzlanma ve sis nedeniyle 30 Aral\u0131k Sal\u0131 g\u00fcn\u00fc il genelindeki resmi ve \u00f6zel t\u00fcm e\u011fitim kurumlar\u0131nda e\u011fitim-\u00f6\u011fretime ara verildi\u011fi bildirilen a\u00e7\u0131klamada, kamu kurumlar\u0131nda \u00e7al\u0131\u015fan engelli ve hamileler ile 0-6 ya\u015f \u00e7ocu\u011fu olan ebeveynlerin de idari izinli say\u0131laca\u011f\u0131 kaydedildi.<br \/>\nKASTAMONU<\/p>\n<p>Kastamonu\u2019da kar nedeniyle e\u011fitime 1 g\u00fcn ara verildi\u011fi bildirildi. Kastamonu Valili\u011finden yap\u0131lan a\u00e7\u0131klamada, il genelinde yo\u011fun kar ya\u011f\u0131\u015f\u0131 ve buzlanma olu\u015ftu\u011fu belirtildi.<\/p>\n<p>A\u00e7\u0131klaman\u0131n devam\u0131nda \u201c30 Aral\u0131k Sal\u0131 g\u00fcn\u00fc ilimiz merkezinde \u00f6rg\u00fcn ve yayg\u0131n, resmi ve \u00f6zel t\u00fcm okullar\u0131m\u0131zda e\u011fitim-\u00f6\u011fretime bir g\u00fcn s\u00fcreyle ara verilmi\u015ftir.\u201d ifadesi yer ald\u0131.<\/p>\n<p>E\u011fitim \u00f6\u011fretime ara verilen yerlerdeki kamu kurum ve kurulu\u015flar\u0131nda \u00e7al\u0131\u015fan engelli ve hamilelerin de bir g\u00fcn idari izinli say\u0131laca\u011f\u0131 kaydedildi.<\/p>\n<p>ELAZI\u011e<\/p>\n<p>Elaz\u0131\u011f\u2019da beklenen yo\u011fun kar ya\u011f\u0131\u015f\u0131 ve buzlanma nedeniyle e\u011fitime 2 g\u00fcn daha ara verildi. Vali Numan Hatipo\u011flu, ABD merkezli X \u015firketinin sosyal medya platformundaki hesab\u0131ndan yapt\u0131\u011f\u0131 a\u00e7\u0131klamada, meteorolojik verilere g\u00f6re 30 Aral\u0131k Sal\u0131 g\u00fcn\u00fc a\u015f\u0131r\u0131 buzlanma ve 31 Aral\u0131k \u00c7ar\u015famba g\u00fcn\u00fc yo\u011fun kar ya\u011f\u0131\u015f\u0131 olaca\u011f\u0131n\u0131n de\u011ferlendirildi\u011fini belirtti.<br \/>\nHatipo\u011flu, a\u00e7\u0131klamas\u0131nda \u015funlar\u0131 kaydetti:<\/p>\n<p>\u201cSevgili \u00f6\u011frenciler k\u0131ymetli veliler, 30 Aral\u0131k tarihinde ilimiz genelinde a\u015f\u0131r\u0131 buzlanma beklenmekte ve 31 Aral\u0131k tarihinde de yo\u011fun kar ya\u011f\u0131\u015f\u0131 olaca\u011f\u0131 de\u011ferlendirilmektedir. Bu nedenle 30 ve 31 Aral\u0131k tarihlerinde okullar\u0131m\u0131zda e\u011fitim ve \u00f6\u011fretime ara verilmi\u015ftir. L\u00fctfen bo\u015fluk olarak g\u00f6rmeyin ve bu iki g\u00fcn\u00fc iyi de\u011ferlendirin. Engelli personelimiz ve hamile \u00e7al\u0131\u015fanlar\u0131m\u0131z da izinli say\u0131lacakt\u0131r.\u201d<\/p>\n<p>Elaz\u0131\u011f\u2019da etkisini s\u00fcrd\u00fcren kar ya\u011f\u0131\u015f\u0131 dolay\u0131s\u0131yla bug\u00fcn e\u011fitime ara verilmi\u015fti.<\/p>\n<p>ZONGULDAK<\/p>\n<p>Zonguldak\u2019ta \u201cta\u015f\u0131mal\u0131 e\u011fitime\u201d yar\u0131n ara verildi.<br \/>\nValilikten yap\u0131lan a\u00e7\u0131klamada, kentte etkili olan f\u0131rt\u0131na, ya\u011fmur ve kar ya\u011f\u0131\u015f\u0131 nedeniyle vatanda\u015flar\u0131n ve \u00e7ocuklar\u0131n g\u00fcvenli\u011fi i\u00e7in baz\u0131 tedbirler al\u0131nd\u0131\u011f\u0131 ifade edildi.<\/p>\n<p>Bu kapsamda yar\u0131n kentte \u201cta\u015f\u0131mal\u0131 e\u011fitim\u201d kapsam\u0131nda bulunan t\u00fcm \u00f6zel e\u011fitim, ilkokul, ortaokul, orta\u00f6\u011fretim seviyesinde bulunan okullarda e\u011fitim \u00f6\u011fretime ara verildi\u011fi aktar\u0131lan a\u00e7\u0131klamada, vatanda\u015flar\u0131n dikkatli ve tedbirli olmalar\u0131, zorunlu olmad\u0131k\u00e7a \u00f6zel ara\u00e7lar\u0131yla trafi\u011fe \u00e7\u0131kmamalar\u0131 gerekti\u011fi kaydedildi.<\/p>\n<p>\u00d6te yandan, kar ya\u011f\u0131\u015f\u0131 nedeniyle sabah saatlerinde kapanan 81 k\u00f6y yolundan 23\u2019\u00fc, ekiplerin \u00e7al\u0131\u015fmalar\u0131n\u0131n ard\u0131ndan ula\u015f\u0131ma a\u00e7\u0131ld\u0131.<\/p>\n<p>Di\u011fer yollar i\u00e7in ekiplerin faaliyetleri s\u00fcr\u00fcyor.<br \/>\nD\u0130YARBAKIR<\/p>\n<p>Diyarbak\u0131r\u2019da etkili olan kar ya\u011f\u0131\u015f\u0131 nedeniyle yar\u0131n da e\u011fitime ara verildi. Valili\u011fin, ABD merkezli X \u015firketinin sosyal medya platformundaki hesab\u0131ndan yap\u0131lan payla\u015f\u0131mda, il genelinde etkisini s\u00fcrd\u00fcren kar ya\u011f\u0131\u015f\u0131, buzlanma ve don riski nedeniyle vatanda\u015flar\u0131n ve \u00f6\u011frencilerin g\u00fcvenli\u011finin sa\u011flanmas\u0131 amac\u0131yla yar\u0131n il genelindeki t\u00fcm resmi ve \u00f6zel e\u011fitim kurumlar\u0131nda e\u011fitime ara verildi\u011fi bildirildi.<\/p>\n<p>A\u00e7\u0131klamada, engelli ve hamile kamu g\u00f6revlileri ile \u00e7ocu\u011fu anaokuluna ve kre\u015flere giden kad\u0131n personelin de idari izinli say\u0131laca\u011f\u0131 kaydedildi.<\/p>\n<p>Payla\u015f\u0131mda, s\u00fcr\u00fcc\u00fclere de k\u0131\u015f lasti\u011fi kullanmalar\u0131, trafik kurallar\u0131na uymalar\u0131 ve yap\u0131lan uyar\u0131lara azami dikkat etmeleri uyar\u0131s\u0131nda bulunuldu.<\/p>\n<p>MARD\u0130N<\/p>\n<p>Mardin\u2019de kar ya\u011f\u0131\u015f\u0131 ve olumsuz hava ko\u015fullar\u0131 nedeniyle yar\u0131n e\u011fitime ara verildi. Valilikten yap\u0131lan a\u00e7\u0131klamada, kent genelinde devam eden kar ya\u011f\u0131\u015f\u0131 ve ard\u0131ndan olu\u015fabilecek buzlanma riskine kar\u015f\u0131, ba\u015fta ula\u015f\u0131m olmak \u00fczere vatanda\u015flar\u0131n herhangi bir sorun ya\u015famamas\u0131 amac\u0131yla gerekli t\u00fcm tedbirlerin al\u0131nd\u0131\u011f\u0131 belirtildi.<\/p>\n<p>Meteorolojik de\u011ferlendirmeler sonucunda, buzlanma ve so\u011fuk hava ko\u015fullar\u0131n\u0131n il genelinde etkisini devam ettirmesinin beklendi\u011fi kaydedilen a\u00e7\u0131klamada, bu kapsamda ildeki t\u00fcm e\u011fitim kurumlar\u0131nda yar\u0131n e\u011fitime ara verildi\u011fi bildirildi.<\/p>\n<p>Ayr\u0131ca, engelli ve hamile kamu g\u00f6revlileri ile \u00e7ocu\u011fu anaokuluna ve kre\u015flere giden kad\u0131n personelin de idari izinli say\u0131laca\u011f\u0131 kaydedildi.<\/p>\n<p>\u0130l genelinde kar ya\u011f\u0131\u015f\u0131 nedeniyle bug\u00fcn de e\u011fitime ara verilmi\u015fti.<\/p>\n<p>BATMAN<\/p>\n<p>Batman\u2019da kar ya\u011f\u0131\u015f\u0131 ve olumsuz hava ko\u015fullar\u0131 nedeniyle yar\u0131n e\u011fitime ara verildi\u011fi duyuruldu. Valilikten yap\u0131lan a\u00e7\u0131klamada, kent genelinde devam eden kar ya\u011f\u0131\u015f\u0131 ve gece saatlerinden itibaren hava s\u0131cakl\u0131\u011f\u0131n\u0131n daha da d\u00fc\u015fmesinin beklendi\u011fi ve buna ba\u011fl\u0131 buzlanma ile don riskinin artaca\u011f\u0131 belirtildi.<\/p>\n<p>A\u00e7\u0131klamada, bu nedenle yar\u0131n il genelinde resmi ve \u00f6zel t\u00fcm e\u011fitim kurumlar\u0131nda e\u011fitime 1 g\u00fcn ara verildi\u011fi bildirildi.<\/p>\n<p>Ayr\u0131ca, engelli, kronik rahats\u0131zl\u0131\u011f\u0131 bulunan ve hamile kamu personelinin de ayn\u0131 g\u00fcn idari izinli say\u0131laca\u011f\u0131 kaydedildi.<\/p>\n<p>\u00d6te yandan, Kozluk, Be\u015firi, Gerc\u00fc\u015f ve Sason il\u00e7eleri ile ta\u015f\u0131mal\u0131 e\u011fitimin yap\u0131ld\u0131\u011f\u0131 il merkezindeki okullarda bug\u00fcn \u00f6\u011fleden sonra e\u011fitime ara verilmi\u015fti.<br \/>\nHAKKAR\u0130<\/p>\n<p>Hakkari Valili\u011fi\u2019nden yap\u0131lan a\u00e7\u0131klamada, meteorolojik de\u011ferlendirmelere g\u00f6re iki g\u00fcnd\u00fcr devam eden kar ya\u011f\u0131\u015f\u0131n\u0131n s\u00fcrece\u011fi, hava s\u0131cakl\u0131klar\u0131n\u0131n d\u00fc\u015fmesiyle birlikte buzlanma ve don olaylar\u0131n\u0131n artma riskinin bulundu\u011fu belirtildi. \u00d6\u011frencilerin ve vatanda\u015flar\u0131n can g\u00fcvenli\u011finin sa\u011flanmas\u0131 amac\u0131yla tedbir al\u0131nd\u0131\u011f\u0131 ifade edildi.<\/p>\n<p>Bu kapsamda, 30 Aral\u0131k 2025 Sal\u0131 g\u00fcn\u00fc Hakk\u00e2ri il genelinde bulunan t\u00fcm resm\u00ee ve \u00f6zel e\u011fitim kurumlar\u0131nda \u2013 okul \u00f6ncesi, ilkokul, ortaokul, lise, yayg\u0131n e\u011fitim kurumlar\u0131 ile rehabilitasyon merkezleri d\u00e2hil \u2013 e\u011fitime 1 g\u00fcn ara verildi. Ayn\u0131 tarihte Rehberlik ve Ara\u015ft\u0131rma Merkezlerinde (RAM) de hizmet sunulmayaca\u011f\u0131 bildirildi. Ayr\u0131ca kamu kurum ve kurulu\u015flar\u0131nda g\u00f6rev yapan hamileler, engelli personel, diyaliz hastalar\u0131, kronik rahats\u0131zl\u0131\u011f\u0131 bulunan kamu g\u00f6revlileri ile 0-12 ya\u015f aras\u0131 \u00e7ocu\u011fu bulunan kamu \u00e7al\u0131\u015fan\u0131 \u00e7iftlerden anne veya babadan biri idari izinli say\u0131lacak.<\/p>\n<p>Sa\u011fl\u0131k hizmetlerinde g\u00f6rev yapan personel ile jandarma, emniyet ve AFAD gibi sahada acil durum sorumlulu\u011fu bulunan kurumlarda \u00e7al\u0131\u015fan personelin izin durumunun ise kamu hizmetlerini aksatmayacak \u015fekilde ilgili kurum amirleri taraf\u0131ndan planlanaca\u011f\u0131 kaydedildi. Yetkililer, vatanda\u015flar\u0131 buzlanma ve olumsuz hava \u015fartlar\u0131na kar\u015f\u0131 dikkatli olmalar\u0131 konusunda uyard\u0131.<\/p>\n<p>D\u0130YARBAKIR<\/p>\n<p>Diyarbak\u0131r Valili\u011finden yap\u0131lan a\u00e7\u0131klamada, \u201c\u0130limiz genelinde etkisini s\u00fcrd\u00fcren kar ya\u011f\u0131\u015f\u0131, buzlanma ve don olaylar\u0131 nedeniyle; vatanda\u015flar\u0131m\u0131z\u0131n ve \u00f6\u011frencilerimizin g\u00fcvenli\u011finin sa\u011flanmas\u0131 amac\u0131yla 30 Aral\u0131k 2025 Sal\u0131 g\u00fcn\u00fc 1 g\u00fcn s\u00fcreyle il genelindeki t\u00fcm resmi ve \u00f6zel e\u011fitim kurumlar\u0131nda e\u011fitime ara verilmi\u015ftir. Ayn\u0131 g\u00fcn, hamile ve engelli kamu personelimiz idari izinli say\u0131lacakt\u0131r\u201d denildi.<\/p>\n<p>KARAB\u00dcK<\/p>\n<p>Karab\u00fck\u2019te etkili olan kar ya\u011f\u0131\u015f\u0131 nedeniyle sal\u0131 g\u00fcn\u00fc okullar tatil edildi.<\/p>\n<p>Karab\u00fck Valisi Mustafa Yavuz, il genelindeki her t\u00fcr ve derecedeki okulun bir g\u00fcn s\u00fcreyle tatil edildi\u011fini duyurdu. Yavuz, yapt\u0131\u011f\u0131 a\u00e7\u0131klamada, \u201c\u0130limiz genelinde etkisini s\u00fcrd\u00fcren yo\u011fun kar ya\u011f\u0131\u015f\u0131 ve olumsuz hava \u015fartlar\u0131 nedeniyle; 30 Aral\u0131k Sal\u0131 g\u00fcn\u00fc,<\/p>\n<p>Karab\u00fck il genelindeki her t\u00fcr ve derecedeki resm\u00ee ve \u00f6zel \u00f6rg\u00fcn ve yayg\u0131n e\u011fitim kurumlar\u0131, \u00f6zel e\u011fitim ve rehabilitasyon merkezleri, \u00f6zel e\u011fitim kurslar\u0131 ve halk e\u011fitimi merkezlerinde e\u011fitim ve \u00f6\u011fretime bir g\u00fcn s\u00fcreyle ara verilmi\u015ftir. Ayr\u0131ca, kamu kurum ve kurulu\u015flar\u0131nda g\u00f6rev yapan hamile personel ile \u00f6zel ihtiya\u00e7l\u0131 personel, ayn\u0131 g\u00fcn idari izinli say\u0131lacakt\u0131r\u201d denildi.<\/p>\n<p>\u00c7ANKIRI\u2019DA 6 \u0130L\u00c7EDE E\u011e\u0130T\u0130ME KAR ENGEL\u0130<\/p>\n<p>\u00c7ank\u0131r\u0131 Valili\u011fi olumsuz hava ko\u015fullar\u0131 ve kar ya\u011f\u0131\u015f\u0131 nedeniyle 6 il\u00e7ede e\u011fitime bir g\u00fcn ara verildi\u011fini a\u00e7\u0131klad\u0131.<\/p>\n<p>\u00c7ank\u0131r\u0131 Valili\u011fi\u2019nden yap\u0131lan a\u00e7\u0131klamada, \u201cMeteorolojik veriler do\u011frultusunda b\u00f6lgede etkisini s\u00fcrd\u00fcrmesi beklenen yo\u011fun kar ya\u011f\u0131\u015f\u0131 nedeniyle kar ve buzlanmadan kaynaklanabilecek olumsuzluklara kar\u015f\u0131 \u00f6nleyici tedbir olarak Atkaracalar, Bayram\u00f6ren, \u00c7erke\u015f, Kur\u015funlu, Orta ve Yaprakl\u0131 il\u00e7elerimizdeki t\u00fcm kademe ve t\u00fcrdeki okullarda (Kur\u2019an kurslar\u0131 dahil) 30 Aral\u0131k 2025 Sal\u0131 g\u00fcn\u00fc e\u011fitim ve \u00f6\u011fretime 1 g\u00fcn ara verilmi\u015ftir. \u0130l\u00e7elerimizde kamu kurumlar\u0131nda g\u00f6revli hamile, engelli, \u00e7ocu\u011fu anas\u0131n\u0131f\u0131na devam eden anneler de 1 g\u00fcn s\u00fcreyle idari izinli say\u0131lacakt\u0131r. Korgun ve Ilgaz il\u00e7elerimizde ise ta\u015f\u0131mal\u0131 e\u011fitime 1 g\u00fcn ara verilmi\u015ftir\u201d denildi.<\/p>\n<p>Kaynak : hurriyet.com.tr<\/p>\n"},"alt_text":"","media_type":"image","mime_type":"image\/jpeg","media_details":{"width":1200,"height":675,"file":"2025\/12\/1-256.jpg","sizes":{"medium":{"file":"1-256-300x169.jpg","width":300,"height":169,"mime_type":"image\/jpeg","source_url":"https:\/\/kilosorunum.com\/habercim\/wp-content\/uploads\/2025\/12\/1-256-300x169.jpg"},"large":{"file":"1-256-1024x576.jpg","width":1024,"height":576,"mime_type":"image\/jpeg","source_url":"https:\/\/kilosorunum.com\/habercim\/wp-content\/uploads\/2025\/12\/1-256-1024x576.jpg"},"thumbnail":{"file":"1-256-150x150.jpg","width":150,"height":150,"mime_type":"image\/jpeg","source_url":"https:\/\/kilosorunum.com\/habercim\/wp-content\/uploads\/2025\/12\/1-256-150x150.jpg"},"medium_large":{"file":"1-256-768x432.jpg","width":768,"height":432,"mime_type":"image\/jpeg","source_url":"https:\/\/kilosorunum.com\/habercim\/wp-content\/uploads\/2025\/12\/1-256-768x432.jpg"},"kucukResim":{"file":"1-256-80x50.jpg","width":80,"height":50,"mime_type":"image\/jpeg","source_url":"https:\/\/kilosorunum.com\/habercim\/wp-content\/uploads\/2025\/12\/1-256-80x50.jpg"},"sliderResim":{"file":"1-256-670x330.jpg","width":670,"height":330,"mime_type":"image\/jpeg","source_url":"https:\/\/kilosorunum.com\/habercim\/wp-content\/uploads\/2025\/12\/1-256-670x330.jpg"},"resim1":{"file":"1-256-184x140.jpg","width":184,"height":140,"mime_type":"image\/jpeg","source_url":"https:\/\/kilosorunum.com\/habercim\/wp-content\/uploads\/2025\/12\/1-256-184x140.jpg"},"resim2":{"file":"1-256-216x103.jpg","width":216,"height":103,"mime_type":"image\/jpeg","source_url":"https:\/\/kilosorunum.com\/habercim\/wp-content\/uploads\/2025\/12\/1-256-216x103.jpg"},"resim3":{"file":"1-256-145x70.jpg","width":145,"height":70,"mime_type":"image\/jpeg","source_url":"https:\/\/kilosorunum.com\/habercim\/wp-content\/uploads\/2025\/12\/1-256-145x70.jpg"},"sagSlider":{"file":"1-256-300x150.jpg","width":300,"height":150,"mime_type":"image\/jpeg","source_url":"https:\/\/kilosorunum.com\/habercim\/wp-content\/uploads\/2025\/12\/1-256-300x150.jpg"},"yeniSlider":{"file":"1-256-500x290.jpg","width":500,"height":290,"mime_type":"image\/jpeg","source_url":"https:\/\/kilosorunum.com\/habercim\/wp-content\/uploads\/2025\/12\/1-256-500x290.jpg"},"full":{"file":"1-256.jpg","width":1200,"height":675,"mime_type":"image\/jpeg","source_url":"https:\/\/kilosorunum.com\/habercim\/wp-content\/uploads\/2025\/12\/1-256.jpg"}},"image_meta":{"aperture":"0","credit":"","camera":"","caption":"","created_timestamp":"0","copyright":"","focal_length":"0","iso":"0","shutter_speed":"0","title":"","orientation":"0","keywords":[]}},"post":41771,"source_url":"https:\/\/kilosorunum.com\/habercim\/wp-content\/uploads\/2025\/12\/1-256.jpg","_links":{"self":[{"href":"https:\/\/kilosorunum.com\/habercim\/wp-json\/wp\/v2\/media\/41773"}],"collection":[{"href":"https:\/\/kilosorunum.com\/habercim\/wp-json\/wp\/v2\/media"}],"about":[{"href":"https:\/\/kilosorunum.com\/habercim\/wp-json\/wp\/v2\/types\/attachment"}],"author":[{"embeddable":true,"href":"https:\/\/kilosorunum.com\/habercim\/wp-json\/wp\/v2\/users\/2"}],"replies":[{"embeddable":true,"href":"https:\/\/kilosorunum.com\/habercim\/wp-json\/wp\/v2\/comments?post=41773"}]}}