{"id":41856,"date":"2026-01-01T23:17:12","date_gmt":"2026-01-01T20:17:12","guid":{"rendered":"https:\/\/kilosorunum.com\/habercim\/wp-content\/uploads\/2026\/01\/1-12.jpg"},"modified":"2026-01-01T23:17:53","modified_gmt":"2026-01-01T20:17:53","slug":"1-4807","status":"inherit","type":"attachment","link":"https:\/\/kilosorunum.com\/habercim\/foto-galeri\/ocak-2026-emekli\/attachment\/1-4807\/","title":{"rendered":"Ocak 2026 emekli"},"author":2,"comment_status":"open","ping_status":"closed","template":"","meta":[],"description":{"rendered":"<p class=\"attachment\"><a href='https:\/\/kilosorunum.com\/habercim\/wp-content\/uploads\/2026\/01\/1-12.jpg'><img width=\"300\" height=\"169\" src=\"https:\/\/kilosorunum.com\/habercim\/wp-content\/uploads\/2026\/01\/1-12-300x169.jpg\" class=\"attachment-medium size-medium\" alt=\"\" loading=\"lazy\" srcset=\"https:\/\/kilosorunum.com\/habercim\/wp-content\/uploads\/2026\/01\/1-12-300x169.jpg 300w, https:\/\/kilosorunum.com\/habercim\/wp-content\/uploads\/2026\/01\/1-12-1024x576.jpg 1024w, https:\/\/kilosorunum.com\/habercim\/wp-content\/uploads\/2026\/01\/1-12-768x432.jpg 768w, https:\/\/kilosorunum.com\/habercim\/wp-content\/uploads\/2026\/01\/1-12.jpg 1200w\" sizes=\"(max-width: 300px) 100vw, 300px\" \/><\/a><\/p>\n"},"caption":{"rendered":"<p>Asgari \u00fccretin ard\u0131ndan g\u00f6zler memur ve emeklilere yeni y\u0131lda yap\u0131lacak zam oran\u0131na \u00e7evrildi. 5 Ocak\u2019ta a\u00e7\u0131klanacak aral\u0131k ay\u0131 enflasyonuyla birlikte y\u0131l\u0131n ilk alt\u0131 ay\u0131na ili\u015fkin zam da netle\u015fecek. Memur ve emeklisinin alaca\u011f\u0131 maa\u015f zamm\u0131, toplu s\u00f6zle\u015fme ve enflasyona g\u00f6re belirleniyor. SSK ve Ba\u011f-kur emeklisi ise 6 ayl\u0131k enflasyon oran\u0131nda art\u0131\u015f al\u0131yor. T\u00fcrkiye \u0130statistik Kurumu (T\u00dc\u0130K) verilerine g\u00f6re kas\u0131m ay\u0131nda T\u00fcketici Fiyat Endeksi y\u00fczde 0,87 artt\u0131. Y\u0131ll\u0131k enflasyon ise y\u00fczde 31,07 olarak ger\u00e7ekle\u015fti.Y\u0131l\u0131n ikinci yar\u0131s\u0131ndaki 5 aya ili\u015fkin t\u00fcketici fiyat endeksine ait veriler belli oldu. B\u00f6ylece memur ve emeklisinin 5 ayl\u0131k zam fark\u0131 da netle\u015fti. 5 ayl\u0131k verilere g\u00f6re, SSK ve Ba\u011f-Kur emeklileri y\u00fczde 11,20 art\u0131\u015f alacak. Memur ve emeklilerinin ise y\u00fczde 17,55 zamlar\u0131 netle\u015fti. Bu say\u0131lara aral\u0131k ay\u0131nda ger\u00e7ekle\u015fecek veriler de eklenecek. B\u00f6ylece yeni y\u0131l\u0131n ilk 6 ay\u0131nda zam oranlar\u0131 netle\u015fecek.SSK, BA\u011e-KUR EMEKL\u0130 ZAMMI Y\u00dcZDE KA\u00c7 OLACAK? 2025 y\u0131l\u0131 enflasyonu y\u00fczde 31 oran\u0131nda \u00e7\u0131karsa en d\u00fc\u015f\u00fck emekli ayl\u0131\u011f\u0131n\u0131n da 6 ayl\u0131k enflasyon oran\u0131nda art\u0131r\u0131larak ocak ay\u0131nda 18.954 TL\u2019ye \u00e7\u0131kart\u0131lmas\u0131 bekleniyor. Enflasyon y\u00fczde 33 olursa en d\u00fc\u015f\u00fck emekli ayl\u0131\u011f\u0131 da 19.244 TL\u2019ye \u00e7\u0131kacak.2026 OCAK\u2019TA EN D\u00dc\u015e\u00dcK EMEKL\u0130 MAA\u015eI NE KADAR OLACAK? Ocak ay\u0131nda en d\u00fc\u015f\u00fck emekli ayl\u0131\u011f\u0131n\u0131n 6 ayl\u0131k enflasyon oran\u0131nda art\u0131r\u0131lmas\u0131 bekleniyor. Buna g\u00f6re 16.881 TL\u2019lik en d\u00fc\u015f\u00fck emekli taban maa\u015f\u0131; Enflasyon y\u00fczde 31 olursa 18.954 TL\u2019ye Enflasyon y\u00fczde 32 olursa 19.100 TL\u2019ye Enflasyon y\u00fczde 33 olursa 19.244 TL\u2019ye \u00e7\u0131kacak. Habert\u00fcrk\u2019ten B\u00fclent Aydemir\u2019in haberine g\u00f6re: en d\u00fc\u015f\u00fck emekli maa\u015flar\u0131na ek bir zam yap\u0131lmayacak. Bunun yerine, en d\u00fc\u015f\u00fck emekli maa\u015f\u0131 enflasyon oran\u0131nda artacak.<\/p>\n<p>Kaynak : haberzamani.com<\/p>\n"},"alt_text":"","media_type":"image","mime_type":"image\/jpeg","media_details":{"width":1200,"height":675,"file":"2026\/01\/1-12.jpg","sizes":{"medium":{"file":"1-12-300x169.jpg","width":300,"height":169,"mime_type":"image\/jpeg","source_url":"https:\/\/kilosorunum.com\/habercim\/wp-content\/uploads\/2026\/01\/1-12-300x169.jpg"},"large":{"file":"1-12-1024x576.jpg","width":1024,"height":576,"mime_type":"image\/jpeg","source_url":"https:\/\/kilosorunum.com\/habercim\/wp-content\/uploads\/2026\/01\/1-12-1024x576.jpg"},"thumbnail":{"file":"1-12-150x150.jpg","width":150,"height":150,"mime_type":"image\/jpeg","source_url":"https:\/\/kilosorunum.com\/habercim\/wp-content\/uploads\/2026\/01\/1-12-150x150.jpg"},"medium_large":{"file":"1-12-768x432.jpg","width":768,"height":432,"mime_type":"image\/jpeg","source_url":"https:\/\/kilosorunum.com\/habercim\/wp-content\/uploads\/2026\/01\/1-12-768x432.jpg"},"kucukResim":{"file":"1-12-80x50.jpg","width":80,"height":50,"mime_type":"image\/jpeg","source_url":"https:\/\/kilosorunum.com\/habercim\/wp-content\/uploads\/2026\/01\/1-12-80x50.jpg"},"sliderResim":{"file":"1-12-670x330.jpg","width":670,"height":330,"mime_type":"image\/jpeg","source_url":"https:\/\/kilosorunum.com\/habercim\/wp-content\/uploads\/2026\/01\/1-12-670x330.jpg"},"resim1":{"file":"1-12-184x140.jpg","width":184,"height":140,"mime_type":"image\/jpeg","source_url":"https:\/\/kilosorunum.com\/habercim\/wp-content\/uploads\/2026\/01\/1-12-184x140.jpg"},"resim2":{"file":"1-12-216x103.jpg","width":216,"height":103,"mime_type":"image\/jpeg","source_url":"https:\/\/kilosorunum.com\/habercim\/wp-content\/uploads\/2026\/01\/1-12-216x103.jpg"},"resim3":{"file":"1-12-145x70.jpg","width":145,"height":70,"mime_type":"image\/jpeg","source_url":"https:\/\/kilosorunum.com\/habercim\/wp-content\/uploads\/2026\/01\/1-12-145x70.jpg"},"sagSlider":{"file":"1-12-300x150.jpg","width":300,"height":150,"mime_type":"image\/jpeg","source_url":"https:\/\/kilosorunum.com\/habercim\/wp-content\/uploads\/2026\/01\/1-12-300x150.jpg"},"yeniSlider":{"file":"1-12-500x290.jpg","width":500,"height":290,"mime_type":"image\/jpeg","source_url":"https:\/\/kilosorunum.com\/habercim\/wp-content\/uploads\/2026\/01\/1-12-500x290.jpg"},"full":{"file":"1-12.jpg","width":1200,"height":675,"mime_type":"image\/jpeg","source_url":"https:\/\/kilosorunum.com\/habercim\/wp-content\/uploads\/2026\/01\/1-12.jpg"}},"image_meta":{"aperture":"0","credit":"","camera":"","caption":"","created_timestamp":"0","copyright":"","focal_length":"0","iso":"0","shutter_speed":"0","title":"","orientation":"0","keywords":[]}},"post":41854,"source_url":"https:\/\/kilosorunum.com\/habercim\/wp-content\/uploads\/2026\/01\/1-12.jpg","_links":{"self":[{"href":"https:\/\/kilosorunum.com\/habercim\/wp-json\/wp\/v2\/media\/41856"}],"collection":[{"href":"https:\/\/kilosorunum.com\/habercim\/wp-json\/wp\/v2\/media"}],"about":[{"href":"https:\/\/kilosorunum.com\/habercim\/wp-json\/wp\/v2\/types\/attachment"}],"author":[{"embeddable":true,"href":"https:\/\/kilosorunum.com\/habercim\/wp-json\/wp\/v2\/users\/2"}],"replies":[{"embeddable":true,"href":"https:\/\/kilosorunum.com\/habercim\/wp-json\/wp\/v2\/comments?post=41856"}]}}