{"id":41878,"date":"2026-01-02T04:04:09","date_gmt":"2026-01-02T01:04:09","guid":{"rendered":"https:\/\/kilosorunum.com\/habercim\/wp-content\/uploads\/2026\/01\/1-15-768x201-1.jpg"},"modified":"2026-01-02T04:04:52","modified_gmt":"2026-01-02T01:04:52","slug":"1-15-768x201-1836","status":"inherit","type":"attachment","link":"https:\/\/kilosorunum.com\/habercim\/foto-galeri\/rojin-kabaisin-babasi-acikliyor\/attachment\/1-15-768x201-1836\/","title":{"rendered":"Rojin Kabai\u015f\u2019in Babas\u0131 A\u00e7\u0131kl\u0131yor"},"author":2,"comment_status":"open","ping_status":"closed","template":"","meta":[],"description":{"rendered":"<p class=\"attachment\"><a href='https:\/\/kilosorunum.com\/habercim\/wp-content\/uploads\/2026\/01\/1-15-768x201-1.jpg'><img width=\"300\" height=\"79\" src=\"https:\/\/kilosorunum.com\/habercim\/wp-content\/uploads\/2026\/01\/1-15-768x201-1-300x79.jpg\" class=\"attachment-medium size-medium\" alt=\"\" loading=\"lazy\" srcset=\"https:\/\/kilosorunum.com\/habercim\/wp-content\/uploads\/2026\/01\/1-15-768x201-1-300x79.jpg 300w, https:\/\/kilosorunum.com\/habercim\/wp-content\/uploads\/2026\/01\/1-15-768x201-1.jpg 768w\" sizes=\"(max-width: 300px) 100vw, 300px\" \/><\/a><\/p>\n"},"caption":{"rendered":"<p>Rojin Kabai\u015f\u2019in babas\u0131 Nizamettin Kabai\u015f, soru\u015fturman\u0131n kamuoyu bask\u0131s\u0131 azald\u0131\u011f\u0131nda durma noktas\u0131na geldi\u011fini s\u00f6yleyerek, cep telefonu, tan\u0131k ifadeleri ve Adli T\u0131p bulgular\u0131na ra\u011fmen aylard\u0131r net bir sonuca ula\u015f\u0131lamamas\u0131na tepki g\u00f6sterdi.<br \/>\nRojin Kabai\u015f, 27 Eyl\u00fcl 2024\u2019te Van Y\u00fcz\u00fcnc\u00fc Y\u0131l \u00dcniversitesi\u2019nde e\u011fitim g\u00f6rmek \u00fczere bulundu\u011fu Van\u2019da kayboldu. Kendisine ait baz\u0131 ki\u015fisel e\u015fyalar kaybolu\u015fundan k\u0131sa s\u00fcre sonra Van G\u00f6l\u00fc k\u0131y\u0131s\u0131nda bulunurken, 18 g\u00fcn sonra Rojin Kabai\u015f\u2019in cans\u0131z bedeni g\u00f6l kenar\u0131nda tespit edildi. Aylar sonra a\u00e7\u0131klanan Adli T\u0131p raporunda, \u015f\u00fcpheli bir \u015fekilde hayat\u0131n\u0131 kaybeden Kabai\u015f\u2019in bedeninde iki farkl\u0131 erke\u011fe ait DNA profiline rastland\u0131\u011f\u0131 bildirildi. Ancak \u00f6l\u00fcm\u00fcn kesin \u015fekli ve zaman\u0131 konusunda net bir sonuca ula\u015f\u0131lamad\u0131.<br \/>\nSoru\u015fturman\u0131n \u00f6nemli delillerinden biri olan Kabai\u015f\u2019in cep telefonu, T\u00fcrkiye\u2019de a\u00e7\u0131lamad\u0131\u011f\u0131 gerek\u00e7esiyle uluslararas\u0131 adli yard\u0131mla \u0130spanya\u2019ya g\u00f6nderildi. Telefonun teslim edildi\u011fi, ancak dijital inceleme sonu\u00e7lar\u0131n\u0131n hen\u00fcz payla\u015f\u0131lmad\u0131\u011f\u0131 a\u00e7\u0131kland\u0131.<\/p>\n<p>Ailenin ve avukatlar\u0131n bu ba\u015fl\u0131klara ili\u015fkin taleplerine ra\u011fmen, soru\u015fturma makamlar\u0131ndan hen\u00fcz kamuoyunu tatmin edecek bir a\u00e7\u0131klama yap\u0131lmad\u0131.<\/p>\n<p>Rojin Kabai\u015f\u2019in babas\u0131 Nizamettin Kabai\u015f, kamuoyu bask\u0131s\u0131 azald\u0131\u011f\u0131nda olay\u0131n durma noktas\u0131na geldi\u011fini vurgulayarak, \u201cMedyaya \u00e7\u0131kt\u0131\u011f\u0131mda bir hareketlilik oluyor. Konu\u015fmazsam, gitmezsem sessizlik oluyor. Dosya kapat\u0131lacak gibi bir hava var\u201d dedi. Bu nedenle gerekirse Van\u2019a, ard\u0131ndan Ankara\u2019ya gidece\u011fini s\u00f6yleyen Kabai\u015f, Meclis \u00f6n\u00fcnde oturma eylemi yapaca\u011f\u0131n\u0131 s\u00f6zlerine ekleyerek, \u201cYemek yemem. Bu benim son \u00e7arem\u201d dedi.<\/p>\n<p>\u201cGitmezsem sessizlik oluyor\u201d<\/p>\n<p>Kabai\u015f, soru\u015fturman\u0131n ancak ailenin s\u00fcrekli ba\u015fvuru ve takipte bulunmas\u0131yla ilerledi\u011fini s\u00f6yledi. Kabai\u015f savc\u0131l\u0131\u011fa gidilmedi\u011fi ve resmi giri\u015fimler yap\u0131lmad\u0131\u011f\u0131 d\u00f6nemlerde dosyada bir durgunluk ya\u015fand\u0131\u011f\u0131n\u0131 ancak her ba\u015fvurunun ard\u0131ndan soru\u015fturmada ge\u00e7ici de olsa bir hareketlilik g\u00f6zlendi\u011fini belirtti.<\/p>\n<p>Kabai\u015f, Van\u2019a yeniden gitmeyi planlad\u0131\u011f\u0131n\u0131 vurgulayarak, dosyada h\u00e2l\u00e2 yan\u0131t bekleyen pek \u00e7ok ba\u015fl\u0131k bulundu\u011funu anlatt\u0131. Cep telefonunun ak\u0131beti, tan\u0131k ifadeleri ve soru\u015fturma dosyas\u0131na giren ancak sonu\u00e7lar\u0131 kendileriyle payla\u015f\u0131lmayan beyanlar\u0131n bu belirsizliklerin ba\u015f\u0131nda geldi\u011fini ifade eden Kabai\u015f, \u201c\u00dcniversitenin i\u00e7indeki arkada\u015f\u0131n\u0131n ifadesi var. K\u00f6y taraf\u0131nda beyaz arabadan bahsediliyor. Manisa\u2019da biri ifade verdi ama sonucunu bana s\u00f6ylemediler. Sordu\u011fumda \u2018soru\u015fturma devam ediyor\u201d dedi. \u201cTelefon \u0130spanya\u2019da, yan\u0131t h\u00e2l\u00e2 yok\u201d<\/p>\n<p>Soru\u015fturman\u0131n en kritik delillerinden biri olan Rojin Kabai\u015f\u2019e ait cep telefonu, T\u00fcrkiye\u2019de a\u00e7\u0131lamad\u0131\u011f\u0131 gerek\u00e7esiyle uluslararas\u0131 adli yard\u0131mla \u0130spanya\u2019ya g\u00f6nderildi. Yetkililer telefonun teslim edildi\u011fini, kriminal incelemenin s\u00fcrd\u00fc\u011f\u00fcn\u00fc bildirirken, Kabai\u015f s\u00fcrecin gecikmesine tepki g\u00f6stererek, telefonun \u00e7ok ge\u00e7 g\u00f6nderildi\u011fini aktard\u0131: \u201cOlaydan 2\u20133 ay sonra g\u00f6nderilmesi gerekirken neden 15 ay sonra g\u00f6nderiliyor? 25 g\u00fcn, bir ay oldu. Bir ay i\u00e7inde gelmesi laz\u0131md\u0131 ama tarih bile vermediler.\u201d<\/p>\n<p>\u201cDelil var ama sonu\u00e7 yok\u201d<\/p>\n<p>Kabai\u015f, dosyada \u00e7ok say\u0131da delil bulunmas\u0131na ra\u011fmen ilerleme sa\u011flanmamas\u0131na dikkat \u00e7ekerek, \u201cOtopsi raporu ellerinde, kamera kay\u0131tlar\u0131 savc\u0131l\u0131kta. Rojin\u2019in bedeninden 83 numune alm\u0131\u015flar. Buna ra\u011fmen neden h\u00e2l\u00e2 bir sonu\u00e7 yok? S\u00fcrekli soruyoruz, cevap alam\u0131yoruz\u201d \u015feklinde konu\u015ftu. Adli T\u0131p raporunda \u00f6l\u00fcm nedeni \u201csuda bo\u011fulma\u201d olarak de\u011ferlendirilirken, \u00f6l\u00fcm zaman\u0131, ka\u00e7 g\u00fcn suda kald\u0131\u011f\u0131 ve ba\u015fka bir m\u00fcdahale olup olmad\u0131\u011f\u0131 konular\u0131nda net ifadeler yer almad\u0131\u011f\u0131na da dikkat \u00e7eken Kabai\u015f, \u201cK\u0131z\u0131m 18 g\u00fcn kay\u0131pt\u0131. Ka\u00e7 g\u00fcn elde tutuldu, ka\u00e7 g\u00fcn suda kald\u0131, \u00f6l\u00fcm zaman\u0131 adli t\u0131pta tespit edilebilir. Ama bize net bir \u015fey s\u00f6ylemiyorlar\u201d diye konu\u015ftu.<\/p>\n<p>\u201c\u00dcniversite ve kamu g\u00f6revlileri neden sorgulanmad\u0131?\u201d Rojin Kabai\u015f\u2019in bir \u00fcniversite \u00f6\u011frencisi oldu\u011funa ve devlet g\u00fcvencesi alt\u0131nda e\u011fitim g\u00f6rd\u00fc\u011f\u00fcne dikkat \u00e7eken Kabai\u015f, \u00fcniversite y\u00f6netimi ve g\u00fcvenlik g\u00f6revlilerine dair hi\u00e7bir ad\u0131m at\u0131lmamas\u0131n\u0131 ele\u015ftirerek, \u201cBen k\u0131z\u0131m\u0131 \u00fcniversiteye g\u00f6t\u00fcrd\u00fcm, devlete teslim ettim. Sahip \u00e7\u0131kmad\u0131lar. N\u00f6bet\u00e7iler, g\u00fcvenlik\u00e7iler, amirler, rekt\u00f6r\u2026 Neden sorguya al\u0131nm\u0131yorlar?\u201d dedi.<\/p>\n<p>Kaynak : > bolgegazetesivan.com<\/p>\n"},"alt_text":"","media_type":"image","mime_type":"image\/jpeg","media_details":{"width":768,"height":201,"file":"2026\/01\/1-15-768x201-1.jpg","sizes":{"medium":{"file":"1-15-768x201-1-300x79.jpg","width":300,"height":79,"mime_type":"image\/jpeg","source_url":"https:\/\/kilosorunum.com\/habercim\/wp-content\/uploads\/2026\/01\/1-15-768x201-1-300x79.jpg"},"thumbnail":{"file":"1-15-768x201-1-150x150.jpg","width":150,"height":150,"mime_type":"image\/jpeg","source_url":"https:\/\/kilosorunum.com\/habercim\/wp-content\/uploads\/2026\/01\/1-15-768x201-1-150x150.jpg"},"kucukResim":{"file":"1-15-768x201-1-80x50.jpg","width":80,"height":50,"mime_type":"image\/jpeg","source_url":"https:\/\/kilosorunum.com\/habercim\/wp-content\/uploads\/2026\/01\/1-15-768x201-1-80x50.jpg"},"sliderResim":{"file":"1-15-768x201-1-670x201.jpg","width":670,"height":201,"mime_type":"image\/jpeg","source_url":"https:\/\/kilosorunum.com\/habercim\/wp-content\/uploads\/2026\/01\/1-15-768x201-1-670x201.jpg"},"resim1":{"file":"1-15-768x201-1-184x140.jpg","width":184,"height":140,"mime_type":"image\/jpeg","source_url":"https:\/\/kilosorunum.com\/habercim\/wp-content\/uploads\/2026\/01\/1-15-768x201-1-184x140.jpg"},"resim2":{"file":"1-15-768x201-1-216x103.jpg","width":216,"height":103,"mime_type":"image\/jpeg","source_url":"https:\/\/kilosorunum.com\/habercim\/wp-content\/uploads\/2026\/01\/1-15-768x201-1-216x103.jpg"},"resim3":{"file":"1-15-768x201-1-145x70.jpg","width":145,"height":70,"mime_type":"image\/jpeg","source_url":"https:\/\/kilosorunum.com\/habercim\/wp-content\/uploads\/2026\/01\/1-15-768x201-1-145x70.jpg"},"sagSlider":{"file":"1-15-768x201-1-300x150.jpg","width":300,"height":150,"mime_type":"image\/jpeg","source_url":"https:\/\/kilosorunum.com\/habercim\/wp-content\/uploads\/2026\/01\/1-15-768x201-1-300x150.jpg"},"yeniSlider":{"file":"1-15-768x201-1-500x201.jpg","width":500,"height":201,"mime_type":"image\/jpeg","source_url":"https:\/\/kilosorunum.com\/habercim\/wp-content\/uploads\/2026\/01\/1-15-768x201-1-500x201.jpg"},"full":{"file":"1-15-768x201-1.jpg","width":768,"height":201,"mime_type":"image\/jpeg","source_url":"https:\/\/kilosorunum.com\/habercim\/wp-content\/uploads\/2026\/01\/1-15-768x201-1.jpg"}},"image_meta":{"aperture":"0","credit":"","camera":"","caption":"","created_timestamp":"0","copyright":"","focal_length":"0","iso":"0","shutter_speed":"0","title":"","orientation":"0","keywords":[]}},"post":41876,"source_url":"https:\/\/kilosorunum.com\/habercim\/wp-content\/uploads\/2026\/01\/1-15-768x201-1.jpg","_links":{"self":[{"href":"https:\/\/kilosorunum.com\/habercim\/wp-json\/wp\/v2\/media\/41878"}],"collection":[{"href":"https:\/\/kilosorunum.com\/habercim\/wp-json\/wp\/v2\/media"}],"about":[{"href":"https:\/\/kilosorunum.com\/habercim\/wp-json\/wp\/v2\/types\/attachment"}],"author":[{"embeddable":true,"href":"https:\/\/kilosorunum.com\/habercim\/wp-json\/wp\/v2\/users\/2"}],"replies":[{"embeddable":true,"href":"https:\/\/kilosorunum.com\/habercim\/wp-json\/wp\/v2\/comments?post=41878"}]}}