{"id":41959,"date":"2026-01-03T23:44:34","date_gmt":"2026-01-03T20:44:34","guid":{"rendered":"https:\/\/kilosorunum.com\/habercim\/wp-content\/uploads\/2026\/01\/1-47.jpg"},"modified":"2026-01-03T23:45:10","modified_gmt":"2026-01-03T20:45:10","slug":"1-4842","status":"inherit","type":"attachment","link":"https:\/\/kilosorunum.com\/habercim\/foto-galeri\/bolgeden-bildiriyor\/attachment\/1-4842\/","title":{"rendered":"B\u00f6lgeden bildiriyor"},"author":2,"comment_status":"open","ping_status":"closed","template":"","meta":[],"description":{"rendered":"<p class=\"attachment\"><a href='https:\/\/kilosorunum.com\/habercim\/wp-content\/uploads\/2026\/01\/1-47.jpg'><img width=\"300\" height=\"169\" src=\"https:\/\/kilosorunum.com\/habercim\/wp-content\/uploads\/2026\/01\/1-47-300x169.jpg\" class=\"attachment-medium size-medium\" alt=\"\" loading=\"lazy\" srcset=\"https:\/\/kilosorunum.com\/habercim\/wp-content\/uploads\/2026\/01\/1-47-300x169.jpg 300w, https:\/\/kilosorunum.com\/habercim\/wp-content\/uploads\/2026\/01\/1-47-1024x576.jpg 1024w, https:\/\/kilosorunum.com\/habercim\/wp-content\/uploads\/2026\/01\/1-47-768x432.jpg 768w, https:\/\/kilosorunum.com\/habercim\/wp-content\/uploads\/2026\/01\/1-47.jpg 1200w\" sizes=\"(max-width: 300px) 100vw, 300px\" \/><\/a><\/p>\n"},"caption":{"rendered":"<p>Afet ve Acil Durum Y\u00f6netimi Ba\u015fkanl\u0131\u011f\u0131 (AFAD), Elaz\u0131\u011f\u2019\u0131n Baskil il\u00e7esinde 4.7 b\u00fcy\u00fckl\u00fc\u011f\u00fcnde deprem meydana geldi\u011fini duyurdu. Deprem, saat 20:27 sular\u0131nda ger\u00e7ekle\u015fti ve derinli\u011fi 9.85 km oldu.<br \/>\n\u201cOLUMSUZ B\u0130R DURUM YOK\u201d<br \/>\nAFAD\u2019dan depreme ili\u015fkin yap\u0131lan yeni a\u00e7\u0131klamada, \u201cElaz\u0131\u011f ilimizin Baskil il\u00e7esinde saat 20.27\u2019de meydana gelen ve Malatya, Ad\u0131yaman, Tunceli, Diyarbak\u0131r illerimizde de hissedilen 4.7 b\u00fcy\u00fckl\u00fc\u011f\u00fcndeki deprem sonras\u0131, an itibar\u0131yla, olumsuz bir durum bulunmamaktad\u0131r\u201d denildi.<\/p>\n<p>Saha tarama \u00e7al\u0131\u015fmalar\u0131n\u0131n devam etti\u011fi bilgisi de kamuoyu ile payla\u015f\u0131ld\u0131.<br \/>\nYerin 9.85 kilometre derinli\u011finde meydana gelen deprem, Malatya, \u015eanl\u0131urfa, Diyarbak\u0131r gibi \u00e7evre illerde de hissedildi.<br \/>\nDEPREM \u00c7EVRE \u0130LLERDE DE H\u0130SSED\u0130LD\u0130<\/p>\n"},"alt_text":"","media_type":"image","mime_type":"image\/jpeg","media_details":{"width":1200,"height":675,"file":"2026\/01\/1-47.jpg","sizes":{"medium":{"file":"1-47-300x169.jpg","width":300,"height":169,"mime_type":"image\/jpeg","source_url":"https:\/\/kilosorunum.com\/habercim\/wp-content\/uploads\/2026\/01\/1-47-300x169.jpg"},"large":{"file":"1-47-1024x576.jpg","width":1024,"height":576,"mime_type":"image\/jpeg","source_url":"https:\/\/kilosorunum.com\/habercim\/wp-content\/uploads\/2026\/01\/1-47-1024x576.jpg"},"thumbnail":{"file":"1-47-150x150.jpg","width":150,"height":150,"mime_type":"image\/jpeg","source_url":"https:\/\/kilosorunum.com\/habercim\/wp-content\/uploads\/2026\/01\/1-47-150x150.jpg"},"medium_large":{"file":"1-47-768x432.jpg","width":768,"height":432,"mime_type":"image\/jpeg","source_url":"https:\/\/kilosorunum.com\/habercim\/wp-content\/uploads\/2026\/01\/1-47-768x432.jpg"},"kucukResim":{"file":"1-47-80x50.jpg","width":80,"height":50,"mime_type":"image\/jpeg","source_url":"https:\/\/kilosorunum.com\/habercim\/wp-content\/uploads\/2026\/01\/1-47-80x50.jpg"},"sliderResim":{"file":"1-47-670x330.jpg","width":670,"height":330,"mime_type":"image\/jpeg","source_url":"https:\/\/kilosorunum.com\/habercim\/wp-content\/uploads\/2026\/01\/1-47-670x330.jpg"},"resim1":{"file":"1-47-184x140.jpg","width":184,"height":140,"mime_type":"image\/jpeg","source_url":"https:\/\/kilosorunum.com\/habercim\/wp-content\/uploads\/2026\/01\/1-47-184x140.jpg"},"resim2":{"file":"1-47-216x103.jpg","width":216,"height":103,"mime_type":"image\/jpeg","source_url":"https:\/\/kilosorunum.com\/habercim\/wp-content\/uploads\/2026\/01\/1-47-216x103.jpg"},"resim3":{"file":"1-47-145x70.jpg","width":145,"height":70,"mime_type":"image\/jpeg","source_url":"https:\/\/kilosorunum.com\/habercim\/wp-content\/uploads\/2026\/01\/1-47-145x70.jpg"},"sagSlider":{"file":"1-47-300x150.jpg","width":300,"height":150,"mime_type":"image\/jpeg","source_url":"https:\/\/kilosorunum.com\/habercim\/wp-content\/uploads\/2026\/01\/1-47-300x150.jpg"},"yeniSlider":{"file":"1-47-500x290.jpg","width":500,"height":290,"mime_type":"image\/jpeg","source_url":"https:\/\/kilosorunum.com\/habercim\/wp-content\/uploads\/2026\/01\/1-47-500x290.jpg"},"full":{"file":"1-47.jpg","width":1200,"height":675,"mime_type":"image\/jpeg","source_url":"https:\/\/kilosorunum.com\/habercim\/wp-content\/uploads\/2026\/01\/1-47.jpg"}},"image_meta":{"aperture":"0","credit":"","camera":"","caption":"","created_timestamp":"0","copyright":"","focal_length":"0","iso":"0","shutter_speed":"0","title":"","orientation":"0","keywords":[]}},"post":41957,"source_url":"https:\/\/kilosorunum.com\/habercim\/wp-content\/uploads\/2026\/01\/1-47.jpg","_links":{"self":[{"href":"https:\/\/kilosorunum.com\/habercim\/wp-json\/wp\/v2\/media\/41959"}],"collection":[{"href":"https:\/\/kilosorunum.com\/habercim\/wp-json\/wp\/v2\/media"}],"about":[{"href":"https:\/\/kilosorunum.com\/habercim\/wp-json\/wp\/v2\/types\/attachment"}],"author":[{"embeddable":true,"href":"https:\/\/kilosorunum.com\/habercim\/wp-json\/wp\/v2\/users\/2"}],"replies":[{"embeddable":true,"href":"https:\/\/kilosorunum.com\/habercim\/wp-json\/wp\/v2\/comments?post=41959"}]}}