{"id":41969,"date":"2026-01-04T13:20:32","date_gmt":"2026-01-04T10:20:32","guid":{"rendered":"https:\/\/kilosorunum.com\/habercim\/wp-content\/uploads\/2026\/01\/1-15-768x201-4.jpg"},"modified":"2026-01-04T13:21:03","modified_gmt":"2026-01-04T10:21:03","slug":"1-15-768x201-1839","status":"inherit","type":"attachment","link":"https:\/\/kilosorunum.com\/habercim\/foto-galeri\/asil-deprem\/attachment\/1-15-768x201-1839\/","title":{"rendered":"As\u0131l deprem"},"author":2,"comment_status":"open","ping_status":"closed","template":"","meta":[],"description":{"rendered":"<p class=\"attachment\"><a href='https:\/\/kilosorunum.com\/habercim\/wp-content\/uploads\/2026\/01\/1-15-768x201-4.jpg'><img width=\"300\" height=\"79\" src=\"https:\/\/kilosorunum.com\/habercim\/wp-content\/uploads\/2026\/01\/1-15-768x201-4-300x79.jpg\" class=\"attachment-medium size-medium\" alt=\"\" loading=\"lazy\" srcset=\"https:\/\/kilosorunum.com\/habercim\/wp-content\/uploads\/2026\/01\/1-15-768x201-4-300x79.jpg 300w, https:\/\/kilosorunum.com\/habercim\/wp-content\/uploads\/2026\/01\/1-15-768x201-4.jpg 768w\" sizes=\"(max-width: 300px) 100vw, 300px\" \/><\/a><\/p>\n"},"caption":{"rendered":"<p>ASIL DEPREM BAKIN NEREDE BEKLEN\u0130YOR \u201c1894 y\u0131l\u0131nda k\u0131r\u0131lan \u00c7\u0131narc\u0131k\u2019\u0131n g\u00fcneyindeki fay hatt\u0131 Avrasya ile Anadolu Levhas\u0131 aras\u0131ndaki Kuzey Anadolu Fay\u0131 ve \u00fczerine olan deprem o fay\u0131 tetiklemez. 17 A\u011fustos Depremi\u2019ndeki durum ve yeni olu\u015facak depremde stres bo\u015fal\u0131m\u0131 sonras\u0131 durumu sim\u00fclasyon grafikleriyle g\u00f6steren Prof. Dr. \u00dc\u015f\u00fcmezsoy, olas\u0131 bir depremin hangi b\u00f6lgede olaca\u011f\u0131n\u0131 saptad\u0131. \u00dc\u015f\u00fcmezsoy, \u201cBu grafiklerde g\u00f6r\u00fcld\u00fc\u011f\u00fc gibi Te\u015fvikiye a\u00e7\u0131klar\u0131nda olan depremde stres s\u00f6z konusu. O fay, Bozburun Fay\u0131 ile g\u00fcneyde Gemlik K\u00f6rfezi\u2019ne ula\u015fan bir b\u00f6lgede risk ta\u015f\u0131maktad\u0131r. Orada olu\u015fan deprem modelinde stresin bo\u015falaca\u011f\u0131 alan mor b\u00f6lgedir.\u201d Dedi. ASIL DEPREM BAKIN NEREDE BEKLEN\u0130YOR \u201c1894 y\u0131l\u0131nda k\u0131r\u0131lan \u00c7\u0131narc\u0131k\u2019\u0131n g\u00fcneyindeki fay hatt\u0131 Avrasya ile Anadolu Levhas\u0131 aras\u0131ndaki Kuzey Anadolu Fay\u0131 ve \u00fczerine olan deprem o fay\u0131 tetiklemez. Ama 1999\u2019da k\u0131r\u0131lan fay\u0131n stres y\u00fckledi\u011fi hat, Bozburun Fay\u0131\u2019ndan g\u00fcneydeki Gemlik-Mudanya Fay\u0131\u2019na stres y\u00fckler. Esas olarak Gemlik-Mudanya Fay\u0131\u2019nda risk vard\u0131r. Kuzeydeki fayda stres y\u00fck\u00fc 1894\u2019te bo\u015falm\u0131\u015ft\u0131r. \u201c\u0130STANBUL VE YALOVA FAYLARI ARASINDA \u0130L\u0130\u015eK\u0130 YOK\u201d Burada kuzeydeki fay dedi\u011fimiz, Gemlik Fay\u0131\u2019n\u0131n kuzeyindeki Yalova Fay\u0131\u2019d\u0131r. Armutlu Yar\u0131madas\u0131\u2019n\u0131n hemen k\u0131y\u0131s\u0131nda olan bir fayd\u0131r. Yoksa Adalar Fay\u0131 ve Kuzey Marmara\u2019daki faylarla bir ilgisi yoktur.<\/p>\n<p>Kaynak : haberzamani.com<\/p>\n"},"alt_text":"","media_type":"image","mime_type":"image\/jpeg","media_details":{"width":768,"height":201,"file":"2026\/01\/1-15-768x201-4.jpg","sizes":{"medium":{"file":"1-15-768x201-4-300x79.jpg","width":300,"height":79,"mime_type":"image\/jpeg","source_url":"https:\/\/kilosorunum.com\/habercim\/wp-content\/uploads\/2026\/01\/1-15-768x201-4-300x79.jpg"},"thumbnail":{"file":"1-15-768x201-4-150x150.jpg","width":150,"height":150,"mime_type":"image\/jpeg","source_url":"https:\/\/kilosorunum.com\/habercim\/wp-content\/uploads\/2026\/01\/1-15-768x201-4-150x150.jpg"},"kucukResim":{"file":"1-15-768x201-4-80x50.jpg","width":80,"height":50,"mime_type":"image\/jpeg","source_url":"https:\/\/kilosorunum.com\/habercim\/wp-content\/uploads\/2026\/01\/1-15-768x201-4-80x50.jpg"},"sliderResim":{"file":"1-15-768x201-4-670x201.jpg","width":670,"height":201,"mime_type":"image\/jpeg","source_url":"https:\/\/kilosorunum.com\/habercim\/wp-content\/uploads\/2026\/01\/1-15-768x201-4-670x201.jpg"},"resim1":{"file":"1-15-768x201-4-184x140.jpg","width":184,"height":140,"mime_type":"image\/jpeg","source_url":"https:\/\/kilosorunum.com\/habercim\/wp-content\/uploads\/2026\/01\/1-15-768x201-4-184x140.jpg"},"resim2":{"file":"1-15-768x201-4-216x103.jpg","width":216,"height":103,"mime_type":"image\/jpeg","source_url":"https:\/\/kilosorunum.com\/habercim\/wp-content\/uploads\/2026\/01\/1-15-768x201-4-216x103.jpg"},"resim3":{"file":"1-15-768x201-4-145x70.jpg","width":145,"height":70,"mime_type":"image\/jpeg","source_url":"https:\/\/kilosorunum.com\/habercim\/wp-content\/uploads\/2026\/01\/1-15-768x201-4-145x70.jpg"},"sagSlider":{"file":"1-15-768x201-4-300x150.jpg","width":300,"height":150,"mime_type":"image\/jpeg","source_url":"https:\/\/kilosorunum.com\/habercim\/wp-content\/uploads\/2026\/01\/1-15-768x201-4-300x150.jpg"},"yeniSlider":{"file":"1-15-768x201-4-500x201.jpg","width":500,"height":201,"mime_type":"image\/jpeg","source_url":"https:\/\/kilosorunum.com\/habercim\/wp-content\/uploads\/2026\/01\/1-15-768x201-4-500x201.jpg"},"full":{"file":"1-15-768x201-4.jpg","width":768,"height":201,"mime_type":"image\/jpeg","source_url":"https:\/\/kilosorunum.com\/habercim\/wp-content\/uploads\/2026\/01\/1-15-768x201-4.jpg"}},"image_meta":{"aperture":"0","credit":"","camera":"","caption":"","created_timestamp":"0","copyright":"","focal_length":"0","iso":"0","shutter_speed":"0","title":"","orientation":"0","keywords":[]}},"post":41967,"source_url":"https:\/\/kilosorunum.com\/habercim\/wp-content\/uploads\/2026\/01\/1-15-768x201-4.jpg","_links":{"self":[{"href":"https:\/\/kilosorunum.com\/habercim\/wp-json\/wp\/v2\/media\/41969"}],"collection":[{"href":"https:\/\/kilosorunum.com\/habercim\/wp-json\/wp\/v2\/media"}],"about":[{"href":"https:\/\/kilosorunum.com\/habercim\/wp-json\/wp\/v2\/types\/attachment"}],"author":[{"embeddable":true,"href":"https:\/\/kilosorunum.com\/habercim\/wp-json\/wp\/v2\/users\/2"}],"replies":[{"embeddable":true,"href":"https:\/\/kilosorunum.com\/habercim\/wp-json\/wp\/v2\/comments?post=41969"}]}}