{"id":42004,"date":"2026-01-05T01:23:56","date_gmt":"2026-01-04T22:23:56","guid":{"rendered":"https:\/\/kilosorunum.com\/habercim\/wp-content\/uploads\/2026\/01\/1-62.jpg"},"modified":"2026-01-05T01:24:25","modified_gmt":"2026-01-04T22:24:25","slug":"1-4857","status":"inherit","type":"attachment","link":"https:\/\/kilosorunum.com\/habercim\/genel\/elif-hakkinda-gercekler\/attachment\/1-4857\/","title":{"rendered":"Elif Hakk\u0131nda Ger\u00e7ekler"},"author":2,"comment_status":"open","ping_status":"closed","template":"","meta":[],"description":{"rendered":"<p class=\"attachment\"><a href='https:\/\/kilosorunum.com\/habercim\/wp-content\/uploads\/2026\/01\/1-62.jpg'><img width=\"300\" height=\"169\" src=\"https:\/\/kilosorunum.com\/habercim\/wp-content\/uploads\/2026\/01\/1-62-300x169.jpg\" class=\"attachment-medium size-medium\" alt=\"\" loading=\"lazy\" srcset=\"https:\/\/kilosorunum.com\/habercim\/wp-content\/uploads\/2026\/01\/1-62-300x169.jpg 300w, https:\/\/kilosorunum.com\/habercim\/wp-content\/uploads\/2026\/01\/1-62-1024x576.jpg 1024w, https:\/\/kilosorunum.com\/habercim\/wp-content\/uploads\/2026\/01\/1-62-768x432.jpg 768w, https:\/\/kilosorunum.com\/habercim\/wp-content\/uploads\/2026\/01\/1-62.jpg 1200w\" sizes=\"(max-width: 300px) 100vw, 300px\" \/><\/a><\/p>\n"},"caption":{"rendered":"<p>Elif Kumal\u2019\u0131n a\u011fabeyi \u0130brahim Kumal, yapt\u0131\u011f\u0131 a\u00e7\u0131klamada, \u2018\u015e\u00fcphelerin oda\u011f\u0131nda Enis G. var. Bu olay\u0131n bir kay\u0131p vakas\u0131 de\u011fil, organize bir cinayet oldu\u011funu d\u00fc\u015f\u00fcn\u00fcyoruz. \u00c7ok say\u0131da \u00e7eli\u015fki mevcut\u2019 ifadelerinin ard\u0131ndan \u015f\u00fcpheler, gen\u00e7 k\u0131z\u0131n sevgilisi Enis G. ile arkada\u015f\u0131 Yavuz\u2019a \u00e7evrildi.<br \/>\n\u2018S\u0130LAH SES\u0130 DUYDUK\u2019<br \/>\nElif Kumal\u2019\u0131n kayboldu\u011fu gece b\u00f6lgede kamp yapan gen\u00e7, ya\u015fananlar\u0131 \u015f\u00f6yle anlatt\u0131: 5 arkada\u015f kamp yap\u0131yorduk. Saat 21.30 s\u0131ralar\u0131nda baya\u011f\u0131 bir silah sesi duyduk. Yar\u0131m saat kadar s\u00fcrd\u00fc. Silah seslerinden sonra m\u00fczik sesleri geldi. Bunun ard\u0131ndan saat 23.30-00.00 civar\u0131nda buradan ko\u015fturarak bir abi geldi. Bize bir arac\u0131n kayboldu\u011funu s\u00f6yledi. Ge\u00e7ip ge\u00e7medi\u011fini sordu. Biz de ge\u00e7medi\u011fini s\u00f6yledik. Bunun \u00fczerine \u201cOf aga ya, of\u201d diyerek geri d\u00f6nd\u00fc.<br \/>\nErdek Cumhuriyet Savc\u0131l\u0131\u011f\u0131 taraf\u0131ndan y\u00fcr\u00fct\u00fclen ve gizlilik karar\u0131 al\u0131nan soru\u015fturma kapsam\u0131nda g\u00f6zalt\u0131na al\u0131nan ve ifadesinde, kavga etti\u011fi k\u0131z arkada\u015f\u0131 Elif\u2019in, otomobiline binip, kamp alan\u0131ndan ayr\u0131ld\u0131\u011f\u0131n\u0131 s\u00f6yleyen Enis G. d\u00fcn adliyeye sevk edildi. Y\u00fcz\u00fcnde t\u0131rnak izleri oldu\u011fu da iddia edilen Enis G., \u00e7\u0131kar\u0131ld\u0131\u011f\u0131 n\u00f6bet\u00e7i hakimlik\u00e7e adli kontrol \u015fart\u0131yla serbest b\u0131rak\u0131ld\u0131.<br \/>\n\u0130ddiaya g\u00f6re, g\u00f6let yak\u0131n\u0131nda kamp kuran Elif Kumal ile erkek arkada\u015f\u0131 E.G. aras\u0131nda hen\u00fcz belirlenemeyen bir nedenle tart\u0131\u015fma \u00e7\u0131kt\u0131. Tart\u0131\u015fman\u0131n ard\u0131ndan Kumal, gece ge\u00e7 saatlerde \u00f6zel arac\u0131yla kamp alan\u0131n\u0131 terk etti. Kendisine ula\u015famayan E.G., durumu 112 Acil \u00c7a\u011fr\u0131 Merkezi\u2019ne bildirerek yard\u0131m istedi. \u0130hbar \u00fczerine harekete ge\u00e7en jandarma ekipleri, b\u00f6lgedeki g\u00fcvenlik kameralar\u0131n\u0131 incelemeye ald\u0131. Yap\u0131lan kontrollerde, Kumal\u2019\u0131n arac\u0131n\u0131n Erdek ya da Band\u0131rma y\u00f6n\u00fcne gitti\u011fine dair herhangi bir g\u00f6r\u00fcnt\u00fcye rastlanmad\u0131. Bunun \u00fczerine ekipler, g\u00f6let ve \u00e7evresinde geni\u015f \u00e7apl\u0131 arama \u00e7al\u0131\u015fmas\u0131 ba\u015flatt\u0131.<br \/>\nSON DAK\u0130KA!<br \/>\nBal\u0131kesir\u2019in Erdek il\u00e7esine ba\u011fl\u0131 Kap\u0131da\u011f Yar\u0131madas\u0131\u2019nda kamp yapt\u0131\u011f\u0131 erkek arkada\u015f\u0131yla tart\u0131\u015f\u0131p b\u00f6lgeden ayr\u0131ld\u0131\u011f\u0131 iddia edilen ve 8 g\u00fcnd\u00fcr kendisinden haber al\u0131namayan Elif Kumal\u2019dan ac\u0131 haber geldi. Bal\u0131kesir Valili\u011fi, Yukar\u0131yap\u0131c\u0131 G\u00f6leti\u2019nde kulland\u0131\u011f\u0131 ara\u00e7la birlikte 34 ya\u015f\u0131ndaki Kumal\u2019\u0131n cans\u0131z bedenine ula\u015f\u0131ld\u0131\u011f\u0131n\u0131 duyurdu.<\/p>\n"},"alt_text":"","media_type":"image","mime_type":"image\/jpeg","media_details":{"width":1200,"height":675,"file":"2026\/01\/1-62.jpg","sizes":{"medium":{"file":"1-62-300x169.jpg","width":300,"height":169,"mime_type":"image\/jpeg","source_url":"https:\/\/kilosorunum.com\/habercim\/wp-content\/uploads\/2026\/01\/1-62-300x169.jpg"},"large":{"file":"1-62-1024x576.jpg","width":1024,"height":576,"mime_type":"image\/jpeg","source_url":"https:\/\/kilosorunum.com\/habercim\/wp-content\/uploads\/2026\/01\/1-62-1024x576.jpg"},"thumbnail":{"file":"1-62-150x150.jpg","width":150,"height":150,"mime_type":"image\/jpeg","source_url":"https:\/\/kilosorunum.com\/habercim\/wp-content\/uploads\/2026\/01\/1-62-150x150.jpg"},"medium_large":{"file":"1-62-768x432.jpg","width":768,"height":432,"mime_type":"image\/jpeg","source_url":"https:\/\/kilosorunum.com\/habercim\/wp-content\/uploads\/2026\/01\/1-62-768x432.jpg"},"kucukResim":{"file":"1-62-80x50.jpg","width":80,"height":50,"mime_type":"image\/jpeg","source_url":"https:\/\/kilosorunum.com\/habercim\/wp-content\/uploads\/2026\/01\/1-62-80x50.jpg"},"sliderResim":{"file":"1-62-670x330.jpg","width":670,"height":330,"mime_type":"image\/jpeg","source_url":"https:\/\/kilosorunum.com\/habercim\/wp-content\/uploads\/2026\/01\/1-62-670x330.jpg"},"resim1":{"file":"1-62-184x140.jpg","width":184,"height":140,"mime_type":"image\/jpeg","source_url":"https:\/\/kilosorunum.com\/habercim\/wp-content\/uploads\/2026\/01\/1-62-184x140.jpg"},"resim2":{"file":"1-62-216x103.jpg","width":216,"height":103,"mime_type":"image\/jpeg","source_url":"https:\/\/kilosorunum.com\/habercim\/wp-content\/uploads\/2026\/01\/1-62-216x103.jpg"},"resim3":{"file":"1-62-145x70.jpg","width":145,"height":70,"mime_type":"image\/jpeg","source_url":"https:\/\/kilosorunum.com\/habercim\/wp-content\/uploads\/2026\/01\/1-62-145x70.jpg"},"sagSlider":{"file":"1-62-300x150.jpg","width":300,"height":150,"mime_type":"image\/jpeg","source_url":"https:\/\/kilosorunum.com\/habercim\/wp-content\/uploads\/2026\/01\/1-62-300x150.jpg"},"yeniSlider":{"file":"1-62-500x290.jpg","width":500,"height":290,"mime_type":"image\/jpeg","source_url":"https:\/\/kilosorunum.com\/habercim\/wp-content\/uploads\/2026\/01\/1-62-500x290.jpg"},"full":{"file":"1-62.jpg","width":1200,"height":675,"mime_type":"image\/jpeg","source_url":"https:\/\/kilosorunum.com\/habercim\/wp-content\/uploads\/2026\/01\/1-62.jpg"}},"image_meta":{"aperture":"0","credit":"","camera":"","caption":"","created_timestamp":"0","copyright":"","focal_length":"0","iso":"0","shutter_speed":"0","title":"","orientation":"0","keywords":[]}},"post":42002,"source_url":"https:\/\/kilosorunum.com\/habercim\/wp-content\/uploads\/2026\/01\/1-62.jpg","_links":{"self":[{"href":"https:\/\/kilosorunum.com\/habercim\/wp-json\/wp\/v2\/media\/42004"}],"collection":[{"href":"https:\/\/kilosorunum.com\/habercim\/wp-json\/wp\/v2\/media"}],"about":[{"href":"https:\/\/kilosorunum.com\/habercim\/wp-json\/wp\/v2\/types\/attachment"}],"author":[{"embeddable":true,"href":"https:\/\/kilosorunum.com\/habercim\/wp-json\/wp\/v2\/users\/2"}],"replies":[{"embeddable":true,"href":"https:\/\/kilosorunum.com\/habercim\/wp-json\/wp\/v2\/comments?post=42004"}]}}