{"id":42081,"date":"2026-01-06T23:00:52","date_gmt":"2026-01-06T20:00:52","guid":{"rendered":"https:\/\/kilosorunum.com\/habercim\/wp-content\/uploads\/2026\/01\/1-89.jpg"},"modified":"2026-01-06T23:01:38","modified_gmt":"2026-01-06T20:01:38","slug":"1-4884","status":"inherit","type":"attachment","link":"https:\/\/kilosorunum.com\/habercim\/foto-galeri\/40-il\/attachment\/1-4884\/","title":{"rendered":"40 il"},"author":2,"comment_status":"open","ping_status":"closed","template":"","meta":[],"description":{"rendered":"<p class=\"attachment\"><a href='https:\/\/kilosorunum.com\/habercim\/wp-content\/uploads\/2026\/01\/1-89.jpg'><img width=\"300\" height=\"169\" src=\"https:\/\/kilosorunum.com\/habercim\/wp-content\/uploads\/2026\/01\/1-89-300x169.jpg\" class=\"attachment-medium size-medium\" alt=\"\" loading=\"lazy\" srcset=\"https:\/\/kilosorunum.com\/habercim\/wp-content\/uploads\/2026\/01\/1-89-300x169.jpg 300w, https:\/\/kilosorunum.com\/habercim\/wp-content\/uploads\/2026\/01\/1-89-1024x576.jpg 1024w, https:\/\/kilosorunum.com\/habercim\/wp-content\/uploads\/2026\/01\/1-89-768x432.jpg 768w, https:\/\/kilosorunum.com\/habercim\/wp-content\/uploads\/2026\/01\/1-89.jpg 1200w\" sizes=\"(max-width: 300px) 100vw, 300px\" \/><\/a><\/p>\n"},"caption":{"rendered":"<p>Haftan\u0131n ilk g\u00fcnlerinde bat\u0131da etkili olan yalanc\u0131 bahar, yerini \u015fiddetli hava olaylar\u0131na b\u0131rak\u0131yor. Marmara ve Ege b\u00f6lgesinden giri\u015f yapan ya\u011f\u0131\u015fl\u0131 sistem, beraberinde f\u0131rt\u0131nay\u0131 da getiriyor. \u00d6zellikle Ege Denizi k\u0131y\u0131lar\u0131nda r\u00fczgar\u0131n h\u0131z\u0131n\u0131n saatte 60 kilometreye kadar \u00e7\u0131kmas\u0131 beklenirken, deniz ula\u015f\u0131m\u0131nda aksamalar ya\u015fanabilir.<br \/>\nHafta ortas\u0131ndan itibaren T\u00fcrkiye, Balkanlar \u00fczerinden gelen Sibirya k\u00f6kenli so\u011fuk hava dalgas\u0131n\u0131n etkisi alt\u0131na giriyor. Termometrelerdeki ani d\u00fc\u015f\u00fc\u015f, ya\u011fmurun karla kar\u0131\u015f\u0131k ya\u011fmur ve kar ya\u011f\u0131\u015f\u0131na d\u00f6nmesine neden olacak. Cuma g\u00fcn\u00fcnden itibaren s\u0131cakl\u0131klar\u0131n 8 ila 10 derece birden d\u00fc\u015fmesiyle birlikte k\u0131\u015f, ger\u00e7ek y\u00fcz\u00fcn\u00fc g\u00f6sterecek. \u0130\u00e7 Anadolu ve Do\u011fu Anadolu\u2019da dondurucu so\u011fuklar etkisini art\u0131r\u0131rken, \u00f6zellikle gece s\u0131cakl\u0131klar\u0131n\u0131n Sivas ve Erzurum gibi illerde -15 derecelere kadar gerileyece\u011fi tahmin ediliyor.<br \/>\nHaftan\u0131n en kritik geli\u015fmesi ise kar ya\u011f\u0131\u015f\u0131n\u0131n \u015fehir merkezlerine inmesi olacak. Cuma g\u00fcn\u00fc \u00f6\u011fle saatlerinden itibaren Ankara ba\u015fta olmak \u00fczere Eski\u015fehir, Konya, Sivas ve Kayseri hatt\u0131nda yo\u011fun kar ya\u011f\u0131\u015f\u0131 bekleniyor. Kar ya\u011f\u0131\u015f\u0131 sadece i\u00e7 kesimlerle s\u0131n\u0131rl\u0131 kalmayacak; Bolu, Kastamonu ve Karab\u00fck \u00fczerinden Karadeniz\u2019in i\u00e7 k\u0131s\u0131mlar\u0131na ve Do\u011fu Anadolu\u2019nun tamam\u0131na yay\u0131lacak. Yakla\u015f\u0131k 40 ili etkisi alt\u0131na alacak olan kar ya\u011f\u0131\u015f\u0131, Cumartesi g\u00fcn\u00fc Do\u011fu Anadolu\u2019da hayat\u0131 durma noktas\u0131na getirebilir. Yetkililer, \u00f6zellikle y\u00fcksek kesimlerde beklenen \u00e7\u0131\u011f tehlikesi ve buzlanmaya kar\u015f\u0131 s\u00fcr\u00fcc\u00fcleri \u201ckar lasti\u011fi ve zincir\u201d konusunda uyar\u0131yor. Megakent \u0130stanbul\u2019da ise hafta ba\u015f\u0131ndaki 15 derecelik hava yerini so\u011fuk ve r\u00fczgarl\u0131 bir atmosfere b\u0131rak\u0131yor. \u015eehir genelinde ya\u011fmurun etkili olmas\u0131 beklenirken, cuma gecesi ve cumartesi sabah\u0131 s\u0131cakl\u0131\u011f\u0131n 2-3 derecelere d\u00fc\u015fmesiyle birlikte Aydos, \u00c7aml\u0131ca ve Ba\u015fak\u015fehir gibi y\u00fcksek kesimlerde karla kar\u0131\u015f\u0131k ya\u011fmur ve yer yer kar ge\u00e7i\u015fleri g\u00f6r\u00fclebilir. \u0130zmir ve Antalya gibi g\u00fcney illerinde ise kar beklenmese de, \u015fiddetli so\u011fuk ve f\u0131rt\u0131nan\u0131n seralara ve tar\u0131m arazilerine zarar verebilece\u011fi belirtiliyor. Hafta ba\u015f\u0131nda \u00fc\u00e7 b\u00fcy\u00fck\u015fehirde de farkl\u0131 hava sistemleri etkisini s\u00fcrd\u00fcr\u00fcyor. \u0130stanbul\u2019da hafta ba\u015f\u0131ndaki 15-17\u00b0C\u2019lik bahar havas\u0131, Cuma g\u00fcn\u00fc yerini Balkanlar \u00fczerinden gelecek dondurucu so\u011fu\u011fa b\u0131rak\u0131yor. Cuma g\u00fcn\u00fc s\u0131cakl\u0131klar\u0131n 5-6\u00b0C\u2019ye kadar d\u00fc\u015fmesiyle birlikte megakentte sa\u011fanak ya\u011f\u0131\u015flar\u0131n y\u00fcksek kesimlerde karla kar\u0131\u015f\u0131k ya\u011fmur ve yer yer kara d\u00f6n\u00fc\u015fmesi bekleniyor. Ba\u015fkent Ankara\u2019da ise hafta ba\u015f\u0131nda dondurucu so\u011fuk ve sis etkili olurken, Cuma g\u00fcn\u00fc kar ya\u011f\u0131\u015f\u0131n\u0131n \u015fehri tamamen etkisi alt\u0131na alaca\u011f\u0131 ve s\u0131cakl\u0131klar\u0131n gece -2\u00b0C, g\u00fcnd\u00fcz ise en fazla 2-3\u00b0C civar\u0131nda seyredece\u011fi tahmin ediliyor. \u0130zmir\u2019de ise di\u011fer iki b\u00fcy\u00fck\u015fehre g\u00f6re kar ihtimali olduk\u00e7a d\u00fc\u015f\u00fck olsa da, Sal\u0131 ve \u00c7ar\u015famba g\u00fcnleri etkili olacak \u015fiddetli r\u00fczgar (40-60 km\/saat) ve sa\u011fanak ya\u011f\u0131\u015flar dikkat \u00e7ekiyor. \u0130zmir\u2019de s\u0131cakl\u0131klar hafta sonuna do\u011fru 10\u00b0C seviyelerine kadar gerileyerek yer yer sulu kar ge\u00e7i\u015flerine zemin haz\u0131rlayabilir.<br \/>\nMeteoroloji\u2019nin son dakika raporuna g\u00f6re, Cuma g\u00fcn\u00fcnden itibaren Balkanlar \u00fczerinden gelen dondurucu so\u011fuklar yakla\u015f\u0131k 40 ilimizi beyaza b\u00fcr\u00fcmeye haz\u0131rlan\u0131yor. Kar ya\u011f\u0131\u015f\u0131n\u0131n en yo\u011fun hissedilece\u011fi b\u00f6lgelerin ba\u015f\u0131nda \u0130\u00e7 Anadolu ve Do\u011fu Anadolu geliyor. Ba\u015fkent Ankara ba\u015fta olmak \u00fczere; Eski\u015fehir, Konya, Kayseri, Sivas, K\u0131r\u015fehir, Nev\u015fehir, Aksaray ve Yozgat gibi \u0130\u00e7 Anadolu \u015fehirlerinde kar ya\u011f\u0131\u015f\u0131n\u0131n Cuma g\u00fcn\u00fc hayat\u0131 olumsuz etkilemesi bekleniyor. Do\u011fu Anadolu\u2019da ise Erzurum, Erzincan, Kars, Ardahan, A\u011fr\u0131, Van, Mu\u015f ve Bitlis hatt\u0131nda dondurucu so\u011fuklarla birlikte lapa lapa kar ya\u011f\u0131\u015f\u0131 g\u00f6r\u00fclecek. Karadeniz\u2019in i\u00e7 kesimlerinde Bolu, Karab\u00fck ve Kastamonu \u00e7evresi kar ya\u011f\u0131\u015f\u0131ndan nasibini al\u0131rken; Marmara\u2019n\u0131n do\u011fusunda Bilecik, Sakarya\u2019n\u0131n y\u00fcksekleri ve \u0130\u00e7 Ege\u2019de K\u00fctahya ile Afyonkarahisar illerinde de kar alarm\u0131 verilmi\u015f durumda. G\u00fcneydo\u011fu Anadolu\u2019nun kuzeyindeki y\u00fcksek kesimlerde ise ya\u011f\u0131\u015flar\u0131n karla kar\u0131\u015f\u0131k ya\u011fmur \u015feklinde olmas\u0131 \u00f6ng\u00f6r\u00fcl\u00fcyor.<br \/>\n7 OCAK 2026 \u00c7AR\u015eAMBA<br \/>\nBat\u0131dan gelen ya\u011f\u0131\u015fl\u0131 sistem etkisini g\u00f6stermeye ba\u015fl\u0131yor. Marmara ve Ege b\u00f6lgelerinin tamam\u0131nda sa\u011fanak ya\u011f\u0131\u015flar g\u00f6r\u00fcl\u00fcyor. \u0130\u00e7 Anadolu\u2019nun bat\u0131s\u0131nda da ya\u011fmur ba\u015flarken, Do\u011fu Anadolu\u2019da sis yerini dondurucu bir sakinli\u011fe b\u0131rak\u0131yor. S\u0131cakl\u0131klar bat\u0131da hen\u00fcz sert bir d\u00fc\u015f\u00fc\u015f ya\u015famasa da, ya\u011f\u0131\u015fla birlikte nem oran\u0131 art\u0131yor. \u0130stanbul 15\u00b0C, Ankara ise 11\u00b0C civar\u0131nda.<\/p>\n<p>Kaynak : sabah.com.tr<\/p>\n"},"alt_text":"","media_type":"image","mime_type":"image\/jpeg","media_details":{"width":1200,"height":675,"file":"2026\/01\/1-89.jpg","sizes":{"medium":{"file":"1-89-300x169.jpg","width":300,"height":169,"mime_type":"image\/jpeg","source_url":"https:\/\/kilosorunum.com\/habercim\/wp-content\/uploads\/2026\/01\/1-89-300x169.jpg"},"large":{"file":"1-89-1024x576.jpg","width":1024,"height":576,"mime_type":"image\/jpeg","source_url":"https:\/\/kilosorunum.com\/habercim\/wp-content\/uploads\/2026\/01\/1-89-1024x576.jpg"},"thumbnail":{"file":"1-89-150x150.jpg","width":150,"height":150,"mime_type":"image\/jpeg","source_url":"https:\/\/kilosorunum.com\/habercim\/wp-content\/uploads\/2026\/01\/1-89-150x150.jpg"},"medium_large":{"file":"1-89-768x432.jpg","width":768,"height":432,"mime_type":"image\/jpeg","source_url":"https:\/\/kilosorunum.com\/habercim\/wp-content\/uploads\/2026\/01\/1-89-768x432.jpg"},"kucukResim":{"file":"1-89-80x50.jpg","width":80,"height":50,"mime_type":"image\/jpeg","source_url":"https:\/\/kilosorunum.com\/habercim\/wp-content\/uploads\/2026\/01\/1-89-80x50.jpg"},"sliderResim":{"file":"1-89-670x330.jpg","width":670,"height":330,"mime_type":"image\/jpeg","source_url":"https:\/\/kilosorunum.com\/habercim\/wp-content\/uploads\/2026\/01\/1-89-670x330.jpg"},"resim1":{"file":"1-89-184x140.jpg","width":184,"height":140,"mime_type":"image\/jpeg","source_url":"https:\/\/kilosorunum.com\/habercim\/wp-content\/uploads\/2026\/01\/1-89-184x140.jpg"},"resim2":{"file":"1-89-216x103.jpg","width":216,"height":103,"mime_type":"image\/jpeg","source_url":"https:\/\/kilosorunum.com\/habercim\/wp-content\/uploads\/2026\/01\/1-89-216x103.jpg"},"resim3":{"file":"1-89-145x70.jpg","width":145,"height":70,"mime_type":"image\/jpeg","source_url":"https:\/\/kilosorunum.com\/habercim\/wp-content\/uploads\/2026\/01\/1-89-145x70.jpg"},"sagSlider":{"file":"1-89-300x150.jpg","width":300,"height":150,"mime_type":"image\/jpeg","source_url":"https:\/\/kilosorunum.com\/habercim\/wp-content\/uploads\/2026\/01\/1-89-300x150.jpg"},"yeniSlider":{"file":"1-89-500x290.jpg","width":500,"height":290,"mime_type":"image\/jpeg","source_url":"https:\/\/kilosorunum.com\/habercim\/wp-content\/uploads\/2026\/01\/1-89-500x290.jpg"},"full":{"file":"1-89.jpg","width":1200,"height":675,"mime_type":"image\/jpeg","source_url":"https:\/\/kilosorunum.com\/habercim\/wp-content\/uploads\/2026\/01\/1-89.jpg"}},"image_meta":{"aperture":"0","credit":"","camera":"","caption":"","created_timestamp":"0","copyright":"","focal_length":"0","iso":"0","shutter_speed":"0","title":"","orientation":"0","keywords":[]}},"post":42079,"source_url":"https:\/\/kilosorunum.com\/habercim\/wp-content\/uploads\/2026\/01\/1-89.jpg","_links":{"self":[{"href":"https:\/\/kilosorunum.com\/habercim\/wp-json\/wp\/v2\/media\/42081"}],"collection":[{"href":"https:\/\/kilosorunum.com\/habercim\/wp-json\/wp\/v2\/media"}],"about":[{"href":"https:\/\/kilosorunum.com\/habercim\/wp-json\/wp\/v2\/types\/attachment"}],"author":[{"embeddable":true,"href":"https:\/\/kilosorunum.com\/habercim\/wp-json\/wp\/v2\/users\/2"}],"replies":[{"embeddable":true,"href":"https:\/\/kilosorunum.com\/habercim\/wp-json\/wp\/v2\/comments?post=42081"}]}}