{"id":42157,"date":"2026-01-09T16:39:53","date_gmt":"2026-01-09T13:39:53","guid":{"rendered":"https:\/\/kilosorunum.com\/habercim\/wp-content\/uploads\/2026\/01\/1-15-768x201-11.jpg"},"modified":"2026-01-09T16:40:37","modified_gmt":"2026-01-09T13:40:37","slug":"1-15-768x201-1846","status":"inherit","type":"attachment","link":"https:\/\/kilosorunum.com\/habercim\/foto-galeri\/afad-duyurdu-4\/attachment\/1-15-768x201-1846\/","title":{"rendered":"AFAD duyurdu"},"author":2,"comment_status":"open","ping_status":"closed","template":"","meta":[],"description":{"rendered":"<p class=\"attachment\"><a href='https:\/\/kilosorunum.com\/habercim\/wp-content\/uploads\/2026\/01\/1-15-768x201-11.jpg'><img width=\"300\" height=\"79\" src=\"https:\/\/kilosorunum.com\/habercim\/wp-content\/uploads\/2026\/01\/1-15-768x201-11-300x79.jpg\" class=\"attachment-medium size-medium\" alt=\"\" loading=\"lazy\" srcset=\"https:\/\/kilosorunum.com\/habercim\/wp-content\/uploads\/2026\/01\/1-15-768x201-11-300x79.jpg 300w, https:\/\/kilosorunum.com\/habercim\/wp-content\/uploads\/2026\/01\/1-15-768x201-11.jpg 768w\" sizes=\"(max-width: 300px) 100vw, 300px\" \/><\/a><\/p>\n"},"caption":{"rendered":"<p>Kahramanmara\u015f\u2019ta 4.0 b\u00fcy\u00fckl\u00fc\u011f\u00fcnde deprem<br \/>\nAFAD, Kahramanmara\u015f\u2019ta 4.0 b\u00fcy\u00fckl\u00fc\u011f\u00fcnde bir deprem meydana geldi\u011fini duyurdu.<br \/>\nAFAD\u2019dan yap\u0131lan a\u00e7\u0131klamaya g\u00f6re merkez \u00fcss\u00fc Kahramanmara\u015f\u2019\u0131n Oniki\u015fubat il\u00e7esi olan 4.0 b\u00fcy\u00fckl\u00fc\u011f\u00fcnde bir deprem meydana geldi. Saat 11.17\u2019de ger\u00e7ekle\u015fen depremin derinli\u011fi 12.36 km olarak kaydedildi.<br \/>\nVatanda\u015flar, ya\u015fad\u0131klar\u0131 b\u00f6lgede ya da \u00e7evresinde herhangi bir deprem olup olmad\u0131\u011f\u0131n\u0131 merak ediyor ve bu nedenle AFAD ve Kandilli Rasathanesi taraf\u0131ndan payla\u015f\u0131lan son depremler listelerini yak\u0131ndan takip ediyor. Bu liste \u00fczerinden en son depremin nerede ve ka\u00e7 \u015fiddetinde oldu\u011fu g\u00f6r\u00fcnt\u00fclenebiliyor. 9 Ocak 2026 itibar\u0131yla deprem olup olmad\u0131\u011f\u0131, \u00f6zellikle \u0130stanbul ve \u00e7evresi gibi yo\u011fun n\u00fcfuslu b\u00f6lgelerde ya\u015fayanlar taraf\u0131ndan merak ediliyor.<\/p>\n"},"alt_text":"","media_type":"image","mime_type":"image\/jpeg","media_details":{"width":768,"height":201,"file":"2026\/01\/1-15-768x201-11.jpg","sizes":{"medium":{"file":"1-15-768x201-11-300x79.jpg","width":300,"height":79,"mime_type":"image\/jpeg","source_url":"https:\/\/kilosorunum.com\/habercim\/wp-content\/uploads\/2026\/01\/1-15-768x201-11-300x79.jpg"},"thumbnail":{"file":"1-15-768x201-11-150x150.jpg","width":150,"height":150,"mime_type":"image\/jpeg","source_url":"https:\/\/kilosorunum.com\/habercim\/wp-content\/uploads\/2026\/01\/1-15-768x201-11-150x150.jpg"},"kucukResim":{"file":"1-15-768x201-11-80x50.jpg","width":80,"height":50,"mime_type":"image\/jpeg","source_url":"https:\/\/kilosorunum.com\/habercim\/wp-content\/uploads\/2026\/01\/1-15-768x201-11-80x50.jpg"},"sliderResim":{"file":"1-15-768x201-11-670x201.jpg","width":670,"height":201,"mime_type":"image\/jpeg","source_url":"https:\/\/kilosorunum.com\/habercim\/wp-content\/uploads\/2026\/01\/1-15-768x201-11-670x201.jpg"},"resim1":{"file":"1-15-768x201-11-184x140.jpg","width":184,"height":140,"mime_type":"image\/jpeg","source_url":"https:\/\/kilosorunum.com\/habercim\/wp-content\/uploads\/2026\/01\/1-15-768x201-11-184x140.jpg"},"resim2":{"file":"1-15-768x201-11-216x103.jpg","width":216,"height":103,"mime_type":"image\/jpeg","source_url":"https:\/\/kilosorunum.com\/habercim\/wp-content\/uploads\/2026\/01\/1-15-768x201-11-216x103.jpg"},"resim3":{"file":"1-15-768x201-11-145x70.jpg","width":145,"height":70,"mime_type":"image\/jpeg","source_url":"https:\/\/kilosorunum.com\/habercim\/wp-content\/uploads\/2026\/01\/1-15-768x201-11-145x70.jpg"},"sagSlider":{"file":"1-15-768x201-11-300x150.jpg","width":300,"height":150,"mime_type":"image\/jpeg","source_url":"https:\/\/kilosorunum.com\/habercim\/wp-content\/uploads\/2026\/01\/1-15-768x201-11-300x150.jpg"},"yeniSlider":{"file":"1-15-768x201-11-500x201.jpg","width":500,"height":201,"mime_type":"image\/jpeg","source_url":"https:\/\/kilosorunum.com\/habercim\/wp-content\/uploads\/2026\/01\/1-15-768x201-11-500x201.jpg"},"full":{"file":"1-15-768x201-11.jpg","width":768,"height":201,"mime_type":"image\/jpeg","source_url":"https:\/\/kilosorunum.com\/habercim\/wp-content\/uploads\/2026\/01\/1-15-768x201-11.jpg"}},"image_meta":{"aperture":"0","credit":"","camera":"","caption":"","created_timestamp":"0","copyright":"","focal_length":"0","iso":"0","shutter_speed":"0","title":"","orientation":"0","keywords":[]}},"post":42155,"source_url":"https:\/\/kilosorunum.com\/habercim\/wp-content\/uploads\/2026\/01\/1-15-768x201-11.jpg","_links":{"self":[{"href":"https:\/\/kilosorunum.com\/habercim\/wp-json\/wp\/v2\/media\/42157"}],"collection":[{"href":"https:\/\/kilosorunum.com\/habercim\/wp-json\/wp\/v2\/media"}],"about":[{"href":"https:\/\/kilosorunum.com\/habercim\/wp-json\/wp\/v2\/types\/attachment"}],"author":[{"embeddable":true,"href":"https:\/\/kilosorunum.com\/habercim\/wp-json\/wp\/v2\/users\/2"}],"replies":[{"embeddable":true,"href":"https:\/\/kilosorunum.com\/habercim\/wp-json\/wp\/v2\/comments?post=42157"}]}}