{"id":42172,"date":"2026-01-09T23:00:22","date_gmt":"2026-01-09T20:00:22","guid":{"rendered":"https:\/\/kilosorunum.com\/habercim\/wp-content\/uploads\/2026\/01\/1-121.jpg"},"modified":"2026-01-09T23:00:57","modified_gmt":"2026-01-09T20:00:57","slug":"1-4916","status":"inherit","type":"attachment","link":"https:\/\/kilosorunum.com\/habercim\/foto-galeri\/sabah-basliyor\/attachment\/1-4916\/","title":{"rendered":"SABAH BA\u015eLIYOR"},"author":2,"comment_status":"open","ping_status":"closed","template":"","meta":[],"description":{"rendered":"<p class=\"attachment\"><a href='https:\/\/kilosorunum.com\/habercim\/wp-content\/uploads\/2026\/01\/1-121.jpg'><img width=\"300\" height=\"169\" src=\"https:\/\/kilosorunum.com\/habercim\/wp-content\/uploads\/2026\/01\/1-121-300x169.jpg\" class=\"attachment-medium size-medium\" alt=\"\" loading=\"lazy\" srcset=\"https:\/\/kilosorunum.com\/habercim\/wp-content\/uploads\/2026\/01\/1-121-300x169.jpg 300w, https:\/\/kilosorunum.com\/habercim\/wp-content\/uploads\/2026\/01\/1-121-1024x576.jpg 1024w, https:\/\/kilosorunum.com\/habercim\/wp-content\/uploads\/2026\/01\/1-121-768x432.jpg 768w, https:\/\/kilosorunum.com\/habercim\/wp-content\/uploads\/2026\/01\/1-121.jpg 1200w\" sizes=\"(max-width: 300px) 100vw, 300px\" \/><\/a><\/p>\n"},"caption":{"rendered":"<p>Meteoroloji Genel M\u00fcd\u00fcrl\u00fc\u011f\u00fc taraf\u0131ndan yap\u0131lan tahminlere g\u00f6re, Balkanlar \u00fczerinden gelen dondurucu so\u011fuklar\u0131n hafta ba\u015f\u0131ndan itibaren yurt genelinde etkili olacak. Hava s\u0131cakl\u0131\u011f\u0131n\u0131n, hissedilir derecede azalaca\u011f\u0131 ve mevsim normalleri civar\u0131nda seyredece\u011fi tahmin ediliyor.<br \/>\nD\u00fcn bir\u00e7ok kentte etkili olan f\u0131rt\u0131na bug\u00fcn baz\u0131 illerde devam edecek. R\u00fczgar\u0131n ise \u00fclkemizin i\u00e7 ve bat\u0131 kesimlerinde bat\u0131 ve kuzeybat\u0131, do\u011fu b\u00f6lgelerinde g\u00fcney ve g\u00fcneybat\u0131 y\u00f6nlerden hafif, ara s\u0131ra orta kuvvette, Marmara\u2019n\u0131n kuzeyi, G\u00fcney Ege k\u0131y\u0131lar\u0131, Do\u011fu Akdeniz, Bat\u0131 Karadeniz k\u0131y\u0131lar\u0131nda kuzeyli y\u00f6nlerden, Do\u011fu Karadeniz\u2019in i\u00e7 kesimleri ve Do\u011fu Anadolu\u2019nun do\u011fusunda g\u00fcneyli y\u00f6nlerden kuvvetli ve k\u0131sa s\u00fcreli f\u0131rt\u0131na (40-70 km\/sa) \u015feklinde esece\u011fi tahmin ediliyor. Yurdun i\u00e7 ve bat\u0131 kesimlerinde g\u00f6r\u00fclen ya\u011f\u0131\u015fl\u0131 sistemin Trakya ve \u00c7anakkale d\u0131\u015f\u0131nda t\u00fcm yurtta etkili olaca\u011f\u0131n\u0131 ifade eden \u00c7evre \u015eehircilik ve \u0130klim De\u011fi\u015fikli\u011fi Bakanl\u0131\u011f\u0131 Meteoroloji Genel M\u00fcd\u00fcrl\u00fc\u011f\u00fc Hava Tahmin Uzman\u0131 Fevzi Burak Tekin, \u201cGenellikle ya\u011fmur ve sa\u011fanak \u015feklinde olan ya\u011f\u0131\u015flar\u0131n, i\u00e7 ve do\u011fu kesimlerde yer yer kar \u015feklinde ger\u00e7ekle\u015fmesini bekliyoruz.\u201d diye konu\u015ftu.<br \/>\n\u201cDo\u011fu Karadeniz\u2019in k\u0131y\u0131 kesimlerinde kuvvetli ya\u011fmur, i\u00e7 kesimlerinde kuvvetli kar \u015feklinde olan ya\u011f\u0131\u015f, yine Do\u011fu Akdeniz\u2019de Hatay\u2019\u0131n k\u0131y\u0131 kesimleri, Osmaniye, Kahramanmara\u015f\u2019\u0131n bat\u0131s\u0131nda kuvvetli sa\u011fanak yer yer g\u00f6k g\u00fcr\u00fclt\u00fcl\u00fc sa\u011fanak, di\u011fer yerlerde ise Erzurum, Tunceli, Mu\u015f, Bing\u00f6l, Bitlis, Hakkari, Van, Batman ve Diyarbak\u0131r \u00e7evrelerinde kuvvetli karla kar\u0131\u015f\u0131k ya\u011fmur ve kuvvetli kar \u015feklinde olmas\u0131n\u0131 tahmin ediyoruz.\u201d<br \/>\nMeteoroloji Genel M\u00fcd\u00fcrl\u00fc\u011f\u00fc taraf\u0131ndan yap\u0131lan tahminlere g\u00f6re: \u00dclkemiz genelinin par\u00e7al\u0131 ve \u00e7ok bulutlu, Ege, Akdeniz, \u0130\u00e7 Anadolu, Karadeniz, Do\u011fu ve G\u00fcneydo\u011fu Anadolu ile Kocaeli, Yalova, Bursa, Bilecik ve Sakarya \u00e7evrelerinin aral\u0131kl\u0131 ya\u011f\u0131\u015fl\u0131 ge\u00e7ece\u011fi tahmin ediliyor. Ya\u011f\u0131\u015flar\u0131n Akdeniz k\u0131y\u0131lar\u0131, Karadeniz k\u0131y\u0131lar\u0131, G\u00fcneydo\u011fu Anadolu\u2019nun g\u00fcneyi ile Denizli, Amasya, Tokat, \u015e\u0131rnak ve Siirt \u00e7evrelerinde ya\u011fmur ve sa\u011fanak, ya\u011f\u0131\u015f alan di\u011fer yerlerde karla kar\u0131\u015f\u0131k ya\u011fmur ve kar \u015feklinde olmas\u0131 bekleniyor. Ya\u011f\u0131\u015flar\u0131n, Do\u011fu Karadeniz, Do\u011fu Anadolu\u2019nun kuzey ve do\u011fusu (I\u011fd\u0131r, Kars, A\u011fr\u0131, Van ve Ardahan hari\u00e7) ile Hatay, Osmaniye ve Ordu \u00e7evrelerinde yer yer kuvvetli olaca\u011f\u0131 tahmin ediliyor.<br \/>\nSabah ve gece saatlerinde i\u00e7 ve do\u011fu kesimlerde buzlanma ve don olay\u0131 bekleniyor. Do\u011fu Karadeniz\u2019in i\u00e7 kesimlerinin y\u00fcksekleri ile Do\u011fu Anadolu\u2019nun do\u011fusunun y\u00fcksek kar \u00f6rt\u00fcs\u00fcne sahip e\u011fimli kesimlerinde \u00e7\u0131\u011f tehlikesi bulunmaktad\u0131r.<br \/>\nAfet Koordinasyon Merkezi (AKOM), pazar \u00f6\u011fle saatlerinden itibaren b\u00f6lgeye Balkanlar \u00fczerinden gelmesi beklenen so\u011fuk havan\u0131n etkisiyle s\u0131cakl\u0131klar\u0131n 8-10 dererece birden azalarak k\u0131\u015f de\u011ferlerine gerileyece\u011fini, pazar gece saatlerinden itibaren kar ya\u011f\u0131\u015f\u0131n\u0131n etkili olmas\u0131n\u0131n beklendi\u011fini belirtti.<br \/>\n\u0130stanbul so\u011fuk hava ve kuvvetli sa\u011fanak ya\u011fmur etkisine giriyor. \u0130stanbul B\u00fcy\u00fck\u015fehir Belediyesi (\u0130BB) Afet Koordinasyon Merkezi (AKOM), kentte hafta sonu beklenen kuvvetli f\u0131rt\u0131na, g\u00f6k g\u00fcr\u00fclt\u00fcl\u00fc sa\u011fanak ve kar ya\u011f\u0131\u015f\u0131na kar\u015f\u0131 vatanda\u015flar\u0131n dikkatli olmas\u0131 uyar\u0131s\u0131nda bulundu.<br \/>\nAKOM\u2019dan yap\u0131lan a\u00e7\u0131klamaya g\u00f6re, \u0130stanbul ba\u015fta olmak \u00fczere Marmara B\u00f6lgesi genelinde bu ak\u015fam etkisini tekrardan art\u0131rmas\u0131 beklenen r\u00fczgar\u0131n, cumartesi ak\u015fam saatlerinden itibaren f\u0131rt\u0131naya d\u00f6n\u00fc\u015fece\u011fi \u00f6ng\u00f6r\u00fcl\u00fcyor.<br \/>\nGece saatlerinden itibaren ise k\u0131sa s\u00fcreli hamlelerle saatte 60 ila 90 kilometre aras\u0131nda kuvvetli f\u0131rt\u0131na \u015feklinde esecek r\u00fczgara, sa\u011fanak ve yer yer kuvvetli g\u00f6k g\u00fcr\u00fclt\u00fcl\u00fc sa\u011fanak ge\u00e7i\u015flerinin e\u015flik etmesi bekleniyor. F\u0131rt\u0131na ve kuvvetli sa\u011fana\u011f\u0131n ard\u0131ndan pazar g\u00fcn\u00fc \u00f6\u011fle saatlerinden itibaren s\u0131cakl\u0131klar\u0131n 8 ila 10 derece birden azalarak k\u0131\u015f de\u011ferlerine gerileyece\u011fi tahmin ediliyor. \u00c7ar\u015famba sabah saatlerine kadar s\u0131cakl\u0131klar\u0131n -1 ila 4 dereceler aral\u0131\u011f\u0131nda seyredece\u011fi, pazar ak\u015fam\u0131ndan itibaren karla kar\u0131\u015f\u0131k ya\u011fmur ve y\u00fcksek b\u00f6lgelerde kar, pazartesi g\u00fcn\u00fc ilk saatlerden itibaren ise yer yer kuvvetli kar ya\u011f\u0131\u015f\u0131n\u0131n etkili olmas\u0131 \u00f6ng\u00f6r\u00fcl\u00fcyor.<br \/>\nAKOM, a\u011fa\u00e7 ve direk devrilmesi, \u00e7at\u0131, tabela u\u00e7mas\u0131, baca gaz\u0131 zehirlenmesi, kara, deniz ve hava yolu ula\u015f\u0131m\u0131nda aksamalar, yollarda g\u00f6llenme, su bask\u0131nlar\u0131, k\u0131y\u0131 seli ve buzlanma olaylar\u0131na kar\u015f\u0131 vatanda\u015flar\u0131n tedbirli ve haz\u0131rl\u0131kl\u0131 olmas\u0131 uyar\u0131s\u0131nda bulundu.<\/p>\n<p>Kaynak : hurriyet.com.tr<\/p>\n"},"alt_text":"","media_type":"image","mime_type":"image\/jpeg","media_details":{"width":1200,"height":675,"file":"2026\/01\/1-121.jpg","sizes":{"medium":{"file":"1-121-300x169.jpg","width":300,"height":169,"mime_type":"image\/jpeg","source_url":"https:\/\/kilosorunum.com\/habercim\/wp-content\/uploads\/2026\/01\/1-121-300x169.jpg"},"large":{"file":"1-121-1024x576.jpg","width":1024,"height":576,"mime_type":"image\/jpeg","source_url":"https:\/\/kilosorunum.com\/habercim\/wp-content\/uploads\/2026\/01\/1-121-1024x576.jpg"},"thumbnail":{"file":"1-121-150x150.jpg","width":150,"height":150,"mime_type":"image\/jpeg","source_url":"https:\/\/kilosorunum.com\/habercim\/wp-content\/uploads\/2026\/01\/1-121-150x150.jpg"},"medium_large":{"file":"1-121-768x432.jpg","width":768,"height":432,"mime_type":"image\/jpeg","source_url":"https:\/\/kilosorunum.com\/habercim\/wp-content\/uploads\/2026\/01\/1-121-768x432.jpg"},"kucukResim":{"file":"1-121-80x50.jpg","width":80,"height":50,"mime_type":"image\/jpeg","source_url":"https:\/\/kilosorunum.com\/habercim\/wp-content\/uploads\/2026\/01\/1-121-80x50.jpg"},"sliderResim":{"file":"1-121-670x330.jpg","width":670,"height":330,"mime_type":"image\/jpeg","source_url":"https:\/\/kilosorunum.com\/habercim\/wp-content\/uploads\/2026\/01\/1-121-670x330.jpg"},"resim1":{"file":"1-121-184x140.jpg","width":184,"height":140,"mime_type":"image\/jpeg","source_url":"https:\/\/kilosorunum.com\/habercim\/wp-content\/uploads\/2026\/01\/1-121-184x140.jpg"},"resim2":{"file":"1-121-216x103.jpg","width":216,"height":103,"mime_type":"image\/jpeg","source_url":"https:\/\/kilosorunum.com\/habercim\/wp-content\/uploads\/2026\/01\/1-121-216x103.jpg"},"resim3":{"file":"1-121-145x70.jpg","width":145,"height":70,"mime_type":"image\/jpeg","source_url":"https:\/\/kilosorunum.com\/habercim\/wp-content\/uploads\/2026\/01\/1-121-145x70.jpg"},"sagSlider":{"file":"1-121-300x150.jpg","width":300,"height":150,"mime_type":"image\/jpeg","source_url":"https:\/\/kilosorunum.com\/habercim\/wp-content\/uploads\/2026\/01\/1-121-300x150.jpg"},"yeniSlider":{"file":"1-121-500x290.jpg","width":500,"height":290,"mime_type":"image\/jpeg","source_url":"https:\/\/kilosorunum.com\/habercim\/wp-content\/uploads\/2026\/01\/1-121-500x290.jpg"},"full":{"file":"1-121.jpg","width":1200,"height":675,"mime_type":"image\/jpeg","source_url":"https:\/\/kilosorunum.com\/habercim\/wp-content\/uploads\/2026\/01\/1-121.jpg"}},"image_meta":{"aperture":"0","credit":"","camera":"","caption":"","created_timestamp":"0","copyright":"","focal_length":"0","iso":"0","shutter_speed":"0","title":"","orientation":"0","keywords":[]}},"post":42170,"source_url":"https:\/\/kilosorunum.com\/habercim\/wp-content\/uploads\/2026\/01\/1-121.jpg","_links":{"self":[{"href":"https:\/\/kilosorunum.com\/habercim\/wp-json\/wp\/v2\/media\/42172"}],"collection":[{"href":"https:\/\/kilosorunum.com\/habercim\/wp-json\/wp\/v2\/media"}],"about":[{"href":"https:\/\/kilosorunum.com\/habercim\/wp-json\/wp\/v2\/types\/attachment"}],"author":[{"embeddable":true,"href":"https:\/\/kilosorunum.com\/habercim\/wp-json\/wp\/v2\/users\/2"}],"replies":[{"embeddable":true,"href":"https:\/\/kilosorunum.com\/habercim\/wp-json\/wp\/v2\/comments?post=42172"}]}}