{"id":42224,"date":"2026-01-11T16:43:03","date_gmt":"2026-01-11T13:43:03","guid":{"rendered":"https:\/\/kilosorunum.com\/habercim\/wp-content\/uploads\/2026\/01\/1-138.jpg"},"modified":"2026-01-11T16:43:38","modified_gmt":"2026-01-11T13:43:38","slug":"1-4933","status":"inherit","type":"attachment","link":"https:\/\/kilosorunum.com\/habercim\/foto-galeri\/kar-yagisi-uyarisi\/attachment\/1-4933\/","title":{"rendered":"Kar ya\u011f\u0131\u015f\u0131 uyar\u0131s\u0131"},"author":2,"comment_status":"open","ping_status":"closed","template":"","meta":[],"description":{"rendered":"<p class=\"attachment\"><a href='https:\/\/kilosorunum.com\/habercim\/wp-content\/uploads\/2026\/01\/1-138.jpg'><img width=\"300\" height=\"169\" src=\"https:\/\/kilosorunum.com\/habercim\/wp-content\/uploads\/2026\/01\/1-138-300x169.jpg\" class=\"attachment-medium size-medium\" alt=\"\" loading=\"lazy\" srcset=\"https:\/\/kilosorunum.com\/habercim\/wp-content\/uploads\/2026\/01\/1-138-300x169.jpg 300w, https:\/\/kilosorunum.com\/habercim\/wp-content\/uploads\/2026\/01\/1-138-1024x576.jpg 1024w, https:\/\/kilosorunum.com\/habercim\/wp-content\/uploads\/2026\/01\/1-138-768x432.jpg 768w, https:\/\/kilosorunum.com\/habercim\/wp-content\/uploads\/2026\/01\/1-138.jpg 1200w\" sizes=\"(max-width: 300px) 100vw, 300px\" \/><\/a><\/p>\n"},"caption":{"rendered":"<p>Hafta sonu tatilinin sona ermesiyle \u00f6\u011frenciler yar\u0131n ders ba\u015f\u0131 yapmaya haz\u0131rlan\u0131rken, Meteoroloji Genel M\u00fcd\u00fcrl\u00fc\u011f\u00fc\u2019n\u00fcn son de\u011ferlendirmelerine g\u00f6re bir\u00e7ok ilde \u015fiddetli kar ya\u011f\u0131\u015f\u0131 bekleniyor.<br \/>\nMeteoroloji\u2019nin 5 g\u00fcnl\u00fck hava tahmin raporuna g\u00f6re, kutup k\u00f6kenli so\u011fuk hava dalgas\u0131 pazar gecesinden itibaren yurdu etkisi alt\u0131na alacak. Kar ya\u011f\u0131\u015f\u0131n\u0131n \u00f6zellikle 12 Ocak Pazartesi ve 13 Ocak Sal\u0131 g\u00fcnleri b\u00fcy\u00fck\u015fehirler ba\u015fta olmak \u00fczere bir\u00e7ok b\u00f6lgede etkili olaca\u011f\u0131 bildirildi.<br \/>\n\u0130lk tatil haberi Gebze\u2019den geldi, aka\u015fama kadar bir\u00e7ok ilden bu haberlerin gelece\u011fi belirtildi ve tatil haberleri geldik\u00e7e haberimizi g\u00fcncelleyece\u011fiz, bu y\u00fczden s\u00fcrekli kontrol ediniz. Uyar\u0131lar\u0131n ard\u0131ndan g\u00f6zler valiliklerden gelecek a\u00e7\u0131klamalara \u00e7evrildi. Uzmanlar, beklenen ya\u011f\u0131\u015flar\u0131n etkili olmas\u0131 halinde 12 ve 13 Ocak tarihlerinde T\u00fcrkiye\u2019nin bir\u00e7ok ilinde e\u011fitime ara verilmesinin muhtemel oldu\u011funu belirtirken, bu durum \u00f6\u011frenciler i\u00e7in kesintisiz 4 g\u00fcnl\u00fck tatil ihtimalini de g\u00fcndeme getirdi. Birazdan tatil haberlerinin artaca\u011f\u0131 y\u00f6n\u00fcnde bilgi geldi.<br \/>\nGebze\u2019de etkili olan olumsuz hava ko\u015fullar\u0131 sonras\u0131 hasar olu\u015fan iki okulda e\u011fitime verilen ara uzat\u0131ld\u0131. Ay\u015fe S\u0131d\u0131ka Al\u0131\u015fan \u0130lkokulu ile Kocatepe Ortaokulu\u2019nda daha \u00f6nce 4 g\u00fcn olarak a\u00e7\u0131klanan tatil s\u00fcresi, al\u0131nan yeni kararla birlikte 5 g\u00fcne \u00e7\u0131kar\u0131ld\u0131.<\/p>\n<p>Kaynak : siyahgazete.com<\/p>\n"},"alt_text":"","media_type":"image","mime_type":"image\/jpeg","media_details":{"width":1200,"height":675,"file":"2026\/01\/1-138.jpg","sizes":{"medium":{"file":"1-138-300x169.jpg","width":300,"height":169,"mime_type":"image\/jpeg","source_url":"https:\/\/kilosorunum.com\/habercim\/wp-content\/uploads\/2026\/01\/1-138-300x169.jpg"},"large":{"file":"1-138-1024x576.jpg","width":1024,"height":576,"mime_type":"image\/jpeg","source_url":"https:\/\/kilosorunum.com\/habercim\/wp-content\/uploads\/2026\/01\/1-138-1024x576.jpg"},"thumbnail":{"file":"1-138-150x150.jpg","width":150,"height":150,"mime_type":"image\/jpeg","source_url":"https:\/\/kilosorunum.com\/habercim\/wp-content\/uploads\/2026\/01\/1-138-150x150.jpg"},"medium_large":{"file":"1-138-768x432.jpg","width":768,"height":432,"mime_type":"image\/jpeg","source_url":"https:\/\/kilosorunum.com\/habercim\/wp-content\/uploads\/2026\/01\/1-138-768x432.jpg"},"kucukResim":{"file":"1-138-80x50.jpg","width":80,"height":50,"mime_type":"image\/jpeg","source_url":"https:\/\/kilosorunum.com\/habercim\/wp-content\/uploads\/2026\/01\/1-138-80x50.jpg"},"sliderResim":{"file":"1-138-670x330.jpg","width":670,"height":330,"mime_type":"image\/jpeg","source_url":"https:\/\/kilosorunum.com\/habercim\/wp-content\/uploads\/2026\/01\/1-138-670x330.jpg"},"resim1":{"file":"1-138-184x140.jpg","width":184,"height":140,"mime_type":"image\/jpeg","source_url":"https:\/\/kilosorunum.com\/habercim\/wp-content\/uploads\/2026\/01\/1-138-184x140.jpg"},"resim2":{"file":"1-138-216x103.jpg","width":216,"height":103,"mime_type":"image\/jpeg","source_url":"https:\/\/kilosorunum.com\/habercim\/wp-content\/uploads\/2026\/01\/1-138-216x103.jpg"},"resim3":{"file":"1-138-145x70.jpg","width":145,"height":70,"mime_type":"image\/jpeg","source_url":"https:\/\/kilosorunum.com\/habercim\/wp-content\/uploads\/2026\/01\/1-138-145x70.jpg"},"sagSlider":{"file":"1-138-300x150.jpg","width":300,"height":150,"mime_type":"image\/jpeg","source_url":"https:\/\/kilosorunum.com\/habercim\/wp-content\/uploads\/2026\/01\/1-138-300x150.jpg"},"yeniSlider":{"file":"1-138-500x290.jpg","width":500,"height":290,"mime_type":"image\/jpeg","source_url":"https:\/\/kilosorunum.com\/habercim\/wp-content\/uploads\/2026\/01\/1-138-500x290.jpg"},"full":{"file":"1-138.jpg","width":1200,"height":675,"mime_type":"image\/jpeg","source_url":"https:\/\/kilosorunum.com\/habercim\/wp-content\/uploads\/2026\/01\/1-138.jpg"}},"image_meta":{"aperture":"0","credit":"","camera":"","caption":"","created_timestamp":"0","copyright":"","focal_length":"0","iso":"0","shutter_speed":"0","title":"","orientation":"0","keywords":[]}},"post":42222,"source_url":"https:\/\/kilosorunum.com\/habercim\/wp-content\/uploads\/2026\/01\/1-138.jpg","_links":{"self":[{"href":"https:\/\/kilosorunum.com\/habercim\/wp-json\/wp\/v2\/media\/42224"}],"collection":[{"href":"https:\/\/kilosorunum.com\/habercim\/wp-json\/wp\/v2\/media"}],"about":[{"href":"https:\/\/kilosorunum.com\/habercim\/wp-json\/wp\/v2\/types\/attachment"}],"author":[{"embeddable":true,"href":"https:\/\/kilosorunum.com\/habercim\/wp-json\/wp\/v2\/users\/2"}],"replies":[{"embeddable":true,"href":"https:\/\/kilosorunum.com\/habercim\/wp-json\/wp\/v2\/comments?post=42224"}]}}