{"id":42486,"date":"2026-01-17T23:05:32","date_gmt":"2026-01-17T20:05:32","guid":{"rendered":"https:\/\/kilosorunum.com\/habercim\/wp-content\/uploads\/2026\/01\/1-221.jpg"},"modified":"2026-01-17T23:06:11","modified_gmt":"2026-01-17T20:06:11","slug":"1-5016","status":"inherit","type":"attachment","link":"https:\/\/kilosorunum.com\/habercim\/foto-galeri\/hafta-sonu\/attachment\/1-5016\/","title":{"rendered":"Hafta sonu"},"author":2,"comment_status":"open","ping_status":"closed","template":"","meta":[],"description":{"rendered":"<p class=\"attachment\"><a href='https:\/\/kilosorunum.com\/habercim\/wp-content\/uploads\/2026\/01\/1-221.jpg'><img width=\"300\" height=\"169\" src=\"https:\/\/kilosorunum.com\/habercim\/wp-content\/uploads\/2026\/01\/1-221-300x169.jpg\" class=\"attachment-medium size-medium\" alt=\"\" loading=\"lazy\" srcset=\"https:\/\/kilosorunum.com\/habercim\/wp-content\/uploads\/2026\/01\/1-221-300x169.jpg 300w, https:\/\/kilosorunum.com\/habercim\/wp-content\/uploads\/2026\/01\/1-221-1024x576.jpg 1024w, https:\/\/kilosorunum.com\/habercim\/wp-content\/uploads\/2026\/01\/1-221-768x432.jpg 768w, https:\/\/kilosorunum.com\/habercim\/wp-content\/uploads\/2026\/01\/1-221.jpg 1200w\" sizes=\"(max-width: 300px) 100vw, 300px\" \/><\/a><\/p>\n"},"caption":{"rendered":"<p>Meteoroloji Genel M\u00fcd\u00fcrl\u00fc\u011f\u00fc taraf\u0131ndan yap\u0131lan son tahminlerden derlenen bilgilere g\u00f6re, hava s\u0131cakl\u0131klar\u0131n\u0131n i\u00e7 ve bat\u0131 kesimlerde 4 ila 6 derece azalaca\u011f\u0131 tahmin edilirken; Marmara, Karadeniz, \u0130\u00e7 Anadolu Do\u011fu Anadolu ve G\u00fcneydo\u011fu Anadolu b\u00f6lgelerinde karla kar\u0131\u015f\u0131k ya\u011fmur ve kar ya\u011f\u0131\u015f\u0131n\u0131n etkili olaca\u011f\u0131 \u00f6ng\u00f6r\u00fcl\u00fcyor.<br \/>\nMarmara B\u00f6lgesi genelinde par\u00e7al\u0131 ve \u00e7ok bulutlu bir hava hakim olacak. \u0130stanbul ba\u015fta olmak \u00fczere kuzey ve do\u011fu kesimlerde aral\u0131kl\u0131 ya\u011fmur ve sa\u011fanak g\u00f6r\u00fclmesi beklenirken, y\u00fcksek kesimlerde ya\u011f\u0131\u015f\u0131n karla kar\u0131\u015f\u0131k ya\u011fmura d\u00f6nece\u011fi tahmin ediliyor. B\u00f6lgede r\u00fczgar\u0131n kuzeyli y\u00f6nlerden kuvvetli (40-60 km\/saat) esmesi bekleniyor.<br \/>\n\u0130\u00e7 Anadolu B\u00f6lgesi\u2019nde bug\u00fcnden itibaren b\u00f6lge genelinde kar ya\u011f\u0131\u015f\u0131 etkisini g\u00f6sterecek. \u00d6zellikle Sivas, Yozgat, Kayseri, Nev\u015fehir ve Aksaray \u00e7evrelerinde ya\u011f\u0131\u015flar\u0131n yer yer kuvvetli olaca\u011f\u0131 tahmin ediliyor. Gece s\u0131cakl\u0131klar\u0131n\u0131n s\u0131f\u0131r\u0131n alt\u0131na d\u00fc\u015fmesiyle birlikte kuvvetli buzlanma ve don olay\u0131na kar\u015f\u0131 uyar\u0131 yap\u0131ld\u0131.<br \/>\nKaradeniz B\u00f6lgesi\u2019nde, kuzeyden gelen so\u011fuk hava dalgas\u0131yla birlikte b\u00f6lge genelinde ya\u011f\u0131\u015flar s\u00fcrecek. K\u0131y\u0131 kesimlerde ya\u011fmur ve kuvvetli sa\u011fanak beklenirken; Bolu, Kastamonu ve G\u00fcm\u00fc\u015fhane gibi i\u00e7 kesimlerde yo\u011fun kar ya\u011f\u0131\u015f\u0131 \u00f6ng\u00f6r\u00fcl\u00fcyor. Sinop, Bart\u0131n, Rize ve Artvin \u00e7evrelerinde ya\u011f\u0131\u015flar\u0131n yer yer kuvvetli olmas\u0131 bekleniyor.<br \/>\nK\u0131y\u0131 Ege\u2019de havan\u0131n az bulutlu ge\u00e7ece\u011fi tahmin edilirken, i\u00e7 kesimlerde par\u00e7al\u0131 ve \u00e7ok bulutlu havan\u0131n etkili olmas\u0131 bekleniyor. B\u00f6lge genelinde kuzeyli r\u00fczgarlar\u0131n (poyraz) etkisiyle hissedilen s\u0131cakl\u0131\u011f\u0131n d\u00fc\u015fece\u011fi \u00f6ng\u00f6r\u00fcl\u00fcyor.<br \/>\nDo\u011fu Anadolu\u2019nun kuzey ve bat\u0131s\u0131nda kar ya\u011f\u0131\u015f\u0131 etkili olurken, G\u00fcneydo\u011fu Anadolu\u2019nun bat\u0131s\u0131nda karla kar\u0131\u015f\u0131k ya\u011fmur g\u00f6r\u00fclecek.<br \/>\nDo\u011fu Karadeniz\u2019in i\u00e7 kesimleri ile Do\u011fu Anadolu\u2019nun do\u011fusunda y\u00fcksek kar \u00f6rt\u00fcs\u00fc bulunan e\u011fimli b\u00f6lgelerde \u00e7\u0131\u011f tehlikesine kar\u015f\u0131 dikkatli olunmas\u0131 istendi.<br \/>\n\u00dc\u00e7 b\u00fcy\u00fck ilde beklenen s\u0131cakl\u0131klar<br \/>\n\u0130stanbul, par\u00e7al\u0131 ve \u00e7ok bulutlu, aral\u0131kl\u0131 ya\u011fmurlu, kuzey kesimleri ve y\u00fcksekleri yer yer karla kar\u0131\u015f\u0131k ya\u011fmurlu. S\u0131cakl\u0131k 3-6 derece civar\u0131nda seyredecek.<br \/>\nAnkara, par\u00e7al\u0131 ve \u00e7ok bulutlu, gece saatlerinden itibaren hafif kar ya\u011f\u0131\u015fl\u0131. Hava s\u0131cakl\u0131\u011f\u0131 en d\u00fc\u015f\u00fck -4, en y\u00fcksek 0 derece olacak.<\/p>\n<p>\u0130zmir, par\u00e7al\u0131 ve az bulutlu. S\u0131cakl\u0131klar 6-11 derece aras\u0131nda de\u011fi\u015fecek.<\/p>\n<p>Meteoroloji\u2019den kritik uyar\u0131lar<br \/>\nMeteoroloji Genel M\u00fcd\u00fcrl\u00fc\u011f\u00fc, so\u011fuk hava dalgas\u0131yla birlikte olu\u015fabilecek olumsuzluklara kar\u015f\u0131 vatanda\u015flar\u0131 uyard\u0131. Yap\u0131lan a\u00e7\u0131klamada; \u201c\u0130\u00e7 ve do\u011fu b\u00f6lgelerde g\u00f6r\u00fclecek buzlanma ve don olay\u0131 ile sabah saatlerindeki pus ve sis hadisesinin ula\u015f\u0131mda aksamalara neden olabilece\u011fi de\u011ferlendirilmektedir. \u00d6zellikle y\u00fcksek kar \u00f6rt\u00fcs\u00fcne sahip e\u011fimli b\u00f6lgelerde \u00e7\u0131\u011f riski ve Karadeniz k\u0131y\u0131lar\u0131ndaki kuvvetli ya\u011f\u0131\u015flar nedeniyle dikkatli ve tedbirli olunmal\u0131d\u0131r.\u201d ifadelerine yer verildi.<\/p>\n<p>Ayr\u0131ca yap\u0131lan son meteorolojik de\u011ferlendirmelere g\u00f6re, so\u011fuk havan\u0131n, \u00fclkemizin bat\u0131 kesimlerinde \u00e7ar\u015famba, i\u00e7 ve do\u011fu kesimlerinde ise per\u015fembe g\u00fcn\u00fcne kadar etkisini s\u00fcrd\u00fcrece\u011fi tahmin ediliyor.<\/p>\n<p>Kaynak : trthaber.com<\/p>\n"},"alt_text":"","media_type":"image","mime_type":"image\/jpeg","media_details":{"width":1200,"height":675,"file":"2026\/01\/1-221.jpg","sizes":{"medium":{"file":"1-221-300x169.jpg","width":300,"height":169,"mime_type":"image\/jpeg","source_url":"https:\/\/kilosorunum.com\/habercim\/wp-content\/uploads\/2026\/01\/1-221-300x169.jpg"},"large":{"file":"1-221-1024x576.jpg","width":1024,"height":576,"mime_type":"image\/jpeg","source_url":"https:\/\/kilosorunum.com\/habercim\/wp-content\/uploads\/2026\/01\/1-221-1024x576.jpg"},"thumbnail":{"file":"1-221-150x150.jpg","width":150,"height":150,"mime_type":"image\/jpeg","source_url":"https:\/\/kilosorunum.com\/habercim\/wp-content\/uploads\/2026\/01\/1-221-150x150.jpg"},"medium_large":{"file":"1-221-768x432.jpg","width":768,"height":432,"mime_type":"image\/jpeg","source_url":"https:\/\/kilosorunum.com\/habercim\/wp-content\/uploads\/2026\/01\/1-221-768x432.jpg"},"kucukResim":{"file":"1-221-80x50.jpg","width":80,"height":50,"mime_type":"image\/jpeg","source_url":"https:\/\/kilosorunum.com\/habercim\/wp-content\/uploads\/2026\/01\/1-221-80x50.jpg"},"sliderResim":{"file":"1-221-670x330.jpg","width":670,"height":330,"mime_type":"image\/jpeg","source_url":"https:\/\/kilosorunum.com\/habercim\/wp-content\/uploads\/2026\/01\/1-221-670x330.jpg"},"resim1":{"file":"1-221-184x140.jpg","width":184,"height":140,"mime_type":"image\/jpeg","source_url":"https:\/\/kilosorunum.com\/habercim\/wp-content\/uploads\/2026\/01\/1-221-184x140.jpg"},"resim2":{"file":"1-221-216x103.jpg","width":216,"height":103,"mime_type":"image\/jpeg","source_url":"https:\/\/kilosorunum.com\/habercim\/wp-content\/uploads\/2026\/01\/1-221-216x103.jpg"},"resim3":{"file":"1-221-145x70.jpg","width":145,"height":70,"mime_type":"image\/jpeg","source_url":"https:\/\/kilosorunum.com\/habercim\/wp-content\/uploads\/2026\/01\/1-221-145x70.jpg"},"sagSlider":{"file":"1-221-300x150.jpg","width":300,"height":150,"mime_type":"image\/jpeg","source_url":"https:\/\/kilosorunum.com\/habercim\/wp-content\/uploads\/2026\/01\/1-221-300x150.jpg"},"yeniSlider":{"file":"1-221-500x290.jpg","width":500,"height":290,"mime_type":"image\/jpeg","source_url":"https:\/\/kilosorunum.com\/habercim\/wp-content\/uploads\/2026\/01\/1-221-500x290.jpg"},"full":{"file":"1-221.jpg","width":1200,"height":675,"mime_type":"image\/jpeg","source_url":"https:\/\/kilosorunum.com\/habercim\/wp-content\/uploads\/2026\/01\/1-221.jpg"}},"image_meta":{"aperture":"0","credit":"","camera":"","caption":"","created_timestamp":"0","copyright":"","focal_length":"0","iso":"0","shutter_speed":"0","title":"","orientation":"0","keywords":[]}},"post":42484,"source_url":"https:\/\/kilosorunum.com\/habercim\/wp-content\/uploads\/2026\/01\/1-221.jpg","_links":{"self":[{"href":"https:\/\/kilosorunum.com\/habercim\/wp-json\/wp\/v2\/media\/42486"}],"collection":[{"href":"https:\/\/kilosorunum.com\/habercim\/wp-json\/wp\/v2\/media"}],"about":[{"href":"https:\/\/kilosorunum.com\/habercim\/wp-json\/wp\/v2\/types\/attachment"}],"author":[{"embeddable":true,"href":"https:\/\/kilosorunum.com\/habercim\/wp-json\/wp\/v2\/users\/2"}],"replies":[{"embeddable":true,"href":"https:\/\/kilosorunum.com\/habercim\/wp-json\/wp\/v2\/comments?post=42486"}]}}