{"id":42615,"date":"2026-01-22T16:13:55","date_gmt":"2026-01-22T13:13:55","guid":{"rendered":"https:\/\/kilosorunum.com\/habercim\/wp-content\/uploads\/2026\/01\/1-260.jpg"},"modified":"2026-01-22T16:14:25","modified_gmt":"2026-01-22T13:14:25","slug":"1-5055","status":"inherit","type":"attachment","link":"https:\/\/kilosorunum.com\/habercim\/foto-galeri\/tbmmdeki-grup-toplantisinda\/attachment\/1-5055\/","title":{"rendered":"TBMM\u2019deki grup toplant\u0131s\u0131nda"},"author":2,"comment_status":"open","ping_status":"closed","template":"","meta":[],"description":{"rendered":"<p class=\"attachment\"><a href='https:\/\/kilosorunum.com\/habercim\/wp-content\/uploads\/2026\/01\/1-260.jpg'><img width=\"300\" height=\"169\" src=\"https:\/\/kilosorunum.com\/habercim\/wp-content\/uploads\/2026\/01\/1-260-300x169.jpg\" class=\"attachment-medium size-medium\" alt=\"\" loading=\"lazy\" srcset=\"https:\/\/kilosorunum.com\/habercim\/wp-content\/uploads\/2026\/01\/1-260-300x169.jpg 300w, https:\/\/kilosorunum.com\/habercim\/wp-content\/uploads\/2026\/01\/1-260-1024x576.jpg 1024w, https:\/\/kilosorunum.com\/habercim\/wp-content\/uploads\/2026\/01\/1-260-768x432.jpg 768w, https:\/\/kilosorunum.com\/habercim\/wp-content\/uploads\/2026\/01\/1-260.jpg 1200w\" sizes=\"(max-width: 300px) 100vw, 300px\" \/><\/a><\/p>\n"},"caption":{"rendered":"<p>Bah\u00e7eli\u2019nin \u201cemeklilerimizin derdi bizim derdimizdir\u201d \u00e7\u0131k\u0131\u015f\u0131 iktidar ve muhalefet kanad\u0131nda s\u0131cak tart\u0131\u015fma ba\u015flatt\u0131. TBMM\u2019de d\u00fczenlenen haftal\u0131k grup toplant\u0131s\u0131nda MHP Genel Ba\u015fkan\u0131 Devlet Bah\u00e7eli, emekli maa\u015flar\u0131n\u0131 yeniden g\u00fcndeme ta\u015f\u0131d\u0131. S\u00f6z konusu a\u00e7\u0131klamada Bah\u00e7eli, en d\u00fc\u015f\u00fck emekli ayl\u0131\u011f\u0131n\u0131 \u201cinsanca ya\u015fanabilir d\u00fczeye ta\u015f\u0131madan rahat edemeyeceklerini\u201d belirterek emeklileri savundu ve \u00e7\u0131k\u0131\u015f\u0131 siyasetin s\u0131cak g\u00fcndemine oturdu. Bah\u00e7eli, ge\u00e7ti\u011fimiz hafta yap\u0131lan zamm\u0131n en d\u00fc\u015f\u00fck emekli maa\u015f\u0131n\u0131 20 bin TL seviyesine \u00e7\u0131karma \u00e7al\u0131\u015fmas\u0131na de\u011finirken, bu art\u0131\u015f\u0131 baz\u0131 \u00e7evrelerce \u201csefalet \u00fccreti\u201d olarak nitelendirdi\u011fini yineledi. Parti grubunda bu mesaj\u0131n\u0131n arkas\u0131nda durdu\u011funu vurgulad\u0131 ve \u201cCumhur \u0130ttifak\u0131 orta\u011f\u0131y\u0131z ancak iktidar orta\u011f\u0131 de\u011filiz\u201d ifadeleriyle siyasi denkleme yeni bir boyut katt\u0131. Bah\u00e7eli\u2019nin emeklilere y\u00f6nelik bu ifadeleri, CHP Lideri \u00d6zg\u00fcr \u00d6zel taraf\u0131ndan Meclis\u2019te cevap buldu; \u00d6zel, Bah\u00e7eli\u2019ye \u00f6nergeyi sunmas\u0131 halinde destek vereceklerini a\u00e7\u0131klad\u0131. Bu geli\u015fme, Meclis i\u00e7i siyasi m\u00fccadeleyi daha da sertle\u015ftirdi. Siyasi kulislerde, emekliler konusundaki bu tart\u0131\u015fman\u0131n 2026 b\u00fct\u00e7e ve se\u00e7im g\u00fcndemi \u00fczerinde \u00f6nemli etkiler yaratabilece\u011fi konu\u015fuluyor. Parti i\u00e7i ve ittifak i\u00e7i dengeler, Bah\u00e7eli\u2019nin bu \u00e7\u0131k\u0131\u015f\u0131yla yeniden \u015fekilleniyor.<\/p>\n<p>Kaynak : haberzamani.com<\/p>\n"},"alt_text":"","media_type":"image","mime_type":"image\/jpeg","media_details":{"width":1200,"height":675,"file":"2026\/01\/1-260.jpg","sizes":{"medium":{"file":"1-260-300x169.jpg","width":300,"height":169,"mime_type":"image\/jpeg","source_url":"https:\/\/kilosorunum.com\/habercim\/wp-content\/uploads\/2026\/01\/1-260-300x169.jpg"},"large":{"file":"1-260-1024x576.jpg","width":1024,"height":576,"mime_type":"image\/jpeg","source_url":"https:\/\/kilosorunum.com\/habercim\/wp-content\/uploads\/2026\/01\/1-260-1024x576.jpg"},"thumbnail":{"file":"1-260-150x150.jpg","width":150,"height":150,"mime_type":"image\/jpeg","source_url":"https:\/\/kilosorunum.com\/habercim\/wp-content\/uploads\/2026\/01\/1-260-150x150.jpg"},"medium_large":{"file":"1-260-768x432.jpg","width":768,"height":432,"mime_type":"image\/jpeg","source_url":"https:\/\/kilosorunum.com\/habercim\/wp-content\/uploads\/2026\/01\/1-260-768x432.jpg"},"kucukResim":{"file":"1-260-80x50.jpg","width":80,"height":50,"mime_type":"image\/jpeg","source_url":"https:\/\/kilosorunum.com\/habercim\/wp-content\/uploads\/2026\/01\/1-260-80x50.jpg"},"sliderResim":{"file":"1-260-670x330.jpg","width":670,"height":330,"mime_type":"image\/jpeg","source_url":"https:\/\/kilosorunum.com\/habercim\/wp-content\/uploads\/2026\/01\/1-260-670x330.jpg"},"resim1":{"file":"1-260-184x140.jpg","width":184,"height":140,"mime_type":"image\/jpeg","source_url":"https:\/\/kilosorunum.com\/habercim\/wp-content\/uploads\/2026\/01\/1-260-184x140.jpg"},"resim2":{"file":"1-260-216x103.jpg","width":216,"height":103,"mime_type":"image\/jpeg","source_url":"https:\/\/kilosorunum.com\/habercim\/wp-content\/uploads\/2026\/01\/1-260-216x103.jpg"},"resim3":{"file":"1-260-145x70.jpg","width":145,"height":70,"mime_type":"image\/jpeg","source_url":"https:\/\/kilosorunum.com\/habercim\/wp-content\/uploads\/2026\/01\/1-260-145x70.jpg"},"sagSlider":{"file":"1-260-300x150.jpg","width":300,"height":150,"mime_type":"image\/jpeg","source_url":"https:\/\/kilosorunum.com\/habercim\/wp-content\/uploads\/2026\/01\/1-260-300x150.jpg"},"yeniSlider":{"file":"1-260-500x290.jpg","width":500,"height":290,"mime_type":"image\/jpeg","source_url":"https:\/\/kilosorunum.com\/habercim\/wp-content\/uploads\/2026\/01\/1-260-500x290.jpg"},"full":{"file":"1-260.jpg","width":1200,"height":675,"mime_type":"image\/jpeg","source_url":"https:\/\/kilosorunum.com\/habercim\/wp-content\/uploads\/2026\/01\/1-260.jpg"}},"image_meta":{"aperture":"0","credit":"","camera":"","caption":"","created_timestamp":"0","copyright":"","focal_length":"0","iso":"0","shutter_speed":"0","title":"","orientation":"0","keywords":[]}},"post":42613,"source_url":"https:\/\/kilosorunum.com\/habercim\/wp-content\/uploads\/2026\/01\/1-260.jpg","_links":{"self":[{"href":"https:\/\/kilosorunum.com\/habercim\/wp-json\/wp\/v2\/media\/42615"}],"collection":[{"href":"https:\/\/kilosorunum.com\/habercim\/wp-json\/wp\/v2\/media"}],"about":[{"href":"https:\/\/kilosorunum.com\/habercim\/wp-json\/wp\/v2\/types\/attachment"}],"author":[{"embeddable":true,"href":"https:\/\/kilosorunum.com\/habercim\/wp-json\/wp\/v2\/users\/2"}],"replies":[{"embeddable":true,"href":"https:\/\/kilosorunum.com\/habercim\/wp-json\/wp\/v2\/comments?post=42615"}]}}