{"id":42651,"date":"2026-01-23T16:05:06","date_gmt":"2026-01-23T13:05:06","guid":{"rendered":"https:\/\/kilosorunum.com\/habercim\/wp-content\/uploads\/2026\/01\/1-269.jpg"},"modified":"2026-01-23T16:05:49","modified_gmt":"2026-01-23T13:05:49","slug":"1-5064","status":"inherit","type":"attachment","link":"https:\/\/kilosorunum.com\/habercim\/foto-galeri\/kuvvetli-kar-ve-saganak-geliyor\/attachment\/1-5064\/","title":{"rendered":"Kuvvetli kar ve sa\u011fanak geliyor"},"author":2,"comment_status":"open","ping_status":"closed","template":"","meta":[],"description":{"rendered":"<p class=\"attachment\"><a href='https:\/\/kilosorunum.com\/habercim\/wp-content\/uploads\/2026\/01\/1-269.jpg'><img width=\"300\" height=\"169\" src=\"https:\/\/kilosorunum.com\/habercim\/wp-content\/uploads\/2026\/01\/1-269-300x169.jpg\" class=\"attachment-medium size-medium\" alt=\"\" loading=\"lazy\" srcset=\"https:\/\/kilosorunum.com\/habercim\/wp-content\/uploads\/2026\/01\/1-269-300x169.jpg 300w, https:\/\/kilosorunum.com\/habercim\/wp-content\/uploads\/2026\/01\/1-269-1024x576.jpg 1024w, https:\/\/kilosorunum.com\/habercim\/wp-content\/uploads\/2026\/01\/1-269-768x432.jpg 768w, https:\/\/kilosorunum.com\/habercim\/wp-content\/uploads\/2026\/01\/1-269.jpg 1200w\" sizes=\"(max-width: 300px) 100vw, 300px\" \/><\/a><\/p>\n"},"caption":{"rendered":"<p>Hava s\u0131cakl\u0131\u011f\u0131n\u0131n kuzey, i\u00e7 ve bat\u0131 kesimlerde artaca\u011f\u0131, di\u011fer yerlerde \u00f6nemli bir de\u011fi\u015fiklik beklenmiyor. R\u00fczgar\u0131n ise genellikle g\u00fcneyli y\u00f6nlerden, Do\u011fu Akdeniz\u2019de kuzeydo\u011fu ve do\u011fulu y\u00f6nlerden hafif, ara s\u0131ra orta kuvvette, Bat\u0131 ve Orta Akdeniz, Orta ve Do\u011fu Karadeniz\u2019in i\u00e7 kesimleri ve Do\u011fu Akdeniz\u2019de kuvvetli ve k\u0131sa s\u00fcreli f\u0131rt\u0131na \u015feklinde (50-70 km\/saat) esmesi bekleniyor. Meteoroloji Genel M\u00fcd\u00fcrl\u00fc\u011f\u00fc 23 ili a\u00e7\u0131klayarak kuvvetli ya\u011f\u0131\u015f ve f\u0131rt\u0131na uyar\u0131s\u0131nda bulundu.<br \/>\nMeteoroloji Genel M\u00fcd\u00fcrl\u00fc\u011f\u00fc\u2019n\u00fcn (MGM) yay\u0131mlad\u0131\u011f\u0131 haritaya g\u00f6re yurt genelinde kuvvetli ya\u011f\u0131\u015flar etkisini g\u00f6sterecek. Marmara\u2019n\u0131n bat\u0131s\u0131, Karadeniz, Ege ve Akdeniz b\u00f6lgelerinin k\u0131y\u0131lar\u0131nda sa\u011fanak ya\u011f\u0131\u015flar di\u011fer b\u00f6lgelerde ise sabah saatlerinde ba\u015flayan kar ya\u011f\u0131\u015flar\u0131 ak\u015fama kadar devam edecek. \u0130stanbul\u2019da ise ya\u011f\u0131\u015flar\u0131n g\u00fcn boyu devam etmesi bekleniyor.<br \/>\nSa\u011fanak ya\u011f\u0131\u015flar\u0131n yeni haftan\u0131n ortas\u0131na kadar devam etmesi beklenirken kar ya\u011f\u0131\u015flar\u0131n\u0131n ise hafta sonu yurdu terk etmesi bekleniyor. AKOM\u2019dan yap\u0131lan a\u00e7\u0131klamada ise \u015fu ifadelere yer verildi; \u201c\u0130stanbul\u2019da g\u00f6r\u00fclen so\u011fuk hava ve kar ya\u011f\u0131\u015flar\u0131n\u0131n etkisini kaybetmesiyle birlikte, ocak ay\u0131 sonuna kadar ciddi bir so\u011fuk hava beklenmemektedir. Ya\u011f\u0131\u015flar\u0131n bu d\u00f6nemde ya\u011fmur \u015feklinde olmas\u0131; g\u00f6ky\u00fcz\u00fcn\u00fcn ise \u00e7o\u011funlukla par\u00e7al\u0131 bulutlu, yer yer sa\u011fanak ya\u011f\u0131\u015f ge\u00e7i\u015fleriyle seyretmesi \u00f6ng\u00f6r\u00fclmektedir\u201d<br \/>\nMeteoroloji Genel M\u00fcd\u00fcrl\u00fc\u011f\u00fc taraf\u0131ndan yap\u0131lan tahminlere g\u00f6re: \u00dclkemiz genelinin par\u00e7al\u0131 ve \u00e7ok bulutlu, Bat\u0131 Karadeniz k\u0131y\u0131lar\u0131 d\u0131\u015f\u0131nda t\u00fcm yurdun ya\u011f\u0131\u015fl\u0131 ge\u00e7ece\u011fi tahmin ediliyor. Meteoroloji Genel M\u00fcd\u00fcrl\u00fc\u011f\u00fc taraf\u0131ndan yap\u0131lan tahminlere g\u00f6re: \u00dclkemiz genelinin par\u00e7al\u0131 ve \u00e7ok bulutlu, Bat\u0131 Karadeniz k\u0131y\u0131lar\u0131 d\u0131\u015f\u0131nda t\u00fcm yurdun ya\u011f\u0131\u015fl\u0131 ge\u00e7ece\u011fi tahmin ediliyor.<br \/>\nR\u00fczgar\u0131n; Bat\u0131 ve Orta Akdeniz, Orta ve Do\u011fu Karadeniz\u2019in i\u00e7 kesimlerinde g\u00fcneyli y\u00f6nlerden, Do\u011fu Akdeniz\u2019de kuzeyli y\u00f6nlerden kuvvetli ve k\u0131sa s\u00fcreli f\u0131rt\u0131na \u015feklinde (50-70 km\/saat) esmesi bekleniyor. Sabah ve gece saatlerinde i\u00e7 ve do\u011fu b\u00f6lgelerde buzlanma ve don birlikte pus ve yer yer sis bekleniyor. Do\u011fu Karadeniz\u2019in i\u00e7 kesimlerinin y\u00fcksekleri ile Do\u011fu Anadolu\u2019nun y\u00fcksek kar \u00f6rt\u00fcs\u00fcne sahip e\u011fimli kesimlerinde \u00e7\u0131\u011f tehlikesi bulunmaktad\u0131r.<br \/>\nYap\u0131lan son de\u011ferlendirmelere g\u00f6re; Marmara\u2019n\u0131n bat\u0131s\u0131, K\u0131y\u0131 Ege, Antalya, Hatay ve Osmaniye\u2019de kuvvetli ya\u011fmur ve sa\u011fanak ya\u011f\u0131\u015f, G\u00fcneydo\u011fu Anadolu ile Sivas, Kayseri, Yozgat, Nev\u015fehir, Elaz\u0131\u011f, Tunceli, Bitlis, Bing\u00f6l, Malatya ve Kahramanmara\u015f \u00e7evrelerinde kuvvetli kar ya\u011f\u0131\u015f\u0131 olmas\u0131 beklendi\u011finden dolay\u0131 olumsuzluklara kar\u015f\u0131 dikkatli ve tedbirli olunmas\u0131 gerekmektedir.<br \/>\nMeteoroloji Genel M\u00fcd\u00fcrl\u00fc\u011f\u00fc taraf\u0131ndan sar\u0131 kodlu uyar\u0131 verilen iller ise; Ad\u0131yaman, Bing\u00f6l, Bitlis, Diyarbak\u0131r, Elaz\u0131\u011f, Gaziantep, Hakkari, Hatay, Kayseri, Malatya, Kahramanmara\u015f, Mardin, Mu\u015f, Nev\u015fehir, Siirt, Sivas, Tunceli, \u015eanl\u0131urfa, Yozgat, Batman, \u015e\u0131rnak, Siirt ve Osmaniye<\/p>\n<p>Kaynak : hurriyet.com.tr<\/p>\n"},"alt_text":"","media_type":"image","mime_type":"image\/jpeg","media_details":{"width":1200,"height":675,"file":"2026\/01\/1-269.jpg","sizes":{"medium":{"file":"1-269-300x169.jpg","width":300,"height":169,"mime_type":"image\/jpeg","source_url":"https:\/\/kilosorunum.com\/habercim\/wp-content\/uploads\/2026\/01\/1-269-300x169.jpg"},"large":{"file":"1-269-1024x576.jpg","width":1024,"height":576,"mime_type":"image\/jpeg","source_url":"https:\/\/kilosorunum.com\/habercim\/wp-content\/uploads\/2026\/01\/1-269-1024x576.jpg"},"thumbnail":{"file":"1-269-150x150.jpg","width":150,"height":150,"mime_type":"image\/jpeg","source_url":"https:\/\/kilosorunum.com\/habercim\/wp-content\/uploads\/2026\/01\/1-269-150x150.jpg"},"medium_large":{"file":"1-269-768x432.jpg","width":768,"height":432,"mime_type":"image\/jpeg","source_url":"https:\/\/kilosorunum.com\/habercim\/wp-content\/uploads\/2026\/01\/1-269-768x432.jpg"},"kucukResim":{"file":"1-269-80x50.jpg","width":80,"height":50,"mime_type":"image\/jpeg","source_url":"https:\/\/kilosorunum.com\/habercim\/wp-content\/uploads\/2026\/01\/1-269-80x50.jpg"},"sliderResim":{"file":"1-269-670x330.jpg","width":670,"height":330,"mime_type":"image\/jpeg","source_url":"https:\/\/kilosorunum.com\/habercim\/wp-content\/uploads\/2026\/01\/1-269-670x330.jpg"},"resim1":{"file":"1-269-184x140.jpg","width":184,"height":140,"mime_type":"image\/jpeg","source_url":"https:\/\/kilosorunum.com\/habercim\/wp-content\/uploads\/2026\/01\/1-269-184x140.jpg"},"resim2":{"file":"1-269-216x103.jpg","width":216,"height":103,"mime_type":"image\/jpeg","source_url":"https:\/\/kilosorunum.com\/habercim\/wp-content\/uploads\/2026\/01\/1-269-216x103.jpg"},"resim3":{"file":"1-269-145x70.jpg","width":145,"height":70,"mime_type":"image\/jpeg","source_url":"https:\/\/kilosorunum.com\/habercim\/wp-content\/uploads\/2026\/01\/1-269-145x70.jpg"},"sagSlider":{"file":"1-269-300x150.jpg","width":300,"height":150,"mime_type":"image\/jpeg","source_url":"https:\/\/kilosorunum.com\/habercim\/wp-content\/uploads\/2026\/01\/1-269-300x150.jpg"},"yeniSlider":{"file":"1-269-500x290.jpg","width":500,"height":290,"mime_type":"image\/jpeg","source_url":"https:\/\/kilosorunum.com\/habercim\/wp-content\/uploads\/2026\/01\/1-269-500x290.jpg"},"full":{"file":"1-269.jpg","width":1200,"height":675,"mime_type":"image\/jpeg","source_url":"https:\/\/kilosorunum.com\/habercim\/wp-content\/uploads\/2026\/01\/1-269.jpg"}},"image_meta":{"aperture":"0","credit":"","camera":"","caption":"","created_timestamp":"0","copyright":"","focal_length":"0","iso":"0","shutter_speed":"0","title":"","orientation":"0","keywords":[]}},"post":42649,"source_url":"https:\/\/kilosorunum.com\/habercim\/wp-content\/uploads\/2026\/01\/1-269.jpg","_links":{"self":[{"href":"https:\/\/kilosorunum.com\/habercim\/wp-json\/wp\/v2\/media\/42651"}],"collection":[{"href":"https:\/\/kilosorunum.com\/habercim\/wp-json\/wp\/v2\/media"}],"about":[{"href":"https:\/\/kilosorunum.com\/habercim\/wp-json\/wp\/v2\/types\/attachment"}],"author":[{"embeddable":true,"href":"https:\/\/kilosorunum.com\/habercim\/wp-json\/wp\/v2\/users\/2"}],"replies":[{"embeddable":true,"href":"https:\/\/kilosorunum.com\/habercim\/wp-json\/wp\/v2\/comments?post=42651"}]}}