{"id":42685,"date":"2026-01-24T01:32:39","date_gmt":"2026-01-23T22:32:39","guid":{"rendered":"https:\/\/kilosorunum.com\/habercim\/wp-content\/uploads\/2026\/01\/1-281.jpg"},"modified":"2026-01-24T01:33:17","modified_gmt":"2026-01-23T22:33:17","slug":"1-5076","status":"inherit","type":"attachment","link":"https:\/\/kilosorunum.com\/habercim\/genel\/kizilcik-serbetinden-vedalar\/attachment\/1-5076\/","title":{"rendered":"K\u0131z\u0131lc\u0131k \u015eerbeti\u2019nden vedalar"},"author":2,"comment_status":"open","ping_status":"closed","template":"","meta":[],"description":{"rendered":"<p class=\"attachment\"><a href='https:\/\/kilosorunum.com\/habercim\/wp-content\/uploads\/2026\/01\/1-281.jpg'><img width=\"300\" height=\"169\" src=\"https:\/\/kilosorunum.com\/habercim\/wp-content\/uploads\/2026\/01\/1-281-300x169.jpg\" class=\"attachment-medium size-medium\" alt=\"\" loading=\"lazy\" srcset=\"https:\/\/kilosorunum.com\/habercim\/wp-content\/uploads\/2026\/01\/1-281-300x169.jpg 300w, https:\/\/kilosorunum.com\/habercim\/wp-content\/uploads\/2026\/01\/1-281-1024x576.jpg 1024w, https:\/\/kilosorunum.com\/habercim\/wp-content\/uploads\/2026\/01\/1-281-768x432.jpg 768w, https:\/\/kilosorunum.com\/habercim\/wp-content\/uploads\/2026\/01\/1-281.jpg 1200w\" sizes=\"(max-width: 300px) 100vw, 300px\" \/><\/a><\/p>\n"},"caption":{"rendered":"<p>Do\u011fukan G\u00fcng\u00f6r, uyu\u015fturucu test sonucunun ard\u0131ndan K\u0131z\u0131lc\u0131k \u015eerbeti\u2019nden \u00e7\u0131kar\u0131ld\u0131: Onlar\u0131 vicdanlar\u0131yla ba\u015f ba\u015fa b\u0131rak\u0131yorum. Uyu\u015fturucu soru\u015fturmas\u0131 kapsam\u0131nda g\u00f6zalt\u0131na al\u0131nan ve uyu\u015fturucu testinin pozitif \u00e7\u0131kmas\u0131 nedeniyle K\u0131z\u0131lc\u0131k \u015eerbeti dizisinden \u00e7\u0131kar\u0131ld\u0131\u011f\u0131n\u0131 s\u00f6yleyen oyuncu Do\u011fukan G\u00fcng\u00f6r, \u201cHer \u015ferde bir hay\u0131r vard\u0131r inanc\u0131yla, bu son ya\u015fad\u0131\u011f\u0131m olaydan sonra kendimi tamamen i\u015fime adam\u0131\u015ft\u0131m ve temiz bir hayat s\u00fcrmek i\u00e7in kendime s\u00f6z vermi\u015ftim. Ama bu ak\u015fam ans\u0131z\u0131n ald\u0131\u011f\u0131m bu k\u00f6t\u00fc haberle baz\u0131 insanlar ve kurumlar\u0131n kararlar al\u0131rken ne kadar ac\u0131mas\u0131z olabildi\u011fine herkes gibi ben de \u015fahit oldum. Oysa bu hayatta hata yapan ne ilk ne de son insan\u0131m. Herkes ikinci bir \u015fans\u0131 hak eder inanc\u0131n\u0131 ta\u015f\u0131mayan bu ac\u0131mas\u0131z insanlar ve kurumlar\u0131 vicdanlar\u0131yla ba\u015f ba\u015fa b\u0131rak\u0131yorum ve onlar\u0131 Allah\u2019a havale ediyorum\u201d dedi. Birsen Altunta\u015f\u2019\u0131n haberine g\u00f6re G\u00fcng\u00f6r, K\u0131z\u0131lc\u0131k \u015eerbeti kadrosundan \u00e7\u0131kar\u0131ld\u0131. Tan\u0131t\u0131mdaki sahneleri de \u00e7\u0131kar\u0131lan G\u00fcng\u00f6r yerine yeni oyuncu arand\u0131\u011f\u0131 belirtilirken G\u00fcng\u00f6r\u2019\u00fcn bug\u00fcn \u00e7ekilen dizi sahnelerinin de kullan\u0131lmayaca\u011f\u0131 \u00f6ne s\u00fcr\u00fcld\u00fc.<\/p>\n<p>G\u00fcng\u00f6r\u2019\u00fcn a\u00e7\u0131klamas\u0131n\u0131n tamam\u0131 \u015f\u00f6yle:<\/p>\n<p>\u201cShow TV y\u00f6netimin ald\u0131\u011f\u0131 kararla diziden \u00e7\u0131kar\u0131ld\u0131\u011f\u0131m\u0131 az \u00f6nce \u00f6\u011frendim\u201d<br \/>\n\u201c4 sezondur b\u00fcy\u00fck bir \u015fevkle \u00e7al\u0131\u015ft\u0131\u011f\u0131m K\u0131z\u0131lc\u0131k \u015eerbeti isimli dizi filmden son zamanlarda ya\u015fanan olaylar sebebiyle Show TV y\u00f6netimin ald\u0131\u011f\u0131 kararla \u00e7\u0131kar\u0131ld\u0131\u011f\u0131m\u0131 az \u00f6nce \u00f6\u011frenmi\u015f bulunuyorum.<\/p>\n<p>\u201cTemiz bir hayata ilk ad\u0131mlar\u0131m\u0131 atm\u0131\u015ft\u0131m, kendime s\u00f6z vermi\u015ftim\u201d<br \/>\nBu hayatta herkes hata yapabilir ki ben de bir hata yapt\u0131\u011f\u0131m\u0131 ancak bu hatamdan art\u0131k d\u00f6nd\u00fc\u011f\u00fcm\u00fc ve \u00e7ok pi\u015fman oldu\u011fumu samimiyetle ve d\u00fcr\u00fcst\u00e7e gerek Savc\u0131l\u0131k makam\u0131na gerekse kamuoyuna a\u00e7\u0131klam\u0131\u015f ve temiz bir hayata ilk ad\u0131mlar\u0131m\u0131 atm\u0131\u015ft\u0131m. Her \u015ferde bir hay\u0131r vard\u0131r inanc\u0131yla, bu son ya\u015fad\u0131\u011f\u0131m olaydan sonra kendimi tamamen i\u015fime adam\u0131\u015ft\u0131m ve temiz bir hayat s\u00fcrmek i\u00e7in kendime s\u00f6z vermi\u015ftim.<\/p>\n<p>\u201cBu ac\u0131mas\u0131z insanlar ve kurumlar\u0131 vicdanlar\u0131yla ba\u015f ba\u015fa b\u0131rak\u0131yorum\u201d<br \/>\nAma bu ak\u015fam ans\u0131z\u0131n ald\u0131\u011f\u0131m bu k\u00f6t\u00fc haberle baz\u0131 insanlar ve kurumlar\u0131n kararlar al\u0131rken ne kadar ac\u0131mas\u0131z olabildi\u011fine herkes gibi ben de \u015fahit oldum. Oysa bu hayatta hata yapan ne ilk ne de son insan\u0131m. Herkes ikinci bir \u015fans\u0131 hak eder inanc\u0131n\u0131 ta\u015f\u0131mayan bu ac\u0131mas\u0131z insanlar ve kurumlar\u0131 vicdanlar\u0131yla ba\u015f ba\u015fa b\u0131rak\u0131yorum ve onlar\u0131 Allah\u2019a havale ediyorum.<\/p>\n<p>\u201cDimdik ayaktay\u0131m\u201d<br \/>\nAncak kamuoyunu da a\u00e7\u0131k\u00e7a belirtmek isterim ki ben dimdik ayaktay\u0131m ve kendime verdi\u011fim temiz bir hayat s\u00f6z\u00fcn\u00fc tutarak daha g\u00fczel i\u015flerde \u00e7ok yak\u0131nda tekrar siz sevenlerimle birlikte olaca\u011f\u0131m.<\/p>\n<p>Bu k\u00f6t\u00fc g\u00fcnlerde benim yan\u0131mda olan, benden sevgisini esirgemeyen t\u00fcm dostlar\u0131ma, sevgili hayranlar\u0131ma ve can\u0131m aileme \u00e7ok te\u015fekk\u00fcr ederim. \u0130yi ki vars\u0131n\u0131z.\u201d<\/p>\n<p>Kaynak : t24.com.tr<\/p>\n"},"alt_text":"","media_type":"image","mime_type":"image\/jpeg","media_details":{"width":1200,"height":675,"file":"2026\/01\/1-281.jpg","sizes":{"medium":{"file":"1-281-300x169.jpg","width":300,"height":169,"mime_type":"image\/jpeg","source_url":"https:\/\/kilosorunum.com\/habercim\/wp-content\/uploads\/2026\/01\/1-281-300x169.jpg"},"large":{"file":"1-281-1024x576.jpg","width":1024,"height":576,"mime_type":"image\/jpeg","source_url":"https:\/\/kilosorunum.com\/habercim\/wp-content\/uploads\/2026\/01\/1-281-1024x576.jpg"},"thumbnail":{"file":"1-281-150x150.jpg","width":150,"height":150,"mime_type":"image\/jpeg","source_url":"https:\/\/kilosorunum.com\/habercim\/wp-content\/uploads\/2026\/01\/1-281-150x150.jpg"},"medium_large":{"file":"1-281-768x432.jpg","width":768,"height":432,"mime_type":"image\/jpeg","source_url":"https:\/\/kilosorunum.com\/habercim\/wp-content\/uploads\/2026\/01\/1-281-768x432.jpg"},"kucukResim":{"file":"1-281-80x50.jpg","width":80,"height":50,"mime_type":"image\/jpeg","source_url":"https:\/\/kilosorunum.com\/habercim\/wp-content\/uploads\/2026\/01\/1-281-80x50.jpg"},"sliderResim":{"file":"1-281-670x330.jpg","width":670,"height":330,"mime_type":"image\/jpeg","source_url":"https:\/\/kilosorunum.com\/habercim\/wp-content\/uploads\/2026\/01\/1-281-670x330.jpg"},"resim1":{"file":"1-281-184x140.jpg","width":184,"height":140,"mime_type":"image\/jpeg","source_url":"https:\/\/kilosorunum.com\/habercim\/wp-content\/uploads\/2026\/01\/1-281-184x140.jpg"},"resim2":{"file":"1-281-216x103.jpg","width":216,"height":103,"mime_type":"image\/jpeg","source_url":"https:\/\/kilosorunum.com\/habercim\/wp-content\/uploads\/2026\/01\/1-281-216x103.jpg"},"resim3":{"file":"1-281-145x70.jpg","width":145,"height":70,"mime_type":"image\/jpeg","source_url":"https:\/\/kilosorunum.com\/habercim\/wp-content\/uploads\/2026\/01\/1-281-145x70.jpg"},"sagSlider":{"file":"1-281-300x150.jpg","width":300,"height":150,"mime_type":"image\/jpeg","source_url":"https:\/\/kilosorunum.com\/habercim\/wp-content\/uploads\/2026\/01\/1-281-300x150.jpg"},"yeniSlider":{"file":"1-281-500x290.jpg","width":500,"height":290,"mime_type":"image\/jpeg","source_url":"https:\/\/kilosorunum.com\/habercim\/wp-content\/uploads\/2026\/01\/1-281-500x290.jpg"},"full":{"file":"1-281.jpg","width":1200,"height":675,"mime_type":"image\/jpeg","source_url":"https:\/\/kilosorunum.com\/habercim\/wp-content\/uploads\/2026\/01\/1-281.jpg"}},"image_meta":{"aperture":"0","credit":"","camera":"","caption":"","created_timestamp":"0","copyright":"","focal_length":"0","iso":"0","shutter_speed":"0","title":"","orientation":"0","keywords":[]}},"post":42683,"source_url":"https:\/\/kilosorunum.com\/habercim\/wp-content\/uploads\/2026\/01\/1-281.jpg","_links":{"self":[{"href":"https:\/\/kilosorunum.com\/habercim\/wp-json\/wp\/v2\/media\/42685"}],"collection":[{"href":"https:\/\/kilosorunum.com\/habercim\/wp-json\/wp\/v2\/media"}],"about":[{"href":"https:\/\/kilosorunum.com\/habercim\/wp-json\/wp\/v2\/types\/attachment"}],"author":[{"embeddable":true,"href":"https:\/\/kilosorunum.com\/habercim\/wp-json\/wp\/v2\/users\/2"}],"replies":[{"embeddable":true,"href":"https:\/\/kilosorunum.com\/habercim\/wp-json\/wp\/v2\/comments?post=42685"}]}}