{"id":42752,"date":"2026-01-24T22:44:22","date_gmt":"2026-01-24T19:44:22","guid":{"rendered":"https:\/\/kilosorunum.com\/habercim\/wp-content\/uploads\/2026\/01\/1-290.jpg"},"modified":"2026-01-24T22:45:03","modified_gmt":"2026-01-24T19:45:03","slug":"1-5085","status":"inherit","type":"attachment","link":"https:\/\/kilosorunum.com\/habercim\/foto-galeri\/adanada\/attachment\/1-5085\/","title":{"rendered":"Adana\u2019da"},"author":2,"comment_status":"open","ping_status":"closed","template":"","meta":[],"description":{"rendered":"<p class=\"attachment\"><a href='https:\/\/kilosorunum.com\/habercim\/wp-content\/uploads\/2026\/01\/1-290.jpg'><img width=\"300\" height=\"169\" src=\"https:\/\/kilosorunum.com\/habercim\/wp-content\/uploads\/2026\/01\/1-290-300x169.jpg\" class=\"attachment-medium size-medium\" alt=\"\" loading=\"lazy\" srcset=\"https:\/\/kilosorunum.com\/habercim\/wp-content\/uploads\/2026\/01\/1-290-300x169.jpg 300w, https:\/\/kilosorunum.com\/habercim\/wp-content\/uploads\/2026\/01\/1-290-1024x576.jpg 1024w, https:\/\/kilosorunum.com\/habercim\/wp-content\/uploads\/2026\/01\/1-290-768x432.jpg 768w, https:\/\/kilosorunum.com\/habercim\/wp-content\/uploads\/2026\/01\/1-290.jpg 1200w\" sizes=\"(max-width: 300px) 100vw, 300px\" \/><\/a><\/p>\n"},"caption":{"rendered":"<p>Adana\u2019da 34 ya\u015f\u0131ndaki Sergen Altunba\u015f\u2019\u0131n ya\u015fad\u0131\u011f\u0131 l\u00fcks villada \u00e7ocuklar\u0131 8 ya\u015f\u0131ndaki Ada ile 6 ya\u015f\u0131ndaki Mert Altunba\u015f\u2019\u0131 \u00f6ld\u00fcr\u00fcp, kendi ya\u015fam\u0131na da son verdi\u011fi aile facias\u0131na ili\u015fkin yeni detaylar ortaya \u00e7\u0131kt\u0131. Altunba\u015f ailesinin Mersin\u2019de olduklar\u0131, olay sabah\u0131 Adana\u2019ya geri d\u00f6nd\u00fckleri, bo\u015fanmalar\u0131na ra\u011fmen birlikte ya\u015fad\u0131\u011f\u0131 Gizem Deniz\u2019in annesi ile birlikte oldu\u011fu, Sergen Altunba\u015f\u2019\u0131n \u00e7ocuklar\u0131 al\u0131p villaya d\u00f6nd\u00fc\u011f\u00fc daha sonra Deniz\u2019e \u201cBen ve \u00e7ocuklar\u0131m, sen eve geldi\u011finde \u00f6lm\u00fc\u015f olaca\u011f\u0131z\u201d diyerek mesaj att\u0131\u011f\u0131 anla\u015f\u0131ld\u0131. Olay, 15 Ocak ak\u015fam\u0131 Sar\u0131\u00e7am il\u00e7esi Boynuyo\u011fun Mahallesi\u2019ndeki havuzlu l\u00fcks villada meydana geldi. Amerika Birle\u015fik Devletleri\u2019ne (ABD) vize dan\u0131\u015fmanl\u0131\u011f\u0131 yapan ve sanal medyada payla\u015ft\u0131\u011f\u0131 videolarla tan\u0131nan Sergen Altunba\u015f, bah\u00e7edeki otomobilini ate\u015fe verdi ard\u0131ndan \u00e7ocuklar\u0131 Ada ve Mert\u2019i tabancayla vurdu. Altunba\u015f daha sonra silah\u0131 ba\u015f\u0131na dayay\u0131p ate\u015fledi. Silah seslerini duyan kom\u015fular\u0131n ihbar\u0131yla adrese polis ve sa\u011fl\u0131k ekipleri sevk edildi. Eve giren ekipler, baba ile 2 \u00e7ocu\u011funu kanlar i\u00e7erisinde buldu. Sa\u011fl\u0131k g\u00f6revlilerinin kontrol\u00fcnde 3 ki\u015finin de hayat\u0131n\u0131 kaybetti\u011fi belirlendi. Ada ve Mert karde\u015fler, Seyhan il\u00e7esi Karayusuflu Mezarl\u0131\u011f\u0131\u2019nda topra\u011fa verilirken, Sergen Altunba\u015f\u2019\u0131n cenazesi ise Had\u0131rl\u0131 Mezarl\u0131\u011f\u0131\u2019nda defnedildi.<\/p>\n<p>Sergen Altunba\u015f\u2019\u0131n 5 y\u0131l bo\u015fand\u0131\u011f\u0131 ancak halen birlikte ya\u015fad\u0131\u011f\u0131 Gizem Deniz\u2019in evde olmad\u0131\u011f\u0131 s\u0131rada olay\u0131 ger\u00e7ekle\u015ftirdi\u011fi belirtildi.<\/p>\n<p>\u201cAbla \u00e7ocuklar\u0131m orada, \u00e7ocuklar\u0131m\u0131 kurtar\u201d<br \/>\nOlaya ili\u015fkin soru\u015fturma s\u00fcrerken, evinin balkonunda otururken Altunba\u015f ailesinin otomobilinin yand\u0131\u011f\u0131n\u0131 fark etti\u011fini belirten Zehra \u00d6zg\u00fcl, panikle Gizem Deniz\u2019i arad\u0131\u011f\u0131n\u0131 belirterek, \u201cAlevleri fark edince ne oldu\u011funu anlamaya \u00e7al\u0131\u015ft\u0131m ard\u0131ndan otomobilden patlama sesleri geldi, k\u0131sa s\u00fcre sonra da silah sesi duyuldu. Hemen Gizem\u2019i arad\u0131m, daha telefonu a\u00e7ar a\u00e7maz \u2018Abla \u00e7ocuklar\u0131m orada, \u00e7ocuklar\u0131m\u0131 kurtar\u2019 diyerek feryat edip, telefonu kapatt\u0131. Yoldayd\u0131 ve eve geliyordu. Eve gitti\u011fimizde hem otomobilin yand\u0131\u011f\u0131n\u0131 hem de Sergen\u2019in \u00e7ocuklar\u0131n\u0131 \u00f6ld\u00fcr\u00fcp, intihar etti\u011fini \u00f6\u011frendik. Bu s\u0131rada Gizem ile annesi de geldi. Onlar\u0131 eve almad\u0131k. Gizem\u2019in annesine ne oldu\u011funu sordu\u011fumda, Sergen ve Gizem\u2019in ailece Mersin\u2019de olduklar\u0131n\u0131, sabah saatlerinde Adana\u2019ya geldiklerini s\u00f6yledi. Sabah Gizem\u2019i annesine b\u0131rak\u0131p, \u2018\u00c7ocuklarla biraz al\u0131\u015fveri\u015f yapar\u0131m, birka\u00e7 e\u015fya, oyuncak al\u0131r\u0131m, ak\u015fam burada oturur konu\u015furuz\u2019 demi\u015f. Onlar, ak\u015fam Sergen\u2019in gelmesini bekliyormu\u015f. Sergen, \u00e7ocuklar\u0131 al\u0131p eve gelmi\u015f, arkas\u0131ndan da Gizem\u2019e \u2018Ben ve \u00e7ocuklar\u0131m, sen eve geldi\u011finde \u00f6lm\u00fc\u015f olaca\u011f\u0131z\u2019 diyerek mesaj att\u0131\u011f\u0131n\u0131 bunun \u00fczerine eve gelmek i\u00e7in yola \u00e7\u0131kt\u0131klar\u0131n\u0131 s\u00f6yledi\u201d dedi.<\/p>\n<p>\u201cMutlu bir aileleri vard\u0131\u201d<br \/>\nDaha \u00f6nce ailenin zaman zaman tart\u0131\u015fmalar ya\u015fad\u0131\u011f\u0131n\u0131 s\u00f6yleyen \u00d6zg\u00fcl, \u201cYakla\u015f\u0131k 2 y\u0131ld\u0131r burada oturuyoruz. Ayn\u0131 anda evlerimizi yapt\u0131rd\u0131k. Bu s\u00fcre\u00e7te baz\u0131 tart\u0131\u015fmalar\u0131na \u015fahit olduk ama g\u00fczel anlar\u0131na da \u00e7ok \u015fahit olduk. Yeni ev yap\u0131ld\u0131\u011f\u0131 i\u00e7in kom\u015fulara davetler verildi, \u00e7ocuklar\u0131n\u0131n do\u011fum g\u00fcn\u00fc partisine kat\u0131ld\u0131k. G\u00fczel bir aile tablosu g\u00f6r\u00fcn\u00fcyordu. Geldi\u011fimiz noktada i\u015fin a\u00e7\u0131k\u00e7as\u0131 \u015fok ya\u015fad\u0131\u011f\u0131m\u0131z bir durum oldu. Mutlu bir aileleri vard\u0131, hala inanmak istemiyorum\u201d diye konu\u015ftu.<\/p>\n<p>\u201cKorkun\u00e7 bir olay\u201d<br \/>\nAilenin di\u011fer kom\u015fusu \u00dclk\u00fc Bilgili ise \u201cPolisleri, ambulans\u0131 g\u00f6r\u00fcnce biz de olay yerine gittik. Biz sadece otomobilin yand\u0131\u011f\u0131n\u0131 san\u0131yorduk. Arabadan patlama sesleri geldi, par\u00e7alar havada u\u00e7u\u015fuyordu. \u0130tfaiye, aileyi al\u0131r \u00e7\u0131kar\u0131r diye bekledik. \u00d6l\u00fcm hi\u00e7 akl\u0131m\u0131za gelmedi. Yang\u0131n\u0131 s\u00f6nd\u00fcrd\u00fckten sonra \u00e7ocuklar\u0131 da kendini de \u00f6ld\u00fcrd\u00fc\u011f\u00fcn\u00fc s\u00f6ylediler. Anne geldi\u011finde de sinir krizleri ge\u00e7irdi. \u0130\u00e7eri girmek istedi ama polisler g\u00f6r\u00fclecek durumda olmad\u0131\u011f\u0131n\u0131 s\u00f6yleyerek anneyi eve almad\u0131. Gelmeden \u00f6nce e\u015fi mesaj atm\u0131\u015f. \u2018Geldi\u011finde \u00e7ocuklar ve beni \u00f6l\u00fc olarak bulacaks\u0131n\u2019 diye yazm\u0131\u015f. Korkun\u00e7 bir olay. Gece g\u00fcnd\u00fcz akl\u0131m\u0131zdan \u00e7\u0131km\u0131yor\u201d dedi. (DHA)<\/p>\n<p>Kaynak : t24.com.tr<\/p>\n"},"alt_text":"","media_type":"image","mime_type":"image\/jpeg","media_details":{"width":1200,"height":675,"file":"2026\/01\/1-290.jpg","sizes":{"medium":{"file":"1-290-300x169.jpg","width":300,"height":169,"mime_type":"image\/jpeg","source_url":"https:\/\/kilosorunum.com\/habercim\/wp-content\/uploads\/2026\/01\/1-290-300x169.jpg"},"large":{"file":"1-290-1024x576.jpg","width":1024,"height":576,"mime_type":"image\/jpeg","source_url":"https:\/\/kilosorunum.com\/habercim\/wp-content\/uploads\/2026\/01\/1-290-1024x576.jpg"},"thumbnail":{"file":"1-290-150x150.jpg","width":150,"height":150,"mime_type":"image\/jpeg","source_url":"https:\/\/kilosorunum.com\/habercim\/wp-content\/uploads\/2026\/01\/1-290-150x150.jpg"},"medium_large":{"file":"1-290-768x432.jpg","width":768,"height":432,"mime_type":"image\/jpeg","source_url":"https:\/\/kilosorunum.com\/habercim\/wp-content\/uploads\/2026\/01\/1-290-768x432.jpg"},"kucukResim":{"file":"1-290-80x50.jpg","width":80,"height":50,"mime_type":"image\/jpeg","source_url":"https:\/\/kilosorunum.com\/habercim\/wp-content\/uploads\/2026\/01\/1-290-80x50.jpg"},"sliderResim":{"file":"1-290-670x330.jpg","width":670,"height":330,"mime_type":"image\/jpeg","source_url":"https:\/\/kilosorunum.com\/habercim\/wp-content\/uploads\/2026\/01\/1-290-670x330.jpg"},"resim1":{"file":"1-290-184x140.jpg","width":184,"height":140,"mime_type":"image\/jpeg","source_url":"https:\/\/kilosorunum.com\/habercim\/wp-content\/uploads\/2026\/01\/1-290-184x140.jpg"},"resim2":{"file":"1-290-216x103.jpg","width":216,"height":103,"mime_type":"image\/jpeg","source_url":"https:\/\/kilosorunum.com\/habercim\/wp-content\/uploads\/2026\/01\/1-290-216x103.jpg"},"resim3":{"file":"1-290-145x70.jpg","width":145,"height":70,"mime_type":"image\/jpeg","source_url":"https:\/\/kilosorunum.com\/habercim\/wp-content\/uploads\/2026\/01\/1-290-145x70.jpg"},"sagSlider":{"file":"1-290-300x150.jpg","width":300,"height":150,"mime_type":"image\/jpeg","source_url":"https:\/\/kilosorunum.com\/habercim\/wp-content\/uploads\/2026\/01\/1-290-300x150.jpg"},"yeniSlider":{"file":"1-290-500x290.jpg","width":500,"height":290,"mime_type":"image\/jpeg","source_url":"https:\/\/kilosorunum.com\/habercim\/wp-content\/uploads\/2026\/01\/1-290-500x290.jpg"},"full":{"file":"1-290.jpg","width":1200,"height":675,"mime_type":"image\/jpeg","source_url":"https:\/\/kilosorunum.com\/habercim\/wp-content\/uploads\/2026\/01\/1-290.jpg"}},"image_meta":{"aperture":"0","credit":"","camera":"","caption":"","created_timestamp":"0","copyright":"","focal_length":"0","iso":"0","shutter_speed":"0","title":"","orientation":"0","keywords":[]}},"post":42750,"source_url":"https:\/\/kilosorunum.com\/habercim\/wp-content\/uploads\/2026\/01\/1-290.jpg","_links":{"self":[{"href":"https:\/\/kilosorunum.com\/habercim\/wp-json\/wp\/v2\/media\/42752"}],"collection":[{"href":"https:\/\/kilosorunum.com\/habercim\/wp-json\/wp\/v2\/media"}],"about":[{"href":"https:\/\/kilosorunum.com\/habercim\/wp-json\/wp\/v2\/types\/attachment"}],"author":[{"embeddable":true,"href":"https:\/\/kilosorunum.com\/habercim\/wp-json\/wp\/v2\/users\/2"}],"replies":[{"embeddable":true,"href":"https:\/\/kilosorunum.com\/habercim\/wp-json\/wp\/v2\/comments?post=42752"}]}}