{"id":42785,"date":"2026-01-25T18:19:25","date_gmt":"2026-01-25T15:19:25","guid":{"rendered":"https:\/\/kilosorunum.com\/habercim\/wp-content\/uploads\/2026\/01\/1-302.jpg"},"modified":"2026-01-25T18:21:30","modified_gmt":"2026-01-25T15:21:30","slug":"1-5097","status":"inherit","type":"attachment","link":"https:\/\/kilosorunum.com\/habercim\/foto-galeri\/bayram-ikramiyelerinde\/attachment\/1-5097\/","title":{"rendered":"Bayram \u0130kramiyelerinde"},"author":2,"comment_status":"open","ping_status":"closed","template":"","meta":[],"description":{"rendered":"<p class=\"attachment\"><a href='https:\/\/kilosorunum.com\/habercim\/wp-content\/uploads\/2026\/01\/1-302.jpg'><img width=\"300\" height=\"169\" src=\"https:\/\/kilosorunum.com\/habercim\/wp-content\/uploads\/2026\/01\/1-302-300x169.jpg\" class=\"attachment-medium size-medium\" alt=\"\" loading=\"lazy\" srcset=\"https:\/\/kilosorunum.com\/habercim\/wp-content\/uploads\/2026\/01\/1-302-300x169.jpg 300w, https:\/\/kilosorunum.com\/habercim\/wp-content\/uploads\/2026\/01\/1-302-1024x576.jpg 1024w, https:\/\/kilosorunum.com\/habercim\/wp-content\/uploads\/2026\/01\/1-302-768x432.jpg 768w, https:\/\/kilosorunum.com\/habercim\/wp-content\/uploads\/2026\/01\/1-302.jpg 1200w\" sizes=\"(max-width: 300px) 100vw, 300px\" \/><\/a><\/p>\n"},"caption":{"rendered":"<p>Emekli maa\u015flar\u0131na yap\u0131lan y\u0131l ba\u015f\u0131 art\u0131\u015flar\u0131n\u0131n ard\u0131ndan, ikramiyeler i\u00e7in de &#8220;g\u00fcncelleme&#8221; beklentisi zirveye ula\u015ft\u0131. Ekonomi kulislerinden s\u0131zan bilgilere g\u00f6re, 2026 y\u0131l\u0131nda \u00f6deme tutarlar\u0131 i\u00e7in iki ana form\u00fcl \u00fczerinde \u00e7al\u0131\u015f\u0131l\u0131yor:<\/p>\n<p>B\u00fct\u00e7e disiplini ve enflasyon hedefleri g\u00f6z \u00f6n\u00fcnde bulunduruldu\u011funda, ge\u00e7en y\u0131l 4.000 TL olan tutar\u0131n 5.000 TL\u2019ye \u00e7\u0131kar\u0131lmas\u0131 en g\u00fc\u00e7l\u00fc se\u00e7enek olarak duruyor. Bu senaryonun ger\u00e7ekle\u015fmesi durumunda bir emekli, iki bayram toplam\u0131nda 10.000 TL ikramiye alm\u0131\u015f olacak.<\/p>\n<p>Emekli derneklerinin talepleri ve al\u0131m g\u00fcc\u00fcn\u00fcn korunmas\u0131 amac\u0131yla masada tutulan ikinci se\u00e7enek ise tutar\u0131n 5.500 TL\u2019ye y\u00fckseltilmesi. Bu durumda y\u0131ll\u0131k toplam \u00f6deme 11.000 TL\u2019ye ula\u015farak emekliye \u00f6nemli bir ek katk\u0131 sa\u011flayacak. Bayram ikramiyeleri 4 bin TL\u2019den 5 bin TL\u2019ye \u00e7\u0131kar\u0131l\u0131rsa; 17 milyonu a\u015fk\u0131n emekliye \u00f6denecek bayram ikramiyesindeki art\u0131\u015f\u0131n toplam ek maliyeti iki bayram i\u00e7in yakla\u015f\u0131k 35 milyar TL olacak.<\/p>\n<p>6 bin TL gibi bir senaryoda ilave maliyet daha art\u0131yor. \u0130kramiyelere 2 bin TL\u2019lik art\u0131\u015f 70 milyar TL\u2019ye yak\u0131n bir kaynak gerektiriyor.<\/p>\n"},"alt_text":"","media_type":"image","mime_type":"image\/jpeg","media_details":{"width":1200,"height":675,"file":"2026\/01\/1-302.jpg","sizes":{"medium":{"file":"1-302-300x169.jpg","width":300,"height":169,"mime_type":"image\/jpeg","source_url":"https:\/\/kilosorunum.com\/habercim\/wp-content\/uploads\/2026\/01\/1-302-300x169.jpg"},"large":{"file":"1-302-1024x576.jpg","width":1024,"height":576,"mime_type":"image\/jpeg","source_url":"https:\/\/kilosorunum.com\/habercim\/wp-content\/uploads\/2026\/01\/1-302-1024x576.jpg"},"thumbnail":{"file":"1-302-150x150.jpg","width":150,"height":150,"mime_type":"image\/jpeg","source_url":"https:\/\/kilosorunum.com\/habercim\/wp-content\/uploads\/2026\/01\/1-302-150x150.jpg"},"medium_large":{"file":"1-302-768x432.jpg","width":768,"height":432,"mime_type":"image\/jpeg","source_url":"https:\/\/kilosorunum.com\/habercim\/wp-content\/uploads\/2026\/01\/1-302-768x432.jpg"},"kucukResim":{"file":"1-302-80x50.jpg","width":80,"height":50,"mime_type":"image\/jpeg","source_url":"https:\/\/kilosorunum.com\/habercim\/wp-content\/uploads\/2026\/01\/1-302-80x50.jpg"},"sliderResim":{"file":"1-302-670x330.jpg","width":670,"height":330,"mime_type":"image\/jpeg","source_url":"https:\/\/kilosorunum.com\/habercim\/wp-content\/uploads\/2026\/01\/1-302-670x330.jpg"},"resim1":{"file":"1-302-184x140.jpg","width":184,"height":140,"mime_type":"image\/jpeg","source_url":"https:\/\/kilosorunum.com\/habercim\/wp-content\/uploads\/2026\/01\/1-302-184x140.jpg"},"resim2":{"file":"1-302-216x103.jpg","width":216,"height":103,"mime_type":"image\/jpeg","source_url":"https:\/\/kilosorunum.com\/habercim\/wp-content\/uploads\/2026\/01\/1-302-216x103.jpg"},"resim3":{"file":"1-302-145x70.jpg","width":145,"height":70,"mime_type":"image\/jpeg","source_url":"https:\/\/kilosorunum.com\/habercim\/wp-content\/uploads\/2026\/01\/1-302-145x70.jpg"},"sagSlider":{"file":"1-302-300x150.jpg","width":300,"height":150,"mime_type":"image\/jpeg","source_url":"https:\/\/kilosorunum.com\/habercim\/wp-content\/uploads\/2026\/01\/1-302-300x150.jpg"},"yeniSlider":{"file":"1-302-500x290.jpg","width":500,"height":290,"mime_type":"image\/jpeg","source_url":"https:\/\/kilosorunum.com\/habercim\/wp-content\/uploads\/2026\/01\/1-302-500x290.jpg"},"full":{"file":"1-302.jpg","width":1200,"height":675,"mime_type":"image\/jpeg","source_url":"https:\/\/kilosorunum.com\/habercim\/wp-content\/uploads\/2026\/01\/1-302.jpg"}},"image_meta":{"aperture":"0","credit":"","camera":"","caption":"","created_timestamp":"0","copyright":"","focal_length":"0","iso":"0","shutter_speed":"0","title":"","orientation":"0","keywords":[]}},"post":42783,"source_url":"https:\/\/kilosorunum.com\/habercim\/wp-content\/uploads\/2026\/01\/1-302.jpg","_links":{"self":[{"href":"https:\/\/kilosorunum.com\/habercim\/wp-json\/wp\/v2\/media\/42785"}],"collection":[{"href":"https:\/\/kilosorunum.com\/habercim\/wp-json\/wp\/v2\/media"}],"about":[{"href":"https:\/\/kilosorunum.com\/habercim\/wp-json\/wp\/v2\/types\/attachment"}],"author":[{"embeddable":true,"href":"https:\/\/kilosorunum.com\/habercim\/wp-json\/wp\/v2\/users\/2"}],"replies":[{"embeddable":true,"href":"https:\/\/kilosorunum.com\/habercim\/wp-json\/wp\/v2\/comments?post=42785"}]}}